{"id":797,"date":"2023-05-10T11:14:16","date_gmt":"2023-05-10T11:14:16","guid":{"rendered":"https:\/\/mentalhelse.no\/viken\/?page_id=797"},"modified":"2025-10-17T07:43:30","modified_gmt":"2025-10-17T07:43:30","slug":"om-oss","status":"publish","type":"page","link":"https:\/\/mentalhelse.no\/bronnoy\/om-oss\/","title":{"rendered":"Om oss"},"content":{"rendered":"\n<figure class=\"wp-block-image size-large\"><img loading=\"lazy\" decoding=\"async\" width=\"1024\" height=\"596\" src=\"http:\/\/mentalhelse.no\/content\/uploads\/sites\/233\/2023\/06\/Bronnoy-1024x596.jpg\" alt=\"Hund i forgrunnen av fjord og fjell\" class=\"wp-image-994\" srcset=\"https:\/\/mentalhelse.no\/content\/uploads\/sites\/233\/2023\/06\/Bronnoy-1024x596.jpg 1024w, https:\/\/mentalhelse.no\/content\/uploads\/sites\/233\/2023\/06\/Bronnoy-300x175.jpg 300w, https:\/\/mentalhelse.no\/content\/uploads\/sites\/233\/2023\/06\/Bronnoy-768x447.jpg 768w, https:\/\/mentalhelse.no\/content\/uploads\/sites\/233\/2023\/06\/Bronnoy-1536x895.jpg 1536w, https:\/\/mentalhelse.no\/content\/uploads\/sites\/233\/2023\/06\/Bronnoy-2048x1193.jpg 2048w\" sizes=\"auto, (max-width: 1024px) 100vw, 1024px\" \/><\/figure>\n\n\n\n<h1 class=\"wp-block-heading\" id=\"h-om-oss\">Om oss<\/h1>\n\n\n\n<p>Mental Helse Br\u00f8nn\u00f8y har tilholdssted p\u00e5 Dagsenteret i Br\u00f8nn\u00f8ysund, der vi har medlemsm\u00f8ter f\u00f8rste tirsdag i m\u00e5neden. I juli og august har vi stengt. P\u00e5 medlemskveldene bruker vi \u00e5 ha foredragsholdere og quiz. Vi har ogs\u00e5 kaffe med n\u00e5ka att\u00e5t. Vi pr\u00f8ver \u00e5 f\u00e5 til en medlemstur i l\u00f8pet av \u00e5ret. Har ogs\u00e5 p\u00e5 h\u00f8sten pizza\/krabbe aften. Vi pleier \u00e5 ha julebord i desember. Vi \u00f8nsker alle, b\u00e5de gamle og nye medlemmer velkommen til kveldene v\u00e5re p\u00e5 Dagsenteret.<\/p>\n\n\n<div class=\"t2-featured-content-layout align align wp-block-t2-featured-content-layout\"><\/div>\n\n\n<h2 class=\"wp-block-heading\" id=\"h-styret\">Styret<\/h2>\n\n\n\n<p><strong>Leder og studieleder:<\/strong>&nbsp;\u00d8ystein Nordhuus<br><strong>Nestleder:<\/strong>&nbsp;Lisa-Mari Baadstrand <br><strong>Kasserer:<\/strong>&nbsp;Marit W. Olaussen<br><strong>Sekret\u00e6r:<\/strong>&nbsp;Aina Merete Gr\u00f8theim<br><strong>Studieleder:<\/strong> Roy Skogmo<br><strong>Styremedlem:<\/strong>&nbsp;Anne S. Fjells\u00f8y<br><strong>Styremedlem:<\/strong>&nbsp;Elisabeth L\u00f8k\u00e5s<br><strong>Styremedlem:<\/strong> Erik Dahle Harvey<br><strong>Styremedlem:<\/strong> Fred Arve Johnsen<br><strong>Styremedlem:<\/strong>&nbsp;Line Amundsen Skogmo<\/p>\n\n\n\n<p><strong>Varamedlem:<\/strong> Isa Johanne A Johansen<br><strong>Varamedlem:<\/strong> Ruth Nanny Midtskog<br><strong>Varamedlem:<\/strong> Lena Gabrielsen<\/p>\n\n\n\n<h3 class=\"wp-block-heading\" id=\"h-kontakt\">Kontakt<\/h3>\n\n\n\n<p><strong>Leder:<\/strong>&nbsp;\u00d8ystein Nordhuus<br><strong>Postadresse:<\/strong> Valveien 37, 8906 Br\u00f8nn\u00f8ysund<br><strong>Tlf:<\/strong>&nbsp;48264594<br><strong>E-post:<\/strong>&nbsp;<a href=\"mailto:bronnoy@lokallag.mentalhelse.no\">bronnoy@lokallag.mentalhelse.no<\/a><br><strong>Kontonr:<\/strong>&nbsp;4516 26 98536<br><strong>Org.nr:<\/strong>&nbsp;993 553 522<\/p>\n\n\n\n<p><strong>Organisasjonsavdelingen:<\/strong><br>E-post: <a href=\"mailto:medlem@mentalhelse.no\">medlem@mentalhelse.no<\/a><br>Tlf: 352 96 060 tastevalg 2<\/p>\n\n\n\n<div class=\"wp-block-columns is-layout-flex wp-container-core-columns-is-layout-1 wp-block-columns-is-layout-flex\">\n<div class=\"wp-block-column is-layout-flow wp-block-column-is-layout-flow\" style=\"flex-basis:100%\"><div class=\"card-info wp-block-t2-people-meta\"><\/div><\/div>\n<\/div>\n\n\n\n\n\n<div class=\"wp-block-group alignfull is-layout-constrained wp-block-group-is-layout-constrained\">\n<h3 class=\"wp-block-heading alignwide\" id=\"h-siste-nytt-fra-mental-helse-bronnoy\">Siste nytt fra Mental Helse Br\u00f8nn\u00f8y<\/h3>\n<\/div>\n\n\n<div class=\"t2-featured-content-layout alignwide alignwide wp-block-t2-featured-content-layout\">\n<div class=\"t2-featured-query-post t2-featured-content is-post-type-news wp-block-t2-featured-query-post\"><a class=\"t2-post-link wp-block-t2-post-link\" href=\"https:\/\/mentalhelse.no\/bronnoy\/aktuelt\/fantastisk-rundtur-med-buss\/\">\n\t<figure style=\"--t2-focal-point: 50% 50%;\" class=\"t2-post-featured-image has-image-ratio-16-9 wp-block-t2-post-featured-image\"><img loading=\"lazy\" decoding=\"async\" width=\"2000\" height=\"1126\" src=\"https:\/\/mentalhelse.no\/content\/uploads\/sites\/233\/2024\/06\/Strand.jpg\" class=\"attachment-post-thumbnail size-post-thumbnail wp-post-image\" alt=\"\" srcset=\"https:\/\/mentalhelse.no\/content\/uploads\/sites\/233\/2024\/06\/Strand.jpg 2000w, https:\/\/mentalhelse.no\/content\/uploads\/sites\/233\/2024\/06\/Strand-300x169.jpg 300w, https:\/\/mentalhelse.no\/content\/uploads\/sites\/233\/2024\/06\/Strand-1024x577.jpg 1024w, https:\/\/mentalhelse.no\/content\/uploads\/sites\/233\/2024\/06\/Strand-768x432.jpg 768w, https:\/\/mentalhelse.no\/content\/uploads\/sites\/233\/2024\/06\/Strand-1536x865.jpg 1536w\" sizes=\"auto, (max-width: 2000px) 100vw, 2000px\" style=\"--focal-point: 50% 50%;\" \/><\/figure>\n<\/a>\n\n<div class=\"wp-block-group postinfo alignfull is-layout-flow wp-block-group-is-layout-flow\">\n\t<div class=\"wp-block-mentalhelse-post-category\">\n\t\t\t\t\t<div class=\"post-type\">\n\t\t\t\t\t\t<a href=\"https:\/\/mentalhelse.no\/bronnoy\/aktuelt\/\">Nyheter<\/a>\n\t\t\t\t\t<\/div>\n\t\t\t\t\t\n\t\t\t\t\t<div class=\"post-category\">\n\t\t\t\t\t\t\n\t\t\t\t\t<\/div>\n\t\t\t<\/div>\n\t<a class=\"t2-post-link wp-block-t2-post-link\" href=\"https:\/\/mentalhelse.no\/bronnoy\/aktuelt\/fantastisk-rundtur-med-buss\/\">\n\t<h2 class=\"t2-post-title wp-block-t2-post-title\">Fantastisk rundtur med buss<\/h2>\n\t<\/a>\n<\/div>\n\n<\/div>\n\n<div class=\"t2-featured-query-post t2-featured-content is-post-type-news wp-block-t2-featured-query-post\"><a class=\"t2-post-link wp-block-t2-post-link\" href=\"https:\/\/mentalhelse.no\/bronnoy\/aktuelt\/walk-and-talk-med-friluftsgruppa\/\">\n\t<figure style=\"--t2-focal-point: 50% 50%;\" class=\"t2-post-featured-image has-image-ratio-16-9 wp-block-t2-post-featured-image\"><img loading=\"lazy\" decoding=\"async\" width=\"526\" height=\"701\" src=\"https:\/\/mentalhelse.no\/content\/uploads\/sites\/233\/2024\/01\/walk-and-talk.jpg\" class=\"attachment-post-thumbnail size-post-thumbnail wp-post-image\" alt=\"\" srcset=\"https:\/\/mentalhelse.no\/content\/uploads\/sites\/233\/2024\/01\/walk-and-talk.jpg 526w, https:\/\/mentalhelse.no\/content\/uploads\/sites\/233\/2024\/01\/walk-and-talk-225x300.jpg 225w\" sizes=\"auto, (max-width: 526px) 100vw, 526px\" style=\"--focal-point: 50% 50%;\" \/><\/figure>\n<\/a>\n\n<div class=\"wp-block-group postinfo alignfull is-layout-flow wp-block-group-is-layout-flow\">\n\t<div class=\"wp-block-mentalhelse-post-category\">\n\t\t\t\t\t<div class=\"post-type\">\n\t\t\t\t\t\t<a href=\"https:\/\/mentalhelse.no\/bronnoy\/aktuelt\/\">Nyheter<\/a>\n\t\t\t\t\t<\/div>\n\t\t\t\t\t\n\t\t\t\t\t<div class=\"post-category\">\n\t\t\t\t\t\t\n\t\t\t\t\t<\/div>\n\t\t\t<\/div>\n\t<a class=\"t2-post-link wp-block-t2-post-link\" href=\"https:\/\/mentalhelse.no\/bronnoy\/aktuelt\/walk-and-talk-med-friluftsgruppa\/\">\n\t<h2 class=\"t2-post-title wp-block-t2-post-title\">&laquo;Walk and talk&raquo; med friluftsgruppa<\/h2>\n\t<\/a>\n<\/div>\n\n<\/div>\n\n\n<\/div>\n\n<div class=\"card-info wp-block-t2-people-meta\"><\/div>","protected":false},"excerpt":{"rendered":"<p>Om oss Mental Helse Br\u00f8nn\u00f8y har tilholdssted p\u00e5 Dagsenteret i Br\u00f8nn\u00f8ysund, der vi har medlemsm\u00f8ter f\u00f8rste tirsdag i m\u00e5neden. I juli og august har vi&#8230;<\/p>\n","protected":false},"author":1,"featured_media":0,"parent":0,"menu_order":0,"comment_status":"closed","ping_status":"closed","template":"","meta":{"t2_featured_media_focal_point":{"x":0.5,"y":0.5},"mh_hide_title":true,"e24d_chat_page_choice":"","footnotes":""},"class_list":["post-797","page","type-page","status-publish","hentry"],"yoast_head":"<!-- This site is optimized with the Yoast SEO Premium plugin v21.2 (Yoast SEO v21.2) - https:\/\/yoast.com\/wordpress\/plugins\/seo\/ -->\n<title>Om oss - Mental Helse - Br\u00f8nn\u00f8y<\/title>\n<meta name=\"description\" content=\"Her kan du lese om oss i Mental Helse Br\u00f8nn\u00f8y, og l\u00e6re mer om hva vi jobber med. Ta gjerne kontakt hvis du har noen sp\u00f8rsm\u00e5l!\" \/>\n<meta name=\"robots\" content=\"index, follow, max-snippet:-1, max-image-preview:large, max-video-preview:-1\" \/>\n<link rel=\"canonical\" href=\"https:\/\/mentalhelse.no\/bronnoy\/om-oss\/\" \/>\n<meta property=\"og:locale\" content=\"nb_NO\" \/>\n<meta property=\"og:type\" content=\"article\" \/>\n<meta property=\"og:title\" content=\"Om oss\" \/>\n<meta property=\"og:description\" content=\"Her kan du lese om oss i Mental Helse Br\u00f8nn\u00f8y, og l\u00e6re mer om hva vi jobber med. Ta gjerne kontakt hvis du har noen sp\u00f8rsm\u00e5l!\" \/>\n<meta property=\"og:url\" content=\"https:\/\/mentalhelse.no\/bronnoy\/om-oss\/\" \/>\n<meta property=\"og:site_name\" content=\"Br\u00f8nn\u00f8y\" \/>\n<meta property=\"article:modified_time\" content=\"2025-10-17T07:43:30+00:00\" \/>\n<meta property=\"og:image\" content=\"http:\/\/mentalhelse.no\/content\/uploads\/sites\/233\/2023\/06\/Bronnoy-1024x596.jpg\" \/>\n<meta name=\"twitter:card\" content=\"summary_large_image\" \/>\n<meta name=\"twitter:label1\" content=\"Ansl. lesetid\" \/>\n\t<meta name=\"twitter:data1\" content=\"2 minutter\" \/>\n<script type=\"application\/ld+json\" class=\"yoast-schema-graph\">{\"@context\":\"https:\/\/schema.org\",\"@graph\":[{\"@type\":\"WebPage\",\"@id\":\"https:\/\/mentalhelse.no\/bronnoy\/om-oss\/\",\"url\":\"https:\/\/mentalhelse.no\/bronnoy\/om-oss\/\",\"name\":\"Om oss - Br\u00f8nn\u00f8y\",\"isPartOf\":{\"@id\":\"https:\/\/mentalhelse.no\/bronnoy\/#website\"},\"datePublished\":\"2023-05-10T11:14:16+00:00\",\"dateModified\":\"2025-10-17T07:43:30+00:00\",\"description\":\"Her kan du lese om oss i Mental Helse Br\u00f8nn\u00f8y, og l\u00e6re mer om hva vi jobber med. Ta gjerne kontakt hvis du har noen sp\u00f8rsm\u00e5l!\",\"breadcrumb\":{\"@id\":\"https:\/\/mentalhelse.no\/bronnoy\/om-oss\/#breadcrumb\"},\"inLanguage\":\"nb-NO\",\"potentialAction\":[{\"@type\":\"ReadAction\",\"target\":[\"https:\/\/mentalhelse.no\/bronnoy\/om-oss\/\"]}]},{\"@type\":\"BreadcrumbList\",\"@id\":\"https:\/\/mentalhelse.no\/bronnoy\/om-oss\/#breadcrumb\",\"itemListElement\":[{\"@type\":\"ListItem\",\"position\":1,\"name\":\"Hjem\",\"item\":\"https:\/\/mentalhelse.no\/bronnoy\/\"},{\"@type\":\"ListItem\",\"position\":2,\"name\":\"Om oss\"}]},{\"@type\":\"WebSite\",\"@id\":\"https:\/\/mentalhelse.no\/bronnoy\/#website\",\"url\":\"https:\/\/mentalhelse.no\/bronnoy\/\",\"name\":\"Br\u00f8nn\u00f8y\",\"description\":\"\",\"potentialAction\":[{\"@type\":\"SearchAction\",\"target\":{\"@type\":\"EntryPoint\",\"urlTemplate\":\"https:\/\/mentalhelse.no\/bronnoy\/?s={search_term_string}\"},\"query-input\":\"required name=search_term_string\"}],\"inLanguage\":\"nb-NO\"}]}<\/script>\n<!-- \/ Yoast SEO Premium plugin. -->","yoast_head_json":{"title":"Om oss - Mental Helse - Br\u00f8nn\u00f8y","description":"Her kan du lese om oss i Mental Helse Br\u00f8nn\u00f8y, og l\u00e6re mer om hva vi jobber med. Ta gjerne kontakt hvis du har noen sp\u00f8rsm\u00e5l!","robots":{"index":"index","follow":"follow","max-snippet":"max-snippet:-1","max-image-preview":"max-image-preview:large","max-video-preview":"max-video-preview:-1"},"canonical":"https:\/\/mentalhelse.no\/bronnoy\/om-oss\/","og_locale":"nb_NO","og_type":"article","og_title":"Om oss","og_description":"Her kan du lese om oss i Mental Helse Br\u00f8nn\u00f8y, og l\u00e6re mer om hva vi jobber med. Ta gjerne kontakt hvis du har noen sp\u00f8rsm\u00e5l!","og_url":"https:\/\/mentalhelse.no\/bronnoy\/om-oss\/","og_site_name":"Br\u00f8nn\u00f8y","article_modified_time":"2025-10-17T07:43:30+00:00","og_image":[{"url":"http:\/\/mentalhelse.no\/content\/uploads\/sites\/233\/2023\/06\/Bronnoy-1024x596.jpg"}],"twitter_card":"summary_large_image","twitter_misc":{"Ansl. lesetid":"2 minutter"},"schema":{"@context":"https:\/\/schema.org","@graph":[{"@type":"WebPage","@id":"https:\/\/mentalhelse.no\/bronnoy\/om-oss\/","url":"https:\/\/mentalhelse.no\/bronnoy\/om-oss\/","name":"Om oss - Br\u00f8nn\u00f8y","isPartOf":{"@id":"https:\/\/mentalhelse.no\/bronnoy\/#website"},"datePublished":"2023-05-10T11:14:16+00:00","dateModified":"2025-10-17T07:43:30+00:00","description":"Her kan du lese om oss i Mental Helse Br\u00f8nn\u00f8y, og l\u00e6re mer om hva vi jobber med. Ta gjerne kontakt hvis du har noen sp\u00f8rsm\u00e5l!","breadcrumb":{"@id":"https:\/\/mentalhelse.no\/bronnoy\/om-oss\/#breadcrumb"},"inLanguage":"nb-NO","potentialAction":[{"@type":"ReadAction","target":["https:\/\/mentalhelse.no\/bronnoy\/om-oss\/"]}]},{"@type":"BreadcrumbList","@id":"https:\/\/mentalhelse.no\/bronnoy\/om-oss\/#breadcrumb","itemListElement":[{"@type":"ListItem","position":1,"name":"Hjem","item":"https:\/\/mentalhelse.no\/bronnoy\/"},{"@type":"ListItem","position":2,"name":"Om oss"}]},{"@type":"WebSite","@id":"https:\/\/mentalhelse.no\/bronnoy\/#website","url":"https:\/\/mentalhelse.no\/bronnoy\/","name":"Br\u00f8nn\u00f8y","description":"","potentialAction":[{"@type":"SearchAction","target":{"@type":"EntryPoint","urlTemplate":"https:\/\/mentalhelse.no\/bronnoy\/?s={search_term_string}"},"query-input":"required name=search_term_string"}],"inLanguage":"nb-NO"}]}},"_links":{"self":[{"href":"https:\/\/mentalhelse.no\/bronnoy\/wp-json\/wp\/v2\/pages\/797","targetHints":{"allow":["GET"]}}],"collection":[{"href":"https:\/\/mentalhelse.no\/bronnoy\/wp-json\/wp\/v2\/pages"}],"about":[{"href":"https:\/\/mentalhelse.no\/bronnoy\/wp-json\/wp\/v2\/types\/page"}],"author":[{"embeddable":true,"href":"https:\/\/mentalhelse.no\/bronnoy\/wp-json\/wp\/v2\/users\/1"}],"replies":[{"embeddable":true,"href":"https:\/\/mentalhelse.no\/bronnoy\/wp-json\/wp\/v2\/comments?post=797"}],"version-history":[{"count":5,"href":"https:\/\/mentalhelse.no\/bronnoy\/wp-json\/wp\/v2\/pages\/797\/revisions"}],"predecessor-version":[{"id":1083,"href":"https:\/\/mentalhelse.no\/bronnoy\/wp-json\/wp\/v2\/pages\/797\/revisions\/1083"}],"wp:attachment":[{"href":"https:\/\/mentalhelse.no\/bronnoy\/wp-json\/wp\/v2\/media?parent=797"}],"curies":[{"name":"wp","href":"https:\/\/api.w.org\/{rel}","templated":true}]}}