{"id":1159,"date":"2024-09-26T09:55:39","date_gmt":"2024-09-26T09:55:39","guid":{"rendered":"https:\/\/mentalhelse.no\/drammen\/?post_type=opinion&#038;p=1159"},"modified":"2024-09-26T09:55:39","modified_gmt":"2024-09-26T09:55:39","slug":"har-du-en-aktivitet-du-kunne-tenke-deg-a-vaere-med-a-fa-i-gang-hos-oss","status":"publish","type":"opinion","link":"https:\/\/mentalhelse.no\/drammen\/mening\/har-du-en-aktivitet-du-kunne-tenke-deg-a-vaere-med-a-fa-i-gang-hos-oss\/","title":{"rendered":"Har du en aktivitet du kunne tenke deg \u00e5 v\u00e6re med \u00e5 f\u00e5 i gang hos oss?"},"content":{"rendered":"<figure class=\"alignwide wp-block-post-featured-image\"><img loading=\"lazy\" decoding=\"async\" width=\"2560\" height=\"1707\" src=\"https:\/\/mentalhelse.no\/content\/uploads\/sites\/184\/2023\/05\/brooke-cagle-g1Kr4Ozfoac-unsplash-scaled.jpg\" class=\"attachment-post-thumbnail size-post-thumbnail wp-post-image\" alt=\"\" style=\"object-fit:cover; --focal-point: 50% 50%;\" srcset=\"https:\/\/mentalhelse.no\/content\/uploads\/sites\/184\/2023\/05\/brooke-cagle-g1Kr4Ozfoac-unsplash-scaled.jpg 2560w, https:\/\/mentalhelse.no\/content\/uploads\/sites\/184\/2023\/05\/brooke-cagle-g1Kr4Ozfoac-unsplash-300x200.jpg 300w, https:\/\/mentalhelse.no\/content\/uploads\/sites\/184\/2023\/05\/brooke-cagle-g1Kr4Ozfoac-unsplash-1024x683.jpg 1024w, https:\/\/mentalhelse.no\/content\/uploads\/sites\/184\/2023\/05\/brooke-cagle-g1Kr4Ozfoac-unsplash-768x512.jpg 768w, https:\/\/mentalhelse.no\/content\/uploads\/sites\/184\/2023\/05\/brooke-cagle-g1Kr4Ozfoac-unsplash-1536x1024.jpg 1536w, https:\/\/mentalhelse.no\/content\/uploads\/sites\/184\/2023\/05\/brooke-cagle-g1Kr4Ozfoac-unsplash-2048x1365.jpg 2048w\" sizes=\"auto, (max-width: 2560px) 100vw, 2560px\" \/><\/figure>\n\n<h1 class=\"wp-block-post-title\">Har du en aktivitet du kunne tenke deg \u00e5 v\u00e6re med \u00e5 f\u00e5 i gang hos oss?<\/h1>\n\n<div class=\"is-img-top mh-byline wp-block-mh-byline\">\n                  <div class=\"mh-byline__inner\">\n                  \t\n                  \t<div class=\"mh-byline__meta\">\n                  \t\t<div class=\"mh-byline__post\">\n                  \t\t\t<div class=\"entry-date\">26.09.2024<\/div>\n                  \t\t<\/div>\n                  \t\t<div class=\"mh-byline__author\">\n                  \t\t\t <span class=\"mh-byline__author-link\">lagdrammen<\/span>\n\t\t\t\t\t\t<\/div>\n\t\t\t\t\t<\/div>\n\t\t\t\t<\/div>\n\t\t<\/div>\n\n\n<p>De fleste sosiale aktivitetene vi har satt i gang tidligere har g\u00e5tt i st\u00e5 etter hvert. Det siste er onsdagstreffene hvor stadig f\u00e6rre kom, og alle gikk igjen etter at de hadde spist.<\/p>\n\n\n\n<p>For flere \u00e5r siden fors\u00f8kte vi oss med filmfremvisning som fikk en br\u00e5 slutt. <\/p>\n\n\n\n<p>Etter \u00e5 ha holdt p\u00e5 med bridge et par \u00e5r, d\u00f8de dette ogs\u00e5 ut. Vi har imidlertid utstyret i behold og kunne starte opp igjen om det er interesse for det.<\/p>\n\n\n\n<p>Dersom du har ideer, kan du kontakte oss enten p\u00e5 epost til drammen@lokallag.mentalhelse.no eller m\u00f8te opp p\u00e5 et medlemsm\u00f8te som er siste torsdagen i de fleste m\u00e5nedene.<\/p>\n\n\n\n\t\t<div class=\"mh-related-posts alignfull alignfull wp-block-mentalhelse-related-posts gray-mode\">\n\t\t\t<div class=\"mh-related-posts__inner\">\n\t\t\t\t\n\n<h3 class=\"wp-block-heading\" id=\"h-also-read\">Also read<\/h3>\n\n\n<div class=\"t2-featured-content-layout alignwide alignwide wp-block-t2-featured-content-layout\">\n<div class=\"t2-featured-query-post t2-featured-content is-post-type-opinion wp-block-t2-featured-query-post t2-featured-content-layout-col-4\"><a class=\"t2-post-link wp-block-t2-post-link\" href=\"https:\/\/mentalhelse.no\/drammen\/mening\/saksdokumenter-til-arsmotet-27-02-25\/\">\n\t<figure style=\"--t2-focal-point: 50% 50%;\" class=\"t2-post-featured-image has-image-ratio-16-9 wp-block-t2-post-featured-image\"><img loading=\"lazy\" decoding=\"async\" width=\"2560\" height=\"1707\" src=\"https:\/\/mentalhelse.no\/content\/uploads\/sites\/184\/2023\/09\/helselov-rettigheter-stockphoto-scaled.jpg\" class=\"attachment-post-thumbnail size-post-thumbnail wp-post-image\" alt=\"\" srcset=\"https:\/\/mentalhelse.no\/content\/uploads\/sites\/184\/2023\/09\/helselov-rettigheter-stockphoto-scaled.jpg 2560w, https:\/\/mentalhelse.no\/content\/uploads\/sites\/184\/2023\/09\/helselov-rettigheter-stockphoto-300x200.jpg 300w, https:\/\/mentalhelse.no\/content\/uploads\/sites\/184\/2023\/09\/helselov-rettigheter-stockphoto-1024x683.jpg 1024w, https:\/\/mentalhelse.no\/content\/uploads\/sites\/184\/2023\/09\/helselov-rettigheter-stockphoto-768x512.jpg 768w, https:\/\/mentalhelse.no\/content\/uploads\/sites\/184\/2023\/09\/helselov-rettigheter-stockphoto-1536x1024.jpg 1536w, https:\/\/mentalhelse.no\/content\/uploads\/sites\/184\/2023\/09\/helselov-rettigheter-stockphoto-2048x1365.jpg 2048w\" sizes=\"auto, (max-width: 2560px) 100vw, 2560px\" style=\"--focal-point: 50% 50%;\" \/><\/figure>\n<\/a>\n\n<div class=\"wp-block-group postinfo alignfull is-layout-flow wp-block-group-is-layout-flow\">\n\t<div class=\"wp-block-mentalhelse-post-category\">\n\t\t\t\t\t<div class=\"post-type\">\n\t\t\t\t\t\t<a href=\"https:\/\/mentalhelse.no\/drammen\/mening\/\">Mening<\/a>\n\t\t\t\t\t<\/div>\n\t\t\t\t\t\n\t\t\t\t\t<div class=\"post-category\">\n\t\t\t\t\t\t\n\t\t\t\t\t<\/div>\n\t\t\t<\/div>\n\t<a class=\"t2-post-link wp-block-t2-post-link\" href=\"https:\/\/mentalhelse.no\/drammen\/mening\/saksdokumenter-til-arsmotet-27-02-25\/\">\n\t<h2 class=\"t2-post-title wp-block-t2-post-title\">Saksdokumenter til \u00e5rsm\u00f8tet 27.02.25<\/h2>\n\t<\/a>\n<\/div>\n\n<\/div>\n\n\n\n\n<\/div>\n\n\t\t\t<\/div>\n\t\t<\/div>","protected":false},"excerpt":{"rendered":"<p>De fleste sosiale aktivitetene vi har satt i gang tidligere har g\u00e5tt i st\u00e5 etter hvert. Det siste er onsdagstreffene hvor stadig f\u00e6rre kom, og&#8230;<\/p>\n","protected":false},"author":59,"featured_media":984,"parent":0,"template":"","meta":{"t2_featured_media_focal_point":{"x":0.5,"y":0.5},"mh_hide_title":true},"opinion_category":[],"class_list":["post-1159","opinion","type-opinion","status-publish","has-post-thumbnail","hentry"],"yoast_head":"<!-- This site is optimized with the Yoast SEO Premium plugin v21.2 (Yoast SEO v21.2) - https:\/\/yoast.com\/wordpress\/plugins\/seo\/ -->\n<title>Har du en aktivitet du kunne tenke deg \u00e5 v\u00e6re med \u00e5 f\u00e5 i gang hos oss? - Mental Helse - Drammen<\/title>\n<meta name=\"robots\" content=\"index, follow, max-snippet:-1, max-image-preview:large, max-video-preview:-1\" \/>\n<link rel=\"canonical\" href=\"https:\/\/mentalhelse.no\/drammen\/mening\/har-du-en-aktivitet-du-kunne-tenke-deg-a-vaere-med-a-fa-i-gang-hos-oss\/\" \/>\n<meta property=\"og:locale\" content=\"nb_NO\" \/>\n<meta property=\"og:type\" content=\"article\" \/>\n<meta property=\"og:title\" content=\"Har du en aktivitet du kunne tenke deg \u00e5 v\u00e6re med \u00e5 f\u00e5 i gang hos oss?\" \/>\n<meta property=\"og:description\" content=\"De fleste sosiale aktivitetene vi har satt i gang tidligere har g\u00e5tt i st\u00e5 etter hvert. Det siste er onsdagstreffene hvor stadig f\u00e6rre kom, og...\" \/>\n<meta property=\"og:url\" content=\"https:\/\/mentalhelse.no\/drammen\/mening\/har-du-en-aktivitet-du-kunne-tenke-deg-a-vaere-med-a-fa-i-gang-hos-oss\/\" \/>\n<meta property=\"og:site_name\" content=\"Drammen\" \/>\n<meta property=\"og:image\" content=\"https:\/\/mentalhelse.no\/content\/uploads\/sites\/184\/2023\/05\/brooke-cagle-g1Kr4Ozfoac-unsplash-scaled.jpg\" \/>\n\t<meta property=\"og:image:width\" content=\"2560\" \/>\n\t<meta property=\"og:image:height\" content=\"1707\" \/>\n\t<meta property=\"og:image:type\" content=\"image\/jpeg\" \/>\n<meta name=\"twitter:card\" content=\"summary_large_image\" \/>\n<meta name=\"twitter:label1\" content=\"Ansl. lesetid\" \/>\n\t<meta name=\"twitter:data1\" content=\"1 minutt\" \/>\n<script type=\"application\/ld+json\" class=\"yoast-schema-graph\">{\"@context\":\"https:\/\/schema.org\",\"@graph\":[{\"@type\":\"WebPage\",\"@id\":\"https:\/\/mentalhelse.no\/drammen\/mening\/har-du-en-aktivitet-du-kunne-tenke-deg-a-vaere-med-a-fa-i-gang-hos-oss\/\",\"url\":\"https:\/\/mentalhelse.no\/drammen\/mening\/har-du-en-aktivitet-du-kunne-tenke-deg-a-vaere-med-a-fa-i-gang-hos-oss\/\",\"name\":\"Har du en aktivitet du kunne tenke deg \u00e5 v\u00e6re med \u00e5 f\u00e5 i gang hos oss? - Drammen\",\"isPartOf\":{\"@id\":\"https:\/\/mentalhelse.no\/drammen\/#website\"},\"datePublished\":\"2024-09-26T09:55:39+00:00\",\"dateModified\":\"2024-09-26T09:55:39+00:00\",\"breadcrumb\":{\"@id\":\"https:\/\/mentalhelse.no\/drammen\/mening\/har-du-en-aktivitet-du-kunne-tenke-deg-a-vaere-med-a-fa-i-gang-hos-oss\/#breadcrumb\"},\"inLanguage\":\"nb-NO\",\"potentialAction\":[{\"@type\":\"ReadAction\",\"target\":[\"https:\/\/mentalhelse.no\/drammen\/mening\/har-du-en-aktivitet-du-kunne-tenke-deg-a-vaere-med-a-fa-i-gang-hos-oss\/\"]}]},{\"@type\":\"BreadcrumbList\",\"@id\":\"https:\/\/mentalhelse.no\/drammen\/mening\/har-du-en-aktivitet-du-kunne-tenke-deg-a-vaere-med-a-fa-i-gang-hos-oss\/#breadcrumb\",\"itemListElement\":[{\"@type\":\"ListItem\",\"position\":1,\"name\":\"Hjem\",\"item\":\"https:\/\/mentalhelse.no\/drammen\/\"},{\"@type\":\"ListItem\",\"position\":2,\"name\":\"Meninger\",\"item\":\"https:\/\/mentalhelse.no\/drammen\/mening\/\"},{\"@type\":\"ListItem\",\"position\":3,\"name\":\"Har du en aktivitet du kunne tenke deg \u00e5 v\u00e6re med \u00e5 f\u00e5 i gang hos oss?\"}]},{\"@type\":\"WebSite\",\"@id\":\"https:\/\/mentalhelse.no\/drammen\/#website\",\"url\":\"https:\/\/mentalhelse.no\/drammen\/\",\"name\":\"Drammen\",\"description\":\"\",\"potentialAction\":[{\"@type\":\"SearchAction\",\"target\":{\"@type\":\"EntryPoint\",\"urlTemplate\":\"https:\/\/mentalhelse.no\/drammen\/?s={search_term_string}\"},\"query-input\":\"required name=search_term_string\"}],\"inLanguage\":\"nb-NO\"}]}<\/script>\n<!-- \/ Yoast SEO Premium plugin. -->","yoast_head_json":{"title":"Har du en aktivitet du kunne tenke deg \u00e5 v\u00e6re med \u00e5 f\u00e5 i gang hos oss? - Mental Helse - Drammen","robots":{"index":"index","follow":"follow","max-snippet":"max-snippet:-1","max-image-preview":"max-image-preview:large","max-video-preview":"max-video-preview:-1"},"canonical":"https:\/\/mentalhelse.no\/drammen\/mening\/har-du-en-aktivitet-du-kunne-tenke-deg-a-vaere-med-a-fa-i-gang-hos-oss\/","og_locale":"nb_NO","og_type":"article","og_title":"Har du en aktivitet du kunne tenke deg \u00e5 v\u00e6re med \u00e5 f\u00e5 i gang hos oss?","og_description":"De fleste sosiale aktivitetene vi har satt i gang tidligere har g\u00e5tt i st\u00e5 etter hvert. Det siste er onsdagstreffene hvor stadig f\u00e6rre kom, og...","og_url":"https:\/\/mentalhelse.no\/drammen\/mening\/har-du-en-aktivitet-du-kunne-tenke-deg-a-vaere-med-a-fa-i-gang-hos-oss\/","og_site_name":"Drammen","og_image":[{"width":2560,"height":1707,"url":"https:\/\/mentalhelse.no\/content\/uploads\/sites\/184\/2023\/05\/brooke-cagle-g1Kr4Ozfoac-unsplash-scaled.jpg","type":"image\/jpeg"}],"twitter_card":"summary_large_image","twitter_misc":{"Ansl. lesetid":"1 minutt"},"schema":{"@context":"https:\/\/schema.org","@graph":[{"@type":"WebPage","@id":"https:\/\/mentalhelse.no\/drammen\/mening\/har-du-en-aktivitet-du-kunne-tenke-deg-a-vaere-med-a-fa-i-gang-hos-oss\/","url":"https:\/\/mentalhelse.no\/drammen\/mening\/har-du-en-aktivitet-du-kunne-tenke-deg-a-vaere-med-a-fa-i-gang-hos-oss\/","name":"Har du en aktivitet du kunne tenke deg \u00e5 v\u00e6re med \u00e5 f\u00e5 i gang hos oss? - Drammen","isPartOf":{"@id":"https:\/\/mentalhelse.no\/drammen\/#website"},"datePublished":"2024-09-26T09:55:39+00:00","dateModified":"2024-09-26T09:55:39+00:00","breadcrumb":{"@id":"https:\/\/mentalhelse.no\/drammen\/mening\/har-du-en-aktivitet-du-kunne-tenke-deg-a-vaere-med-a-fa-i-gang-hos-oss\/#breadcrumb"},"inLanguage":"nb-NO","potentialAction":[{"@type":"ReadAction","target":["https:\/\/mentalhelse.no\/drammen\/mening\/har-du-en-aktivitet-du-kunne-tenke-deg-a-vaere-med-a-fa-i-gang-hos-oss\/"]}]},{"@type":"BreadcrumbList","@id":"https:\/\/mentalhelse.no\/drammen\/mening\/har-du-en-aktivitet-du-kunne-tenke-deg-a-vaere-med-a-fa-i-gang-hos-oss\/#breadcrumb","itemListElement":[{"@type":"ListItem","position":1,"name":"Hjem","item":"https:\/\/mentalhelse.no\/drammen\/"},{"@type":"ListItem","position":2,"name":"Meninger","item":"https:\/\/mentalhelse.no\/drammen\/mening\/"},{"@type":"ListItem","position":3,"name":"Har du en aktivitet du kunne tenke deg \u00e5 v\u00e6re med \u00e5 f\u00e5 i gang hos oss?"}]},{"@type":"WebSite","@id":"https:\/\/mentalhelse.no\/drammen\/#website","url":"https:\/\/mentalhelse.no\/drammen\/","name":"Drammen","description":"","potentialAction":[{"@type":"SearchAction","target":{"@type":"EntryPoint","urlTemplate":"https:\/\/mentalhelse.no\/drammen\/?s={search_term_string}"},"query-input":"required name=search_term_string"}],"inLanguage":"nb-NO"}]}},"_links":{"self":[{"href":"https:\/\/mentalhelse.no\/drammen\/wp-json\/wp\/v2\/opinion\/1159","targetHints":{"allow":["GET"]}}],"collection":[{"href":"https:\/\/mentalhelse.no\/drammen\/wp-json\/wp\/v2\/opinion"}],"about":[{"href":"https:\/\/mentalhelse.no\/drammen\/wp-json\/wp\/v2\/types\/opinion"}],"author":[{"embeddable":true,"href":"https:\/\/mentalhelse.no\/drammen\/wp-json\/wp\/v2\/users\/59"}],"wp:featuredmedia":[{"embeddable":true,"href":"https:\/\/mentalhelse.no\/drammen\/wp-json\/wp\/v2\/media\/984"}],"wp:attachment":[{"href":"https:\/\/mentalhelse.no\/drammen\/wp-json\/wp\/v2\/media?parent=1159"}],"wp:term":[{"taxonomy":"opinion_category","embeddable":true,"href":"https:\/\/mentalhelse.no\/drammen\/wp-json\/wp\/v2\/opinion_category?post=1159"}],"curies":[{"name":"wp","href":"https:\/\/api.w.org\/{rel}","templated":true}]}}