{"id":797,"date":"2023-05-10T11:14:16","date_gmt":"2023-05-10T11:14:16","guid":{"rendered":"https:\/\/mentalhelse.no\/viken\/?page_id=797"},"modified":"2026-03-21T08:20:51","modified_gmt":"2026-03-21T08:20:51","slug":"om-oss","status":"publish","type":"page","link":"https:\/\/mentalhelse.no\/drammen\/om-oss\/","title":{"rendered":"Om oss"},"content":{"rendered":"\n<figure class=\"wp-block-image size-large\"><img loading=\"lazy\" decoding=\"async\" width=\"1024\" height=\"603\" src=\"https:\/\/mentalhelse.no\/content\/uploads\/sites\/184\/2023\/10\/drammen-5070167_1280-1-1-1024x603.jpg\" alt=\"\" class=\"wp-image-1043\" srcset=\"https:\/\/mentalhelse.no\/content\/uploads\/sites\/184\/2023\/10\/drammen-5070167_1280-1-1-1024x603.jpg 1024w, https:\/\/mentalhelse.no\/content\/uploads\/sites\/184\/2023\/10\/drammen-5070167_1280-1-1-300x177.jpg 300w, https:\/\/mentalhelse.no\/content\/uploads\/sites\/184\/2023\/10\/drammen-5070167_1280-1-1-768x452.jpg 768w, https:\/\/mentalhelse.no\/content\/uploads\/sites\/184\/2023\/10\/drammen-5070167_1280-1-1.jpg 1280w\" sizes=\"auto, (max-width: 1024px) 100vw, 1024px\" \/><\/figure>\n\n\n\n<h1 class=\"wp-block-heading\" id=\"h-om-oss\">Om oss<\/h1>\n\n\n\n<p>Vi holder til i Erik Olsens gate 3 i Drammen, med medlemsm\u00f8ter den siste torsdagen i m\u00e5neden fra kl. 18.00 til ca 20.00 i m\u00e5nedene januar, mars, april, mai, august, september, oktober og november. Lagets \u00e5rsm\u00f8te holdes vanligvis siste torsdag i februar hvert \u00e5r.<\/p>\n\n\n\n<p>Styrem\u00f8tene som holdes vanligvis f\u00f8rste torsdagen i m\u00e5neden med unntak av juli, er \u00e5pne for medlemmene.<\/p>\n\n\n\n<p>\u00d8nsker du \u00e5 bli frivillig eller medlem hos oss? Da er du er hjertelig velkommen til \u00e5 ta kontakt med oss! <\/p>\n\n\n\n<h2 class=\"wp-block-heading\" id=\"h-styret\">Styret<\/h2>\n\n\n\n<p><strong>Styreleder:<\/strong><br>Ann Karin S\u00f8rensen<br>Telefon: 921 49 762<br>Epost: <a href=\"mailto:drammen@lokallag.mentalhelse.no\">drammen@lokallag.mentalhelse.no<\/a><\/p>\n\n\n\n<p><\/p>\n\n\n\n<p><strong>Nestleder<\/strong><br><\/p>\n\n\n\n<p><\/p>\n\n\n\n<p><strong>Kasserer:<\/strong><br>Bj\u00f8rn Magne Henriksen<br>Tlf: 463 05 238<\/p>\n\n\n\n<p> <strong>Sekret\u00e6r<\/strong><\/p>\n\n\n\n<p>Liv Helen Rudi<\/p>\n\n\n\n<p>Telefon: 403 40 708<\/p>\n\n\n\n<p><strong>Styremedlemmer:<\/strong><br>Karin Martinsen<\/p>\n\n\n\n<p>Maria Theresa Eidem<\/p>\n\n\n\n<p>Helle  Tollefsen<\/p>\n\n\n\n<p><br><\/p>\n\n\n\n<h2 class=\"wp-block-heading\" id=\"h-telefon\">Telefon:<\/h2>\n\n\n\n<p>906 59 082<\/p>\n\n\n\n<h2 class=\"wp-block-heading\" id=\"h-stott-oss\">St\u00f8tt oss:<\/h2>\n\n\n\n<ul class=\"wp-block-list\">\n<li><strong>Bank:  <\/strong>2480.36.54863<\/li>\n\n\n\n<li><strong>Vipps:  <\/strong>118749<\/li>\n<\/ul>\n\n\n\n\t\t<div class=\"mh-event-latest t2-featured-content-layout alignwide wp-block-t2-featured-content-layout wp-block-mh-event-latest\">\n\t\t<h3 class=\"mh-event-latest__block-title\">Kommende arrangementer<\/h3>\n\t\t<div class=\"t2-featured-query-post t2-featured-content is-post-type-event wp-block-mh-event-latest\">\n<div class=\"wp-block-group alignfull is-layout-flow wp-block-group-is-layout-flow\">\n\t<a class=\"t2-post-link wp-block-t2-post-link\" href=\"https:\/\/mentalhelse.no\/event\/webinar-fra-funkis-studieplaner\/\">\n\t<figure style=\"--t2-focal-point: 50% 50%;\" class=\"t2-post-featured-image has-image-ratio-16-9 wp-block-t2-post-featured-image\"><img loading=\"lazy\" decoding=\"async\" width=\"2560\" height=\"1707\" src=\"https:\/\/mentalhelse.no\/content\/uploads\/2025\/10\/pexels-picjumbo-com-55570-461077-scaled.jpg\" class=\"attachment-post-thumbnail size-post-thumbnail wp-post-image\" alt=\"\" srcset=\"https:\/\/mentalhelse.no\/content\/uploads\/2025\/10\/pexels-picjumbo-com-55570-461077-scaled.jpg 2560w, https:\/\/mentalhelse.no\/content\/uploads\/2025\/10\/pexels-picjumbo-com-55570-461077-300x200.jpg 300w, https:\/\/mentalhelse.no\/content\/uploads\/2025\/10\/pexels-picjumbo-com-55570-461077-1024x683.jpg 1024w, https:\/\/mentalhelse.no\/content\/uploads\/2025\/10\/pexels-picjumbo-com-55570-461077-768x512.jpg 768w, https:\/\/mentalhelse.no\/content\/uploads\/2025\/10\/pexels-picjumbo-com-55570-461077-1536x1024.jpg 1536w, https:\/\/mentalhelse.no\/content\/uploads\/2025\/10\/pexels-picjumbo-com-55570-461077-2048x1366.jpg 2048w\" sizes=\"auto, (max-width: 2560px) 100vw, 2560px\" style=\"--focal-point: 46% 80%;\" \/><\/figure>\n\t<\/a>\n\t\n\t<div class=\"wp-block-group mh-event-details__content is-layout-flow wp-block-group-is-layout-flow\">\n\t\t<div class=\"mh-event-date-badge wp-block-mh-event-date-badge\">\n\t\t\t\t\t<div class=\"mh-event-date-badge__inner\">\n\t\t\t\t\t\n\t\t<div class=\"mh-event-date-badge__date-block\">\n\t\t\t<div class=\"mh-event-date-badge__day\">30<\/div>\n\t\t\t<div class=\"mh-event-date-badge__month\">apr<\/div>\n\t\t\t<div class=\"mh-event-date-badge__year\"><\/div>\n\t\t<\/div>\n\t\t\t\t\t<\/div>\n\t\t\t\t<\/div>\n\t\t<a class=\"t2-post-link wp-block-t2-post-link\" href=\"https:\/\/mentalhelse.no\/event\/webinar-fra-funkis-studieplaner\/\">\n\t\t<h2 class=\"t2-post-title wp-block-t2-post-title\">Webinar fra Funkis: Studieplaner<\/h2>\n\t\t<\/a>\n\t\t\n\t\t<div class=\"mh-event-details wp-block-mh-event-details\">\n\t\t\t<div class=\"mh-event-details__inner\">\n\t\t\t\t<div class=\"mh-event-details__date-wrap\"><div class=\"mh-event-details__date\"><svg xmlns=\"http:\/\/www.w3.org\/2000\/svg\" viewBox=\"0 0 24 24\" height=\"24\" width=\"24\" class=\"t2-icon t2-icon-mh-calendar\" aria-hidden=\"true\" focusable=\"false\"><path fill-rule=\"evenodd\" clip-rule=\"evenodd\" d=\"M8 1.5C8.27614 1.5 8.5 1.72386 8.5 2V3.5H15.5V2C15.5 1.72386 15.7239 1.5 16 1.5C16.2761 1.5 16.5 1.72386 16.5 2V3.5H19C20.3807 3.5 21.5 4.61929 21.5 6V20C21.5 21.3807 20.3807 22.5 19 22.5H5C3.61929 22.5 2.5 21.3807 2.5 20V6C2.5 4.61929 3.61929 3.5 5 3.5H7.5V2C7.5 1.72386 7.72386 1.5 8 1.5ZM7.5 4.5H5C4.17157 4.5 3.5 5.17157 3.5 6V9.5H20.5V6C20.5 5.17157 19.8285 4.5 19 4.5H16.5V6C16.5 6.27614 16.2761 6.5 16 6.5C15.7239 6.5 15.5 6.27614 15.5 6V4.5H8.5V6C8.5 6.27614 8.27614 6.5 8 6.5C7.72386 6.5 7.5 6.27614 7.5 6V4.5ZM20.5 10.5H3.5V20C3.5 20.8285 4.17157 21.5 5 21.5H19C19.8285 21.5 20.5 20.8285 20.5 20V10.5Z\" fill=\"currentColor\"\/><\/svg><date>30. april 2026<\/date><\/div><\/div><div class=\"mh-event-details__time\"><svg xmlns=\"http:\/\/www.w3.org\/2000\/svg\" viewBox=\"0 0 24 24\" height=\"24\" width=\"24\" class=\"t2-icon t2-icon-mh-clock\" aria-hidden=\"true\" focusable=\"false\"><path fill-rule=\"evenodd\" clip-rule=\"evenodd\" d=\"M12.275 4.5C7.98098 4.5 4.5 7.98098 4.5 12.275C4.5 16.5691 7.98098 20.05 12.275 20.05C16.5691 20.05 20.05 16.5691 20.05 12.275C20.05 7.98098 16.5691 4.5 12.275 4.5ZM3.5 12.275C3.5 7.4287 7.4287 3.5 12.275 3.5C17.1213 3.5 21.05 7.4287 21.05 12.275C21.05 17.1213 17.1213 21.05 12.275 21.05C7.4287 21.05 3.5 17.1213 3.5 12.275ZM12.275 6.80999C12.5511 6.80999 12.775 7.03385 12.775 7.30999V11.966L15.8086 13.4828C16.0556 13.6063 16.1557 13.9066 16.0322 14.1536C15.9087 14.4006 15.6084 14.5007 15.3614 14.3772L12.0514 12.7222C11.882 12.6375 11.775 12.4644 11.775 12.275V7.30999C11.775 7.03385 11.9989 6.80999 12.275 6.80999Z\" fill=\"currentColor\"\/><\/svg><time>  17:00<\/time><\/div>\n\t\t\t\t\n\t\t\t<\/div>\n\t\t<\/div>\n\t<\/div>\n\t\n<\/div>\n\n<\/div>\n\t\t<div class=\"mh-event-latest__archive-link\">\n\t\t<a href=\"https:\/\/mentalhelse.no\/drammen\/event\/\" class=\"mh-event-latest__archive-link\">Se alle arrangementer<\/a>\n\t\t<\/div>\n\t\t<\/div>\n\n\n<h3 class=\"wp-block-heading alignwide\" id=\"h-siste-nytt-fra-mental-helse-drammen\">Siste nytt fra Mental Helse Drammen<\/h3>\n\n\n<div class=\"t2-featured-content-layout alignwide alignwide wp-block-t2-featured-content-layout\">\n<div class=\"t2-featured-query-post t2-featured-content is-post-type-news wp-block-t2-featured-query-post\"><a class=\"t2-post-link wp-block-t2-post-link\" href=\"https:\/\/mentalhelse.no\/drammen\/aktuelt\/sakspapirer-arsmotet-2026\/\">\n\t<figure style=\"--t2-focal-point: 50% 50%;\" class=\"t2-post-featured-image has-image-ratio-16-9 wp-block-t2-post-featured-image\"><img loading=\"lazy\" decoding=\"async\" width=\"2560\" height=\"1707\" src=\"https:\/\/mentalhelse.no\/content\/uploads\/sites\/184\/2023\/09\/helselov-rettigheter-stockphoto-scaled.jpg\" class=\"attachment-post-thumbnail size-post-thumbnail wp-post-image\" alt=\"\" srcset=\"https:\/\/mentalhelse.no\/content\/uploads\/sites\/184\/2023\/09\/helselov-rettigheter-stockphoto-scaled.jpg 2560w, https:\/\/mentalhelse.no\/content\/uploads\/sites\/184\/2023\/09\/helselov-rettigheter-stockphoto-300x200.jpg 300w, https:\/\/mentalhelse.no\/content\/uploads\/sites\/184\/2023\/09\/helselov-rettigheter-stockphoto-1024x683.jpg 1024w, https:\/\/mentalhelse.no\/content\/uploads\/sites\/184\/2023\/09\/helselov-rettigheter-stockphoto-768x512.jpg 768w, https:\/\/mentalhelse.no\/content\/uploads\/sites\/184\/2023\/09\/helselov-rettigheter-stockphoto-1536x1024.jpg 1536w, https:\/\/mentalhelse.no\/content\/uploads\/sites\/184\/2023\/09\/helselov-rettigheter-stockphoto-2048x1365.jpg 2048w\" sizes=\"auto, (max-width: 2560px) 100vw, 2560px\" style=\"--focal-point: 50% 50%;\" \/><\/figure>\n<\/a>\n\n<div class=\"wp-block-group postinfo alignfull is-layout-flow wp-block-group-is-layout-flow\">\n\t<div class=\"wp-block-mentalhelse-post-category\">\n\t\t\t\t\t<div class=\"post-type\">\n\t\t\t\t\t\t<a href=\"https:\/\/mentalhelse.no\/drammen\/aktuelt\/\">Nyheter<\/a>\n\t\t\t\t\t<\/div>\n\t\t\t\t\t\n\t\t\t\t\t<div class=\"post-category\">\n\t\t\t\t\t\t\n\t\t\t\t\t<\/div>\n\t\t\t<\/div>\n\t<a class=\"t2-post-link wp-block-t2-post-link\" href=\"https:\/\/mentalhelse.no\/drammen\/aktuelt\/sakspapirer-arsmotet-2026\/\">\n\t<h2 class=\"t2-post-title wp-block-t2-post-title\">Sakspapirer \u00e5rsm\u00f8tet 2026<\/h2>\n\t<\/a>\n<\/div>\n\n<\/div>\n\n<div class=\"t2-featured-query-post t2-featured-content is-post-type-news wp-block-t2-featured-query-post\"><a class=\"t2-post-link wp-block-t2-post-link\" href=\"https:\/\/mentalhelse.no\/drammen\/aktuelt\/sjakk-spill-pa-dagsenteret-mandager-kl13-00-15-00\/\">\n\t<figure style=\"--t2-focal-point: 50% 50%;\" class=\"t2-post-featured-image has-image-ratio-16-9 wp-block-t2-post-featured-image\"><img loading=\"lazy\" decoding=\"async\" width=\"1861\" height=\"2560\" src=\"https:\/\/mentalhelse.no\/content\/uploads\/sites\/184\/2026\/02\/bilde-scaled.jpg\" class=\"attachment-post-thumbnail size-post-thumbnail wp-post-image\" alt=\"\" srcset=\"https:\/\/mentalhelse.no\/content\/uploads\/sites\/184\/2026\/02\/bilde-scaled.jpg 1861w, https:\/\/mentalhelse.no\/content\/uploads\/sites\/184\/2026\/02\/bilde-218x300.jpg 218w, https:\/\/mentalhelse.no\/content\/uploads\/sites\/184\/2026\/02\/bilde-744x1024.jpg 744w, https:\/\/mentalhelse.no\/content\/uploads\/sites\/184\/2026\/02\/bilde-768x1057.jpg 768w, https:\/\/mentalhelse.no\/content\/uploads\/sites\/184\/2026\/02\/bilde-1117x1536.jpg 1117w, https:\/\/mentalhelse.no\/content\/uploads\/sites\/184\/2026\/02\/bilde-1489x2048.jpg 1489w\" sizes=\"auto, (max-width: 1861px) 100vw, 1861px\" style=\"--focal-point: 50% 50%;\" \/><\/figure>\n<\/a>\n\n<div class=\"wp-block-group postinfo alignfull is-layout-flow wp-block-group-is-layout-flow\">\n\t<div class=\"wp-block-mentalhelse-post-category\">\n\t\t\t\t\t<div class=\"post-type\">\n\t\t\t\t\t\t<a href=\"https:\/\/mentalhelse.no\/drammen\/aktuelt\/\">Nyheter<\/a>\n\t\t\t\t\t<\/div>\n\t\t\t\t\t\n\t\t\t\t\t<div class=\"post-category\">\n\t\t\t\t\t\t\n\t\t\t\t\t<\/div>\n\t\t\t<\/div>\n\t<a class=\"t2-post-link wp-block-t2-post-link\" href=\"https:\/\/mentalhelse.no\/drammen\/aktuelt\/sjakk-spill-pa-dagsenteret-mandager-kl13-00-15-00\/\">\n\t<h2 class=\"t2-post-title wp-block-t2-post-title\">Sjakk spill p\u00e5 Dagsenteret mandager kl13.00 &#8211; 15.00<\/h2>\n\t<\/a>\n<\/div>\n\n<\/div>\n\n<div class=\"t2-featured-query-post t2-featured-content is-post-type-news wp-block-t2-featured-query-post\"><a class=\"t2-post-link wp-block-t2-post-link\" href=\"https:\/\/mentalhelse.no\/drammen\/aktuelt\/ordinaert-arsmote-2026-er-na-berammet-til-26-02-26-kl-18-00\/\">\n\t<figure style=\"--t2-focal-point: 50% 50%;\" class=\"t2-post-featured-image has-image-ratio-16-9 wp-block-t2-post-featured-image\"><img loading=\"lazy\" decoding=\"async\" width=\"2560\" height=\"1707\" src=\"https:\/\/mentalhelse.no\/content\/uploads\/sites\/184\/2023\/09\/helselov-rettigheter-stockphoto-scaled.jpg\" class=\"attachment-post-thumbnail size-post-thumbnail wp-post-image\" alt=\"\" srcset=\"https:\/\/mentalhelse.no\/content\/uploads\/sites\/184\/2023\/09\/helselov-rettigheter-stockphoto-scaled.jpg 2560w, https:\/\/mentalhelse.no\/content\/uploads\/sites\/184\/2023\/09\/helselov-rettigheter-stockphoto-300x200.jpg 300w, https:\/\/mentalhelse.no\/content\/uploads\/sites\/184\/2023\/09\/helselov-rettigheter-stockphoto-1024x683.jpg 1024w, https:\/\/mentalhelse.no\/content\/uploads\/sites\/184\/2023\/09\/helselov-rettigheter-stockphoto-768x512.jpg 768w, https:\/\/mentalhelse.no\/content\/uploads\/sites\/184\/2023\/09\/helselov-rettigheter-stockphoto-1536x1024.jpg 1536w, https:\/\/mentalhelse.no\/content\/uploads\/sites\/184\/2023\/09\/helselov-rettigheter-stockphoto-2048x1365.jpg 2048w\" sizes=\"auto, (max-width: 2560px) 100vw, 2560px\" style=\"--focal-point: 50% 50%;\" \/><\/figure>\n<\/a>\n\n<div class=\"wp-block-group postinfo alignfull is-layout-flow wp-block-group-is-layout-flow\">\n\t<div class=\"wp-block-mentalhelse-post-category\">\n\t\t\t\t\t<div class=\"post-type\">\n\t\t\t\t\t\t<a href=\"https:\/\/mentalhelse.no\/drammen\/aktuelt\/\">Nyheter<\/a>\n\t\t\t\t\t<\/div>\n\t\t\t\t\t\n\t\t\t\t\t<div class=\"post-category\">\n\t\t\t\t\t\t\n\t\t\t\t\t<\/div>\n\t\t\t<\/div>\n\t<a class=\"t2-post-link wp-block-t2-post-link\" href=\"https:\/\/mentalhelse.no\/drammen\/aktuelt\/ordinaert-arsmote-2026-er-na-berammet-til-26-02-26-kl-18-00\/\">\n\t<h2 class=\"t2-post-title wp-block-t2-post-title\">Ordin\u00e6rt \u00e5rsm\u00f8te 2026 er n\u00e5 berammet til 26.02.26 kl 18.00<\/h2>\n\t<\/a>\n<\/div>\n\n<\/div>\n<\/div>","protected":false},"excerpt":{"rendered":"<p>Om oss Vi holder til i Erik Olsens gate 3 i Drammen, med medlemsm\u00f8ter den siste torsdagen i m\u00e5neden fra kl. 18.00 til ca 20.00&#8230;<\/p>\n","protected":false},"author":1,"featured_media":0,"parent":0,"menu_order":0,"comment_status":"closed","ping_status":"closed","template":"","meta":{"t2_featured_media_focal_point":{"x":0.5,"y":0.5},"mh_hide_title":true,"e24d_chat_page_choice":"","footnotes":""},"class_list":["post-797","page","type-page","status-publish","hentry"],"yoast_head":"<!-- This site is optimized with the Yoast SEO Premium plugin v21.2 (Yoast SEO v21.2) - https:\/\/yoast.com\/wordpress\/plugins\/seo\/ -->\n<title>Om oss - Mental Helse - Drammen<\/title>\n<meta name=\"description\" content=\"Her kan du lese om oss i Mental Helse Drammen, og l\u00e6re mer om hva vi jobber med. Ta gjerne kontakt hvis du har noen sp\u00f8rsm\u00e5l!\" \/>\n<meta name=\"robots\" content=\"index, follow, max-snippet:-1, max-image-preview:large, max-video-preview:-1\" \/>\n<link rel=\"canonical\" href=\"https:\/\/mentalhelse.no\/drammen\/om-oss\/\" \/>\n<meta property=\"og:locale\" content=\"nb_NO\" \/>\n<meta property=\"og:type\" content=\"article\" \/>\n<meta property=\"og:title\" content=\"Om oss\" \/>\n<meta property=\"og:description\" content=\"Her kan du lese om oss i Mental Helse Drammen, og l\u00e6re mer om hva vi jobber med. Ta gjerne kontakt hvis du har noen sp\u00f8rsm\u00e5l!\" \/>\n<meta property=\"og:url\" content=\"https:\/\/mentalhelse.no\/drammen\/om-oss\/\" \/>\n<meta property=\"og:site_name\" content=\"Drammen\" \/>\n<meta property=\"article:modified_time\" content=\"2026-03-21T08:20:51+00:00\" \/>\n<meta property=\"og:image\" content=\"https:\/\/mentalhelse.no\/content\/uploads\/sites\/184\/2023\/10\/drammen-5070167_1280-1-1-1024x603.jpg\" \/>\n<meta name=\"twitter:card\" content=\"summary_large_image\" \/>\n<meta name=\"twitter:label1\" content=\"Ansl. lesetid\" \/>\n\t<meta name=\"twitter:data1\" content=\"1 minutt\" \/>\n<script type=\"application\/ld+json\" class=\"yoast-schema-graph\">{\"@context\":\"https:\/\/schema.org\",\"@graph\":[{\"@type\":\"WebPage\",\"@id\":\"https:\/\/mentalhelse.no\/drammen\/om-oss\/\",\"url\":\"https:\/\/mentalhelse.no\/drammen\/om-oss\/\",\"name\":\"Om oss - Drammen\",\"isPartOf\":{\"@id\":\"https:\/\/mentalhelse.no\/drammen\/#website\"},\"datePublished\":\"2023-05-10T11:14:16+00:00\",\"dateModified\":\"2026-03-21T08:20:51+00:00\",\"description\":\"Her kan du lese om oss i Mental Helse Drammen, og l\u00e6re mer om hva vi jobber med. Ta gjerne kontakt hvis du har noen sp\u00f8rsm\u00e5l!\",\"breadcrumb\":{\"@id\":\"https:\/\/mentalhelse.no\/drammen\/om-oss\/#breadcrumb\"},\"inLanguage\":\"nb-NO\",\"potentialAction\":[{\"@type\":\"ReadAction\",\"target\":[\"https:\/\/mentalhelse.no\/drammen\/om-oss\/\"]}]},{\"@type\":\"BreadcrumbList\",\"@id\":\"https:\/\/mentalhelse.no\/drammen\/om-oss\/#breadcrumb\",\"itemListElement\":[{\"@type\":\"ListItem\",\"position\":1,\"name\":\"Hjem\",\"item\":\"https:\/\/mentalhelse.no\/drammen\/\"},{\"@type\":\"ListItem\",\"position\":2,\"name\":\"Om oss\"}]},{\"@type\":\"WebSite\",\"@id\":\"https:\/\/mentalhelse.no\/drammen\/#website\",\"url\":\"https:\/\/mentalhelse.no\/drammen\/\",\"name\":\"Drammen\",\"description\":\"\",\"potentialAction\":[{\"@type\":\"SearchAction\",\"target\":{\"@type\":\"EntryPoint\",\"urlTemplate\":\"https:\/\/mentalhelse.no\/drammen\/?s={search_term_string}\"},\"query-input\":\"required name=search_term_string\"}],\"inLanguage\":\"nb-NO\"}]}<\/script>\n<!-- \/ Yoast SEO Premium plugin. -->","yoast_head_json":{"title":"Om oss - Mental Helse - Drammen","description":"Her kan du lese om oss i Mental Helse Drammen, og l\u00e6re mer om hva vi jobber med. Ta gjerne kontakt hvis du har noen sp\u00f8rsm\u00e5l!","robots":{"index":"index","follow":"follow","max-snippet":"max-snippet:-1","max-image-preview":"max-image-preview:large","max-video-preview":"max-video-preview:-1"},"canonical":"https:\/\/mentalhelse.no\/drammen\/om-oss\/","og_locale":"nb_NO","og_type":"article","og_title":"Om oss","og_description":"Her kan du lese om oss i Mental Helse Drammen, og l\u00e6re mer om hva vi jobber med. Ta gjerne kontakt hvis du har noen sp\u00f8rsm\u00e5l!","og_url":"https:\/\/mentalhelse.no\/drammen\/om-oss\/","og_site_name":"Drammen","article_modified_time":"2026-03-21T08:20:51+00:00","og_image":[{"url":"https:\/\/mentalhelse.no\/content\/uploads\/sites\/184\/2023\/10\/drammen-5070167_1280-1-1-1024x603.jpg"}],"twitter_card":"summary_large_image","twitter_misc":{"Ansl. lesetid":"1 minutt"},"schema":{"@context":"https:\/\/schema.org","@graph":[{"@type":"WebPage","@id":"https:\/\/mentalhelse.no\/drammen\/om-oss\/","url":"https:\/\/mentalhelse.no\/drammen\/om-oss\/","name":"Om oss - Drammen","isPartOf":{"@id":"https:\/\/mentalhelse.no\/drammen\/#website"},"datePublished":"2023-05-10T11:14:16+00:00","dateModified":"2026-03-21T08:20:51+00:00","description":"Her kan du lese om oss i Mental Helse Drammen, og l\u00e6re mer om hva vi jobber med. Ta gjerne kontakt hvis du har noen sp\u00f8rsm\u00e5l!","breadcrumb":{"@id":"https:\/\/mentalhelse.no\/drammen\/om-oss\/#breadcrumb"},"inLanguage":"nb-NO","potentialAction":[{"@type":"ReadAction","target":["https:\/\/mentalhelse.no\/drammen\/om-oss\/"]}]},{"@type":"BreadcrumbList","@id":"https:\/\/mentalhelse.no\/drammen\/om-oss\/#breadcrumb","itemListElement":[{"@type":"ListItem","position":1,"name":"Hjem","item":"https:\/\/mentalhelse.no\/drammen\/"},{"@type":"ListItem","position":2,"name":"Om oss"}]},{"@type":"WebSite","@id":"https:\/\/mentalhelse.no\/drammen\/#website","url":"https:\/\/mentalhelse.no\/drammen\/","name":"Drammen","description":"","potentialAction":[{"@type":"SearchAction","target":{"@type":"EntryPoint","urlTemplate":"https:\/\/mentalhelse.no\/drammen\/?s={search_term_string}"},"query-input":"required name=search_term_string"}],"inLanguage":"nb-NO"}]}},"_links":{"self":[{"href":"https:\/\/mentalhelse.no\/drammen\/wp-json\/wp\/v2\/pages\/797","targetHints":{"allow":["GET"]}}],"collection":[{"href":"https:\/\/mentalhelse.no\/drammen\/wp-json\/wp\/v2\/pages"}],"about":[{"href":"https:\/\/mentalhelse.no\/drammen\/wp-json\/wp\/v2\/types\/page"}],"author":[{"embeddable":true,"href":"https:\/\/mentalhelse.no\/drammen\/wp-json\/wp\/v2\/users\/1"}],"replies":[{"embeddable":true,"href":"https:\/\/mentalhelse.no\/drammen\/wp-json\/wp\/v2\/comments?post=797"}],"version-history":[{"count":5,"href":"https:\/\/mentalhelse.no\/drammen\/wp-json\/wp\/v2\/pages\/797\/revisions"}],"predecessor-version":[{"id":1410,"href":"https:\/\/mentalhelse.no\/drammen\/wp-json\/wp\/v2\/pages\/797\/revisions\/1410"}],"wp:attachment":[{"href":"https:\/\/mentalhelse.no\/drammen\/wp-json\/wp\/v2\/media?parent=797"}],"curies":[{"name":"wp","href":"https:\/\/api.w.org\/{rel}","templated":true}]}}