{"id":756,"date":"2023-05-09T11:55:25","date_gmt":"2023-05-09T11:55:25","guid":{"rendered":"https:\/\/mentalhelse.no\/viken\/?page_id=756"},"modified":"2023-09-14T10:08:37","modified_gmt":"2023-09-14T10:08:37","slug":"etne-og-vindafjord","status":"publish","type":"page","link":"https:\/\/mentalhelse.no\/etne-og-vindafjord\/","title":{"rendered":"Etne og Vindafjord"},"content":{"rendered":"\n\t<div style=\"--t2-hero-dim:0.5;\" class=\"t2-hero t2-hero-content-position-center-left t2-hero-has-dim-50 t2-hero-image-position-right t2-hero-has-image alignfull is-style-two-one wp-block-t2-hero\">\n\t\t<img decoding=\"async\" width=\"1024\" height=\"768\" src=\"https:\/\/mentalhelse.no\/content\/uploads\/sites\/252\/2023\/08\/photo-1524601500432-1e1a4c71d692-1024x768.webp\" class=\"t2-hero__image\" alt=\"\" style=\"object-position: 50% 50%; --focal-point: 50% 50%;\" loading=\"eager\" fetchpriority=\"high\" srcset=\"https:\/\/mentalhelse.no\/content\/uploads\/sites\/252\/2023\/08\/photo-1524601500432-1e1a4c71d692-1024x768.webp 1024w, https:\/\/mentalhelse.no\/content\/uploads\/sites\/252\/2023\/08\/photo-1524601500432-1e1a4c71d692-300x225.webp 300w, https:\/\/mentalhelse.no\/content\/uploads\/sites\/252\/2023\/08\/photo-1524601500432-1e1a4c71d692-768x576.webp 768w, https:\/\/mentalhelse.no\/content\/uploads\/sites\/252\/2023\/08\/photo-1524601500432-1e1a4c71d692-1536x1152.webp 1536w, https:\/\/mentalhelse.no\/content\/uploads\/sites\/252\/2023\/08\/photo-1524601500432-1e1a4c71d692.webp 1548w\" sizes=\"(max-width: 1024px) 100vw, 1024px\" \/>\n\t\t<div class=\"t2-hero__header\"><div class=\"t2-hero__header__content\">\n<h1 class=\"has-text-align-left alignwide wp-block-post-title\">Etne og Vindafjord<\/h1>\n\n\n<p>Lokallaget ble stiftet 4.2.2009 og tilh\u00f8rer Rogaland fylkeslag. Vi \u00f8nsker \u00e5 l\u00f8fte frem fokus p\u00e5 psykisk helse i lokalsamfunnet med ulike markeringer, arrangement og aktiviteter.<\/p>\n\n\n\n<div class=\"wp-block-buttons is-layout-flex wp-block-buttons-is-layout-flex\">\n<div class=\"wp-block-button is-style-outline is-style-outline--1\"><a class=\"wp-block-button__link wp-element-button\" href=\"https:\/\/mentalhelse.no\/etne-og-vindafjord\/om-oss\/\">Om oss<\/a><\/div>\n<\/div>\n\n<\/div><\/div>\n\t<\/div>\n\n\n\t\t<div class=\"mh-event-latest t2-featured-content-layout alignwide wp-block-t2-featured-content-layout wp-block-mh-event-latest\">\n\t\t<h3 class=\"mh-event-latest__block-title\">Kommende arrangementer<\/h3>\n\t\t<div class=\"t2-featured-query-post t2-featured-content is-post-type-event wp-block-mh-event-latest\">\n<div class=\"wp-block-group alignfull is-layout-flow wp-block-group-is-layout-flow\">\n\t<a class=\"t2-post-link wp-block-t2-post-link\" href=\"https:\/\/mentalhelse.no\/event\/webinar-fra-funkis-studieplaner\/\">\n\t<figure style=\"--t2-focal-point: 50% 50%;\" class=\"t2-post-featured-image has-image-ratio-16-9 wp-block-t2-post-featured-image\"><img loading=\"lazy\" decoding=\"async\" width=\"2560\" height=\"1707\" src=\"https:\/\/mentalhelse.no\/content\/uploads\/2025\/10\/pexels-picjumbo-com-55570-461077-scaled.jpg\" class=\"attachment-post-thumbnail size-post-thumbnail wp-post-image\" alt=\"\" srcset=\"https:\/\/mentalhelse.no\/content\/uploads\/2025\/10\/pexels-picjumbo-com-55570-461077-scaled.jpg 2560w, https:\/\/mentalhelse.no\/content\/uploads\/2025\/10\/pexels-picjumbo-com-55570-461077-300x200.jpg 300w, https:\/\/mentalhelse.no\/content\/uploads\/2025\/10\/pexels-picjumbo-com-55570-461077-1024x683.jpg 1024w, https:\/\/mentalhelse.no\/content\/uploads\/2025\/10\/pexels-picjumbo-com-55570-461077-768x512.jpg 768w, https:\/\/mentalhelse.no\/content\/uploads\/2025\/10\/pexels-picjumbo-com-55570-461077-1536x1024.jpg 1536w, https:\/\/mentalhelse.no\/content\/uploads\/2025\/10\/pexels-picjumbo-com-55570-461077-2048x1366.jpg 2048w\" sizes=\"auto, (max-width: 2560px) 100vw, 2560px\" style=\"--focal-point: 46% 80%;\" \/><\/figure>\n\t<\/a>\n\t\n\t<div class=\"wp-block-group mh-event-details__content is-layout-flow wp-block-group-is-layout-flow\">\n\t\t<div class=\"mh-event-date-badge wp-block-mh-event-date-badge\">\n\t\t\t\t\t<div class=\"mh-event-date-badge__inner\">\n\t\t\t\t\t\n\t\t<div class=\"mh-event-date-badge__date-block\">\n\t\t\t<div class=\"mh-event-date-badge__day\">30<\/div>\n\t\t\t<div class=\"mh-event-date-badge__month\">apr<\/div>\n\t\t\t<div class=\"mh-event-date-badge__year\"><\/div>\n\t\t<\/div>\n\t\t\t\t\t<\/div>\n\t\t\t\t<\/div>\n\t\t<a class=\"t2-post-link wp-block-t2-post-link\" href=\"https:\/\/mentalhelse.no\/event\/webinar-fra-funkis-studieplaner\/\">\n\t\t<h2 class=\"t2-post-title wp-block-t2-post-title\">Webinar fra Funkis: Studieplaner<\/h2>\n\t\t<\/a>\n\t\t\n\t\t<div class=\"mh-event-details wp-block-mh-event-details\">\n\t\t\t<div class=\"mh-event-details__inner\">\n\t\t\t\t<div class=\"mh-event-details__date-wrap\"><div class=\"mh-event-details__date\"><svg xmlns=\"http:\/\/www.w3.org\/2000\/svg\" viewBox=\"0 0 24 24\" height=\"24\" width=\"24\" class=\"t2-icon t2-icon-mh-calendar\" aria-hidden=\"true\" focusable=\"false\"><path fill-rule=\"evenodd\" clip-rule=\"evenodd\" d=\"M8 1.5C8.27614 1.5 8.5 1.72386 8.5 2V3.5H15.5V2C15.5 1.72386 15.7239 1.5 16 1.5C16.2761 1.5 16.5 1.72386 16.5 2V3.5H19C20.3807 3.5 21.5 4.61929 21.5 6V20C21.5 21.3807 20.3807 22.5 19 22.5H5C3.61929 22.5 2.5 21.3807 2.5 20V6C2.5 4.61929 3.61929 3.5 5 3.5H7.5V2C7.5 1.72386 7.72386 1.5 8 1.5ZM7.5 4.5H5C4.17157 4.5 3.5 5.17157 3.5 6V9.5H20.5V6C20.5 5.17157 19.8285 4.5 19 4.5H16.5V6C16.5 6.27614 16.2761 6.5 16 6.5C15.7239 6.5 15.5 6.27614 15.5 6V4.5H8.5V6C8.5 6.27614 8.27614 6.5 8 6.5C7.72386 6.5 7.5 6.27614 7.5 6V4.5ZM20.5 10.5H3.5V20C3.5 20.8285 4.17157 21.5 5 21.5H19C19.8285 21.5 20.5 20.8285 20.5 20V10.5Z\" fill=\"currentColor\"\/><\/svg><date>30. april 2026<\/date><\/div><\/div><div class=\"mh-event-details__time\"><svg xmlns=\"http:\/\/www.w3.org\/2000\/svg\" viewBox=\"0 0 24 24\" height=\"24\" width=\"24\" class=\"t2-icon t2-icon-mh-clock\" aria-hidden=\"true\" focusable=\"false\"><path fill-rule=\"evenodd\" clip-rule=\"evenodd\" d=\"M12.275 4.5C7.98098 4.5 4.5 7.98098 4.5 12.275C4.5 16.5691 7.98098 20.05 12.275 20.05C16.5691 20.05 20.05 16.5691 20.05 12.275C20.05 7.98098 16.5691 4.5 12.275 4.5ZM3.5 12.275C3.5 7.4287 7.4287 3.5 12.275 3.5C17.1213 3.5 21.05 7.4287 21.05 12.275C21.05 17.1213 17.1213 21.05 12.275 21.05C7.4287 21.05 3.5 17.1213 3.5 12.275ZM12.275 6.80999C12.5511 6.80999 12.775 7.03385 12.775 7.30999V11.966L15.8086 13.4828C16.0556 13.6063 16.1557 13.9066 16.0322 14.1536C15.9087 14.4006 15.6084 14.5007 15.3614 14.3772L12.0514 12.7222C11.882 12.6375 11.775 12.4644 11.775 12.275V7.30999C11.775 7.03385 11.9989 6.80999 12.275 6.80999Z\" fill=\"currentColor\"\/><\/svg><time>  17:00<\/time><\/div>\n\t\t\t\t\n\t\t\t<\/div>\n\t\t<\/div>\n\t<\/div>\n\t\n<\/div>\n\n<\/div>\n\t\t<div class=\"mh-event-latest__archive-link\">\n\t\t<a href=\"https:\/\/mentalhelse.no\/etne-og-vindafjord\/event\/\" class=\"mh-event-latest__archive-link\">Se alle arrangementer<\/a>\n\t\t<\/div>\n\t\t<\/div>\n\n\n<div class=\"wp-block-group alignfull is-layout-constrained wp-block-group-is-layout-constrained\">\n<h3 class=\"wp-block-heading alignwide\">Siste nytt fra Mental Helse Etne og Vindafjord<\/h3>\n<\/div>\n\n\n<div class=\"t2-featured-content-layout alignwide alignwide wp-block-t2-featured-content-layout\">\n<div class=\"t2-featured-query-post t2-featured-content is-post-type-news wp-block-t2-featured-query-post\"><a class=\"t2-post-link wp-block-t2-post-link\" href=\"https:\/\/mentalhelse.no\/etne-og-vindafjord\/aktuelt\/sommeravslutning-med-flere-lokallag-fra-rogaland\/\">\n\t<figure style=\"--t2-focal-point: 50% 50%;\" class=\"t2-post-featured-image has-image-ratio-16-9 wp-block-t2-post-featured-image\"><img loading=\"lazy\" decoding=\"async\" width=\"750\" height=\"475\" src=\"https:\/\/mentalhelse.no\/content\/uploads\/sites\/252\/2024\/06\/448407133_785856760283130_5848645496025441802_n.jpg\" class=\"attachment-post-thumbnail size-post-thumbnail wp-post-image\" alt=\"\" srcset=\"https:\/\/mentalhelse.no\/content\/uploads\/sites\/252\/2024\/06\/448407133_785856760283130_5848645496025441802_n.jpg 750w, https:\/\/mentalhelse.no\/content\/uploads\/sites\/252\/2024\/06\/448407133_785856760283130_5848645496025441802_n-300x190.jpg 300w\" sizes=\"auto, (max-width: 750px) 100vw, 750px\" style=\"--focal-point: 50% 50%;\" \/><\/figure>\n<\/a>\n\n<div class=\"wp-block-group postinfo alignfull is-layout-flow wp-block-group-is-layout-flow\">\n\t<div class=\"wp-block-mentalhelse-post-category\">\n\t\t\t\t\t<div class=\"post-type\">\n\t\t\t\t\t\t<a href=\"https:\/\/mentalhelse.no\/etne-og-vindafjord\/aktuelt\/\">Nyheter<\/a>\n\t\t\t\t\t<\/div>\n\t\t\t\t\t\n\t\t\t\t\t<div class=\"post-category\">\n\t\t\t\t\t\t\n\t\t\t\t\t<\/div>\n\t\t\t<\/div>\n\t<a class=\"t2-post-link wp-block-t2-post-link\" href=\"https:\/\/mentalhelse.no\/etne-og-vindafjord\/aktuelt\/sommeravslutning-med-flere-lokallag-fra-rogaland\/\">\n\t<h2 class=\"t2-post-title wp-block-t2-post-title\">Sommeravslutning med flere lokallag fra Rogaland<\/h2>\n\t<\/a>\n<\/div>\n\n<\/div>\n\n\n\n\n\n<div class=\"t2-featured-query-post t2-featured-content is-post-type-post category-podcast wp-block-t2-featured-query-post\"><a class=\"t2-post-link wp-block-t2-post-link\" href=\"https:\/\/mentalhelse.no\/etne-og-vindafjord\/podcast\/spor-meir\/\">\n\t<figure style=\"--t2-focal-point: 50% 50%;\" class=\"t2-post-featured-image has-image-ratio-16-9 wp-block-t2-post-featured-image\"><img loading=\"lazy\" decoding=\"async\" width=\"2340\" height=\"1560\" src=\"https:\/\/mentalhelse.no\/content\/uploads\/sites\/252\/2023\/09\/photo-1505740420928-5e560c06d30e.webp\" class=\"attachment-post-thumbnail size-post-thumbnail wp-post-image\" alt=\"\" srcset=\"https:\/\/mentalhelse.no\/content\/uploads\/sites\/252\/2023\/09\/photo-1505740420928-5e560c06d30e.webp 2340w, https:\/\/mentalhelse.no\/content\/uploads\/sites\/252\/2023\/09\/photo-1505740420928-5e560c06d30e-300x200.webp 300w, https:\/\/mentalhelse.no\/content\/uploads\/sites\/252\/2023\/09\/photo-1505740420928-5e560c06d30e-1024x683.webp 1024w, https:\/\/mentalhelse.no\/content\/uploads\/sites\/252\/2023\/09\/photo-1505740420928-5e560c06d30e-768x512.webp 768w, https:\/\/mentalhelse.no\/content\/uploads\/sites\/252\/2023\/09\/photo-1505740420928-5e560c06d30e-1536x1024.webp 1536w, https:\/\/mentalhelse.no\/content\/uploads\/sites\/252\/2023\/09\/photo-1505740420928-5e560c06d30e-2048x1365.webp 2048w\" sizes=\"auto, (max-width: 2340px) 100vw, 2340px\" style=\"--focal-point: 50% 50%;\" \/><\/figure>\n<\/a>\n\n<div class=\"wp-block-group postinfo alignfull is-layout-flow wp-block-group-is-layout-flow\">\n\t<div class=\"wp-block-mentalhelse-post-category\">\n\t\t\t\t\t<div class=\"post-type\">\n\t\t\t\t\t\t<a href=\"https:\/\/mentalhelse.no\/etne-og-vindafjord\/podcast\/spor-meir\/\">Artikkel<\/a>\n\t\t\t\t\t<\/div>\n\t\t\t\t\t<div class=\"separator\"><\/div>\n\t\t\t\t\t<div class=\"post-category\">\n\t\t\t\t\t\t<a href=\"https:\/\/mentalhelse.no\/etne-og-vindafjord\/category\/podcast\/\">Podcast<\/a>\n\t\t\t\t\t<\/div>\n\t\t\t<\/div>\n\t<a class=\"t2-post-link wp-block-t2-post-link\" href=\"https:\/\/mentalhelse.no\/etne-og-vindafjord\/podcast\/spor-meir\/\">\n\t<h2 class=\"t2-post-title wp-block-t2-post-title\">Sp\u00f8r meir!<\/h2>\n\t<\/a>\n<\/div>\n\n<\/div>\n\n<div class=\"t2-featured-query-post t2-featured-content is-post-type-post category-podcast tag-etne-og-vindafjord tag-menn tag-podcast tag-psykisk-helse wp-block-t2-featured-query-post\"><a class=\"t2-post-link wp-block-t2-post-link\" href=\"https:\/\/mentalhelse.no\/etne-og-vindafjord\/podcast\/podcast-om-menn-og-psykisk-helse\/\">\n\t<figure style=\"--t2-focal-point: 50% 50%;\" class=\"t2-post-featured-image has-image-ratio-16-9 wp-block-t2-post-featured-image\"><img loading=\"lazy\" decoding=\"async\" width=\"2340\" height=\"1560\" src=\"https:\/\/mentalhelse.no\/content\/uploads\/sites\/252\/2023\/09\/photo-1589903308904-1010c2294adc.webp\" class=\"attachment-post-thumbnail size-post-thumbnail wp-post-image\" alt=\"\" srcset=\"https:\/\/mentalhelse.no\/content\/uploads\/sites\/252\/2023\/09\/photo-1589903308904-1010c2294adc.webp 2340w, https:\/\/mentalhelse.no\/content\/uploads\/sites\/252\/2023\/09\/photo-1589903308904-1010c2294adc-300x200.webp 300w, https:\/\/mentalhelse.no\/content\/uploads\/sites\/252\/2023\/09\/photo-1589903308904-1010c2294adc-1024x683.webp 1024w, https:\/\/mentalhelse.no\/content\/uploads\/sites\/252\/2023\/09\/photo-1589903308904-1010c2294adc-768x512.webp 768w, https:\/\/mentalhelse.no\/content\/uploads\/sites\/252\/2023\/09\/photo-1589903308904-1010c2294adc-1536x1024.webp 1536w, https:\/\/mentalhelse.no\/content\/uploads\/sites\/252\/2023\/09\/photo-1589903308904-1010c2294adc-2048x1365.webp 2048w\" sizes=\"auto, (max-width: 2340px) 100vw, 2340px\" style=\"--focal-point: 50% 50%;\" \/><\/figure>\n<\/a>\n\n<div class=\"wp-block-group postinfo alignfull is-layout-flow wp-block-group-is-layout-flow\">\n\t<div class=\"wp-block-mentalhelse-post-category\">\n\t\t\t\t\t<div class=\"post-type\">\n\t\t\t\t\t\t<a href=\"https:\/\/mentalhelse.no\/etne-og-vindafjord\/podcast\/podcast-om-menn-og-psykisk-helse\/\">Artikkel<\/a>\n\t\t\t\t\t<\/div>\n\t\t\t\t\t<div class=\"separator\"><\/div>\n\t\t\t\t\t<div class=\"post-category\">\n\t\t\t\t\t\t<a href=\"https:\/\/mentalhelse.no\/etne-og-vindafjord\/category\/podcast\/\">Podcast<\/a>\n\t\t\t\t\t<\/div>\n\t\t\t<\/div>\n\t<a class=\"t2-post-link wp-block-t2-post-link\" href=\"https:\/\/mentalhelse.no\/etne-og-vindafjord\/podcast\/podcast-om-menn-og-psykisk-helse\/\">\n\t<h2 class=\"t2-post-title wp-block-t2-post-title\">Podcast om menn og psykisk helse<\/h2>\n\t<\/a>\n<\/div>\n\n<\/div>\n\n\n<\/div>\n\n\n\t\t<div class=\"mh-related-posts alignfull alignfull wp-block-mentalhelse-related-posts brown-light-mode\">\n\t\t\t<div class=\"mh-related-posts__inner\">\n\t\t\t\t\n\n<h3 class=\"wp-block-heading\">Nyheter fra Mental Helse<\/h3>\n\n\n<div class=\"t2-featured-content-layout alignwide alignwide wp-block-t2-featured-content-layout\">\n<div class=\"t2-featured-query-post t2-featured-content is-post-type-news news_category-press-release is-style-default wp-block-t2-featured-query-post t2-featured-content-layout-col-4\"><a class=\"t2-post-link wp-block-t2-post-link\" href=\"https:\/\/mentalhelse.no\/aktuelt\/selvmord-et-samfunnsproblem-som-kan-loses\/\">\n\t<figure style=\"--t2-focal-point: 50% 50%;\" class=\"t2-post-featured-image has-image-ratio-16-9 wp-block-t2-post-featured-image\"><img loading=\"lazy\" decoding=\"async\" width=\"2560\" height=\"1707\" src=\"https:\/\/mentalhelse.no\/content\/uploads\/2026\/04\/731fb7be-871a-467b-9dde-dbd5907dce45-scaled.jpg\" class=\"attachment-post-thumbnail size-post-thumbnail wp-post-image\" alt=\"\" srcset=\"https:\/\/mentalhelse.no\/content\/uploads\/2026\/04\/731fb7be-871a-467b-9dde-dbd5907dce45-scaled.jpg 2560w, https:\/\/mentalhelse.no\/content\/uploads\/2026\/04\/731fb7be-871a-467b-9dde-dbd5907dce45-300x200.jpg 300w, https:\/\/mentalhelse.no\/content\/uploads\/2026\/04\/731fb7be-871a-467b-9dde-dbd5907dce45-1024x683.jpg 1024w, https:\/\/mentalhelse.no\/content\/uploads\/2026\/04\/731fb7be-871a-467b-9dde-dbd5907dce45-768x512.jpg 768w, https:\/\/mentalhelse.no\/content\/uploads\/2026\/04\/731fb7be-871a-467b-9dde-dbd5907dce45-1536x1024.jpg 1536w, https:\/\/mentalhelse.no\/content\/uploads\/2026\/04\/731fb7be-871a-467b-9dde-dbd5907dce45-2048x1365.jpg 2048w\" sizes=\"auto, (max-width: 2560px) 100vw, 2560px\" style=\"--focal-point: 50% 50%;\" \/><\/figure>\n<\/a>\n\n<div class=\"wp-block-group postinfo alignfull is-layout-flow wp-block-group-is-layout-flow\">\n\t<div class=\"wp-block-mentalhelse-post-category\">\n\t\t\t\t\t<div class=\"post-type\">\n\t\t\t\t\t\t<a href=\"https:\/\/mentalhelse.no\/aktuelt\/\">Nyheter<\/a>\n\t\t\t\t\t<\/div>\n\t\t\t\t\t<div class=\"separator\"><\/div>\n\t\t\t\t\t<div class=\"post-category\">\n\t\t\t\t\t\t<a href=\"https:\/\/mentalhelse.no\/aktuelt-kategori\/press-release\/\">Pressemelding<\/a>\n\t\t\t\t\t<\/div>\n\t\t\t<\/div>\n\t<a class=\"t2-post-link wp-block-t2-post-link\" href=\"https:\/\/mentalhelse.no\/aktuelt\/selvmord-et-samfunnsproblem-som-kan-loses\/\">\n\t<h2 class=\"t2-post-title wp-block-t2-post-title\">Selvmord \u2013 et samfunnsproblem som kan l\u00f8ses<\/h2>\n\t<\/a>\n<\/div>\n\n<\/div>\n\n<div class=\"t2-featured-query-post t2-featured-content is-post-type-news news_category-press-release is-style-default wp-block-t2-featured-query-post t2-featured-content-layout-col-4\"><a class=\"t2-post-link wp-block-t2-post-link\" href=\"https:\/\/mentalhelse.no\/aktuelt\/tillit-er-beredskap\/\">\n\t<figure style=\"--t2-focal-point: 50% 50%;\" class=\"t2-post-featured-image has-image-ratio-16-9 wp-block-t2-post-featured-image\"><img loading=\"lazy\" decoding=\"async\" width=\"960\" height=\"540\" src=\"https:\/\/mentalhelse.no\/content\/uploads\/2026\/04\/00d597fd-8c57-482f-b465-59e354a9f058.png\" class=\"attachment-post-thumbnail size-post-thumbnail wp-post-image\" alt=\"\" srcset=\"https:\/\/mentalhelse.no\/content\/uploads\/2026\/04\/00d597fd-8c57-482f-b465-59e354a9f058.png 960w, https:\/\/mentalhelse.no\/content\/uploads\/2026\/04\/00d597fd-8c57-482f-b465-59e354a9f058-300x169.png 300w, https:\/\/mentalhelse.no\/content\/uploads\/2026\/04\/00d597fd-8c57-482f-b465-59e354a9f058-768x432.png 768w\" sizes=\"auto, (max-width: 960px) 100vw, 960px\" style=\"--focal-point: 50% 50%;\" \/><\/figure>\n<\/a>\n\n<div class=\"wp-block-group postinfo alignfull is-layout-flow wp-block-group-is-layout-flow\">\n\t<div class=\"wp-block-mentalhelse-post-category\">\n\t\t\t\t\t<div class=\"post-type\">\n\t\t\t\t\t\t<a href=\"https:\/\/mentalhelse.no\/aktuelt\/\">Nyheter<\/a>\n\t\t\t\t\t<\/div>\n\t\t\t\t\t<div class=\"separator\"><\/div>\n\t\t\t\t\t<div class=\"post-category\">\n\t\t\t\t\t\t<a href=\"https:\/\/mentalhelse.no\/aktuelt-kategori\/press-release\/\">Pressemelding<\/a>\n\t\t\t\t\t<\/div>\n\t\t\t<\/div>\n\t<a class=\"t2-post-link wp-block-t2-post-link\" href=\"https:\/\/mentalhelse.no\/aktuelt\/tillit-er-beredskap\/\">\n\t<h2 class=\"t2-post-title wp-block-t2-post-title\">Tillit er beredskap<\/h2>\n\t<\/a>\n<\/div>\n\n<\/div>\n\n<div class=\"t2-featured-query-post t2-featured-content is-post-type-news news_category-press-release is-style-default wp-block-t2-featured-query-post t2-featured-content-layout-col-4\"><a class=\"t2-post-link wp-block-t2-post-link\" href=\"https:\/\/mentalhelse.no\/aktuelt\/psykisk-helse-barn-og-unge-utsettes-for-postkodebingo\/\">\n\t<figure style=\"--t2-focal-point: 50% 50%;\" class=\"t2-post-featured-image has-image-ratio-16-9 wp-block-t2-post-featured-image\"><img loading=\"lazy\" decoding=\"async\" width=\"2560\" height=\"1707\" src=\"https:\/\/mentalhelse.no\/content\/uploads\/2026\/04\/ea2064bf-1d6f-4d9b-824f-ea782bc36eed-scaled.jpg\" class=\"attachment-post-thumbnail size-post-thumbnail wp-post-image\" alt=\"\" srcset=\"https:\/\/mentalhelse.no\/content\/uploads\/2026\/04\/ea2064bf-1d6f-4d9b-824f-ea782bc36eed-scaled.jpg 2560w, https:\/\/mentalhelse.no\/content\/uploads\/2026\/04\/ea2064bf-1d6f-4d9b-824f-ea782bc36eed-300x200.jpg 300w, https:\/\/mentalhelse.no\/content\/uploads\/2026\/04\/ea2064bf-1d6f-4d9b-824f-ea782bc36eed-1024x683.jpg 1024w, https:\/\/mentalhelse.no\/content\/uploads\/2026\/04\/ea2064bf-1d6f-4d9b-824f-ea782bc36eed-768x512.jpg 768w, https:\/\/mentalhelse.no\/content\/uploads\/2026\/04\/ea2064bf-1d6f-4d9b-824f-ea782bc36eed-1536x1024.jpg 1536w, https:\/\/mentalhelse.no\/content\/uploads\/2026\/04\/ea2064bf-1d6f-4d9b-824f-ea782bc36eed-2048x1365.jpg 2048w\" sizes=\"auto, (max-width: 2560px) 100vw, 2560px\" style=\"--focal-point: 50% 50%;\" \/><\/figure>\n<\/a>\n\n<div class=\"wp-block-group postinfo alignfull is-layout-flow wp-block-group-is-layout-flow\">\n\t<div class=\"wp-block-mentalhelse-post-category\">\n\t\t\t\t\t<div class=\"post-type\">\n\t\t\t\t\t\t<a href=\"https:\/\/mentalhelse.no\/aktuelt\/\">Nyheter<\/a>\n\t\t\t\t\t<\/div>\n\t\t\t\t\t<div class=\"separator\"><\/div>\n\t\t\t\t\t<div class=\"post-category\">\n\t\t\t\t\t\t<a href=\"https:\/\/mentalhelse.no\/aktuelt-kategori\/press-release\/\">Pressemelding<\/a>\n\t\t\t\t\t<\/div>\n\t\t\t<\/div>\n\t<a class=\"t2-post-link wp-block-t2-post-link\" href=\"https:\/\/mentalhelse.no\/aktuelt\/psykisk-helse-barn-og-unge-utsettes-for-postkodebingo\/\">\n\t<h2 class=\"t2-post-title wp-block-t2-post-title\">Psykisk helse: Barn og unge utsettes for \u201cpostkodebingo\u201d<\/h2>\n\t<\/a>\n<\/div>\n\n<\/div>\n<\/div>\n\n\t\t\t<\/div>\n\t\t<\/div>","protected":false},"excerpt":{"rendered":"<p>Siste nytt fra Mental Helse Etne og Vindafjord<\/p>\n","protected":false},"author":1,"featured_media":758,"parent":0,"menu_order":0,"comment_status":"closed","ping_status":"closed","template":"","meta":{"t2_featured_media_focal_point":{"x":0.5,"y":0.5},"mh_hide_title":true,"e24d_chat_page_choice":"","footnotes":""},"class_list":["post-756","page","type-page","status-publish","has-post-thumbnail","hentry"],"yoast_head":"<!-- This site is optimized with the Yoast SEO Premium plugin v21.2 (Yoast SEO v21.2) - https:\/\/yoast.com\/wordpress\/plugins\/seo\/ -->\n<title>Mental Helse - Etne og Vindafjord - Mental Helse - Etne og Vindafjord<\/title>\n<meta name=\"description\" content=\"Vi er Mental Helses lokallag i Etne og Vindafjord. Vi vil l\u00f8fte frem psykisk helse i lokalsamfunnet med ulike arrangement og aktiviteter.\" \/>\n<meta name=\"robots\" content=\"index, follow, max-snippet:-1, max-image-preview:large, max-video-preview:-1\" \/>\n<link rel=\"canonical\" href=\"https:\/\/mentalhelse.no\/etne-og-vindafjord\/\" \/>\n<meta property=\"og:locale\" content=\"nb_NO\" \/>\n<meta property=\"og:type\" content=\"article\" \/>\n<meta property=\"og:title\" content=\"Etne og Vindafjord\" \/>\n<meta property=\"og:description\" content=\"Vi er Mental Helses lokallag i Etne og Vindafjord. Vi vil l\u00f8fte frem psykisk helse i lokalsamfunnet med ulike arrangement og aktiviteter.\" \/>\n<meta property=\"og:url\" content=\"https:\/\/mentalhelse.no\/etne-og-vindafjord\/\" \/>\n<meta property=\"og:site_name\" content=\"Etne og Vindafjord\" \/>\n<meta property=\"article:modified_time\" content=\"2023-09-14T10:08:37+00:00\" \/>\n<meta property=\"og:image\" content=\"https:\/\/mentalhelse.no\/content\/uploads\/sites\/252\/2023\/05\/karoline-vargdal-m9GyvqF8ccQ-unsplash-scaled.jpg\" \/>\n\t<meta property=\"og:image:width\" content=\"2560\" \/>\n\t<meta property=\"og:image:height\" content=\"1626\" \/>\n\t<meta property=\"og:image:type\" content=\"image\/jpeg\" \/>\n<meta name=\"twitter:card\" content=\"summary_large_image\" \/>\n<meta name=\"twitter:label1\" content=\"Ansl. lesetid\" \/>\n\t<meta name=\"twitter:data1\" content=\"1 minutt\" \/>\n<script type=\"application\/ld+json\" class=\"yoast-schema-graph\">{\"@context\":\"https:\/\/schema.org\",\"@graph\":[{\"@type\":\"WebPage\",\"@id\":\"https:\/\/mentalhelse.no\/etne-og-vindafjord\/\",\"url\":\"https:\/\/mentalhelse.no\/etne-og-vindafjord\/\",\"name\":\"Etne og Vindafjord - Etne og Vindafjord\",\"isPartOf\":{\"@id\":\"https:\/\/mentalhelse.no\/etne-og-vindafjord\/#website\"},\"datePublished\":\"2023-05-09T11:55:25+00:00\",\"dateModified\":\"2023-09-14T10:08:37+00:00\",\"description\":\"Vi er Mental Helses lokallag i Etne og Vindafjord. Vi vil l\u00f8fte frem psykisk helse i lokalsamfunnet med ulike arrangement og aktiviteter.\",\"breadcrumb\":{\"@id\":\"https:\/\/mentalhelse.no\/etne-og-vindafjord\/#breadcrumb\"},\"inLanguage\":\"nb-NO\",\"potentialAction\":[{\"@type\":\"ReadAction\",\"target\":[\"https:\/\/mentalhelse.no\/etne-og-vindafjord\/\"]}]},{\"@type\":\"BreadcrumbList\",\"@id\":\"https:\/\/mentalhelse.no\/etne-og-vindafjord\/#breadcrumb\",\"itemListElement\":[{\"@type\":\"ListItem\",\"position\":1,\"name\":\"Hjem\",\"item\":\"https:\/\/mentalhelse.no\/etne-og-vindafjord\/\"},{\"@type\":\"ListItem\",\"position\":2,\"name\":\"Etne og Vindafjord\"}]},{\"@type\":\"WebSite\",\"@id\":\"https:\/\/mentalhelse.no\/etne-og-vindafjord\/#website\",\"url\":\"https:\/\/mentalhelse.no\/etne-og-vindafjord\/\",\"name\":\"Etne og Vindafjord\",\"description\":\"\",\"potentialAction\":[{\"@type\":\"SearchAction\",\"target\":{\"@type\":\"EntryPoint\",\"urlTemplate\":\"https:\/\/mentalhelse.no\/etne-og-vindafjord\/?s={search_term_string}\"},\"query-input\":\"required name=search_term_string\"}],\"inLanguage\":\"nb-NO\"}]}<\/script>\n<!-- \/ Yoast SEO Premium plugin. -->","yoast_head_json":{"title":"Mental Helse - Etne og Vindafjord - Mental Helse - Etne og Vindafjord","description":"Vi er Mental Helses lokallag i Etne og Vindafjord. Vi vil l\u00f8fte frem psykisk helse i lokalsamfunnet med ulike arrangement og aktiviteter.","robots":{"index":"index","follow":"follow","max-snippet":"max-snippet:-1","max-image-preview":"max-image-preview:large","max-video-preview":"max-video-preview:-1"},"canonical":"https:\/\/mentalhelse.no\/etne-og-vindafjord\/","og_locale":"nb_NO","og_type":"article","og_title":"Etne og Vindafjord","og_description":"Vi er Mental Helses lokallag i Etne og Vindafjord. Vi vil l\u00f8fte frem psykisk helse i lokalsamfunnet med ulike arrangement og aktiviteter.","og_url":"https:\/\/mentalhelse.no\/etne-og-vindafjord\/","og_site_name":"Etne og Vindafjord","article_modified_time":"2023-09-14T10:08:37+00:00","og_image":[{"width":2560,"height":1626,"url":"https:\/\/mentalhelse.no\/content\/uploads\/sites\/252\/2023\/05\/karoline-vargdal-m9GyvqF8ccQ-unsplash-scaled.jpg","type":"image\/jpeg"}],"twitter_card":"summary_large_image","twitter_misc":{"Ansl. lesetid":"1 minutt"},"schema":{"@context":"https:\/\/schema.org","@graph":[{"@type":"WebPage","@id":"https:\/\/mentalhelse.no\/etne-og-vindafjord\/","url":"https:\/\/mentalhelse.no\/etne-og-vindafjord\/","name":"Etne og Vindafjord - Etne og Vindafjord","isPartOf":{"@id":"https:\/\/mentalhelse.no\/etne-og-vindafjord\/#website"},"datePublished":"2023-05-09T11:55:25+00:00","dateModified":"2023-09-14T10:08:37+00:00","description":"Vi er Mental Helses lokallag i Etne og Vindafjord. Vi vil l\u00f8fte frem psykisk helse i lokalsamfunnet med ulike arrangement og aktiviteter.","breadcrumb":{"@id":"https:\/\/mentalhelse.no\/etne-og-vindafjord\/#breadcrumb"},"inLanguage":"nb-NO","potentialAction":[{"@type":"ReadAction","target":["https:\/\/mentalhelse.no\/etne-og-vindafjord\/"]}]},{"@type":"BreadcrumbList","@id":"https:\/\/mentalhelse.no\/etne-og-vindafjord\/#breadcrumb","itemListElement":[{"@type":"ListItem","position":1,"name":"Hjem","item":"https:\/\/mentalhelse.no\/etne-og-vindafjord\/"},{"@type":"ListItem","position":2,"name":"Etne og Vindafjord"}]},{"@type":"WebSite","@id":"https:\/\/mentalhelse.no\/etne-og-vindafjord\/#website","url":"https:\/\/mentalhelse.no\/etne-og-vindafjord\/","name":"Etne og Vindafjord","description":"","potentialAction":[{"@type":"SearchAction","target":{"@type":"EntryPoint","urlTemplate":"https:\/\/mentalhelse.no\/etne-og-vindafjord\/?s={search_term_string}"},"query-input":"required name=search_term_string"}],"inLanguage":"nb-NO"}]}},"_links":{"self":[{"href":"https:\/\/mentalhelse.no\/etne-og-vindafjord\/wp-json\/wp\/v2\/pages\/756","targetHints":{"allow":["GET"]}}],"collection":[{"href":"https:\/\/mentalhelse.no\/etne-og-vindafjord\/wp-json\/wp\/v2\/pages"}],"about":[{"href":"https:\/\/mentalhelse.no\/etne-og-vindafjord\/wp-json\/wp\/v2\/types\/page"}],"author":[{"embeddable":true,"href":"https:\/\/mentalhelse.no\/etne-og-vindafjord\/wp-json\/wp\/v2\/users\/1"}],"replies":[{"embeddable":true,"href":"https:\/\/mentalhelse.no\/etne-og-vindafjord\/wp-json\/wp\/v2\/comments?post=756"}],"version-history":[{"count":5,"href":"https:\/\/mentalhelse.no\/etne-og-vindafjord\/wp-json\/wp\/v2\/pages\/756\/revisions"}],"predecessor-version":[{"id":1030,"href":"https:\/\/mentalhelse.no\/etne-og-vindafjord\/wp-json\/wp\/v2\/pages\/756\/revisions\/1030"}],"wp:featuredmedia":[{"embeddable":true,"href":"https:\/\/mentalhelse.no\/etne-og-vindafjord\/wp-json\/wp\/v2\/media\/758"}],"wp:attachment":[{"href":"https:\/\/mentalhelse.no\/etne-og-vindafjord\/wp-json\/wp\/v2\/media?parent=756"}],"curies":[{"name":"wp","href":"https:\/\/api.w.org\/{rel}","templated":true}]}}