{"id":1162,"date":"2024-04-30T13:14:04","date_gmt":"2024-04-30T13:14:04","guid":{"rendered":"https:\/\/mentalhelse.no\/innlandet\/?post_type=event&#038;p=1162"},"modified":"2024-04-30T13:14:04","modified_gmt":"2024-04-30T13:14:04","slug":"arsmote-mental-helse-innlandet-26-28-april-2024","status":"publish","type":"event","link":"https:\/\/mentalhelse.no\/innlandet\/event\/arsmote-mental-helse-innlandet-26-28-april-2024\/","title":{"rendered":"\u00c5rsm\u00f8te Mental Helse Innlandet 26-28 April 2024"},"content":{"rendered":"<figure class=\"alignwide wp-block-post-featured-image\"><img loading=\"lazy\" decoding=\"async\" width=\"734\" height=\"550\" src=\"https:\/\/mentalhelse.no\/content\/uploads\/sites\/187\/2024\/04\/thumbnail_Resized_IMG_6868_1714480304499.jpg\" class=\"attachment-post-thumbnail size-post-thumbnail wp-post-image\" alt=\"\" style=\"object-fit:cover; --focal-point: 50% 50%;\" srcset=\"https:\/\/mentalhelse.no\/content\/uploads\/sites\/187\/2024\/04\/thumbnail_Resized_IMG_6868_1714480304499.jpg 734w, https:\/\/mentalhelse.no\/content\/uploads\/sites\/187\/2024\/04\/thumbnail_Resized_IMG_6868_1714480304499-300x225.jpg 300w\" sizes=\"auto, (max-width: 734px) 100vw, 734px\" \/><\/figure>\n\n\n\n\n<figure class=\"wp-block-image size-full\"><img loading=\"lazy\" decoding=\"async\" width=\"1008\" height=\"756\" src=\"https:\/\/mentalhelse.no\/content\/uploads\/sites\/187\/2024\/04\/thumbnail_Resized_IMG_6869_1714480300495.jpg\" alt=\"\" class=\"wp-image-1164\" srcset=\"https:\/\/mentalhelse.no\/content\/uploads\/sites\/187\/2024\/04\/thumbnail_Resized_IMG_6869_1714480300495.jpg 1008w, https:\/\/mentalhelse.no\/content\/uploads\/sites\/187\/2024\/04\/thumbnail_Resized_IMG_6869_1714480300495-300x225.jpg 300w, https:\/\/mentalhelse.no\/content\/uploads\/sites\/187\/2024\/04\/thumbnail_Resized_IMG_6869_1714480300495-768x576.jpg 768w\" sizes=\"auto, (max-width: 1008px) 100vw, 1008px\" \/><\/figure>\n\n\n\n<figure class=\"wp-block-image size-full\"><img loading=\"lazy\" decoding=\"async\" width=\"250\" height=\"374\" src=\"https:\/\/mentalhelse.no\/content\/uploads\/sites\/187\/2024\/04\/thumbnail_IMG_6879.jpg\" alt=\"\" class=\"wp-image-1165\" srcset=\"https:\/\/mentalhelse.no\/content\/uploads\/sites\/187\/2024\/04\/thumbnail_IMG_6879.jpg 250w, https:\/\/mentalhelse.no\/content\/uploads\/sites\/187\/2024\/04\/thumbnail_IMG_6879-201x300.jpg 201w\" sizes=\"auto, (max-width: 250px) 100vw, 250px\" \/><\/figure>\n\n\n\n<p>Magne Rudil\u00f8kken fikk Hederspris for 17 \u00e5r med frivillig arbeid i Mental Helse.<\/p>\n\n\n\n<figure class=\"wp-block-image size-full\"><img loading=\"lazy\" decoding=\"async\" width=\"756\" height=\"1008\" src=\"https:\/\/mentalhelse.no\/content\/uploads\/sites\/187\/2024\/04\/Resized_IMG_6913_1714480048080001.jpeg\" alt=\"\" class=\"wp-image-1166\" srcset=\"https:\/\/mentalhelse.no\/content\/uploads\/sites\/187\/2024\/04\/Resized_IMG_6913_1714480048080001.jpeg 756w, https:\/\/mentalhelse.no\/content\/uploads\/sites\/187\/2024\/04\/Resized_IMG_6913_1714480048080001-225x300.jpeg 225w\" sizes=\"auto, (max-width: 756px) 100vw, 756px\" \/><\/figure>\n\n\n\n<figure class=\"wp-block-image size-large\"><img loading=\"lazy\" decoding=\"async\" width=\"882\" height=\"1024\" src=\"https:\/\/mentalhelse.no\/content\/uploads\/sites\/187\/2024\/04\/Resized_IMG_6906_1714480806999_1714480827669-882x1024.jpeg\" alt=\"\" class=\"wp-image-1167\" srcset=\"https:\/\/mentalhelse.no\/content\/uploads\/sites\/187\/2024\/04\/Resized_IMG_6906_1714480806999_1714480827669-882x1024.jpeg 882w, https:\/\/mentalhelse.no\/content\/uploads\/sites\/187\/2024\/04\/Resized_IMG_6906_1714480806999_1714480827669-258x300.jpeg 258w, https:\/\/mentalhelse.no\/content\/uploads\/sites\/187\/2024\/04\/Resized_IMG_6906_1714480806999_1714480827669-768x892.jpeg 768w, https:\/\/mentalhelse.no\/content\/uploads\/sites\/187\/2024\/04\/Resized_IMG_6906_1714480806999_1714480827669.jpeg 930w\" sizes=\"auto, (max-width: 882px) 100vw, 882px\" \/><\/figure>\n\n\n\n<figure class=\"wp-block-image size-full\"><img loading=\"lazy\" decoding=\"async\" width=\"756\" height=\"1008\" src=\"https:\/\/mentalhelse.no\/content\/uploads\/sites\/187\/2024\/04\/Resized_IMG_6908_1714480058109001.jpeg\" alt=\"\" class=\"wp-image-1168\" srcset=\"https:\/\/mentalhelse.no\/content\/uploads\/sites\/187\/2024\/04\/Resized_IMG_6908_1714480058109001.jpeg 756w, https:\/\/mentalhelse.no\/content\/uploads\/sites\/187\/2024\/04\/Resized_IMG_6908_1714480058109001-225x300.jpeg 225w\" sizes=\"auto, (max-width: 756px) 100vw, 756px\" \/><\/figure>\n\n\n\n<div class=\"wp-block-columns is-layout-flex wp-container-core-columns-is-layout-1 wp-block-columns-is-layout-flex\">\n<div class=\"wp-block-column is-layout-flow wp-block-column-is-layout-flow\">\n<p>Vinneren av stol leken, Mette Karsrud,<\/p>\n<\/div>\n<\/div>\n\n\n\n<figure class=\"wp-block-image size-full\"><img loading=\"lazy\" decoding=\"async\" width=\"756\" height=\"1008\" src=\"https:\/\/mentalhelse.no\/content\/uploads\/sites\/187\/2024\/04\/thumbnail_Resized_IMG_6894_1714480381654.jpg\" alt=\"\" class=\"wp-image-1169\" srcset=\"https:\/\/mentalhelse.no\/content\/uploads\/sites\/187\/2024\/04\/thumbnail_Resized_IMG_6894_1714480381654.jpg 756w, https:\/\/mentalhelse.no\/content\/uploads\/sites\/187\/2024\/04\/thumbnail_Resized_IMG_6894_1714480381654-225x300.jpg 225w\" sizes=\"auto, (max-width: 756px) 100vw, 756px\" \/><\/figure>\n\n\n\n<p>\u00c5rets vinner av vervekampanjen ble Mental Helse Toten.<\/p>\n\n\n\n<p>Leder Lise Nedrud tok i mot sjekken.<\/p>\n\n\n\n<figure class=\"wp-block-image size-full\"><img loading=\"lazy\" decoding=\"async\" width=\"250\" height=\"382\" src=\"https:\/\/mentalhelse.no\/content\/uploads\/sites\/187\/2024\/04\/thumbnail_20240427_171931.jpg\" alt=\"\" class=\"wp-image-1170\" srcset=\"https:\/\/mentalhelse.no\/content\/uploads\/sites\/187\/2024\/04\/thumbnail_20240427_171931.jpg 250w, https:\/\/mentalhelse.no\/content\/uploads\/sites\/187\/2024\/04\/thumbnail_20240427_171931-196x300.jpg 196w\" sizes=\"auto, (max-width: 250px) 100vw, 250px\" \/><\/figure>\n\n\n<h1 class=\"has-text-align-left wp-block-post-title\">\u00c5rsm\u00f8te Mental Helse Innlandet 26-28 April 2024<\/h1>\n\n<div class=\"has-text-align-left wp-block-post-excerpt\"><p class=\"wp-block-post-excerpt__excerpt\">Magne Rudil\u00f8kken fikk Hederspris for 17 \u00e5r med frivillig arbeid i Mental Helse. Vinneren av stol leken, Mette Karsrud, \u00c5rets vinner av vervekampanjen ble Mental&#8230;<\/p><p class=\"wp-block-post-excerpt__more-text\"><a class=\"wp-block-post-excerpt__more-link\" href=\"https:\/\/mentalhelse.no\/innlandet\/event\/arsmote-mental-helse-innlandet-26-28-april-2024\/\">\u00c5rsm\u00f8te for Mental Helse Innlandet er gjennomf\u00f8rt p\u00e5 Skaslien.<br>Fylkesleder Trond Marthinsen loset oss gjennom. Vi hadde bes\u00f8k av Landslederen Ole-Marius Minde Johnsen, og organisasjonsr\u00e5dgiver Rune Mikkelvik, som var med oss hele helga.<\/a><\/p><\/div>\n\n\n\t\t<div class=\"mh-event-details wp-block-mh-event-details\">\n\t\t\t<div class=\"mh-event-details__inner\">\n\t\t\t\t<div class=\"mh-event-details__date-wrap\"><\/div>\n\t\t\t\t\n\t\t\t<\/div>\n\t\t<\/div>\n\n\n<p><\/p>\n\n\n\n\t\t<div class=\"mh-accentuated-link wp-block-mentalhelse-accentuated-link\">\n\t\t\t<div class=\"mh-accentuated-link__media\">\n\t\t\t\t\n\t\t\t<\/div>\n\t\t\t<div class=\"mh-accentuated-link__content\">\n\t\t\t\t<div class=\"mh-accentuated-link__label\">Aksentuert lenke-label.<\/div>\n\t\t\t\t<h3 class=\"mh-accentuated-link__title\">Legg til en lenke eller nedlastbar fil.<\/h3>\n\t\t\t\t<div class=\"mh-accentuated-link__file-extension\">pdf<\/div>\n\t\t\t<\/div>\n\t\t<\/div>\n\n","protected":false},"excerpt":{"rendered":"<p>Magne Rudil\u00f8kken fikk Hederspris for 17 \u00e5r med frivillig arbeid i Mental Helse. Vinneren av stol leken, Mette Karsrud, \u00c5rets vinner av vervekampanjen ble Mental&#8230;<\/p>\n","protected":false},"featured_media":1163,"menu_order":0,"template":"","meta":{"t2_featured_media_focal_point":{"x":0.5,"y":0.5},"mh_hide_title":true,"mh_hide_event_badge_date_end":"","mh_hide_event_badge":"","mh_event_date":"","mh_event_date_end":"","mh_event_time_start":"","mh_event_time_end":"","mh_event_recurrence":"","mh_event_location":"","mh_event_location_url":"","mh_event_propagation":"","mh_event_type":"","mh_event_hide_start_time":false,"mh_event_hide_end_time":false,"footnotes":""},"event_genre":[],"class_list":["post-1162","event","type-event","status-publish","has-post-thumbnail","hentry"],"yoast_head":"<!-- This site is optimized with the Yoast SEO Premium plugin v21.2 (Yoast SEO v21.2) - https:\/\/yoast.com\/wordpress\/plugins\/seo\/ -->\n<title>\u00c5rsm\u00f8te Mental Helse Mental Helse - Innlandet 26-28 April 2024 - Mental Helse - Innlandet<\/title>\n<meta name=\"robots\" content=\"index, follow, max-snippet:-1, max-image-preview:large, max-video-preview:-1\" \/>\n<link rel=\"canonical\" href=\"https:\/\/mentalhelse.no\/innlandet\/event\/arsmote-mental-helse-innlandet-26-28-april-2024\/\" \/>\n<meta property=\"og:locale\" content=\"nb_NO\" \/>\n<meta property=\"og:type\" content=\"article\" \/>\n<meta property=\"og:title\" content=\"\u00c5rsm\u00f8te Mental Helse Innlandet 26-28 April 2024\" \/>\n<meta property=\"og:description\" content=\"Magne Rudil\u00f8kken fikk Hederspris for 17 \u00e5r med frivillig arbeid i Mental Helse. Vinneren av stol leken, Mette Karsrud, \u00c5rets vinner av vervekampanjen ble Mental...\" \/>\n<meta property=\"og:url\" content=\"https:\/\/mentalhelse.no\/innlandet\/event\/arsmote-mental-helse-innlandet-26-28-april-2024\/\" \/>\n<meta property=\"og:site_name\" content=\"Innlandet\" \/>\n<meta property=\"og:image\" content=\"https:\/\/mentalhelse.no\/content\/uploads\/sites\/187\/2024\/04\/thumbnail_Resized_IMG_6868_1714480304499.jpg\" \/>\n\t<meta property=\"og:image:width\" content=\"734\" \/>\n\t<meta property=\"og:image:height\" content=\"550\" \/>\n\t<meta property=\"og:image:type\" content=\"image\/jpeg\" \/>\n<meta name=\"twitter:card\" content=\"summary_large_image\" \/>\n<meta name=\"twitter:label1\" content=\"Ansl. lesetid\" \/>\n\t<meta name=\"twitter:data1\" content=\"2 minutter\" \/>\n<script type=\"application\/ld+json\" class=\"yoast-schema-graph\">{\"@context\":\"https:\/\/schema.org\",\"@graph\":[{\"@type\":\"WebPage\",\"@id\":\"https:\/\/mentalhelse.no\/innlandet\/event\/arsmote-mental-helse-innlandet-26-28-april-2024\/\",\"url\":\"https:\/\/mentalhelse.no\/innlandet\/event\/arsmote-mental-helse-innlandet-26-28-april-2024\/\",\"name\":\"\u00c5rsm\u00f8te Mental Helse Innlandet 26-28 April 2024 - Innlandet\",\"isPartOf\":{\"@id\":\"https:\/\/mentalhelse.no\/innlandet\/#website\"},\"datePublished\":\"2024-04-30T13:14:04+00:00\",\"dateModified\":\"2024-04-30T13:14:04+00:00\",\"breadcrumb\":{\"@id\":\"https:\/\/mentalhelse.no\/innlandet\/event\/arsmote-mental-helse-innlandet-26-28-april-2024\/#breadcrumb\"},\"inLanguage\":\"nb-NO\",\"potentialAction\":[{\"@type\":\"ReadAction\",\"target\":[\"https:\/\/mentalhelse.no\/innlandet\/event\/arsmote-mental-helse-innlandet-26-28-april-2024\/\"]}]},{\"@type\":\"BreadcrumbList\",\"@id\":\"https:\/\/mentalhelse.no\/innlandet\/event\/arsmote-mental-helse-innlandet-26-28-april-2024\/#breadcrumb\",\"itemListElement\":[{\"@type\":\"ListItem\",\"position\":1,\"name\":\"Hjem\",\"item\":\"https:\/\/mentalhelse.no\/innlandet\/\"},{\"@type\":\"ListItem\",\"position\":2,\"name\":\"Arrangementer\",\"item\":\"https:\/\/mentalhelse.no\/innlandet\/event\/\"},{\"@type\":\"ListItem\",\"position\":3,\"name\":\"\u00c5rsm\u00f8te Mental Helse Innlandet 26-28 April 2024\"}]},{\"@type\":\"WebSite\",\"@id\":\"https:\/\/mentalhelse.no\/innlandet\/#website\",\"url\":\"https:\/\/mentalhelse.no\/innlandet\/\",\"name\":\"Innlandet\",\"description\":\"\",\"potentialAction\":[{\"@type\":\"SearchAction\",\"target\":{\"@type\":\"EntryPoint\",\"urlTemplate\":\"https:\/\/mentalhelse.no\/innlandet\/?s={search_term_string}\"},\"query-input\":\"required name=search_term_string\"}],\"inLanguage\":\"nb-NO\"}]}<\/script>\n<!-- \/ Yoast SEO Premium plugin. -->","yoast_head_json":{"title":"\u00c5rsm\u00f8te Mental Helse Mental Helse - Innlandet 26-28 April 2024 - Mental Helse - Innlandet","robots":{"index":"index","follow":"follow","max-snippet":"max-snippet:-1","max-image-preview":"max-image-preview:large","max-video-preview":"max-video-preview:-1"},"canonical":"https:\/\/mentalhelse.no\/innlandet\/event\/arsmote-mental-helse-innlandet-26-28-april-2024\/","og_locale":"nb_NO","og_type":"article","og_title":"\u00c5rsm\u00f8te Mental Helse Innlandet 26-28 April 2024","og_description":"Magne Rudil\u00f8kken fikk Hederspris for 17 \u00e5r med frivillig arbeid i Mental Helse. Vinneren av stol leken, Mette Karsrud, \u00c5rets vinner av vervekampanjen ble Mental...","og_url":"https:\/\/mentalhelse.no\/innlandet\/event\/arsmote-mental-helse-innlandet-26-28-april-2024\/","og_site_name":"Innlandet","og_image":[{"width":734,"height":550,"url":"https:\/\/mentalhelse.no\/content\/uploads\/sites\/187\/2024\/04\/thumbnail_Resized_IMG_6868_1714480304499.jpg","type":"image\/jpeg"}],"twitter_card":"summary_large_image","twitter_misc":{"Ansl. lesetid":"2 minutter"},"schema":{"@context":"https:\/\/schema.org","@graph":[{"@type":"WebPage","@id":"https:\/\/mentalhelse.no\/innlandet\/event\/arsmote-mental-helse-innlandet-26-28-april-2024\/","url":"https:\/\/mentalhelse.no\/innlandet\/event\/arsmote-mental-helse-innlandet-26-28-april-2024\/","name":"\u00c5rsm\u00f8te Mental Helse Innlandet 26-28 April 2024 - Innlandet","isPartOf":{"@id":"https:\/\/mentalhelse.no\/innlandet\/#website"},"datePublished":"2024-04-30T13:14:04+00:00","dateModified":"2024-04-30T13:14:04+00:00","breadcrumb":{"@id":"https:\/\/mentalhelse.no\/innlandet\/event\/arsmote-mental-helse-innlandet-26-28-april-2024\/#breadcrumb"},"inLanguage":"nb-NO","potentialAction":[{"@type":"ReadAction","target":["https:\/\/mentalhelse.no\/innlandet\/event\/arsmote-mental-helse-innlandet-26-28-april-2024\/"]}]},{"@type":"BreadcrumbList","@id":"https:\/\/mentalhelse.no\/innlandet\/event\/arsmote-mental-helse-innlandet-26-28-april-2024\/#breadcrumb","itemListElement":[{"@type":"ListItem","position":1,"name":"Hjem","item":"https:\/\/mentalhelse.no\/innlandet\/"},{"@type":"ListItem","position":2,"name":"Arrangementer","item":"https:\/\/mentalhelse.no\/innlandet\/event\/"},{"@type":"ListItem","position":3,"name":"\u00c5rsm\u00f8te Mental Helse Innlandet 26-28 April 2024"}]},{"@type":"WebSite","@id":"https:\/\/mentalhelse.no\/innlandet\/#website","url":"https:\/\/mentalhelse.no\/innlandet\/","name":"Innlandet","description":"","potentialAction":[{"@type":"SearchAction","target":{"@type":"EntryPoint","urlTemplate":"https:\/\/mentalhelse.no\/innlandet\/?s={search_term_string}"},"query-input":"required name=search_term_string"}],"inLanguage":"nb-NO"}]}},"_links":{"self":[{"href":"https:\/\/mentalhelse.no\/innlandet\/wp-json\/wp\/v2\/event\/1162","targetHints":{"allow":["GET"]}}],"collection":[{"href":"https:\/\/mentalhelse.no\/innlandet\/wp-json\/wp\/v2\/event"}],"about":[{"href":"https:\/\/mentalhelse.no\/innlandet\/wp-json\/wp\/v2\/types\/event"}],"version-history":[{"count":1,"href":"https:\/\/mentalhelse.no\/innlandet\/wp-json\/wp\/v2\/event\/1162\/revisions"}],"predecessor-version":[{"id":1173,"href":"https:\/\/mentalhelse.no\/innlandet\/wp-json\/wp\/v2\/event\/1162\/revisions\/1173"}],"wp:featuredmedia":[{"embeddable":true,"href":"https:\/\/mentalhelse.no\/innlandet\/wp-json\/wp\/v2\/media\/1163"}],"wp:attachment":[{"href":"https:\/\/mentalhelse.no\/innlandet\/wp-json\/wp\/v2\/media?parent=1162"}],"wp:term":[{"taxonomy":"event_genre","embeddable":true,"href":"https:\/\/mentalhelse.no\/innlandet\/wp-json\/wp\/v2\/event_genre?post=1162"}],"curies":[{"name":"wp","href":"https:\/\/api.w.org\/{rel}","templated":true}]}}