{"id":756,"date":"2023-05-09T11:55:25","date_gmt":"2023-05-09T11:55:25","guid":{"rendered":"https:\/\/mentalhelse.no\/viken\/?page_id=756"},"modified":"2025-07-07T07:17:02","modified_gmt":"2025-07-07T07:17:02","slug":"innlandet","status":"publish","type":"page","link":"https:\/\/mentalhelse.no\/innlandet\/","title":{"rendered":"Innlandet"},"content":{"rendered":"\n\t<div style=\"--t2-hero-dim:0.4;\" class=\"t2-hero t2-hero-content-position-center-left t2-hero-has-dim-40 t2-hero-has-fullsize-image alignfull is-style-dark-bg wp-block-t2-hero\">\n\t\t<img decoding=\"async\" width=\"1024\" height=\"683\" src=\"https:\/\/mentalhelse.no\/content\/uploads\/sites\/187\/2024\/05\/alina-shchurova-jl-xrrkkBUQ-unsplash-1024x683.jpg\" class=\"t2-hero__image\" alt=\"\" style=\"object-position: 19% 67%; --focal-point: 50% 50%;\" loading=\"eager\" fetchpriority=\"high\" srcset=\"https:\/\/mentalhelse.no\/content\/uploads\/sites\/187\/2024\/05\/alina-shchurova-jl-xrrkkBUQ-unsplash-1024x683.jpg 1024w, https:\/\/mentalhelse.no\/content\/uploads\/sites\/187\/2024\/05\/alina-shchurova-jl-xrrkkBUQ-unsplash-300x200.jpg 300w, https:\/\/mentalhelse.no\/content\/uploads\/sites\/187\/2024\/05\/alina-shchurova-jl-xrrkkBUQ-unsplash-768x512.jpg 768w, https:\/\/mentalhelse.no\/content\/uploads\/sites\/187\/2024\/05\/alina-shchurova-jl-xrrkkBUQ-unsplash-1536x1024.jpg 1536w\" sizes=\"(max-width: 1024px) 100vw, 1024px\" \/>\n\t\t<div class=\"t2-hero__header\"><div class=\"t2-hero__header__content\">\n<h1 class=\"has-text-align-left alignwide wp-block-post-title\">Innlandet<\/h1>\n\n\n<p>Mental Helse Innlandet har pr. i dag 13 lokallag. Der det ikke finnes lokallag, ber vi om at henvendelser g\u00e5r til fylkeslaget. Innlandet fylke grenser mot Tr\u00f8ndelag i nord og Viken i s\u00f8r.<\/p>\n\n\n\n<div class=\"wp-block-buttons is-layout-flex wp-block-buttons-is-layout-flex\">\n<div class=\"wp-block-button is-style-outline is-style-outline--1\"><a class=\"wp-block-button__link wp-element-button\" href=\"https:\/\/mentalhelse.no\/innlandet\/om-oss\/\">Om oss<\/a><\/div>\n<\/div>\n\n<\/div><\/div>\n\t<\/div>\n\n\n<h3 class=\"wp-block-heading alignwide has-text-align-left\" id=\"h-lokallag-i-innlandet\">Lokallag i Innlandet<\/h3>\n\n\n<ul class=\"t2-link-list has-13-items has-auto-columns alignwide is-style-tags wp-block-t2-link-list\">\n\t<li class=\"t2-link-list-item wp-block-t2-link-list-item\">\n\t\t<a\n\t\t\thref=\"http:\/\/mentalhelse.no\/elverum\"\n\t\t\tclass=\"t2-link-list-item__link t2-link-list__icon--right\"\n\t\t\t\t\t>\n\t\t\t<span class=\"t2-link-list-item__icon\"><span class=\"t2-link-list-item__icon-box\"><\/span><svg xmlns=\"http:\/\/www.w3.org\/2000\/svg\" viewBox=\"0 0 24 24\" height=\"24\" width=\"24\" class=\"t2-icon t2-icon-mh-arrow-right\" aria-hidden=\"true\" focusable=\"false\"><path fill-rule=\"evenodd\" clip-rule=\"evenodd\" d=\"M11.6464 4.64645C11.8417 4.45118 12.1583 4.45118 12.3536 4.64645L19.3536 11.6464C19.5488 11.8417 19.5488 12.1583 19.3536 12.3536L12.3536 19.3536C12.1583 19.5488 11.8417 19.5488 11.6464 19.3536C11.4512 19.1583 11.4512 18.8417 11.6464 18.6464L17.7929 12.5H5C4.72386 12.5 4.5 12.2761 4.5 12C4.5 11.7239 4.72386 11.5 5 11.5H17.7929L11.6464 5.35355C11.4512 5.15829 11.4512 4.84171 11.6464 4.64645Z\" fill=\"currentColor\"\/><\/svg><\/span>\t\t\t<div class=\"t2-link-list-item__content\">\n\n\t\t\t\t\n\t\t\t\t<span class=\"t2-link-list-item__text\">\n\t\t\t\t\tElverum\t\t\t\t<\/span>\n\t\t\t\t\t\t\t<\/div>\n\t\t<\/a>\n\t<\/li>\n\t\n\n\t<li class=\"t2-link-list-item wp-block-t2-link-list-item\">\n\t\t<a\n\t\t\thref=\"https:\/\/mentalhelse.no\/folldal\/\"\n\t\t\tclass=\"t2-link-list-item__link t2-link-list__icon--right\"\n\t\t\t\t\t>\n\t\t\t<span class=\"t2-link-list-item__icon\"><span class=\"t2-link-list-item__icon-box\"><\/span><svg xmlns=\"http:\/\/www.w3.org\/2000\/svg\" viewBox=\"0 0 24 24\" height=\"24\" width=\"24\" class=\"t2-icon t2-icon-mh-arrow-right\" aria-hidden=\"true\" focusable=\"false\"><path fill-rule=\"evenodd\" clip-rule=\"evenodd\" d=\"M11.6464 4.64645C11.8417 4.45118 12.1583 4.45118 12.3536 4.64645L19.3536 11.6464C19.5488 11.8417 19.5488 12.1583 19.3536 12.3536L12.3536 19.3536C12.1583 19.5488 11.8417 19.5488 11.6464 19.3536C11.4512 19.1583 11.4512 18.8417 11.6464 18.6464L17.7929 12.5H5C4.72386 12.5 4.5 12.2761 4.5 12C4.5 11.7239 4.72386 11.5 5 11.5H17.7929L11.6464 5.35355C11.4512 5.15829 11.4512 4.84171 11.6464 4.64645Z\" fill=\"currentColor\"\/><\/svg><\/span>\t\t\t<div class=\"t2-link-list-item__content\">\n\n\t\t\t\t\n\t\t\t\t<span class=\"t2-link-list-item__text\">\n\t\t\t\t\tFolldal\t\t\t\t<\/span>\n\t\t\t\t\t\t\t<\/div>\n\t\t<\/a>\n\t<\/li>\n\t\n\n\t<li class=\"t2-link-list-item wp-block-t2-link-list-item\">\n\t\t<a\n\t\t\thref=\"https:\/\/mentalhelse.no\/hamar-loten\/\"\n\t\t\tclass=\"t2-link-list-item__link t2-link-list__icon--right\"\n\t\t\t\t\t>\n\t\t\t<span class=\"t2-link-list-item__icon\"><span class=\"t2-link-list-item__icon-box\"><\/span><svg xmlns=\"http:\/\/www.w3.org\/2000\/svg\" viewBox=\"0 0 24 24\" height=\"24\" width=\"24\" class=\"t2-icon t2-icon-mh-arrow-right\" aria-hidden=\"true\" focusable=\"false\"><path fill-rule=\"evenodd\" clip-rule=\"evenodd\" d=\"M11.6464 4.64645C11.8417 4.45118 12.1583 4.45118 12.3536 4.64645L19.3536 11.6464C19.5488 11.8417 19.5488 12.1583 19.3536 12.3536L12.3536 19.3536C12.1583 19.5488 11.8417 19.5488 11.6464 19.3536C11.4512 19.1583 11.4512 18.8417 11.6464 18.6464L17.7929 12.5H5C4.72386 12.5 4.5 12.2761 4.5 12C4.5 11.7239 4.72386 11.5 5 11.5H17.7929L11.6464 5.35355C11.4512 5.15829 11.4512 4.84171 11.6464 4.64645Z\" fill=\"currentColor\"\/><\/svg><\/span>\t\t\t<div class=\"t2-link-list-item__content\">\n\n\t\t\t\t\n\t\t\t\t<span class=\"t2-link-list-item__text\">\n\t\t\t\t\tHamar\/L\u00f8ten\t\t\t\t<\/span>\n\t\t\t\t\t\t\t<\/div>\n\t\t<\/a>\n\t<\/li>\n\t\n\n\t<li class=\"t2-link-list-item wp-block-t2-link-list-item\">\n\t\t<a\n\t\t\thref=\"https:\/\/mentalhelse.no\/nordreland-etnedal\/\"\n\t\t\tclass=\"t2-link-list-item__link t2-link-list__icon--right\"\n\t\t\t\t\t>\n\t\t\t<span class=\"t2-link-list-item__icon\"><span class=\"t2-link-list-item__icon-box\"><\/span><svg xmlns=\"http:\/\/www.w3.org\/2000\/svg\" viewBox=\"0 0 24 24\" height=\"24\" width=\"24\" class=\"t2-icon t2-icon-mh-arrow-right\" aria-hidden=\"true\" focusable=\"false\"><path fill-rule=\"evenodd\" clip-rule=\"evenodd\" d=\"M11.6464 4.64645C11.8417 4.45118 12.1583 4.45118 12.3536 4.64645L19.3536 11.6464C19.5488 11.8417 19.5488 12.1583 19.3536 12.3536L12.3536 19.3536C12.1583 19.5488 11.8417 19.5488 11.6464 19.3536C11.4512 19.1583 11.4512 18.8417 11.6464 18.6464L17.7929 12.5H5C4.72386 12.5 4.5 12.2761 4.5 12C4.5 11.7239 4.72386 11.5 5 11.5H17.7929L11.6464 5.35355C11.4512 5.15829 11.4512 4.84171 11.6464 4.64645Z\" fill=\"currentColor\"\/><\/svg><\/span>\t\t\t<div class=\"t2-link-list-item__content\">\n\n\t\t\t\t\n\t\t\t\t<span class=\"t2-link-list-item__text\">\n\t\t\t\t\tNordre Land\/Etnedal\t\t\t\t<\/span>\n\t\t\t\t\t\t\t<\/div>\n\t\t<\/a>\n\t<\/li>\n\t\n\n\t<li class=\"t2-link-list-item wp-block-t2-link-list-item\">\n\t\t<a\n\t\t\thref=\"https:\/\/mentalhelse.no\/nord-gudbrandsdalen\/\"\n\t\t\tclass=\"t2-link-list-item__link t2-link-list__icon--right\"\n\t\t\t\t\t>\n\t\t\t<span class=\"t2-link-list-item__icon\"><span class=\"t2-link-list-item__icon-box\"><\/span><svg xmlns=\"http:\/\/www.w3.org\/2000\/svg\" viewBox=\"0 0 24 24\" height=\"24\" width=\"24\" class=\"t2-icon t2-icon-mh-arrow-right\" aria-hidden=\"true\" focusable=\"false\"><path fill-rule=\"evenodd\" clip-rule=\"evenodd\" d=\"M11.6464 4.64645C11.8417 4.45118 12.1583 4.45118 12.3536 4.64645L19.3536 11.6464C19.5488 11.8417 19.5488 12.1583 19.3536 12.3536L12.3536 19.3536C12.1583 19.5488 11.8417 19.5488 11.6464 19.3536C11.4512 19.1583 11.4512 18.8417 11.6464 18.6464L17.7929 12.5H5C4.72386 12.5 4.5 12.2761 4.5 12C4.5 11.7239 4.72386 11.5 5 11.5H17.7929L11.6464 5.35355C11.4512 5.15829 11.4512 4.84171 11.6464 4.64645Z\" fill=\"currentColor\"\/><\/svg><\/span>\t\t\t<div class=\"t2-link-list-item__content\">\n\n\t\t\t\t\n\t\t\t\t<span class=\"t2-link-list-item__text\">\n\t\t\t\t\tNord-Gudbrandsdalen\t\t\t\t<\/span>\n\t\t\t\t\t\t\t<\/div>\n\t\t<\/a>\n\t<\/li>\n\t\n\n\t<li class=\"t2-link-list-item wp-block-t2-link-list-item\">\n\t\t<a\n\t\t\thref=\"https:\/\/mentalhelse.no\/odalen\/\"\n\t\t\tclass=\"t2-link-list-item__link t2-link-list__icon--right\"\n\t\t\t\t\t>\n\t\t\t<span class=\"t2-link-list-item__icon\"><span class=\"t2-link-list-item__icon-box\"><\/span><svg xmlns=\"http:\/\/www.w3.org\/2000\/svg\" viewBox=\"0 0 24 24\" height=\"24\" width=\"24\" class=\"t2-icon t2-icon-mh-arrow-right\" aria-hidden=\"true\" focusable=\"false\"><path fill-rule=\"evenodd\" clip-rule=\"evenodd\" d=\"M11.6464 4.64645C11.8417 4.45118 12.1583 4.45118 12.3536 4.64645L19.3536 11.6464C19.5488 11.8417 19.5488 12.1583 19.3536 12.3536L12.3536 19.3536C12.1583 19.5488 11.8417 19.5488 11.6464 19.3536C11.4512 19.1583 11.4512 18.8417 11.6464 18.6464L17.7929 12.5H5C4.72386 12.5 4.5 12.2761 4.5 12C4.5 11.7239 4.72386 11.5 5 11.5H17.7929L11.6464 5.35355C11.4512 5.15829 11.4512 4.84171 11.6464 4.64645Z\" fill=\"currentColor\"\/><\/svg><\/span>\t\t\t<div class=\"t2-link-list-item__content\">\n\n\t\t\t\t\n\t\t\t\t<span class=\"t2-link-list-item__text\">\n\t\t\t\t\tOdalen\t\t\t\t<\/span>\n\t\t\t\t\t\t\t<\/div>\n\t\t<\/a>\n\t<\/li>\n\t\n\n\t<li class=\"t2-link-list-item wp-block-t2-link-list-item\">\n\t\t<a\n\t\t\thref=\"https:\/\/mentalhelse.no\/rendalen-og-stor-elvdal\/\"\n\t\t\tclass=\"t2-link-list-item__link t2-link-list__icon--right\"\n\t\t\t\t\t>\n\t\t\t<span class=\"t2-link-list-item__icon\"><span class=\"t2-link-list-item__icon-box\"><\/span><svg xmlns=\"http:\/\/www.w3.org\/2000\/svg\" viewBox=\"0 0 24 24\" height=\"24\" width=\"24\" class=\"t2-icon t2-icon-mh-arrow-right\" aria-hidden=\"true\" focusable=\"false\"><path fill-rule=\"evenodd\" clip-rule=\"evenodd\" d=\"M11.6464 4.64645C11.8417 4.45118 12.1583 4.45118 12.3536 4.64645L19.3536 11.6464C19.5488 11.8417 19.5488 12.1583 19.3536 12.3536L12.3536 19.3536C12.1583 19.5488 11.8417 19.5488 11.6464 19.3536C11.4512 19.1583 11.4512 18.8417 11.6464 18.6464L17.7929 12.5H5C4.72386 12.5 4.5 12.2761 4.5 12C4.5 11.7239 4.72386 11.5 5 11.5H17.7929L11.6464 5.35355C11.4512 5.15829 11.4512 4.84171 11.6464 4.64645Z\" fill=\"currentColor\"\/><\/svg><\/span>\t\t\t<div class=\"t2-link-list-item__content\">\n\n\t\t\t\t\n\t\t\t\t<span class=\"t2-link-list-item__text\">\n\t\t\t\t\tRendalen og Stor-Elvdal\t\t\t\t<\/span>\n\t\t\t\t\t\t\t<\/div>\n\t\t<\/a>\n\t<\/li>\n\t\n\n\t<li class=\"t2-link-list-item wp-block-t2-link-list-item\">\n\t\t<a\n\t\t\thref=\"https:\/\/mentalhelse.no\/ringsaker\/\"\n\t\t\tclass=\"t2-link-list-item__link t2-link-list__icon--right\"\n\t\t\t\t\t>\n\t\t\t<span class=\"t2-link-list-item__icon\"><span class=\"t2-link-list-item__icon-box\"><\/span><svg xmlns=\"http:\/\/www.w3.org\/2000\/svg\" viewBox=\"0 0 24 24\" height=\"24\" width=\"24\" class=\"t2-icon t2-icon-mh-arrow-right\" aria-hidden=\"true\" focusable=\"false\"><path fill-rule=\"evenodd\" clip-rule=\"evenodd\" d=\"M11.6464 4.64645C11.8417 4.45118 12.1583 4.45118 12.3536 4.64645L19.3536 11.6464C19.5488 11.8417 19.5488 12.1583 19.3536 12.3536L12.3536 19.3536C12.1583 19.5488 11.8417 19.5488 11.6464 19.3536C11.4512 19.1583 11.4512 18.8417 11.6464 18.6464L17.7929 12.5H5C4.72386 12.5 4.5 12.2761 4.5 12C4.5 11.7239 4.72386 11.5 5 11.5H17.7929L11.6464 5.35355C11.4512 5.15829 11.4512 4.84171 11.6464 4.64645Z\" fill=\"currentColor\"\/><\/svg><\/span>\t\t\t<div class=\"t2-link-list-item__content\">\n\n\t\t\t\t\n\t\t\t\t<span class=\"t2-link-list-item__text\">\n\t\t\t\t\tRingsaker\t\t\t\t<\/span>\n\t\t\t\t\t\t\t<\/div>\n\t\t<\/a>\n\t<\/li>\n\t\n\n\t<li class=\"t2-link-list-item wp-block-t2-link-list-item\">\n\t\t<a\n\t\t\thref=\"https:\/\/mentalhelse.no\/solor\/\"\n\t\t\tclass=\"t2-link-list-item__link t2-link-list__icon--right\"\n\t\t\t\t\t>\n\t\t\t<span class=\"t2-link-list-item__icon\"><span class=\"t2-link-list-item__icon-box\"><\/span><svg xmlns=\"http:\/\/www.w3.org\/2000\/svg\" viewBox=\"0 0 24 24\" height=\"24\" width=\"24\" class=\"t2-icon t2-icon-mh-arrow-right\" aria-hidden=\"true\" focusable=\"false\"><path fill-rule=\"evenodd\" clip-rule=\"evenodd\" d=\"M11.6464 4.64645C11.8417 4.45118 12.1583 4.45118 12.3536 4.64645L19.3536 11.6464C19.5488 11.8417 19.5488 12.1583 19.3536 12.3536L12.3536 19.3536C12.1583 19.5488 11.8417 19.5488 11.6464 19.3536C11.4512 19.1583 11.4512 18.8417 11.6464 18.6464L17.7929 12.5H5C4.72386 12.5 4.5 12.2761 4.5 12C4.5 11.7239 4.72386 11.5 5 11.5H17.7929L11.6464 5.35355C11.4512 5.15829 11.4512 4.84171 11.6464 4.64645Z\" fill=\"currentColor\"\/><\/svg><\/span>\t\t\t<div class=\"t2-link-list-item__content\">\n\n\t\t\t\t\n\t\t\t\t<span class=\"t2-link-list-item__text\">\n\t\t\t\t\tSol\u00f8r\t\t\t\t<\/span>\n\t\t\t\t\t\t\t<\/div>\n\t\t<\/a>\n\t<\/li>\n\t\n\n\t<li class=\"t2-link-list-item wp-block-t2-link-list-item\">\n\t\t<a\n\t\t\thref=\"https:\/\/mentalhelse.no\/stange\/\"\n\t\t\tclass=\"t2-link-list-item__link t2-link-list__icon--right\"\n\t\t\t\t\t>\n\t\t\t<span class=\"t2-link-list-item__icon\"><span class=\"t2-link-list-item__icon-box\"><\/span><svg xmlns=\"http:\/\/www.w3.org\/2000\/svg\" viewBox=\"0 0 24 24\" height=\"24\" width=\"24\" class=\"t2-icon t2-icon-mh-arrow-right\" aria-hidden=\"true\" focusable=\"false\"><path fill-rule=\"evenodd\" clip-rule=\"evenodd\" d=\"M11.6464 4.64645C11.8417 4.45118 12.1583 4.45118 12.3536 4.64645L19.3536 11.6464C19.5488 11.8417 19.5488 12.1583 19.3536 12.3536L12.3536 19.3536C12.1583 19.5488 11.8417 19.5488 11.6464 19.3536C11.4512 19.1583 11.4512 18.8417 11.6464 18.6464L17.7929 12.5H5C4.72386 12.5 4.5 12.2761 4.5 12C4.5 11.7239 4.72386 11.5 5 11.5H17.7929L11.6464 5.35355C11.4512 5.15829 11.4512 4.84171 11.6464 4.64645Z\" fill=\"currentColor\"\/><\/svg><\/span>\t\t\t<div class=\"t2-link-list-item__content\">\n\n\t\t\t\t\n\t\t\t\t<span class=\"t2-link-list-item__text\">\n\t\t\t\t\tStange\t\t\t\t<\/span>\n\t\t\t\t\t\t\t<\/div>\n\t\t<\/a>\n\t<\/li>\n\t\n\n\t<li class=\"t2-link-list-item wp-block-t2-link-list-item\">\n\t\t<a\n\t\t\thref=\"http:\/\/mentalhelse.no\/sondreland\/\"\n\t\t\tclass=\"t2-link-list-item__link t2-link-list__icon--right\"\n\t\t\t\t\t>\n\t\t\t<span class=\"t2-link-list-item__icon\"><span class=\"t2-link-list-item__icon-box\"><\/span><svg xmlns=\"http:\/\/www.w3.org\/2000\/svg\" viewBox=\"0 0 24 24\" height=\"24\" width=\"24\" class=\"t2-icon t2-icon-mh-arrow-right\" aria-hidden=\"true\" focusable=\"false\"><path fill-rule=\"evenodd\" clip-rule=\"evenodd\" d=\"M11.6464 4.64645C11.8417 4.45118 12.1583 4.45118 12.3536 4.64645L19.3536 11.6464C19.5488 11.8417 19.5488 12.1583 19.3536 12.3536L12.3536 19.3536C12.1583 19.5488 11.8417 19.5488 11.6464 19.3536C11.4512 19.1583 11.4512 18.8417 11.6464 18.6464L17.7929 12.5H5C4.72386 12.5 4.5 12.2761 4.5 12C4.5 11.7239 4.72386 11.5 5 11.5H17.7929L11.6464 5.35355C11.4512 5.15829 11.4512 4.84171 11.6464 4.64645Z\" fill=\"currentColor\"\/><\/svg><\/span>\t\t\t<div class=\"t2-link-list-item__content\">\n\n\t\t\t\t\n\t\t\t\t<span class=\"t2-link-list-item__text\">\n\t\t\t\t\tS\u00f8ndre Land\t\t\t\t<\/span>\n\t\t\t\t\t\t\t<\/div>\n\t\t<\/a>\n\t<\/li>\n\t\n\n\t<li class=\"t2-link-list-item wp-block-t2-link-list-item\">\n\t\t<a\n\t\t\thref=\"https:\/\/mentalhelse.no\/toten\/\"\n\t\t\tclass=\"t2-link-list-item__link t2-link-list__icon--right\"\n\t\t\t\t\t>\n\t\t\t<span class=\"t2-link-list-item__icon\"><span class=\"t2-link-list-item__icon-box\"><\/span><svg xmlns=\"http:\/\/www.w3.org\/2000\/svg\" viewBox=\"0 0 24 24\" height=\"24\" width=\"24\" class=\"t2-icon t2-icon-mh-arrow-right\" aria-hidden=\"true\" focusable=\"false\"><path fill-rule=\"evenodd\" clip-rule=\"evenodd\" d=\"M11.6464 4.64645C11.8417 4.45118 12.1583 4.45118 12.3536 4.64645L19.3536 11.6464C19.5488 11.8417 19.5488 12.1583 19.3536 12.3536L12.3536 19.3536C12.1583 19.5488 11.8417 19.5488 11.6464 19.3536C11.4512 19.1583 11.4512 18.8417 11.6464 18.6464L17.7929 12.5H5C4.72386 12.5 4.5 12.2761 4.5 12C4.5 11.7239 4.72386 11.5 5 11.5H17.7929L11.6464 5.35355C11.4512 5.15829 11.4512 4.84171 11.6464 4.64645Z\" fill=\"currentColor\"\/><\/svg><\/span>\t\t\t<div class=\"t2-link-list-item__content\">\n\n\t\t\t\t\n\t\t\t\t<span class=\"t2-link-list-item__text\">\n\t\t\t\t\tToten\t\t\t\t<\/span>\n\t\t\t\t\t\t\t<\/div>\n\t\t<\/a>\n\t<\/li>\n\t\n\n\t<li class=\"t2-link-list-item wp-block-t2-link-list-item\">\n\t\t<a\n\t\t\thref=\"https:\/\/mentalhelse.no\/amot\/\"\n\t\t\tclass=\"t2-link-list-item__link t2-link-list__icon--right\"\n\t\t\t\t\t>\n\t\t\t<span class=\"t2-link-list-item__icon\"><span class=\"t2-link-list-item__icon-box\"><\/span><svg xmlns=\"http:\/\/www.w3.org\/2000\/svg\" viewBox=\"0 0 24 24\" height=\"24\" width=\"24\" class=\"t2-icon t2-icon-mh-arrow-right\" aria-hidden=\"true\" focusable=\"false\"><path fill-rule=\"evenodd\" clip-rule=\"evenodd\" d=\"M11.6464 4.64645C11.8417 4.45118 12.1583 4.45118 12.3536 4.64645L19.3536 11.6464C19.5488 11.8417 19.5488 12.1583 19.3536 12.3536L12.3536 19.3536C12.1583 19.5488 11.8417 19.5488 11.6464 19.3536C11.4512 19.1583 11.4512 18.8417 11.6464 18.6464L17.7929 12.5H5C4.72386 12.5 4.5 12.2761 4.5 12C4.5 11.7239 4.72386 11.5 5 11.5H17.7929L11.6464 5.35355C11.4512 5.15829 11.4512 4.84171 11.6464 4.64645Z\" fill=\"currentColor\"\/><\/svg><\/span>\t\t\t<div class=\"t2-link-list-item__content\">\n\n\t\t\t\t\n\t\t\t\t<span class=\"t2-link-list-item__text\">\n\t\t\t\t\t\u00c5mot\t\t\t\t<\/span>\n\t\t\t\t\t\t\t<\/div>\n\t\t<\/a>\n\t<\/li>\n\t\n<\/ul>\n\n\n\n\n<div class=\"wp-block-group alignfull is-layout-constrained wp-block-group-is-layout-constrained\">\n<h3 class=\"wp-block-heading alignwide\" id=\"h-siste-nytt-fra-innlandet\">Siste nytt fra Innlandet<\/h3>\n<\/div>\n\n\n<div class=\"t2-featured-content-layout alignwide alignwide wp-block-t2-featured-content-layout\">\n<div class=\"t2-featured-query-post t2-featured-content is-post-type-news wp-block-t2-featured-query-post\"><a class=\"t2-post-link wp-block-t2-post-link\" href=\"https:\/\/mentalhelse.no\/innlandet\/aktuelt\/ledersamling-og-arsmote-pa-dombas\/\">\n\t<figure style=\"--t2-focal-point: 64% 49%;\" class=\"t2-post-featured-image has-image-ratio-16-9 wp-block-t2-post-featured-image\"><img loading=\"lazy\" decoding=\"async\" width=\"2560\" height=\"1920\" src=\"https:\/\/mentalhelse.no\/content\/uploads\/sites\/187\/2025\/05\/20250504_133419-scaled.jpg\" class=\"attachment-post-thumbnail size-post-thumbnail wp-post-image\" alt=\"\" srcset=\"https:\/\/mentalhelse.no\/content\/uploads\/sites\/187\/2025\/05\/20250504_133419-scaled.jpg 2560w, https:\/\/mentalhelse.no\/content\/uploads\/sites\/187\/2025\/05\/20250504_133419-300x225.jpg 300w, https:\/\/mentalhelse.no\/content\/uploads\/sites\/187\/2025\/05\/20250504_133419-1024x768.jpg 1024w, https:\/\/mentalhelse.no\/content\/uploads\/sites\/187\/2025\/05\/20250504_133419-768x576.jpg 768w, https:\/\/mentalhelse.no\/content\/uploads\/sites\/187\/2025\/05\/20250504_133419-1536x1152.jpg 1536w, https:\/\/mentalhelse.no\/content\/uploads\/sites\/187\/2025\/05\/20250504_133419-2048x1536.jpg 2048w\" sizes=\"auto, (max-width: 2560px) 100vw, 2560px\" style=\"--focal-point: 64% 49%;\" \/><\/figure>\n<\/a>\n\n<div class=\"wp-block-group postinfo alignfull is-layout-flow wp-block-group-is-layout-flow\">\n\t<div class=\"wp-block-mentalhelse-post-category\">\n\t\t\t\t\t<div class=\"post-type\">\n\t\t\t\t\t\t<a href=\"https:\/\/mentalhelse.no\/innlandet\/aktuelt\/\">Nyheter<\/a>\n\t\t\t\t\t<\/div>\n\t\t\t\t\t\n\t\t\t\t\t<div class=\"post-category\">\n\t\t\t\t\t\t\n\t\t\t\t\t<\/div>\n\t\t\t<\/div>\n\t<a class=\"t2-post-link wp-block-t2-post-link\" href=\"https:\/\/mentalhelse.no\/innlandet\/aktuelt\/ledersamling-og-arsmote-pa-dombas\/\">\n\t<h2 class=\"t2-post-title wp-block-t2-post-title\">Ledersamling og \u00e5rsm\u00f8te p\u00e5 Domb\u00e5s<\/h2>\n\t<\/a>\n<\/div>\n\n<\/div>\n\n<div class=\"t2-featured-query-post t2-featured-content is-post-type-news wp-block-t2-featured-query-post\"><a class=\"t2-post-link wp-block-t2-post-link\" href=\"https:\/\/mentalhelse.no\/innlandet\/aktuelt\/sommerhilsen-fra-fylkesstyret\/\">\n\t<figure style=\"--t2-focal-point: 50% 50%;\" class=\"t2-post-featured-image has-image-ratio-16-9 wp-block-t2-post-featured-image\"><img loading=\"lazy\" decoding=\"async\" width=\"2560\" height=\"1152\" src=\"https:\/\/mentalhelse.no\/content\/uploads\/sites\/187\/2024\/06\/20220929_144338-scaled.jpg\" class=\"attachment-post-thumbnail size-post-thumbnail wp-post-image\" alt=\"\" srcset=\"https:\/\/mentalhelse.no\/content\/uploads\/sites\/187\/2024\/06\/20220929_144338-scaled.jpg 2560w, https:\/\/mentalhelse.no\/content\/uploads\/sites\/187\/2024\/06\/20220929_144338-300x135.jpg 300w, https:\/\/mentalhelse.no\/content\/uploads\/sites\/187\/2024\/06\/20220929_144338-1024x461.jpg 1024w, https:\/\/mentalhelse.no\/content\/uploads\/sites\/187\/2024\/06\/20220929_144338-768x346.jpg 768w, https:\/\/mentalhelse.no\/content\/uploads\/sites\/187\/2024\/06\/20220929_144338-1536x691.jpg 1536w, https:\/\/mentalhelse.no\/content\/uploads\/sites\/187\/2024\/06\/20220929_144338-2048x922.jpg 2048w\" sizes=\"auto, (max-width: 2560px) 100vw, 2560px\" style=\"--focal-point: 50% 50%;\" \/><\/figure>\n<\/a>\n\n<div class=\"wp-block-group postinfo alignfull is-layout-flow wp-block-group-is-layout-flow\">\n\t<div class=\"wp-block-mentalhelse-post-category\">\n\t\t\t\t\t<div class=\"post-type\">\n\t\t\t\t\t\t<a href=\"https:\/\/mentalhelse.no\/innlandet\/aktuelt\/\">Nyheter<\/a>\n\t\t\t\t\t<\/div>\n\t\t\t\t\t\n\t\t\t\t\t<div class=\"post-category\">\n\t\t\t\t\t\t\n\t\t\t\t\t<\/div>\n\t\t\t<\/div>\n\t<a class=\"t2-post-link wp-block-t2-post-link\" href=\"https:\/\/mentalhelse.no\/innlandet\/aktuelt\/sommerhilsen-fra-fylkesstyret\/\">\n\t<h2 class=\"t2-post-title wp-block-t2-post-title\">Sommerhilsen fra Fylkesstyret<\/h2>\n\t<\/a>\n<\/div>\n\n<\/div>\n\n<div class=\"t2-featured-query-post t2-featured-content is-post-type-news wp-block-t2-featured-query-post\"><a class=\"t2-post-link wp-block-t2-post-link\" href=\"https:\/\/mentalhelse.no\/innlandet\/aktuelt\/25-ars-jubileum-mental-helse-stange-7-juni-2024\/\">\n\t<figure style=\"--t2-focal-point: 50% 50%;\" class=\"t2-post-featured-image has-image-ratio-16-9 wp-block-t2-post-featured-image\"><img loading=\"lazy\" decoding=\"async\" width=\"2560\" height=\"1153\" src=\"https:\/\/mentalhelse.no\/content\/uploads\/sites\/187\/2024\/06\/20240607_162007-scaled.jpg\" class=\"attachment-post-thumbnail size-post-thumbnail wp-post-image\" alt=\"\" srcset=\"https:\/\/mentalhelse.no\/content\/uploads\/sites\/187\/2024\/06\/20240607_162007-scaled.jpg 2560w, https:\/\/mentalhelse.no\/content\/uploads\/sites\/187\/2024\/06\/20240607_162007-300x135.jpg 300w, https:\/\/mentalhelse.no\/content\/uploads\/sites\/187\/2024\/06\/20240607_162007-1024x461.jpg 1024w, https:\/\/mentalhelse.no\/content\/uploads\/sites\/187\/2024\/06\/20240607_162007-768x346.jpg 768w, https:\/\/mentalhelse.no\/content\/uploads\/sites\/187\/2024\/06\/20240607_162007-1536x692.jpg 1536w, https:\/\/mentalhelse.no\/content\/uploads\/sites\/187\/2024\/06\/20240607_162007-2048x922.jpg 2048w\" sizes=\"auto, (max-width: 2560px) 100vw, 2560px\" style=\"--focal-point: 50% 50%;\" \/><\/figure>\n<\/a>\n\n<div class=\"wp-block-group postinfo alignfull is-layout-flow wp-block-group-is-layout-flow\">\n\t<div class=\"wp-block-mentalhelse-post-category\">\n\t\t\t\t\t<div class=\"post-type\">\n\t\t\t\t\t\t<a href=\"https:\/\/mentalhelse.no\/innlandet\/aktuelt\/\">Nyheter<\/a>\n\t\t\t\t\t<\/div>\n\t\t\t\t\t\n\t\t\t\t\t<div class=\"post-category\">\n\t\t\t\t\t\t\n\t\t\t\t\t<\/div>\n\t\t\t<\/div>\n\t<a class=\"t2-post-link wp-block-t2-post-link\" href=\"https:\/\/mentalhelse.no\/innlandet\/aktuelt\/25-ars-jubileum-mental-helse-stange-7-juni-2024\/\">\n\t<h2 class=\"t2-post-title wp-block-t2-post-title\">25 \u00e5rs Jubileum Mental Helse Stange 7 Juni 2024.<\/h2>\n\t<\/a>\n<\/div>\n\n<\/div>\n<\/div>\n\n\n\t\t<div class=\"mh-related-posts alignfull alignfull wp-block-mentalhelse-related-posts brown-light-mode\">\n\t\t\t<div class=\"mh-related-posts__inner\">\n\t\t\t\t\n\n<h3 class=\"wp-block-heading\" id=\"h-nyheter-fra-mental-helse\">Nyheter fra Mental Helse<\/h3>\n\n\n<div class=\"t2-featured-content-layout alignwide alignwide wp-block-t2-featured-content-layout\">\n<div class=\"t2-featured-query-post t2-featured-content is-post-type-news is-style-default wp-block-t2-featured-query-post t2-featured-content-layout-col-4\"><a class=\"t2-post-link wp-block-t2-post-link\" href=\"https:\/\/mentalhelse.no\/aktuelt\/nettverk-for-selvmordsforebygging-i-gang-igjen\/\">\n\t<figure style=\"--t2-focal-point: 50% 50%;\" class=\"t2-post-featured-image has-image-ratio-16-9 wp-block-t2-post-featured-image\"><img loading=\"lazy\" decoding=\"async\" width=\"1736\" height=\"1080\" src=\"https:\/\/mentalhelse.no\/content\/uploads\/2026\/04\/nettverk-for-selvmordsforebygging-30.04.2026.jpg\" class=\"attachment-post-thumbnail size-post-thumbnail wp-post-image\" alt=\"\" srcset=\"https:\/\/mentalhelse.no\/content\/uploads\/2026\/04\/nettverk-for-selvmordsforebygging-30.04.2026.jpg 1736w, https:\/\/mentalhelse.no\/content\/uploads\/2026\/04\/nettverk-for-selvmordsforebygging-30.04.2026-300x187.jpg 300w, https:\/\/mentalhelse.no\/content\/uploads\/2026\/04\/nettverk-for-selvmordsforebygging-30.04.2026-1024x637.jpg 1024w, https:\/\/mentalhelse.no\/content\/uploads\/2026\/04\/nettverk-for-selvmordsforebygging-30.04.2026-768x478.jpg 768w, https:\/\/mentalhelse.no\/content\/uploads\/2026\/04\/nettverk-for-selvmordsforebygging-30.04.2026-1536x956.jpg 1536w\" sizes=\"auto, (max-width: 1736px) 100vw, 1736px\" style=\"--focal-point: 50% 50%;\" \/><\/figure>\n<\/a>\n\n<div class=\"wp-block-group postinfo alignfull is-layout-flow wp-block-group-is-layout-flow\">\n\t<div class=\"wp-block-mentalhelse-post-category\">\n\t\t\t\t\t<div class=\"post-type\">\n\t\t\t\t\t\t<a href=\"https:\/\/mentalhelse.no\/aktuelt\/\">Nyheter<\/a>\n\t\t\t\t\t<\/div>\n\t\t\t\t\t\n\t\t\t\t\t<div class=\"post-category\">\n\t\t\t\t\t\t\n\t\t\t\t\t<\/div>\n\t\t\t<\/div>\n\t<a class=\"t2-post-link wp-block-t2-post-link\" href=\"https:\/\/mentalhelse.no\/aktuelt\/nettverk-for-selvmordsforebygging-i-gang-igjen\/\">\n\t<h2 class=\"t2-post-title wp-block-t2-post-title\">Nettverk for selvmordsforebygging i gang igjen<\/h2>\n\t<\/a>\n<\/div>\n\n<\/div>\n\n<div class=\"t2-featured-query-post t2-featured-content is-post-type-news news_category-press-release is-style-default wp-block-t2-featured-query-post t2-featured-content-layout-col-4\"><a class=\"t2-post-link wp-block-t2-post-link\" href=\"https:\/\/mentalhelse.no\/aktuelt\/selvmord-et-samfunnsproblem-som-kan-loses\/\">\n\t<figure style=\"--t2-focal-point: 50% 50%;\" class=\"t2-post-featured-image has-image-ratio-16-9 wp-block-t2-post-featured-image\"><img loading=\"lazy\" decoding=\"async\" width=\"2560\" height=\"1707\" src=\"https:\/\/mentalhelse.no\/content\/uploads\/2026\/04\/731fb7be-871a-467b-9dde-dbd5907dce45-scaled.jpg\" class=\"attachment-post-thumbnail size-post-thumbnail wp-post-image\" alt=\"\" srcset=\"https:\/\/mentalhelse.no\/content\/uploads\/2026\/04\/731fb7be-871a-467b-9dde-dbd5907dce45-scaled.jpg 2560w, https:\/\/mentalhelse.no\/content\/uploads\/2026\/04\/731fb7be-871a-467b-9dde-dbd5907dce45-300x200.jpg 300w, https:\/\/mentalhelse.no\/content\/uploads\/2026\/04\/731fb7be-871a-467b-9dde-dbd5907dce45-1024x683.jpg 1024w, https:\/\/mentalhelse.no\/content\/uploads\/2026\/04\/731fb7be-871a-467b-9dde-dbd5907dce45-768x512.jpg 768w, https:\/\/mentalhelse.no\/content\/uploads\/2026\/04\/731fb7be-871a-467b-9dde-dbd5907dce45-1536x1024.jpg 1536w, https:\/\/mentalhelse.no\/content\/uploads\/2026\/04\/731fb7be-871a-467b-9dde-dbd5907dce45-2048x1365.jpg 2048w\" sizes=\"auto, (max-width: 2560px) 100vw, 2560px\" style=\"--focal-point: 50% 50%;\" \/><\/figure>\n<\/a>\n\n<div class=\"wp-block-group postinfo alignfull is-layout-flow wp-block-group-is-layout-flow\">\n\t<div class=\"wp-block-mentalhelse-post-category\">\n\t\t\t\t\t<div class=\"post-type\">\n\t\t\t\t\t\t<a href=\"https:\/\/mentalhelse.no\/aktuelt\/\">Nyheter<\/a>\n\t\t\t\t\t<\/div>\n\t\t\t\t\t<div class=\"separator\"><\/div>\n\t\t\t\t\t<div class=\"post-category\">\n\t\t\t\t\t\t<a href=\"https:\/\/mentalhelse.no\/aktuelt-kategori\/press-release\/\">Pressemelding<\/a>\n\t\t\t\t\t<\/div>\n\t\t\t<\/div>\n\t<a class=\"t2-post-link wp-block-t2-post-link\" href=\"https:\/\/mentalhelse.no\/aktuelt\/selvmord-et-samfunnsproblem-som-kan-loses\/\">\n\t<h2 class=\"t2-post-title wp-block-t2-post-title\">Selvmord \u2013 et samfunnsproblem som kan l\u00f8ses<\/h2>\n\t<\/a>\n<\/div>\n\n<\/div>\n\n<div class=\"t2-featured-query-post t2-featured-content is-post-type-news news_category-press-release is-style-default wp-block-t2-featured-query-post t2-featured-content-layout-col-4\"><a class=\"t2-post-link wp-block-t2-post-link\" href=\"https:\/\/mentalhelse.no\/aktuelt\/tillit-er-beredskap\/\">\n\t<figure style=\"--t2-focal-point: 50% 50%;\" class=\"t2-post-featured-image has-image-ratio-16-9 wp-block-t2-post-featured-image\"><img loading=\"lazy\" decoding=\"async\" width=\"960\" height=\"540\" src=\"https:\/\/mentalhelse.no\/content\/uploads\/2026\/04\/00d597fd-8c57-482f-b465-59e354a9f058.png\" class=\"attachment-post-thumbnail size-post-thumbnail wp-post-image\" alt=\"\" srcset=\"https:\/\/mentalhelse.no\/content\/uploads\/2026\/04\/00d597fd-8c57-482f-b465-59e354a9f058.png 960w, https:\/\/mentalhelse.no\/content\/uploads\/2026\/04\/00d597fd-8c57-482f-b465-59e354a9f058-300x169.png 300w, https:\/\/mentalhelse.no\/content\/uploads\/2026\/04\/00d597fd-8c57-482f-b465-59e354a9f058-768x432.png 768w\" sizes=\"auto, (max-width: 960px) 100vw, 960px\" style=\"--focal-point: 50% 50%;\" \/><\/figure>\n<\/a>\n\n<div class=\"wp-block-group postinfo alignfull is-layout-flow wp-block-group-is-layout-flow\">\n\t<div class=\"wp-block-mentalhelse-post-category\">\n\t\t\t\t\t<div class=\"post-type\">\n\t\t\t\t\t\t<a href=\"https:\/\/mentalhelse.no\/aktuelt\/\">Nyheter<\/a>\n\t\t\t\t\t<\/div>\n\t\t\t\t\t<div class=\"separator\"><\/div>\n\t\t\t\t\t<div class=\"post-category\">\n\t\t\t\t\t\t<a href=\"https:\/\/mentalhelse.no\/aktuelt-kategori\/press-release\/\">Pressemelding<\/a>\n\t\t\t\t\t<\/div>\n\t\t\t<\/div>\n\t<a class=\"t2-post-link wp-block-t2-post-link\" href=\"https:\/\/mentalhelse.no\/aktuelt\/tillit-er-beredskap\/\">\n\t<h2 class=\"t2-post-title wp-block-t2-post-title\">Tillit er beredskap<\/h2>\n\t<\/a>\n<\/div>\n\n<\/div>\n<\/div>\n\n\t\t\t<\/div>\n\t\t<\/div>","protected":false},"excerpt":{"rendered":"<p>Lokallag i Innlandet Siste nytt fra Innlandet<\/p>\n","protected":false},"author":1,"featured_media":0,"parent":0,"menu_order":0,"comment_status":"closed","ping_status":"closed","template":"","meta":{"t2_featured_media_focal_point":{"x":0.5,"y":0.5},"mh_hide_title":true,"e24d_chat_page_choice":"","footnotes":""},"class_list":["post-756","page","type-page","status-publish","hentry"],"yoast_head":"<!-- This site is optimized with the Yoast SEO Premium plugin v21.2 (Yoast SEO v21.2) - https:\/\/yoast.com\/wordpress\/plugins\/seo\/ -->\n<title>Mental Helse - Innlandet - Mental Helse - Innlandet<\/title>\n<meta name=\"description\" content=\"Vi er Mental Helses fylkeslag i Innlandet. Vi har 14 lokallag og nesten 1000 medlemmer. Les mer p\u00e5 v\u00e5re nettsider!\" \/>\n<meta name=\"robots\" content=\"index, follow, max-snippet:-1, max-image-preview:large, max-video-preview:-1\" \/>\n<link rel=\"canonical\" href=\"https:\/\/mentalhelse.no\/innlandet\/\" \/>\n<meta property=\"og:locale\" content=\"nb_NO\" \/>\n<meta property=\"og:type\" content=\"article\" \/>\n<meta property=\"og:title\" content=\"Innlandet\" \/>\n<meta property=\"og:description\" content=\"Vi er Mental Helses fylkeslag i Innlandet. Vi har 14 lokallag og nesten 1000 medlemmer. Les mer p\u00e5 v\u00e5re nettsider!\" \/>\n<meta property=\"og:url\" content=\"https:\/\/mentalhelse.no\/innlandet\/\" \/>\n<meta property=\"og:site_name\" content=\"Innlandet\" \/>\n<meta property=\"article:modified_time\" content=\"2025-07-07T07:17:02+00:00\" \/>\n<meta name=\"twitter:card\" content=\"summary_large_image\" \/>\n<meta name=\"twitter:label1\" content=\"Ansl. lesetid\" \/>\n\t<meta name=\"twitter:data1\" content=\"1 minutt\" \/>\n<script type=\"application\/ld+json\" class=\"yoast-schema-graph\">{\"@context\":\"https:\/\/schema.org\",\"@graph\":[{\"@type\":\"WebPage\",\"@id\":\"https:\/\/mentalhelse.no\/innlandet\/\",\"url\":\"https:\/\/mentalhelse.no\/innlandet\/\",\"name\":\"Innlandet - Innlandet\",\"isPartOf\":{\"@id\":\"https:\/\/mentalhelse.no\/innlandet\/#website\"},\"datePublished\":\"2023-05-09T11:55:25+00:00\",\"dateModified\":\"2025-07-07T07:17:02+00:00\",\"description\":\"Vi er Mental Helses fylkeslag i Innlandet. Vi har 14 lokallag og nesten 1000 medlemmer. Les mer p\u00e5 v\u00e5re nettsider!\",\"breadcrumb\":{\"@id\":\"https:\/\/mentalhelse.no\/innlandet\/#breadcrumb\"},\"inLanguage\":\"nb-NO\",\"potentialAction\":[{\"@type\":\"ReadAction\",\"target\":[\"https:\/\/mentalhelse.no\/innlandet\/\"]}]},{\"@type\":\"BreadcrumbList\",\"@id\":\"https:\/\/mentalhelse.no\/innlandet\/#breadcrumb\",\"itemListElement\":[{\"@type\":\"ListItem\",\"position\":1,\"name\":\"Hjem\",\"item\":\"https:\/\/mentalhelse.no\/innlandet\/\"},{\"@type\":\"ListItem\",\"position\":2,\"name\":\"Innlandet\"}]},{\"@type\":\"WebSite\",\"@id\":\"https:\/\/mentalhelse.no\/innlandet\/#website\",\"url\":\"https:\/\/mentalhelse.no\/innlandet\/\",\"name\":\"Innlandet\",\"description\":\"\",\"potentialAction\":[{\"@type\":\"SearchAction\",\"target\":{\"@type\":\"EntryPoint\",\"urlTemplate\":\"https:\/\/mentalhelse.no\/innlandet\/?s={search_term_string}\"},\"query-input\":\"required name=search_term_string\"}],\"inLanguage\":\"nb-NO\"}]}<\/script>\n<!-- \/ Yoast SEO Premium plugin. -->","yoast_head_json":{"title":"Mental Helse - Innlandet - Mental Helse - Innlandet","description":"Vi er Mental Helses fylkeslag i Innlandet. Vi har 14 lokallag og nesten 1000 medlemmer. Les mer p\u00e5 v\u00e5re nettsider!","robots":{"index":"index","follow":"follow","max-snippet":"max-snippet:-1","max-image-preview":"max-image-preview:large","max-video-preview":"max-video-preview:-1"},"canonical":"https:\/\/mentalhelse.no\/innlandet\/","og_locale":"nb_NO","og_type":"article","og_title":"Innlandet","og_description":"Vi er Mental Helses fylkeslag i Innlandet. Vi har 14 lokallag og nesten 1000 medlemmer. Les mer p\u00e5 v\u00e5re nettsider!","og_url":"https:\/\/mentalhelse.no\/innlandet\/","og_site_name":"Innlandet","article_modified_time":"2025-07-07T07:17:02+00:00","twitter_card":"summary_large_image","twitter_misc":{"Ansl. lesetid":"1 minutt"},"schema":{"@context":"https:\/\/schema.org","@graph":[{"@type":"WebPage","@id":"https:\/\/mentalhelse.no\/innlandet\/","url":"https:\/\/mentalhelse.no\/innlandet\/","name":"Innlandet - Innlandet","isPartOf":{"@id":"https:\/\/mentalhelse.no\/innlandet\/#website"},"datePublished":"2023-05-09T11:55:25+00:00","dateModified":"2025-07-07T07:17:02+00:00","description":"Vi er Mental Helses fylkeslag i Innlandet. Vi har 14 lokallag og nesten 1000 medlemmer. Les mer p\u00e5 v\u00e5re nettsider!","breadcrumb":{"@id":"https:\/\/mentalhelse.no\/innlandet\/#breadcrumb"},"inLanguage":"nb-NO","potentialAction":[{"@type":"ReadAction","target":["https:\/\/mentalhelse.no\/innlandet\/"]}]},{"@type":"BreadcrumbList","@id":"https:\/\/mentalhelse.no\/innlandet\/#breadcrumb","itemListElement":[{"@type":"ListItem","position":1,"name":"Hjem","item":"https:\/\/mentalhelse.no\/innlandet\/"},{"@type":"ListItem","position":2,"name":"Innlandet"}]},{"@type":"WebSite","@id":"https:\/\/mentalhelse.no\/innlandet\/#website","url":"https:\/\/mentalhelse.no\/innlandet\/","name":"Innlandet","description":"","potentialAction":[{"@type":"SearchAction","target":{"@type":"EntryPoint","urlTemplate":"https:\/\/mentalhelse.no\/innlandet\/?s={search_term_string}"},"query-input":"required name=search_term_string"}],"inLanguage":"nb-NO"}]}},"_links":{"self":[{"href":"https:\/\/mentalhelse.no\/innlandet\/wp-json\/wp\/v2\/pages\/756","targetHints":{"allow":["GET"]}}],"collection":[{"href":"https:\/\/mentalhelse.no\/innlandet\/wp-json\/wp\/v2\/pages"}],"about":[{"href":"https:\/\/mentalhelse.no\/innlandet\/wp-json\/wp\/v2\/types\/page"}],"author":[{"embeddable":true,"href":"https:\/\/mentalhelse.no\/innlandet\/wp-json\/wp\/v2\/users\/1"}],"replies":[{"embeddable":true,"href":"https:\/\/mentalhelse.no\/innlandet\/wp-json\/wp\/v2\/comments?post=756"}],"version-history":[{"count":5,"href":"https:\/\/mentalhelse.no\/innlandet\/wp-json\/wp\/v2\/pages\/756\/revisions"}],"predecessor-version":[{"id":1298,"href":"https:\/\/mentalhelse.no\/innlandet\/wp-json\/wp\/v2\/pages\/756\/revisions\/1298"}],"wp:attachment":[{"href":"https:\/\/mentalhelse.no\/innlandet\/wp-json\/wp\/v2\/media?parent=756"}],"curies":[{"name":"wp","href":"https:\/\/api.w.org\/{rel}","templated":true}]}}