{"id":1203,"date":"2025-07-29T12:18:04","date_gmt":"2025-07-29T12:18:04","guid":{"rendered":"https:\/\/mentalhelse.no\/larvik\/?post_type=event&#038;p=1203"},"modified":"2025-09-11T13:30:50","modified_gmt":"2025-09-11T13:30:50","slug":"invitasjon-til-arlig-farikal-fest","status":"publish","type":"event","link":"https:\/\/mentalhelse.no\/larvik\/event\/invitasjon-til-arlig-farikal-fest\/","title":{"rendered":"Invitasjon til \u00e5rlig f\u00e5rik\u00e5l-fest"},"content":{"rendered":"<figure style=\"aspect-ratio:2\/3;\" class=\"alignwide wp-block-post-featured-image\"><img loading=\"lazy\" decoding=\"async\" width=\"1440\" height=\"2560\" src=\"https:\/\/mentalhelse.no\/content\/uploads\/sites\/277\/2025\/06\/2024-09-17-16.09.37-scaled.jpg\" class=\"attachment-post-thumbnail size-post-thumbnail wp-post-image\" alt=\"\" style=\"width:100%;height:100%;object-fit:cover; --focal-point: 50% 50%;\" srcset=\"https:\/\/mentalhelse.no\/content\/uploads\/sites\/277\/2025\/06\/2024-09-17-16.09.37-scaled.jpg 1440w, https:\/\/mentalhelse.no\/content\/uploads\/sites\/277\/2025\/06\/2024-09-17-16.09.37-169x300.jpg 169w, https:\/\/mentalhelse.no\/content\/uploads\/sites\/277\/2025\/06\/2024-09-17-16.09.37-576x1024.jpg 576w, https:\/\/mentalhelse.no\/content\/uploads\/sites\/277\/2025\/06\/2024-09-17-16.09.37-768x1365.jpg 768w, https:\/\/mentalhelse.no\/content\/uploads\/sites\/277\/2025\/06\/2024-09-17-16.09.37-864x1536.jpg 864w, https:\/\/mentalhelse.no\/content\/uploads\/sites\/277\/2025\/06\/2024-09-17-16.09.37-1152x2048.jpg 1152w\" sizes=\"auto, (max-width: 1440px) 100vw, 1440px\" \/><\/figure>\n\n<h1 class=\"has-text-align-center wp-block-post-title\">Invitasjon til \u00e5rlig f\u00e5rik\u00e5l-fest<\/h1>\n\n\n<p>\ud83c\udf89 <strong>Invitasjon til \u00e5rlig f\u00e5rik\u00e5l-fest<\/strong> \ud83e\udd58<br><strong>Mental Helse Larvik inviterer deg!<\/strong><\/p>\n\n\n\n<p>Vi feirer med godt selskap, varm mat og hyggelig stemning \u2013 og hva passer bedre enn Norges nasjonalt rett: f\u00e5rik\u00e5l<\/p>\n\n\n\n<p>\ud83d\udcc5 <strong>N\u00e5r:<\/strong> 08.10.25<br>\ud83d\udccd <strong>Hvor:<\/strong> Huset, Larvik<br>\u23f0 <strong>Tid:<\/strong> Kl. 17:00<br>\ud83c\udf7d <strong>Inkludert:<\/strong> F\u00e5rik\u00e5l, dessert og kaffe\/te<\/p>\n\n\n\n<p>Medlemmer kr 100,- Ikke medlemmer kr 150,-<br>\ud83c\udf9f <strong>Betales til vipps : 746971 eller til bankkonto: 25102292963<\/strong> (merk med f\u00e5rik\u00e5l)<\/p>\n\n\n\n<p>P\u00e5meldingsfrist 1 oktober<\/p>\n\n\n\n<p><\/p>\n\n\n\n<figure class=\"wp-block-embed\"><div class=\"wp-block-embed__wrapper\">\nhttps:\/\/www.facebook.com\/groups\/1119488905289120\n<\/div><\/figure>\n\n\n\n<hr class=\"wp-block-separator has-alpha-channel-opacity\" \/>\n\n\n\n<p><\/p>\n\n\n\n<p><\/p>\n\n\n<div class=\"mh-event-date-badge wp-block-mh-event-date-badge\">\n\t\t\t\t\t<div class=\"mh-event-date-badge__inner\">\n\t\t\t\t\t\n\t\t<div class=\"mh-event-date-badge__date-block\">\n\t\t\t<div class=\"mh-event-date-badge__day\">08<\/div>\n\t\t\t<div class=\"mh-event-date-badge__month\">okt<\/div>\n\t\t\t<div class=\"mh-event-date-badge__year\"><\/div>\n\t\t<\/div>\n\t\t\t\t\t<\/div>\n\t\t\t\t<\/div>\n\n\n<ul class=\"wp-block-list\">\n<li><\/li>\n<\/ul>\n\n\n\n<p><br><\/p>\n\n\n\n<hr class=\"wp-block-separator has-alpha-channel-opacity\" \/>\n\n\n<div class=\"wp-block-calendar\"><table id=\"wp-calendar\" class=\"wp-calendar-table\">\n\t<caption>mars 2026<\/caption>\n\t<thead>\n\t<tr>\n\t\t<th scope=\"col\" title=\"mandag\">M<\/th>\n\t\t<th scope=\"col\" title=\"tirsdag\">T<\/th>\n\t\t<th scope=\"col\" title=\"onsdag\">O<\/th>\n\t\t<th scope=\"col\" title=\"torsdag\">T<\/th>\n\t\t<th scope=\"col\" title=\"fredag\">F<\/th>\n\t\t<th scope=\"col\" title=\"l\u00f8rdag\">L<\/th>\n\t\t<th scope=\"col\" title=\"s\u00f8ndag\">S<\/th>\n\t<\/tr>\n\t<\/thead>\n\t<tbody>\n\t<tr>\n\t\t<td colspan=\"6\" class=\"pad\">&nbsp;<\/td><td>1<\/td>\n\t<\/tr>\n\t<tr>\n\t\t<td>2<\/td><td>3<\/td><td>4<\/td><td>5<\/td><td>6<\/td><td>7<\/td><td>8<\/td>\n\t<\/tr>\n\t<tr>\n\t\t<td>9<\/td><td>10<\/td><td>11<\/td><td id=\"today\">12<\/td><td>13<\/td><td>14<\/td><td>15<\/td>\n\t<\/tr>\n\t<tr>\n\t\t<td>16<\/td><td>17<\/td><td>18<\/td><td>19<\/td><td>20<\/td><td>21<\/td><td>22<\/td>\n\t<\/tr>\n\t<tr>\n\t\t<td>23<\/td><td>24<\/td><td>25<\/td><td>26<\/td><td>27<\/td><td>28<\/td><td>29<\/td>\n\t<\/tr>\n\t<tr>\n\t\t<td>30<\/td><td>31<\/td>\n\t\t<td class=\"pad\" colspan=\"5\">&nbsp;<\/td>\n\t<\/tr>\n\t<\/tbody>\n\t<\/table><nav aria-label=\"Forrige og neste m\u00e5neder\" class=\"wp-calendar-nav\">\n\t\t<span class=\"wp-calendar-nav-prev\"><a href=\"https:\/\/mentalhelse.no\/larvik\/2025\/08\/\">&laquo; aug<\/a><\/span>\n\t\t<span class=\"pad\">&nbsp;<\/span>\n\t\t<span class=\"wp-calendar-nav-next\">&nbsp;<\/span>\n\t<\/nav><\/div>\n\n\n<p><\/p>\n\n\n\n\n\n<h2 class=\"wp-block-heading\" id=\"h-\"><\/h2>\n\n\n\n<p><\/p>\n\n\n\n<h2 class=\"wp-block-heading\" id=\"h-\"><\/h2>\n","protected":false},"excerpt":{"rendered":"<p>\ud83c\udf89 Invitasjon til \u00e5rlig f\u00e5rik\u00e5l-fest \ud83e\udd58Mental Helse Larvik inviterer deg! Vi feirer med godt selskap, varm mat og hyggelig stemning \u2013 og hva passer bedre&#8230;<\/p>\n","protected":false},"featured_media":1151,"menu_order":0,"template":"","meta":{"t2_featured_media_focal_point":{"x":0.5,"y":0.5},"mh_hide_title":true,"mh_hide_event_badge_date_end":"","mh_hide_event_badge":"","mh_event_date":"2025-10-8","mh_event_date_end":"","mh_event_time_start":"17:00","mh_event_time_end":"","mh_event_recurrence":"","mh_event_location":"Greveveien 42, 3257 Larvik","mh_event_location_url":"","mh_event_propagation":"","mh_event_type":"","mh_event_hide_start_time":false,"mh_event_hide_end_time":false,"footnotes":""},"event_genre":[],"class_list":["post-1203","event","type-event","status-publish","has-post-thumbnail","hentry"],"yoast_head":"<!-- This site is optimized with the Yoast SEO Premium plugin v21.2 (Yoast SEO v21.2) - https:\/\/yoast.com\/wordpress\/plugins\/seo\/ -->\n<title>Invitasjon til \u00e5rlig f\u00e5rik\u00e5l-fest - Mental Helse - Larvik<\/title>\n<meta name=\"robots\" content=\"index, follow, max-snippet:-1, max-image-preview:large, max-video-preview:-1\" \/>\n<link rel=\"canonical\" href=\"https:\/\/mentalhelse.no\/larvik\/event\/invitasjon-til-arlig-farikal-fest\/\" \/>\n<meta property=\"og:locale\" content=\"nb_NO\" \/>\n<meta property=\"og:type\" content=\"article\" \/>\n<meta property=\"og:title\" content=\"Invitasjon til \u00e5rlig f\u00e5rik\u00e5l-fest\" \/>\n<meta property=\"og:description\" content=\"\ud83c\udf89 Invitasjon til \u00e5rlig f\u00e5rik\u00e5l-fest \ud83e\udd58Mental Helse Larvik inviterer deg! Vi feirer med godt selskap, varm mat og hyggelig stemning \u2013 og hva passer bedre...\" \/>\n<meta property=\"og:url\" content=\"https:\/\/mentalhelse.no\/larvik\/event\/invitasjon-til-arlig-farikal-fest\/\" \/>\n<meta property=\"og:site_name\" content=\"Larvik\" \/>\n<meta property=\"article:modified_time\" content=\"2025-09-11T13:30:50+00:00\" \/>\n<meta property=\"og:image\" content=\"https:\/\/mentalhelse.no\/content\/uploads\/sites\/277\/2025\/06\/2024-09-17-16.09.37-scaled.jpg\" \/>\n\t<meta property=\"og:image:width\" content=\"1440\" \/>\n\t<meta property=\"og:image:height\" content=\"2560\" \/>\n\t<meta property=\"og:image:type\" content=\"image\/jpeg\" \/>\n<meta name=\"twitter:card\" content=\"summary_large_image\" \/>\n<meta name=\"twitter:label1\" content=\"Ansl. lesetid\" \/>\n\t<meta name=\"twitter:data1\" content=\"1 minutt\" \/>\n<script type=\"application\/ld+json\" class=\"yoast-schema-graph\">{\"@context\":\"https:\/\/schema.org\",\"@graph\":[{\"@type\":\"WebPage\",\"@id\":\"https:\/\/mentalhelse.no\/larvik\/event\/invitasjon-til-arlig-farikal-fest\/\",\"url\":\"https:\/\/mentalhelse.no\/larvik\/event\/invitasjon-til-arlig-farikal-fest\/\",\"name\":\"Invitasjon til \u00e5rlig f\u00e5rik\u00e5l-fest - Larvik\",\"isPartOf\":{\"@id\":\"https:\/\/mentalhelse.no\/larvik\/#website\"},\"datePublished\":\"2025-07-29T12:18:04+00:00\",\"dateModified\":\"2025-09-11T13:30:50+00:00\",\"breadcrumb\":{\"@id\":\"https:\/\/mentalhelse.no\/larvik\/event\/invitasjon-til-arlig-farikal-fest\/#breadcrumb\"},\"inLanguage\":\"nb-NO\",\"potentialAction\":[{\"@type\":\"ReadAction\",\"target\":[\"https:\/\/mentalhelse.no\/larvik\/event\/invitasjon-til-arlig-farikal-fest\/\"]}]},{\"@type\":\"BreadcrumbList\",\"@id\":\"https:\/\/mentalhelse.no\/larvik\/event\/invitasjon-til-arlig-farikal-fest\/#breadcrumb\",\"itemListElement\":[{\"@type\":\"ListItem\",\"position\":1,\"name\":\"Hjem\",\"item\":\"https:\/\/mentalhelse.no\/larvik\/\"},{\"@type\":\"ListItem\",\"position\":2,\"name\":\"Arrangementer\",\"item\":\"https:\/\/mentalhelse.no\/larvik\/event\/\"},{\"@type\":\"ListItem\",\"position\":3,\"name\":\"Invitasjon til \u00e5rlig f\u00e5rik\u00e5l-fest\"}]},{\"@type\":\"WebSite\",\"@id\":\"https:\/\/mentalhelse.no\/larvik\/#website\",\"url\":\"https:\/\/mentalhelse.no\/larvik\/\",\"name\":\"Larvik\",\"description\":\"\",\"potentialAction\":[{\"@type\":\"SearchAction\",\"target\":{\"@type\":\"EntryPoint\",\"urlTemplate\":\"https:\/\/mentalhelse.no\/larvik\/?s={search_term_string}\"},\"query-input\":\"required name=search_term_string\"}],\"inLanguage\":\"nb-NO\"}]}<\/script>\n<!-- \/ Yoast SEO Premium plugin. -->","yoast_head_json":{"title":"Invitasjon til \u00e5rlig f\u00e5rik\u00e5l-fest - Mental Helse - Larvik","robots":{"index":"index","follow":"follow","max-snippet":"max-snippet:-1","max-image-preview":"max-image-preview:large","max-video-preview":"max-video-preview:-1"},"canonical":"https:\/\/mentalhelse.no\/larvik\/event\/invitasjon-til-arlig-farikal-fest\/","og_locale":"nb_NO","og_type":"article","og_title":"Invitasjon til \u00e5rlig f\u00e5rik\u00e5l-fest","og_description":"\ud83c\udf89 Invitasjon til \u00e5rlig f\u00e5rik\u00e5l-fest \ud83e\udd58Mental Helse Larvik inviterer deg! Vi feirer med godt selskap, varm mat og hyggelig stemning \u2013 og hva passer bedre...","og_url":"https:\/\/mentalhelse.no\/larvik\/event\/invitasjon-til-arlig-farikal-fest\/","og_site_name":"Larvik","article_modified_time":"2025-09-11T13:30:50+00:00","og_image":[{"width":1440,"height":2560,"url":"https:\/\/mentalhelse.no\/content\/uploads\/sites\/277\/2025\/06\/2024-09-17-16.09.37-scaled.jpg","type":"image\/jpeg"}],"twitter_card":"summary_large_image","twitter_misc":{"Ansl. lesetid":"1 minutt"},"schema":{"@context":"https:\/\/schema.org","@graph":[{"@type":"WebPage","@id":"https:\/\/mentalhelse.no\/larvik\/event\/invitasjon-til-arlig-farikal-fest\/","url":"https:\/\/mentalhelse.no\/larvik\/event\/invitasjon-til-arlig-farikal-fest\/","name":"Invitasjon til \u00e5rlig f\u00e5rik\u00e5l-fest - Larvik","isPartOf":{"@id":"https:\/\/mentalhelse.no\/larvik\/#website"},"datePublished":"2025-07-29T12:18:04+00:00","dateModified":"2025-09-11T13:30:50+00:00","breadcrumb":{"@id":"https:\/\/mentalhelse.no\/larvik\/event\/invitasjon-til-arlig-farikal-fest\/#breadcrumb"},"inLanguage":"nb-NO","potentialAction":[{"@type":"ReadAction","target":["https:\/\/mentalhelse.no\/larvik\/event\/invitasjon-til-arlig-farikal-fest\/"]}]},{"@type":"BreadcrumbList","@id":"https:\/\/mentalhelse.no\/larvik\/event\/invitasjon-til-arlig-farikal-fest\/#breadcrumb","itemListElement":[{"@type":"ListItem","position":1,"name":"Hjem","item":"https:\/\/mentalhelse.no\/larvik\/"},{"@type":"ListItem","position":2,"name":"Arrangementer","item":"https:\/\/mentalhelse.no\/larvik\/event\/"},{"@type":"ListItem","position":3,"name":"Invitasjon til \u00e5rlig f\u00e5rik\u00e5l-fest"}]},{"@type":"WebSite","@id":"https:\/\/mentalhelse.no\/larvik\/#website","url":"https:\/\/mentalhelse.no\/larvik\/","name":"Larvik","description":"","potentialAction":[{"@type":"SearchAction","target":{"@type":"EntryPoint","urlTemplate":"https:\/\/mentalhelse.no\/larvik\/?s={search_term_string}"},"query-input":"required name=search_term_string"}],"inLanguage":"nb-NO"}]}},"_links":{"self":[{"href":"https:\/\/mentalhelse.no\/larvik\/wp-json\/wp\/v2\/event\/1203","targetHints":{"allow":["GET"]}}],"collection":[{"href":"https:\/\/mentalhelse.no\/larvik\/wp-json\/wp\/v2\/event"}],"about":[{"href":"https:\/\/mentalhelse.no\/larvik\/wp-json\/wp\/v2\/types\/event"}],"version-history":[{"count":4,"href":"https:\/\/mentalhelse.no\/larvik\/wp-json\/wp\/v2\/event\/1203\/revisions"}],"predecessor-version":[{"id":1307,"href":"https:\/\/mentalhelse.no\/larvik\/wp-json\/wp\/v2\/event\/1203\/revisions\/1307"}],"wp:featuredmedia":[{"embeddable":true,"href":"https:\/\/mentalhelse.no\/larvik\/wp-json\/wp\/v2\/media\/1151"}],"wp:attachment":[{"href":"https:\/\/mentalhelse.no\/larvik\/wp-json\/wp\/v2\/media?parent=1203"}],"wp:term":[{"taxonomy":"event_genre","embeddable":true,"href":"https:\/\/mentalhelse.no\/larvik\/wp-json\/wp\/v2\/event_genre?post=1203"}],"curies":[{"name":"wp","href":"https:\/\/api.w.org\/{rel}","templated":true}]}}