{"id":797,"date":"2023-05-10T11:14:16","date_gmt":"2023-05-10T11:14:16","guid":{"rendered":"https:\/\/mentalhelse.no\/viken\/?page_id=797"},"modified":"2026-03-23T09:21:15","modified_gmt":"2026-03-23T09:21:15","slug":"om-oss","status":"publish","type":"page","link":"https:\/\/mentalhelse.no\/molde\/om-oss\/","title":{"rendered":"Om oss"},"content":{"rendered":"\n<div class=\"wp-block-group alignwide is-layout-constrained wp-block-group-is-layout-constrained\">\n<figure class=\"wp-block-image alignwide size-full is-style-default\"><img loading=\"lazy\" decoding=\"async\" width=\"960\" height=\"466\" src=\"https:\/\/mentalhelse.no\/content\/uploads\/sites\/222\/2023\/10\/bilde-jounn-b-mental-helse-molde-m-pt-2023.-2jpg.jpg\" alt=\"\" class=\"wp-image-1088\" srcset=\"https:\/\/mentalhelse.no\/content\/uploads\/sites\/222\/2023\/10\/bilde-jounn-b-mental-helse-molde-m-pt-2023.-2jpg.jpg 960w, https:\/\/mentalhelse.no\/content\/uploads\/sites\/222\/2023\/10\/bilde-jounn-b-mental-helse-molde-m-pt-2023.-2jpg-300x146.jpg 300w, https:\/\/mentalhelse.no\/content\/uploads\/sites\/222\/2023\/10\/bilde-jounn-b-mental-helse-molde-m-pt-2023.-2jpg-768x373.jpg 768w\" sizes=\"auto, (max-width: 960px) 100vw, 960px\" \/><\/figure>\n<\/div>\n\n\n\n<h1 class=\"wp-block-heading\" id=\"h-om-oss\">Om oss<\/h1>\n\n\n\n<p>Mental Helse Molde har kontor sentralt i Molde sentrum, i Strandgata 3, 2. etage.<\/p>\n\n\n\n<p>Styret har ikke noen fast kontortid, men styret kan n\u00e5s p\u00e5 mobil 412 61 704 (Oddrun), for \u00e5 avtale et eventuell m\u00f8te.<\/p>\n\n\n\n<p>Pr. mars har Mental Helse Molde registrert 100 medlemmer.<\/p>\n\n\n\n<p>V\u00e5re m\u00f8teplasser er i Brukerstyrt Senter sine lokaler i Grandfj\u00e6ra 28. <\/p>\n\n\n\n<p>Her har vi m\u00f8teplass hver torsdag fra kl.13:00 til ca.14:30. Vi serverer en god lunsj til de som m\u00f8ter opp. Her er det p\u00e5melding via sosiale medier eller til Solveig Jacobsen.<\/p>\n\n\n\n<p>Mandager fra 13:00 til ca. 14:00 m\u00f8tes vi uformelt p\u00e5 samme sted,&nbsp;Brukerstyrt senter&nbsp;sine lokaler, Grandfj\u00e6ra 28 &#8211; Molde m\u00f8lle. Her er det ogs\u00e5 p\u00e5melding via sosiale medier eller til Solveig Jacobsen.<\/p>\n\n\n\n<p>Vi arrangerer ofte spillkvelder, ser en film eller samles for \u00e5 se en fotballkamp. P\u00e5 spill-kveldene er det enkel servering. <\/p>\n\n\n\n<p><\/p>\n\n\n\n<p>Styret arrangerer innimellom felles turer, kino og konserter og lignende. Som medlem kan du ogs\u00e5 f\u00e5 gratis billetter til Moldebadet n\u00e5r minst to drar sammen. Egenandel kan forekomme av og til. Medlemmer av styret har god kontakt med Brukerstyrt senter der mange av v\u00e5re medlemmer m\u00f8tes.<\/p>\n\n\n\n<p>Styret er aktiv innen brukermedvirkning med flere som er registrerte brukerrepresentanter. Likepersonarbeid er ogs\u00e5 et tilbud til v\u00e5re medlemmer. Som likeperson er vi et &laquo;\u00f8re&raquo; til personer som har behov for veiledning og st\u00f8tte.<\/p>\n\n\n\n<p>\u00d8nsker du \u00e5 bli frivillig eller medlem hos oss? Da er du er hjertelig velkommen til \u00e5 ta kontakt med oss! <\/p>\n\n\n\n<p>Vi er ogs\u00e5 p\u00e5 facebook, side og gruppe; <a href=\"https:\/\/www.facebook.com\/mentalhelsemolde\">https:\/\/www.facebook.com\/mentalhelsemolde<\/a><\/p>\n\n\n\n<h2 class=\"wp-block-heading\" id=\"h-hils-pa-lederen-var\">Hils p\u00e5 lederen v\u00e5r:<\/h2>\n\n\n\n<p>Mental Helse Molde drives av en gjeng med ivrige og engasjerte folk som jobber for \u00e5 skape et m\u00f8tepunkt for de som \u00f8nsker et fellesskap. <\/p>\n\n\n\n<div class=\"wp-block-group alignwide is-layout-constrained wp-block-group-is-layout-constrained\"><div class=\"t2-featured-single-post t2-featured-content is-post-type-person role-lokallagsleder is-style-horizontal wp-block-t2-featured-single-post\">\n\t\n\t\t<div class=\"wp-block-group wp-block-t2-post-link is-layout-flow wp-block-group-is-layout-flow\">\n\t\t\t<figure style=\"--t2-focal-point: 50% 50%;\" class=\"t2-post-featured-image has-image-ratio-1-1 wp-block-t2-post-featured-image\"><img loading=\"lazy\" decoding=\"async\" width=\"399\" height=\"513\" src=\"https:\/\/mentalhelse.no\/content\/uploads\/sites\/222\/2023\/07\/Molde.jpeg\" class=\"attachment-post-thumbnail size-post-thumbnail wp-post-image\" alt=\"\" srcset=\"https:\/\/mentalhelse.no\/content\/uploads\/sites\/222\/2023\/07\/Molde.jpeg 399w, https:\/\/mentalhelse.no\/content\/uploads\/sites\/222\/2023\/07\/Molde-233x300.jpeg 233w\" sizes=\"auto, (max-width: 399px) 100vw, 399px\" style=\"--focal-point: 50% 50%;\" \/><\/figure>\n\t\t\t\n\t\t\t<div class=\"wp-block-group alignfull is-layout-flow wp-block-group-is-layout-flow\">\n\t\t\t\t\n\t\t<a class=\"t2-post-link is-card-main-link wp-block-t2-post-link\" href=\"https:\/\/mentalhelse.no\/molde\/?person=hans-hansen\">\n\t\t\t<h2 class=\"t2-post-title wp-block-t2-post-title\">Oddrun Beyer Holm<\/h2>\n\t\t<\/a>\n\t\t<div class=\"taxonomy-role wp-block-post-terms\"><a href=\"https:\/\/mentalhelse.no\/molde\/role\/lokallagsleder\/\" rel=\"tag\">Lokallagsleder<\/a><\/div><div class=\"card-info wp-block-t2-people-meta\"><div class=\"card-info__post-meta meta-key-people_email\"><svg xmlns=\"http:\/\/www.w3.org\/2000\/svg\" viewBox=\"0 0 24 24\" height=\"24\" width=\"24\" class=\"t2-icon t2-icon-email people_email\" aria-hidden=\"true\" focusable=\"false\"><path d=\"M12 22c-1.4 0-2.7-.3-3.9-.8-1.2-.5-2.3-1.2-3.2-2.1s-1.6-2-2.1-3.2S2 13.4 2 12s.3-2.7.8-3.9S4 5.8 4.9 4.9s2-1.6 3.2-2.2S10.6 2 12 2s2.7.3 3.9.8S18.2 4 19.1 5s1.6 2 2.1 3.2c.5 1.1.8 2.4.8 3.8v1.4c0 1-.3 1.8-1 2.5s-1.5 1-2.5 1c-.6 0-1.2-.1-1.7-.4-.5-.3-.9-.6-1.3-1.1-.4.4-1 .8-1.6 1.1-.6.3-1.3.4-2 .4-1.4 0-2.6-.5-3.5-1.5S7 13.4 7 12s.5-2.6 1.5-3.5S10.6 7 12 7s2.6.5 3.5 1.5S17 10.6 17 12v1.4c0 .5.1.9.5 1.1.3.3.6.4 1 .4s.8-.1 1.1-.4c.3-.3.4-.7.4-1.1V12c0-2.2-.8-4.1-2.4-5.6C16.1 4.8 14.2 4 12 4s-4.1.8-5.6 2.4S4 9.8 4 12s.8 4.1 2.4 5.6C7.9 19.2 9.8 20 12 20h4c.3 0 .5.1.7.3.2.2.3.4.3.7s-.1.5-.3.7c-.2.2-.4.3-.7.3h-4zm0-7c.8 0 1.5-.3 2.1-.9s.9-1.3.9-2.1-.3-1.5-.9-2.1c-.6-.6-1.3-.9-2.1-.9s-1.5.3-2.1.9c-.6.6-.9 1.3-.9 2.1s.3 1.5.9 2.1c.6.6 1.3.9 2.1.9z\"\/><\/svg><a href=\"mailto:molde@lokallag.mentalhelse.no\">molde@lokallag.mentalhelse.no<\/a><\/div><div class=\"card-info__post-meta meta-key-people_phone\"><svg xmlns=\"http:\/\/www.w3.org\/2000\/svg\" viewBox=\"0 0 24 24\" height=\"24\" width=\"24\" class=\"t2-icon t2-icon-phone people_phone\" aria-hidden=\"true\" focusable=\"false\"><path d=\"M20 21c-2.1 0-4.2-.5-6.3-1.4-2-1-3.9-2.2-5.4-3.8s-2.8-3.4-3.8-5.4S3 6.2 3 4.1c0-.3.1-.6.3-.8.2-.2.5-.3.8-.3h4.1c.2 0 .4.1.6.2l.3.6.6 3.5v.6c0 .2-.1.4-.3.5L7 10.9c.7 1.2 1.6 2.3 2.6 3.4s2.2 2 3.5 2.7l2.3-2.3c.2-.2.3-.3.6-.3.2-.1.5-.1.7-.1l3.5.7.6.3c.2.2.2.4.2.6V20c0 .3-.1.5-.3.8-.2.1-.5.2-.7.2z\"\/><\/svg><a href=\"tel:412 61 704\">412 61 704<\/a><\/div><\/div>\n\t\t\t<\/div>\n\t\t\t\n\t\t<\/div>\n\t\n\t<\/div>\n\n\n<p>Oddrun har v\u00e6rt leder i lokallaget i 8 \u00e5r, og er ogs\u00e5 nestleder i fylkeslaget. Hun liker \u00e5 holde seg aktiv, og har mange jern i ilden.<\/p>\n\n\n\n<p><strong>Styret 2026-2027<\/strong><\/p>\n\n\n\n<p><strong>Leder:<\/strong> Oddrun Beyer Holm<\/p>\n\n\n\n<p><strong>Nestleder:<\/strong> Tonny Roger Fr\u00f8yen<\/p>\n\n\n\n<p><strong>Kasserer:<\/strong> Solveig Jacobsen<\/p>\n\n\n\n<p><strong>Styremedlem:<\/strong> Marianne Hestad N\u00f8savik<\/p>\n\n\n\n<p><strong>Styremedlem:<\/strong> Kine Aasheim<\/p>\n\n\n\n<p><strong>Varamedlem:<\/strong> Hanne Elisabeth Helde<\/p>\n\n\n\n<p><strong>Varamedlem:<\/strong> Heidi Marie Kj\u00f8l<\/p>\n\n\n\n<p><strong>Varamedlem:<\/strong> Siri Muldbakken<\/p>\n<\/div>\n\n\n\n<figure class=\"wp-block-image size-full\"><img loading=\"lazy\" decoding=\"async\" width=\"320\" height=\"240\" src=\"https:\/\/mentalhelse.no\/content\/uploads\/sites\/222\/2026\/02\/Molde-by-sett-fra-Solbakken-aug-2022.jpg\" alt=\"\" class=\"wp-image-1460\" srcset=\"https:\/\/mentalhelse.no\/content\/uploads\/sites\/222\/2026\/02\/Molde-by-sett-fra-Solbakken-aug-2022.jpg 320w, https:\/\/mentalhelse.no\/content\/uploads\/sites\/222\/2026\/02\/Molde-by-sett-fra-Solbakken-aug-2022-300x225.jpg 300w\" sizes=\"auto, (max-width: 320px) 100vw, 320px\" \/><\/figure>\n\n\n\n<div class=\"wp-block-group alignwide is-layout-constrained wp-block-group-is-layout-constrained\">\n<p><strong>Mental Helse Molde<\/strong><br>Strandgata 3<br>6415 Molde<\/p>\n\n\n\n<p>E-post: <a href=\"mailto:molde@lokallag.mentalhelse.no\">molde@lokallag.mentalhelse.no<\/a><br>Tlf: 412 61 704<\/p>\n<\/div>\n\n\n\n\n\n<div class=\"wp-block-group alignfull is-layout-constrained wp-block-group-is-layout-constrained\">\n<h3 class=\"wp-block-heading alignwide\" id=\"h-siste-nytt-fra-mental-helse-molde\">Siste nytt fra Mental Helse Molde<\/h3>\n<\/div>\n\n\n<div class=\"t2-featured-content-layout alignwide alignwide wp-block-t2-featured-content-layout\">\n<div class=\"t2-featured-query-post t2-featured-content is-post-type-news wp-block-t2-featured-query-post\"><a class=\"t2-post-link wp-block-t2-post-link\" href=\"https:\/\/mentalhelse.no\/molde\/aktuelt\/julekulen-2025-innsamling-til-inntekt-for-hjelpetelefonen-116-123-og-sidetmedord\/\">\n\t<figure style=\"--t2-focal-point: 50% 50%;\" class=\"t2-post-featured-image has-image-ratio-16-9 wp-block-t2-post-featured-image\"><img loading=\"lazy\" decoding=\"async\" width=\"848\" height=\"1024\" src=\"https:\/\/mentalhelse.no\/content\/uploads\/sites\/222\/2025\/10\/IMG_63891-1-848x1024-1.jpeg\" class=\"attachment-post-thumbnail size-post-thumbnail wp-post-image\" alt=\"\" srcset=\"https:\/\/mentalhelse.no\/content\/uploads\/sites\/222\/2025\/10\/IMG_63891-1-848x1024-1.jpeg 848w, https:\/\/mentalhelse.no\/content\/uploads\/sites\/222\/2025\/10\/IMG_63891-1-848x1024-1-248x300.jpeg 248w, https:\/\/mentalhelse.no\/content\/uploads\/sites\/222\/2025\/10\/IMG_63891-1-848x1024-1-768x927.jpeg 768w\" sizes=\"auto, (max-width: 848px) 100vw, 848px\" style=\"--focal-point: 50% 50%;\" \/><\/figure>\n<\/a>\n\n<div class=\"wp-block-group postinfo alignfull is-layout-flow wp-block-group-is-layout-flow\">\n\t<div class=\"wp-block-mentalhelse-post-category\">\n\t\t\t\t\t<div class=\"post-type\">\n\t\t\t\t\t\t<a href=\"https:\/\/mentalhelse.no\/molde\/aktuelt\/\">Nyheter<\/a>\n\t\t\t\t\t<\/div>\n\t\t\t\t\t\n\t\t\t\t\t<div class=\"post-category\">\n\t\t\t\t\t\t\n\t\t\t\t\t<\/div>\n\t\t\t<\/div>\n\t<a class=\"t2-post-link wp-block-t2-post-link\" href=\"https:\/\/mentalhelse.no\/molde\/aktuelt\/julekulen-2025-innsamling-til-inntekt-for-hjelpetelefonen-116-123-og-sidetmedord\/\">\n\t<h2 class=\"t2-post-title wp-block-t2-post-title\">JULEKULEN 2025 &#8211; innsamling til inntekt for Hjelpetelefonen 116 123 og Sidetmedord<\/h2>\n\t<\/a>\n<\/div>\n\n<\/div>\n\n<div class=\"t2-featured-query-post t2-featured-content is-post-type-news wp-block-t2-featured-query-post\"><a class=\"t2-post-link wp-block-t2-post-link\" href=\"https:\/\/mentalhelse.no\/molde\/aktuelt\/verdensdagen-2025\/\">\n\t<figure style=\"--t2-focal-point: 50% 50%;\" class=\"t2-post-featured-image has-image-ratio-16-9 wp-block-t2-post-featured-image\"><img loading=\"lazy\" decoding=\"async\" width=\"960\" height=\"540\" src=\"https:\/\/mentalhelse.no\/content\/uploads\/sites\/222\/2025\/04\/IMG_6501.png\" class=\"attachment-post-thumbnail size-post-thumbnail wp-post-image\" alt=\"\" srcset=\"https:\/\/mentalhelse.no\/content\/uploads\/sites\/222\/2025\/04\/IMG_6501.png 960w, https:\/\/mentalhelse.no\/content\/uploads\/sites\/222\/2025\/04\/IMG_6501-300x169.png 300w, https:\/\/mentalhelse.no\/content\/uploads\/sites\/222\/2025\/04\/IMG_6501-768x432.png 768w\" sizes=\"auto, (max-width: 960px) 100vw, 960px\" style=\"--focal-point: 50% 50%;\" \/><\/figure>\n<\/a>\n\n<div class=\"wp-block-group postinfo alignfull is-layout-flow wp-block-group-is-layout-flow\">\n\t<div class=\"wp-block-mentalhelse-post-category\">\n\t\t\t\t\t<div class=\"post-type\">\n\t\t\t\t\t\t<a href=\"https:\/\/mentalhelse.no\/molde\/aktuelt\/\">Nyheter<\/a>\n\t\t\t\t\t<\/div>\n\t\t\t\t\t\n\t\t\t\t\t<div class=\"post-category\">\n\t\t\t\t\t\t\n\t\t\t\t\t<\/div>\n\t\t\t<\/div>\n\t<a class=\"t2-post-link wp-block-t2-post-link\" href=\"https:\/\/mentalhelse.no\/molde\/aktuelt\/verdensdagen-2025\/\">\n\t<h2 class=\"t2-post-title wp-block-t2-post-title\">Verdensdagen for psykisk helse 10.10.2025<\/h2>\n\t<\/a>\n<\/div>\n\n<\/div>\n\n<div class=\"t2-featured-query-post t2-featured-content is-post-type-news wp-block-t2-featured-query-post\"><a class=\"t2-post-link wp-block-t2-post-link\" href=\"https:\/\/mentalhelse.no\/molde\/aktuelt\/medlemstilbud-kinobilletter-til-molde-kino\/\">\n\t<figure style=\"--t2-focal-point: 50% 50%;\" class=\"t2-post-featured-image has-image-ratio-16-9 wp-block-t2-post-featured-image\"><img loading=\"lazy\" decoding=\"async\" width=\"504\" height=\"101\" src=\"https:\/\/mentalhelse.no\/content\/uploads\/sites\/222\/2025\/01\/moldekino-logo.png\" class=\"attachment-post-thumbnail size-post-thumbnail wp-post-image\" alt=\"\" srcset=\"https:\/\/mentalhelse.no\/content\/uploads\/sites\/222\/2025\/01\/moldekino-logo.png 504w, https:\/\/mentalhelse.no\/content\/uploads\/sites\/222\/2025\/01\/moldekino-logo-300x60.png 300w\" sizes=\"auto, (max-width: 504px) 100vw, 504px\" style=\"--focal-point: 50% 50%;\" \/><\/figure>\n<\/a>\n\n<div class=\"wp-block-group postinfo alignfull is-layout-flow wp-block-group-is-layout-flow\">\n\t<div class=\"wp-block-mentalhelse-post-category\">\n\t\t\t\t\t<div class=\"post-type\">\n\t\t\t\t\t\t<a href=\"https:\/\/mentalhelse.no\/molde\/aktuelt\/\">Nyheter<\/a>\n\t\t\t\t\t<\/div>\n\t\t\t\t\t\n\t\t\t\t\t<div class=\"post-category\">\n\t\t\t\t\t\t\n\t\t\t\t\t<\/div>\n\t\t\t<\/div>\n\t<a class=\"t2-post-link wp-block-t2-post-link\" href=\"https:\/\/mentalhelse.no\/molde\/aktuelt\/medlemstilbud-kinobilletter-til-molde-kino\/\">\n\t<h2 class=\"t2-post-title wp-block-t2-post-title\">Medlemstilbud &#8211; kinobilletter til Molde kino<\/h2>\n\t<\/a>\n<\/div>\n\n<\/div>\n<\/div>\n\n\n<div class=\"wp-block-columns is-layout-flex wp-container-core-columns-is-layout-1 wp-block-columns-is-layout-flex\">\n<div class=\"wp-block-column is-layout-flow wp-block-column-is-layout-flow\" style=\"flex-basis:100%\"><div class=\"card-info wp-block-t2-people-meta\"><\/div><\/div>\n<\/div>\n\n\n\n\t\t<div class=\"mh-documents wp-block-mentalhelse-documents\">\n\t\t\t<h3 class=\"mh-documents__title\">Documents<\/h3>\n\t\t\t<figure class=\"alignwide wp-block-post-featured-image\"><img decoding=\"async\" src=\"data:image\/jpeg;base64, \/9j\/4AAQSkZJRgABAQEAYABgAAD\/\/gA+Q1JFQVRPUjogZ2QtanBlZyB2MS4wICh1c2luZyBJSkcgSlBFRyB2ODApLCBkZWZhdWx0IHF1YWxpdHkK\/9sAQwAIBgYHBgUIBwcHCQkICgwUDQwLCwwZEhMPFB0aHx4dGhwcICQuJyAiLCMcHCg3KSwwMTQ0NB8nOT04MjwuMzQy\/9sAQwEJCQkMCwwYDQ0YMiEcITIyMjIyMjIyMjIyMjIyMjIyMjIyMjIyMjIyMjIyMjIyMjIyMjIyMjIyMjIyMjIyMjIy\/8AAEQgBLAEsAwEiAAIRAQMRAf\/EAB8AAAEFAQEBAQEBAAAAAAAAAAABAgMEBQYHCAkKC\/\/EALUQAAIBAwMCBAMFBQQEAAABfQECAwAEEQUSITFBBhNRYQcicRQygZGhCCNCscEVUtHwJDNicoIJChYXGBkaJSYnKCkqNDU2Nzg5OkNERUZHSElKU1RVVldYWVpjZGVmZ2hpanN0dXZ3eHl6g4SFhoeIiYqSk5SVlpeYmZqio6Slpqeoqaqys7S1tre4ubrCw8TFxsfIycrS09TV1tfY2drh4uPk5ebn6Onq8fLz9PX29\/j5+v\/EAB8BAAMBAQEBAQEBAQEAAAAAAAABAgMEBQYHCAkKC\/\/EALURAAIBAgQEAwQHBQQEAAECdwABAgMRBAUhMQYSQVEHYXETIjKBCBRCkaGxwQkjM1LwFWJy0QoWJDThJfEXGBkaJicoKSo1Njc4OTpDREVGR0hJSlNUVVZXWFlaY2RlZmdoaWpzdHV2d3h5eoKDhIWGh4iJipKTlJWWl5iZmqKjpKWmp6ipqrKztLW2t7i5usLDxMXGx8jJytLT1NXW19jZ2uLj5OXm5+jp6vLz9PX29\/j5+v\/aAAwDAQACEQMRAD8A9goooqRhRRRQAUUUUAFFFFABRRRQAUUUUAFFFFABRRRQAUUUUAFFFFABRRRQAUUUUAFFFFABRRRQAUUUUAFFFFABRRRQAUUUUAFFFFABRRRQAUUUUAFFFFABRRRQAUUUUAFFFFABRRRQAUUUUAFFFFABRRRQAUUUUAFFFFABRRRQAUUUUAFFFFABRRRQAUUUUAFFFFABRRRQAUUUUAFFFFABRRRQAUUUUAFFFFABRRRQAUUUUAFFFFABRRRQAUUUUAFFFFABRRRQAUUUUAFFFFABRRRQAUUUUAFFFFABRRRQAUUUUAFFFFABRRRQAUUUUAFFFFABRRRQAUUUUAFFFFABRRRQAUUUUAFFFFABRRRQAUUUUAFFFFABRRRQAUUUUAFFFFABRRRQAUUUUAFFFFABRRRQAUUUUAFFFFABRRRQAUUUUAFFFFABRRRQAUUUUAFFFFABRRRQAUUUUAFFFFABRRRQAUUUUAFFFFABRRRQAUUUUAFFFFABRRRQAUUUUAFFFFABRRRQAUUUUAFFFFABRRRQAUUUUAFFFFABRRRQAUUUUAFFFFABRRRQAUUUUAFFFFABRRRQAUUUUAFFFFABRRRQAUUUUAFFFFABRRRQAUUUUAFFFFABRRRQAUUUUAFFFFABRRRQAUUUUAFFFFABRRRQAUUUUAFFFFABRRRQAUUUUAFFFFABRRRQAUUUUAFFFFABRRRQAUUUUAFFFFABRRRQAUUUUAFFFFABRRRQAUUUUAFFFFABRRRQAUUUUAFFFFABRRRQAUUUUAFFFFABRRRQAUUUUAFFFFABRRRQAUUUUAFFFFABRRRQAUUUUAFFFFABRRRQAUUUUAFFFFABRRRQAUUUUAFFFFABRRRQAUUUUAFFFFABRRRQAUUUUAFFFFABRRRQAUUUUAFFFFABRRRQAUUUUAFFFFABRRRQAUUUUAFFFFABRRRQAUUUUAFFRXCyNbuIjhyOKjQqtwikTIWBwGfcG\/U0AWaKKKACiiigAooooAKKKKACiiigAooooAKKKKACiiigAooooAKKKKACiiigAooooAKKKKACiiigAooooAKKKKACiiigAooooAa670K5YZ7qcEUwQDzVkd3dlztzjjP0FS0UAFFFFABRRRQAUUUUAFFFFABRRRQAUUUUAFFFFABRRRQAUUUUAFFFFABRRRQAUUUUAFFFFABRRRQAUUUUAFFFFABRRRQAUUUUAFFFFABRRRQAUUUUAFFFFABRRRQAUUUUAFFFFABRRRQAUUUUAFFFFABRRRQAUUUUAFFFFABRRRQAUUUUAFFFFABRRRQAUUUUAFFFFABRRRQAUUUUAFFFFABRRRQAUUUUAFFFFABRRRQAUUUUAFFFFABRRRQAUUUUAFFFFABRRRQAUUUUAFFFFABRRRQAUUUUAFFFFABRRRQAUUUUAFFFFABRRRQAUUUUAFFFFABRRRQAUUUUAFFFFABRRRQAUUUUAFFFFABRRRQAUUUUAFFFFABRRRQAUUUUAFFFFABRRRQAUUUUAFFFFABRRRQAUUUUAFFFFABRRRQAUUUUAFFFFABRRRQAUUUUAFFFFABRRRQAUUUUAFFFFABRRRQAUUUUAFFFFABRRRQAUUUUAFFFFABRRRQAUUUUAFFFFABRRRQAUUUUAFFFFABRRRQAUUUUAFFFFABRRRQAUUUUAFFFFABRRRQAUUUUAFFFFABRRRQAUUUUAFFFFABRRRQAUUUUAFFFFABRRRQAUUUUAFFFFABRRRQAUUUUAFFFFABRRRQAUUUUAFFFFABRRRQAUUUUAFFFFABRRRQAUUUUAFFFFABRRRQAUUUUAFFFFABRRRQAUUUUAFFFFABRRRQAUUUUAFFFFABRRRQAUUUUAFFFFABRRRQAUUUUAFFFFABRRRQAUUUUAFFFFABRRRQAUUUUAFFFFABRRRQAUUUUAFFFFABRRRQAUUUUAFFFFABRRRQAUUUUAFFFFABRRRQB\/9k=\" alt=\"Styrem\u00f8te nr.3 &#8211; Mental Helse Molde\"\/><\/figure>\n\n<h1 class=\"wp-block-post-title\">Styrem\u00f8te nr.3 &#8211; Mental Helse Molde<\/h1>\n\n<div class=\"is-img-top mh-byline wp-block-mh-byline\">\n                  <div class=\"mh-byline__inner\">\n                  \t\n                  \t<div class=\"mh-byline__meta\">\n                  \t\t<div class=\"mh-byline__post\">\n                  \t\t\t<a href=\"https:\/\/mentalhelse.no\/molde\/category\/uncategorized\/\" class=\"mh-byline__category-link\">Uncategorized<\/a><div class=\"entry-date\">20.02.2026<\/div>\n                  \t\t<\/div>\n                  \t\t<div class=\"mh-byline__author\">\n                  \t\t\t <span class=\"mh-byline__author-link\">lagmolde<\/span>\n\t\t\t\t\t\t<\/div>\n\t\t\t\t\t<\/div>\n\t\t\t\t<\/div>\n\t\t<\/div>\n\n\n<p>Mental Helse Molde i samarbeid med Aktivitetshuset Molde (psykisk helse- og rustjenesten), markerte dagen med et foredrag om prosjektet &laquo;Headspace&raquo; med leder i prosjektet Tom Guldberg fra Mental Helses organisasjon.<\/p>\n\n\n\n<p>Ca. 30 personer m\u00f8tte opp og fikk en god innf\u00f8ring i prosjektet. Koret, &laquo;Sangsalaten&raquo; fikk avslutte markeringen med mange flotte sanger som gjenspeilet v\u00e5r psykiske helse p\u00e5 godt og vondt. Enkel servering ble til pizza og drikke til alle sammen.<\/p>\n\n\n\n<p>Tusen takk til de som kunne m\u00f8te opp \ud83d\ude42<\/p>\n\n\n\n\t\t<div class=\"mh-related-posts alignfull alignfull wp-block-mentalhelse-related-posts gray-mode\">\n\t\t\t<div class=\"mh-related-posts__inner\">\n\t\t\t\t\n\n<h3 class=\"wp-block-heading\" id=\"h-also-read\">Also read<\/h3>\n\n\n<div class=\"t2-featured-content-layout alignwide alignwide wp-block-t2-featured-content-layout\">\n<div class=\"t2-featured-query-post t2-featured-content is-post-type-post category-uncategorized wp-block-t2-featured-query-post t2-featured-content-layout-col-4\"><a class=\"t2-post-link wp-block-t2-post-link\" href=\"https:\/\/mentalhelse.no\/molde\/uncategorized\/markeringen-av-den-internasjonale-verdensdagen-for-psykisk-helse-2023\/\">\n\t<figure style=\"--t2-focal-point: 50% 50%;\" class=\"t2-post-featured-image has-image-ratio-16-9 wp-block-t2-post-featured-image\"><img loading=\"lazy\" decoding=\"async\" width=\"1080\" height=\"1080\" src=\"https:\/\/mentalhelse.no\/content\/uploads\/sites\/222\/2023\/10\/Annonse-i-rb-VD-2023.jpg\" class=\"attachment-post-thumbnail size-post-thumbnail wp-post-image\" alt=\"\" srcset=\"https:\/\/mentalhelse.no\/content\/uploads\/sites\/222\/2023\/10\/Annonse-i-rb-VD-2023.jpg 1080w, https:\/\/mentalhelse.no\/content\/uploads\/sites\/222\/2023\/10\/Annonse-i-rb-VD-2023-300x300.jpg 300w, https:\/\/mentalhelse.no\/content\/uploads\/sites\/222\/2023\/10\/Annonse-i-rb-VD-2023-1024x1024.jpg 1024w, https:\/\/mentalhelse.no\/content\/uploads\/sites\/222\/2023\/10\/Annonse-i-rb-VD-2023-150x150.jpg 150w, https:\/\/mentalhelse.no\/content\/uploads\/sites\/222\/2023\/10\/Annonse-i-rb-VD-2023-768x768.jpg 768w\" sizes=\"auto, (max-width: 1080px) 100vw, 1080px\" style=\"--focal-point: 50% 50%;\" \/><\/figure>\n<\/a>\n\n<div class=\"wp-block-group postinfo alignfull is-layout-flow wp-block-group-is-layout-flow\">\n\t<div class=\"wp-block-mentalhelse-post-category\">\n\t\t\t\t\t<div class=\"post-type\">\n\t\t\t\t\t\t<a href=\"https:\/\/mentalhelse.no\/molde\/uncategorized\/markeringen-av-den-internasjonale-verdensdagen-for-psykisk-helse-2023\/\">Artikkel<\/a>\n\t\t\t\t\t<\/div>\n\t\t\t\t\t<div class=\"separator\"><\/div>\n\t\t\t\t\t<div class=\"post-category\">\n\t\t\t\t\t\t<a href=\"https:\/\/mentalhelse.no\/molde\/category\/uncategorized\/\">Uncategorized<\/a>\n\t\t\t\t\t<\/div>\n\t\t\t<\/div>\n\t<a class=\"t2-post-link wp-block-t2-post-link\" href=\"https:\/\/mentalhelse.no\/molde\/uncategorized\/markeringen-av-den-internasjonale-verdensdagen-for-psykisk-helse-2023\/\">\n\t<h2 class=\"t2-post-title wp-block-t2-post-title\">Markeringen av den internasjonale Verdensdagen for psykisk helse 2023<\/h2>\n\t<\/a>\n<\/div>\n\n<\/div>\n\n\n\n\n<\/div>\n\n\t\t\t<\/div>\n\t\t<\/div>Hei alle medlemmer i Mental Helse Molde\r\n\r\n\u00c5rsm\u00f8tet er overst\u00e5tt og protokollen er godkjent, signert og lagt ut p\u00e5 nettsiden her.\r\n\r\n&nbsp;\r\n\r\nVi skal ha v\u00e5rt f\u00f8rste styrem\u00f8te i mars m\u00e5ned og skal blandt annet ta for oss handlingsplana med blant annet aktiviteter og turer.\r\n\r\nStyret inviterer medlemmene til \u00e5 komme med forslag til hvor vi kan legge sommerturen.\r\n\r\nTurene har en liten egenandel. Turen b\u00f8r g\u00e5 til en plass der alle kan delta uansett funksjonsnedsettelse.\r\n\r\nTidspunktet b\u00f8r v\u00e6re i l\u00f8pet av de tre f\u00f8rste ukene. Gjerne midt i uka.\r\n\r\n&nbsp;\r\n\r\nVelkommen med innspill \ud83d\ude42\r\n\r\n&nbsp;\r\n\r\nMvh styret ved leder\r\n\r\nOddrun Beyer Holm\n\t\t<\/div>\n\n<div class=\"card-info wp-block-t2-people-meta\"><\/div>","protected":false},"excerpt":{"rendered":"<p>Om oss Mental Helse Molde har kontor sentralt i Molde sentrum, i Strandgata 3, 2. etage. Styret har ikke noen fast kontortid, men styret kan&#8230;<\/p>\n","protected":false},"author":1,"featured_media":0,"parent":0,"menu_order":0,"comment_status":"closed","ping_status":"closed","template":"","meta":{"t2_featured_media_focal_point":{"x":0.5,"y":0.5},"mh_hide_title":true,"e24d_chat_page_choice":"","footnotes":""},"class_list":["post-797","page","type-page","status-publish","hentry"],"yoast_head":"<!-- This site is optimized with the Yoast SEO Premium plugin v21.2 (Yoast SEO v21.2) - https:\/\/yoast.com\/wordpress\/plugins\/seo\/ -->\n<title>Om oss - Mental Helse - Molde<\/title>\n<meta name=\"description\" content=\"Her kan du lese om oss i Mental Helse Molde, og l\u00e6re mer om hva vi jobber med. Ta gjerne kontakt hvis du har noen sp\u00f8rsm\u00e5l!\" \/>\n<meta name=\"robots\" content=\"index, follow, max-snippet:-1, max-image-preview:large, max-video-preview:-1\" \/>\n<link rel=\"canonical\" href=\"https:\/\/mentalhelse.no\/molde\/om-oss\/\" \/>\n<meta property=\"og:locale\" content=\"nb_NO\" \/>\n<meta property=\"og:type\" content=\"article\" \/>\n<meta property=\"og:title\" content=\"Om oss\" \/>\n<meta property=\"og:description\" content=\"Her kan du lese om oss i Mental Helse Molde, og l\u00e6re mer om hva vi jobber med. Ta gjerne kontakt hvis du har noen sp\u00f8rsm\u00e5l!\" \/>\n<meta property=\"og:url\" content=\"https:\/\/mentalhelse.no\/molde\/om-oss\/\" \/>\n<meta property=\"og:site_name\" content=\"Molde\" \/>\n<meta property=\"article:modified_time\" content=\"2026-03-23T09:21:15+00:00\" \/>\n<meta property=\"og:image\" content=\"https:\/\/mentalhelse.no\/content\/uploads\/sites\/222\/2023\/10\/bilde-jounn-b-mental-helse-molde-m-pt-2023.-2jpg.jpg\" \/>\n<meta name=\"twitter:card\" content=\"summary_large_image\" \/>\n<meta name=\"twitter:label1\" content=\"Ansl. lesetid\" \/>\n\t<meta name=\"twitter:data1\" content=\"3 minutter\" \/>\n<script type=\"application\/ld+json\" class=\"yoast-schema-graph\">{\"@context\":\"https:\/\/schema.org\",\"@graph\":[{\"@type\":\"WebPage\",\"@id\":\"https:\/\/mentalhelse.no\/molde\/om-oss\/\",\"url\":\"https:\/\/mentalhelse.no\/molde\/om-oss\/\",\"name\":\"Om oss - Molde\",\"isPartOf\":{\"@id\":\"https:\/\/mentalhelse.no\/molde\/#website\"},\"datePublished\":\"2023-05-10T11:14:16+00:00\",\"dateModified\":\"2026-03-23T09:21:15+00:00\",\"description\":\"Her kan du lese om oss i Mental Helse Molde, og l\u00e6re mer om hva vi jobber med. Ta gjerne kontakt hvis du har noen sp\u00f8rsm\u00e5l!\",\"breadcrumb\":{\"@id\":\"https:\/\/mentalhelse.no\/molde\/om-oss\/#breadcrumb\"},\"inLanguage\":\"nb-NO\",\"potentialAction\":[{\"@type\":\"ReadAction\",\"target\":[\"https:\/\/mentalhelse.no\/molde\/om-oss\/\"]}]},{\"@type\":\"BreadcrumbList\",\"@id\":\"https:\/\/mentalhelse.no\/molde\/om-oss\/#breadcrumb\",\"itemListElement\":[{\"@type\":\"ListItem\",\"position\":1,\"name\":\"Hjem\",\"item\":\"https:\/\/mentalhelse.no\/molde\/\"},{\"@type\":\"ListItem\",\"position\":2,\"name\":\"Om oss\"}]},{\"@type\":\"WebSite\",\"@id\":\"https:\/\/mentalhelse.no\/molde\/#website\",\"url\":\"https:\/\/mentalhelse.no\/molde\/\",\"name\":\"Molde\",\"description\":\"\",\"potentialAction\":[{\"@type\":\"SearchAction\",\"target\":{\"@type\":\"EntryPoint\",\"urlTemplate\":\"https:\/\/mentalhelse.no\/molde\/?s={search_term_string}\"},\"query-input\":\"required name=search_term_string\"}],\"inLanguage\":\"nb-NO\"}]}<\/script>\n<!-- \/ Yoast SEO Premium plugin. -->","yoast_head_json":{"title":"Om oss - Mental Helse - Molde","description":"Her kan du lese om oss i Mental Helse Molde, og l\u00e6re mer om hva vi jobber med. Ta gjerne kontakt hvis du har noen sp\u00f8rsm\u00e5l!","robots":{"index":"index","follow":"follow","max-snippet":"max-snippet:-1","max-image-preview":"max-image-preview:large","max-video-preview":"max-video-preview:-1"},"canonical":"https:\/\/mentalhelse.no\/molde\/om-oss\/","og_locale":"nb_NO","og_type":"article","og_title":"Om oss","og_description":"Her kan du lese om oss i Mental Helse Molde, og l\u00e6re mer om hva vi jobber med. Ta gjerne kontakt hvis du har noen sp\u00f8rsm\u00e5l!","og_url":"https:\/\/mentalhelse.no\/molde\/om-oss\/","og_site_name":"Molde","article_modified_time":"2026-03-23T09:21:15+00:00","og_image":[{"url":"https:\/\/mentalhelse.no\/content\/uploads\/sites\/222\/2023\/10\/bilde-jounn-b-mental-helse-molde-m-pt-2023.-2jpg.jpg"}],"twitter_card":"summary_large_image","twitter_misc":{"Ansl. lesetid":"3 minutter"},"schema":{"@context":"https:\/\/schema.org","@graph":[{"@type":"WebPage","@id":"https:\/\/mentalhelse.no\/molde\/om-oss\/","url":"https:\/\/mentalhelse.no\/molde\/om-oss\/","name":"Om oss - Molde","isPartOf":{"@id":"https:\/\/mentalhelse.no\/molde\/#website"},"datePublished":"2023-05-10T11:14:16+00:00","dateModified":"2026-03-23T09:21:15+00:00","description":"Her kan du lese om oss i Mental Helse Molde, og l\u00e6re mer om hva vi jobber med. Ta gjerne kontakt hvis du har noen sp\u00f8rsm\u00e5l!","breadcrumb":{"@id":"https:\/\/mentalhelse.no\/molde\/om-oss\/#breadcrumb"},"inLanguage":"nb-NO","potentialAction":[{"@type":"ReadAction","target":["https:\/\/mentalhelse.no\/molde\/om-oss\/"]}]},{"@type":"BreadcrumbList","@id":"https:\/\/mentalhelse.no\/molde\/om-oss\/#breadcrumb","itemListElement":[{"@type":"ListItem","position":1,"name":"Hjem","item":"https:\/\/mentalhelse.no\/molde\/"},{"@type":"ListItem","position":2,"name":"Om oss"}]},{"@type":"WebSite","@id":"https:\/\/mentalhelse.no\/molde\/#website","url":"https:\/\/mentalhelse.no\/molde\/","name":"Molde","description":"","potentialAction":[{"@type":"SearchAction","target":{"@type":"EntryPoint","urlTemplate":"https:\/\/mentalhelse.no\/molde\/?s={search_term_string}"},"query-input":"required name=search_term_string"}],"inLanguage":"nb-NO"}]}},"_links":{"self":[{"href":"https:\/\/mentalhelse.no\/molde\/wp-json\/wp\/v2\/pages\/797","targetHints":{"allow":["GET"]}}],"collection":[{"href":"https:\/\/mentalhelse.no\/molde\/wp-json\/wp\/v2\/pages"}],"about":[{"href":"https:\/\/mentalhelse.no\/molde\/wp-json\/wp\/v2\/types\/page"}],"author":[{"embeddable":true,"href":"https:\/\/mentalhelse.no\/molde\/wp-json\/wp\/v2\/users\/1"}],"replies":[{"embeddable":true,"href":"https:\/\/mentalhelse.no\/molde\/wp-json\/wp\/v2\/comments?post=797"}],"version-history":[{"count":5,"href":"https:\/\/mentalhelse.no\/molde\/wp-json\/wp\/v2\/pages\/797\/revisions"}],"predecessor-version":[{"id":1471,"href":"https:\/\/mentalhelse.no\/molde\/wp-json\/wp\/v2\/pages\/797\/revisions\/1471"}],"wp:attachment":[{"href":"https:\/\/mentalhelse.no\/molde\/wp-json\/wp\/v2\/media?parent=797"}],"curies":[{"name":"wp","href":"https:\/\/api.w.org\/{rel}","templated":true}]}}