{"id":1151,"date":"2025-11-09T19:18:16","date_gmt":"2025-11-09T19:18:16","guid":{"rendered":"https:\/\/mentalhelse.no\/porsgrunn\/?post_type=event&#038;p=1151"},"modified":"2025-11-09T19:18:17","modified_gmt":"2025-11-09T19:18:17","slug":"juleavslutning-med-menn-i-fokus","status":"publish","type":"event","link":"https:\/\/mentalhelse.no\/porsgrunn\/event\/juleavslutning-med-menn-i-fokus\/","title":{"rendered":"Juleavslutning med menn i fokus"},"content":{"rendered":"<figure class=\"alignwide wp-block-post-featured-image\"><img loading=\"lazy\" decoding=\"async\" width=\"2560\" height=\"1709\" src=\"https:\/\/mentalhelse.no\/content\/uploads\/sites\/278\/2023\/06\/Mann-scaled.jpg\" class=\"attachment-post-thumbnail size-post-thumbnail wp-post-image\" alt=\"\" style=\"object-fit:cover; --focal-point: 50% 50%;\" srcset=\"https:\/\/mentalhelse.no\/content\/uploads\/sites\/278\/2023\/06\/Mann-scaled.jpg 2560w, https:\/\/mentalhelse.no\/content\/uploads\/sites\/278\/2023\/06\/Mann-300x200.jpg 300w, https:\/\/mentalhelse.no\/content\/uploads\/sites\/278\/2023\/06\/Mann-1024x684.jpg 1024w, https:\/\/mentalhelse.no\/content\/uploads\/sites\/278\/2023\/06\/Mann-768x513.jpg 768w, https:\/\/mentalhelse.no\/content\/uploads\/sites\/278\/2023\/06\/Mann-1536x1025.jpg 1536w, https:\/\/mentalhelse.no\/content\/uploads\/sites\/278\/2023\/06\/Mann-2048x1367.jpg 2048w\" sizes=\"auto, (max-width: 2560px) 100vw, 2560px\" \/><\/figure>\n\n<div class=\"mh-event-date-badge wp-block-mh-event-date-badge\">\n\t\t\t\t\t<div class=\"mh-event-date-badge__inner\">\n\t\t\t\t\t\n\t\t<div class=\"mh-event-date-badge__date-block\">\n\t\t\t<div class=\"mh-event-date-badge__day\">12<\/div>\n\t\t\t<div class=\"mh-event-date-badge__month\">nov<\/div>\n\t\t\t<div class=\"mh-event-date-badge__year\"><\/div>\n\t\t<\/div>\n\t\t\t\t\t<\/div>\n\t\t\t\t<\/div>\n\n<h1 class=\"wp-block-post-title\">Juleavslutning med menn i fokus<\/h1>\n\n\n\t\t<div class=\"mh-event-details wp-block-mh-event-details\">\n\t\t\t<div class=\"mh-event-details__inner\">\n\t\t\t\t<div class=\"mh-event-details__date-wrap\"><div class=\"mh-event-details__date\"><svg xmlns=\"http:\/\/www.w3.org\/2000\/svg\" viewBox=\"0 0 24 24\" height=\"24\" width=\"24\" class=\"t2-icon t2-icon-mh-calendar\" aria-hidden=\"true\" focusable=\"false\"><path fill-rule=\"evenodd\" clip-rule=\"evenodd\" d=\"M8 1.5C8.27614 1.5 8.5 1.72386 8.5 2V3.5H15.5V2C15.5 1.72386 15.7239 1.5 16 1.5C16.2761 1.5 16.5 1.72386 16.5 2V3.5H19C20.3807 3.5 21.5 4.61929 21.5 6V20C21.5 21.3807 20.3807 22.5 19 22.5H5C3.61929 22.5 2.5 21.3807 2.5 20V6C2.5 4.61929 3.61929 3.5 5 3.5H7.5V2C7.5 1.72386 7.72386 1.5 8 1.5ZM7.5 4.5H5C4.17157 4.5 3.5 5.17157 3.5 6V9.5H20.5V6C20.5 5.17157 19.8285 4.5 19 4.5H16.5V6C16.5 6.27614 16.2761 6.5 16 6.5C15.7239 6.5 15.5 6.27614 15.5 6V4.5H8.5V6C8.5 6.27614 8.27614 6.5 8 6.5C7.72386 6.5 7.5 6.27614 7.5 6V4.5ZM20.5 10.5H3.5V20C3.5 20.8285 4.17157 21.5 5 21.5H19C19.8285 21.5 20.5 20.8285 20.5 20V10.5Z\" fill=\"currentColor\"\/><\/svg><date>12. november 2025<\/date><\/div><\/div><div class=\"mh-event-details__time\"><svg xmlns=\"http:\/\/www.w3.org\/2000\/svg\" viewBox=\"0 0 24 24\" height=\"24\" width=\"24\" class=\"t2-icon t2-icon-mh-clock\" aria-hidden=\"true\" focusable=\"false\"><path fill-rule=\"evenodd\" clip-rule=\"evenodd\" d=\"M12.275 4.5C7.98098 4.5 4.5 7.98098 4.5 12.275C4.5 16.5691 7.98098 20.05 12.275 20.05C16.5691 20.05 20.05 16.5691 20.05 12.275C20.05 7.98098 16.5691 4.5 12.275 4.5ZM3.5 12.275C3.5 7.4287 7.4287 3.5 12.275 3.5C17.1213 3.5 21.05 7.4287 21.05 12.275C21.05 17.1213 17.1213 21.05 12.275 21.05C7.4287 21.05 3.5 17.1213 3.5 12.275ZM12.275 6.80999C12.5511 6.80999 12.775 7.03385 12.775 7.30999V11.966L15.8086 13.4828C16.0556 13.6063 16.1557 13.9066 16.0322 14.1536C15.9087 14.4006 15.6084 14.5007 15.3614 14.3772L12.0514 12.7222C11.882 12.6375 11.775 12.4644 11.775 12.275V7.30999C11.775 7.03385 11.9989 6.80999 12.275 6.80999Z\" fill=\"currentColor\"\/><\/svg><time>  17:00 &#8211; 20:00<\/time><\/div>\n\t\t\t\t\n\t\t\t<\/div>\n\t\t<\/div>\n\n\n<p>Hei alle menn \ud83d\ude42 vi er en gruppe voksne menn p\u00e5 4 personer som samles en onsdag i m\u00e5neden p\u00e5 Raschebakken, her samles vi for en god prat og hyggelig sosialt samv\u00e6r.<\/p>\n\n\n\n<p>Her kan du komme som du vil og du velger selv om du \u00f8nsker \u00e5 fortelle oss andre noe om deg selv eller andre aktuelle ting eller om du ikke \u00f8nsker \u00e5 si noe i det hele tatt er det selvf\u00f8lgelig helt innafor det ogs\u00e5:)<\/p>\n\n\n\n<p>Onsdag 12.November samles vi for \u00e5rtes siste treff, da bestiller vi pizza og brus.<\/p>\n\n\n\n<p>Vi pleier \u00e5 starte klokken 18:00 men denne onsdagen starter vi klokken 17:00 og avslutter ca klokken 20:00.<\/p>\n\n\n\n<p>Tilbudet er rusfritt.<\/p>\n\n\n\n<p>Er dette noe for deg er du\/dere varmt velkommen.<\/p>\n\n\n\n<p><\/p>\n\n\n\n\t\t<div class=\"mh-event-latest t2-featured-content-layout alignwide wp-block-t2-featured-content-layout wp-block-mh-event-latest\">\n\t\t<h3 class=\"mh-event-latest__block-title\">Andre kommende arrangementer<\/h3>\n\t\t<div class=\"t2-featured-query-post t2-featured-content is-post-type-event wp-block-mh-event-latest\">\n<div class=\"wp-block-group alignfull is-layout-flow wp-block-group-is-layout-flow\">\n\t<a class=\"t2-post-link wp-block-t2-post-link\" href=\"https:\/\/mentalhelse.no\/event\/webinar-fra-funkis-studieplaner\/\">\n\t<figure style=\"--t2-focal-point: 50% 50%;\" class=\"t2-post-featured-image has-image-ratio-16-9 wp-block-t2-post-featured-image\"><img loading=\"lazy\" decoding=\"async\" width=\"2560\" height=\"1707\" src=\"https:\/\/mentalhelse.no\/content\/uploads\/2025\/10\/pexels-picjumbo-com-55570-461077-scaled.jpg\" class=\"attachment-post-thumbnail size-post-thumbnail wp-post-image\" alt=\"\" srcset=\"https:\/\/mentalhelse.no\/content\/uploads\/2025\/10\/pexels-picjumbo-com-55570-461077-scaled.jpg 2560w, https:\/\/mentalhelse.no\/content\/uploads\/2025\/10\/pexels-picjumbo-com-55570-461077-300x200.jpg 300w, https:\/\/mentalhelse.no\/content\/uploads\/2025\/10\/pexels-picjumbo-com-55570-461077-1024x683.jpg 1024w, https:\/\/mentalhelse.no\/content\/uploads\/2025\/10\/pexels-picjumbo-com-55570-461077-768x512.jpg 768w, https:\/\/mentalhelse.no\/content\/uploads\/2025\/10\/pexels-picjumbo-com-55570-461077-1536x1024.jpg 1536w, https:\/\/mentalhelse.no\/content\/uploads\/2025\/10\/pexels-picjumbo-com-55570-461077-2048x1366.jpg 2048w\" sizes=\"auto, (max-width: 2560px) 100vw, 2560px\" style=\"--focal-point: 46% 80%;\" \/><\/figure>\n\t<\/a>\n\t\n\t<div class=\"wp-block-group mh-event-details__content is-layout-flow wp-block-group-is-layout-flow\">\n\t\t<div class=\"mh-event-date-badge wp-block-mh-event-date-badge\">\n\t\t\t\t\t<div class=\"mh-event-date-badge__inner\">\n\t\t\t\t\t\n\t\t<div class=\"mh-event-date-badge__date-block\">\n\t\t\t<div class=\"mh-event-date-badge__day\">30<\/div>\n\t\t\t<div class=\"mh-event-date-badge__month\">apr<\/div>\n\t\t\t<div class=\"mh-event-date-badge__year\"><\/div>\n\t\t<\/div>\n\t\t\t\t\t<\/div>\n\t\t\t\t<\/div>\n\t\t<a class=\"t2-post-link wp-block-t2-post-link\" href=\"https:\/\/mentalhelse.no\/event\/webinar-fra-funkis-studieplaner\/\">\n\t\t<h2 class=\"t2-post-title wp-block-t2-post-title\">Webinar fra Funkis: Studieplaner<\/h2>\n\t\t<\/a>\n\t\t\n\t\t<div class=\"mh-event-details wp-block-mh-event-details\">\n\t\t\t<div class=\"mh-event-details__inner\">\n\t\t\t\t<div class=\"mh-event-details__date-wrap\"><div class=\"mh-event-details__date\"><svg xmlns=\"http:\/\/www.w3.org\/2000\/svg\" viewBox=\"0 0 24 24\" height=\"24\" width=\"24\" class=\"t2-icon t2-icon-mh-calendar\" aria-hidden=\"true\" focusable=\"false\"><path fill-rule=\"evenodd\" clip-rule=\"evenodd\" d=\"M8 1.5C8.27614 1.5 8.5 1.72386 8.5 2V3.5H15.5V2C15.5 1.72386 15.7239 1.5 16 1.5C16.2761 1.5 16.5 1.72386 16.5 2V3.5H19C20.3807 3.5 21.5 4.61929 21.5 6V20C21.5 21.3807 20.3807 22.5 19 22.5H5C3.61929 22.5 2.5 21.3807 2.5 20V6C2.5 4.61929 3.61929 3.5 5 3.5H7.5V2C7.5 1.72386 7.72386 1.5 8 1.5ZM7.5 4.5H5C4.17157 4.5 3.5 5.17157 3.5 6V9.5H20.5V6C20.5 5.17157 19.8285 4.5 19 4.5H16.5V6C16.5 6.27614 16.2761 6.5 16 6.5C15.7239 6.5 15.5 6.27614 15.5 6V4.5H8.5V6C8.5 6.27614 8.27614 6.5 8 6.5C7.72386 6.5 7.5 6.27614 7.5 6V4.5ZM20.5 10.5H3.5V20C3.5 20.8285 4.17157 21.5 5 21.5H19C19.8285 21.5 20.5 20.8285 20.5 20V10.5Z\" fill=\"currentColor\"\/><\/svg><date>30. april 2026<\/date><\/div><\/div><div class=\"mh-event-details__time\"><svg xmlns=\"http:\/\/www.w3.org\/2000\/svg\" viewBox=\"0 0 24 24\" height=\"24\" width=\"24\" class=\"t2-icon t2-icon-mh-clock\" aria-hidden=\"true\" focusable=\"false\"><path fill-rule=\"evenodd\" clip-rule=\"evenodd\" d=\"M12.275 4.5C7.98098 4.5 4.5 7.98098 4.5 12.275C4.5 16.5691 7.98098 20.05 12.275 20.05C16.5691 20.05 20.05 16.5691 20.05 12.275C20.05 7.98098 16.5691 4.5 12.275 4.5ZM3.5 12.275C3.5 7.4287 7.4287 3.5 12.275 3.5C17.1213 3.5 21.05 7.4287 21.05 12.275C21.05 17.1213 17.1213 21.05 12.275 21.05C7.4287 21.05 3.5 17.1213 3.5 12.275ZM12.275 6.80999C12.5511 6.80999 12.775 7.03385 12.775 7.30999V11.966L15.8086 13.4828C16.0556 13.6063 16.1557 13.9066 16.0322 14.1536C15.9087 14.4006 15.6084 14.5007 15.3614 14.3772L12.0514 12.7222C11.882 12.6375 11.775 12.4644 11.775 12.275V7.30999C11.775 7.03385 11.9989 6.80999 12.275 6.80999Z\" fill=\"currentColor\"\/><\/svg><time>  17:00<\/time><\/div>\n\t\t\t\t\n\t\t\t<\/div>\n\t\t<\/div>\n\t<\/div>\n\t\n<\/div>\n\n<\/div>\n\t\t<div class=\"mh-event-latest__archive-link\">\n\t\t\n\t\t<\/div>\n\t\t<\/div>\n\n\n<p><\/p>\n","protected":false},"excerpt":{"rendered":"<p>Hei alle menn \ud83d\ude42 vi er en gruppe voksne menn p\u00e5 4 personer som samles en onsdag i m\u00e5neden p\u00e5 Raschebakken, her samles vi for&#8230;<\/p>\n","protected":false},"featured_media":1004,"menu_order":0,"template":"","meta":{"t2_featured_media_focal_point":{"x":0.5,"y":0.5},"mh_hide_title":true,"mh_hide_event_badge_date_end":"","mh_hide_event_badge":"","mh_event_date":"2025-11-12","mh_event_date_end":"2025-11-12","mh_event_time_start":"17:00","mh_event_time_end":"20:00","mh_event_recurrence":"","mh_event_location":"","mh_event_location_url":"","mh_event_propagation":"","mh_event_type":"","mh_event_hide_start_time":false,"mh_event_hide_end_time":false,"footnotes":""},"event_genre":[],"class_list":["post-1151","event","type-event","status-publish","has-post-thumbnail","hentry"],"yoast_head":"<!-- This site is optimized with the Yoast SEO Premium plugin v21.2 (Yoast SEO v21.2) - https:\/\/yoast.com\/wordpress\/plugins\/seo\/ -->\n<title>Juleavslutning med menn i fokus - Mental Helse - Porsgrunn<\/title>\n<meta name=\"robots\" content=\"index, follow, max-snippet:-1, max-image-preview:large, max-video-preview:-1\" \/>\n<link rel=\"canonical\" href=\"https:\/\/mentalhelse.no\/porsgrunn\/event\/juleavslutning-med-menn-i-fokus\/\" \/>\n<meta property=\"og:locale\" content=\"nb_NO\" \/>\n<meta property=\"og:type\" content=\"article\" \/>\n<meta property=\"og:title\" content=\"Juleavslutning med menn i fokus\" \/>\n<meta property=\"og:description\" content=\"Hei alle menn \ud83d\ude42 vi er en gruppe voksne menn p\u00e5 4 personer som samles en onsdag i m\u00e5neden p\u00e5 Raschebakken, her samles vi for...\" \/>\n<meta property=\"og:url\" content=\"https:\/\/mentalhelse.no\/porsgrunn\/event\/juleavslutning-med-menn-i-fokus\/\" \/>\n<meta property=\"og:site_name\" content=\"Porsgrunn\" \/>\n<meta property=\"article:modified_time\" content=\"2025-11-09T19:18:17+00:00\" \/>\n<meta property=\"og:image\" content=\"https:\/\/mentalhelse.no\/content\/uploads\/sites\/278\/2023\/06\/Mann-scaled.jpg\" \/>\n\t<meta property=\"og:image:width\" content=\"2560\" \/>\n\t<meta property=\"og:image:height\" content=\"1709\" \/>\n\t<meta property=\"og:image:type\" content=\"image\/jpeg\" \/>\n<meta name=\"twitter:card\" content=\"summary_large_image\" \/>\n<meta name=\"twitter:label1\" content=\"Ansl. lesetid\" \/>\n\t<meta name=\"twitter:data1\" content=\"1 minutt\" \/>\n<script type=\"application\/ld+json\" class=\"yoast-schema-graph\">{\"@context\":\"https:\/\/schema.org\",\"@graph\":[{\"@type\":\"WebPage\",\"@id\":\"https:\/\/mentalhelse.no\/porsgrunn\/event\/juleavslutning-med-menn-i-fokus\/\",\"url\":\"https:\/\/mentalhelse.no\/porsgrunn\/event\/juleavslutning-med-menn-i-fokus\/\",\"name\":\"Juleavslutning med menn i fokus - Porsgrunn\",\"isPartOf\":{\"@id\":\"https:\/\/mentalhelse.no\/porsgrunn\/#website\"},\"datePublished\":\"2025-11-09T19:18:16+00:00\",\"dateModified\":\"2025-11-09T19:18:17+00:00\",\"breadcrumb\":{\"@id\":\"https:\/\/mentalhelse.no\/porsgrunn\/event\/juleavslutning-med-menn-i-fokus\/#breadcrumb\"},\"inLanguage\":\"nb-NO\",\"potentialAction\":[{\"@type\":\"ReadAction\",\"target\":[\"https:\/\/mentalhelse.no\/porsgrunn\/event\/juleavslutning-med-menn-i-fokus\/\"]}]},{\"@type\":\"BreadcrumbList\",\"@id\":\"https:\/\/mentalhelse.no\/porsgrunn\/event\/juleavslutning-med-menn-i-fokus\/#breadcrumb\",\"itemListElement\":[{\"@type\":\"ListItem\",\"position\":1,\"name\":\"Hjem\",\"item\":\"https:\/\/mentalhelse.no\/porsgrunn\/\"},{\"@type\":\"ListItem\",\"position\":2,\"name\":\"Arrangementer\",\"item\":\"https:\/\/mentalhelse.no\/porsgrunn\/event\/\"},{\"@type\":\"ListItem\",\"position\":3,\"name\":\"Juleavslutning med menn i fokus\"}]},{\"@type\":\"WebSite\",\"@id\":\"https:\/\/mentalhelse.no\/porsgrunn\/#website\",\"url\":\"https:\/\/mentalhelse.no\/porsgrunn\/\",\"name\":\"Porsgrunn\",\"description\":\"\",\"potentialAction\":[{\"@type\":\"SearchAction\",\"target\":{\"@type\":\"EntryPoint\",\"urlTemplate\":\"https:\/\/mentalhelse.no\/porsgrunn\/?s={search_term_string}\"},\"query-input\":\"required name=search_term_string\"}],\"inLanguage\":\"nb-NO\"}]}<\/script>\n<!-- \/ Yoast SEO Premium plugin. -->","yoast_head_json":{"title":"Juleavslutning med menn i fokus - Mental Helse - Porsgrunn","robots":{"index":"index","follow":"follow","max-snippet":"max-snippet:-1","max-image-preview":"max-image-preview:large","max-video-preview":"max-video-preview:-1"},"canonical":"https:\/\/mentalhelse.no\/porsgrunn\/event\/juleavslutning-med-menn-i-fokus\/","og_locale":"nb_NO","og_type":"article","og_title":"Juleavslutning med menn i fokus","og_description":"Hei alle menn \ud83d\ude42 vi er en gruppe voksne menn p\u00e5 4 personer som samles en onsdag i m\u00e5neden p\u00e5 Raschebakken, her samles vi for...","og_url":"https:\/\/mentalhelse.no\/porsgrunn\/event\/juleavslutning-med-menn-i-fokus\/","og_site_name":"Porsgrunn","article_modified_time":"2025-11-09T19:18:17+00:00","og_image":[{"width":2560,"height":1709,"url":"https:\/\/mentalhelse.no\/content\/uploads\/sites\/278\/2023\/06\/Mann-scaled.jpg","type":"image\/jpeg"}],"twitter_card":"summary_large_image","twitter_misc":{"Ansl. lesetid":"1 minutt"},"schema":{"@context":"https:\/\/schema.org","@graph":[{"@type":"WebPage","@id":"https:\/\/mentalhelse.no\/porsgrunn\/event\/juleavslutning-med-menn-i-fokus\/","url":"https:\/\/mentalhelse.no\/porsgrunn\/event\/juleavslutning-med-menn-i-fokus\/","name":"Juleavslutning med menn i fokus - Porsgrunn","isPartOf":{"@id":"https:\/\/mentalhelse.no\/porsgrunn\/#website"},"datePublished":"2025-11-09T19:18:16+00:00","dateModified":"2025-11-09T19:18:17+00:00","breadcrumb":{"@id":"https:\/\/mentalhelse.no\/porsgrunn\/event\/juleavslutning-med-menn-i-fokus\/#breadcrumb"},"inLanguage":"nb-NO","potentialAction":[{"@type":"ReadAction","target":["https:\/\/mentalhelse.no\/porsgrunn\/event\/juleavslutning-med-menn-i-fokus\/"]}]},{"@type":"BreadcrumbList","@id":"https:\/\/mentalhelse.no\/porsgrunn\/event\/juleavslutning-med-menn-i-fokus\/#breadcrumb","itemListElement":[{"@type":"ListItem","position":1,"name":"Hjem","item":"https:\/\/mentalhelse.no\/porsgrunn\/"},{"@type":"ListItem","position":2,"name":"Arrangementer","item":"https:\/\/mentalhelse.no\/porsgrunn\/event\/"},{"@type":"ListItem","position":3,"name":"Juleavslutning med menn i fokus"}]},{"@type":"WebSite","@id":"https:\/\/mentalhelse.no\/porsgrunn\/#website","url":"https:\/\/mentalhelse.no\/porsgrunn\/","name":"Porsgrunn","description":"","potentialAction":[{"@type":"SearchAction","target":{"@type":"EntryPoint","urlTemplate":"https:\/\/mentalhelse.no\/porsgrunn\/?s={search_term_string}"},"query-input":"required name=search_term_string"}],"inLanguage":"nb-NO"}]}},"_links":{"self":[{"href":"https:\/\/mentalhelse.no\/porsgrunn\/wp-json\/wp\/v2\/event\/1151","targetHints":{"allow":["GET"]}}],"collection":[{"href":"https:\/\/mentalhelse.no\/porsgrunn\/wp-json\/wp\/v2\/event"}],"about":[{"href":"https:\/\/mentalhelse.no\/porsgrunn\/wp-json\/wp\/v2\/types\/event"}],"version-history":[{"count":1,"href":"https:\/\/mentalhelse.no\/porsgrunn\/wp-json\/wp\/v2\/event\/1151\/revisions"}],"predecessor-version":[{"id":1153,"href":"https:\/\/mentalhelse.no\/porsgrunn\/wp-json\/wp\/v2\/event\/1151\/revisions\/1153"}],"wp:featuredmedia":[{"embeddable":true,"href":"https:\/\/mentalhelse.no\/porsgrunn\/wp-json\/wp\/v2\/media\/1004"}],"wp:attachment":[{"href":"https:\/\/mentalhelse.no\/porsgrunn\/wp-json\/wp\/v2\/media?parent=1151"}],"wp:term":[{"taxonomy":"event_genre","embeddable":true,"href":"https:\/\/mentalhelse.no\/porsgrunn\/wp-json\/wp\/v2\/event_genre?post=1151"}],"curies":[{"name":"wp","href":"https:\/\/api.w.org\/{rel}","templated":true}]}}