{"id":1483,"date":"2025-01-08T08:29:10","date_gmt":"2025-01-08T08:29:10","guid":{"rendered":"https:\/\/mentalhelse.no\/skien\/?post_type=event&#038;p=1483"},"modified":"2025-01-08T08:29:11","modified_gmt":"2025-01-08T08:29:11","slug":"smerter-psyke-og-rus","status":"publish","type":"event","link":"https:\/\/mentalhelse.no\/skien\/event\/smerter-psyke-og-rus\/","title":{"rendered":"Smerter, psyke og rus"},"content":{"rendered":"<figure style=\"aspect-ratio:16\/9;\" class=\"alignwide wp-block-post-featured-image\"><img loading=\"lazy\" decoding=\"async\" width=\"2560\" height=\"1707\" src=\"https:\/\/mentalhelse.no\/content\/uploads\/sites\/284\/2025\/01\/Smerter-psykisk-helse-scaled.jpg\" class=\"attachment-post-thumbnail size-post-thumbnail wp-post-image\" alt=\"\" style=\"width:100%;height:100%;object-fit:cover; --focal-point: 50% 50%;\" srcset=\"https:\/\/mentalhelse.no\/content\/uploads\/sites\/284\/2025\/01\/Smerter-psykisk-helse-scaled.jpg 2560w, https:\/\/mentalhelse.no\/content\/uploads\/sites\/284\/2025\/01\/Smerter-psykisk-helse-300x200.jpg 300w, https:\/\/mentalhelse.no\/content\/uploads\/sites\/284\/2025\/01\/Smerter-psykisk-helse-1024x683.jpg 1024w, https:\/\/mentalhelse.no\/content\/uploads\/sites\/284\/2025\/01\/Smerter-psykisk-helse-768x512.jpg 768w, https:\/\/mentalhelse.no\/content\/uploads\/sites\/284\/2025\/01\/Smerter-psykisk-helse-1536x1024.jpg 1536w, https:\/\/mentalhelse.no\/content\/uploads\/sites\/284\/2025\/01\/Smerter-psykisk-helse-2048x1365.jpg 2048w\" sizes=\"auto, (max-width: 2560px) 100vw, 2560px\" \/><\/figure>\n\n<div class=\"mh-event-date-badge wp-block-mh-event-date-badge\">\n\t\t\t\t\t<div class=\"mh-event-date-badge__inner\">\n\t\t\t\t\t\n\t\t<div class=\"mh-event-date-badge__date-block\">\n\t\t\t<div class=\"mh-event-date-badge__day\">13<\/div>\n\t\t\t<div class=\"mh-event-date-badge__month\">feb<\/div>\n\t\t\t<div class=\"mh-event-date-badge__year\"><\/div>\n\t\t<\/div>\n\t\t\t\t\t<\/div>\n\t\t\t\t<\/div>\n\n<h1 class=\"wp-block-post-title\">Smerter, psyke og rus<\/h1>\n\n\n<p><strong><em>Hvordan henger smerter sammen med psykisk helse og rusmiddelbruk?<\/em><\/strong><br><\/p>\n\n\n\n<p><strong>Torsdag 13. februar kl. 9.00\u201314.30<\/strong><br><strong>P\u00e5melding:<\/strong> Innen 6. februar her: <strong><a href=\"https:\/\/pameldinger.no\/e\/iypxmz\">https:\/\/pameldinger.no\/e\/iypxmz<\/a><\/strong><br><strong>Sted:<\/strong> Ibsenhuset, Skien<br><strong>Arrang\u00f8r:<\/strong> Mental Helse Skien \/ J\u00f8rn-Roger Steen, tlf. 41384384, skien@mentalhelse.no.<br><strong>Deltakere:<\/strong> Brukere av, og fagpersoner ansatt i, helsetjenestene i Telemark.<br><strong>Foredragsholdere: <\/strong>Siv Tonje Luneng, psykologspesialist hos KORUS s\u00f8r og J\u00f8rn Roger Steen, leder i Mental Helse Skien.<\/p>\n\n\n\n<h2 class=\"wp-block-heading\" id=\"h-psykiske-lidelser-somatiske-sykdommer-og-problematisk-bruk-av-rusmidler-henger-sammen-og-bor-behandles-under-ett\"><br>\u00abPsykiske lidelser, somatiske sykdommer og problematisk bruk av rusmidler henger sammen og b\u00f8r behandles under ett\u00bb<\/h2>\n\n\n\n<p><em>Fra: Nasjonalt pasientforl\u00f8p somatisk helse og levevaner ved psykiske lidelser og\/eller rusmiddelproblemer<\/em><br><\/p>\n\n\n\n<p>Mennesket er alltid helhetlig og b\u00f8r behandles som det. Likevel har helsevesenet i stor grad adskilte avdelinger for ulike deler av kroppen, i tillegg til separate avdelinger for rus- og psykiske lidelser. Smertefeltet har v\u00e6rt i stor utvikling de siste ti\u00e5rene og har g\u00e5tt fra prim\u00e6rt biomedisinske intervensjoner til mer biopsykososial tiln\u00e6rming.<br><\/p>\n\n\n\n<p>Med denne fagdagen \u00f8nsker vi \u00e5 bidra til at brukere og ansatte l\u00e6rer mer om sammenhenger mellom psyke og smerter. Slik at de f\u00e5r flere mestringsverkt\u00f8y \u00e5 gripe til og lettere kan finne behandling som hjelper.<br><\/p>\n\n\n\n<p>Siv Tonje vil gi p\u00e5fyll av nyttig fagstoff. Mens J\u00f8rn Roger vil gi liv til teoriene ved \u00e5 supplere med sine opplevelser med smerter og fremheve muligheter og h\u00e5p.<br><\/p>\n\n\n\n<p><strong>Dagen blir lagt opp hverdagsn\u00e6rt med variasjon mellom undervisning, \u00f8velser og refleksjon. Det blir lagt inn pauser underveis<\/strong>.<\/p>\n\n\n\n<p>Program : <\/p>\n\n\n\n<ul class=\"wp-block-list\">\n<li>08.45\u201309.00 Oppm\u00f8te og registrering<\/li>\n\n\n\n<li>09.00\u201311.30 Sunn utvikling, stressreaksjoner, traumer, rus, smerter<\/li>\n\n\n\n<li>11.30\u201312.15 LUNSJ<\/li>\n\n\n\n<li>12.15\u201314.15 H\u00f8na eller egget? Psykiske og somatiske lidelser, avhengighet, rus- og legemidler. Det gode liv: Ressursjobbing og kroppslig regulering. Relasjoner. Aktivitet, natur og kultur.<\/li>\n\n\n\n<li>14.15\u201314.30<\/li>\n\n\n\n<li>Oppsummering og avslutning<\/li>\n<\/ul>\n\n\n\n\t\t<div class=\"mh-event-details wp-block-mh-event-details\">\n\t\t\t<div class=\"mh-event-details__inner\">\n\t\t\t\t<div class=\"mh-event-details__date-wrap\"><div class=\"mh-event-details__date\"><svg xmlns=\"http:\/\/www.w3.org\/2000\/svg\" viewBox=\"0 0 24 24\" height=\"24\" width=\"24\" class=\"t2-icon t2-icon-mh-calendar\" aria-hidden=\"true\" focusable=\"false\"><path fill-rule=\"evenodd\" clip-rule=\"evenodd\" d=\"M8 1.5C8.27614 1.5 8.5 1.72386 8.5 2V3.5H15.5V2C15.5 1.72386 15.7239 1.5 16 1.5C16.2761 1.5 16.5 1.72386 16.5 2V3.5H19C20.3807 3.5 21.5 4.61929 21.5 6V20C21.5 21.3807 20.3807 22.5 19 22.5H5C3.61929 22.5 2.5 21.3807 2.5 20V6C2.5 4.61929 3.61929 3.5 5 3.5H7.5V2C7.5 1.72386 7.72386 1.5 8 1.5ZM7.5 4.5H5C4.17157 4.5 3.5 5.17157 3.5 6V9.5H20.5V6C20.5 5.17157 19.8285 4.5 19 4.5H16.5V6C16.5 6.27614 16.2761 6.5 16 6.5C15.7239 6.5 15.5 6.27614 15.5 6V4.5H8.5V6C8.5 6.27614 8.27614 6.5 8 6.5C7.72386 6.5 7.5 6.27614 7.5 6V4.5ZM20.5 10.5H3.5V20C3.5 20.8285 4.17157 21.5 5 21.5H19C19.8285 21.5 20.5 20.8285 20.5 20V10.5Z\" fill=\"currentColor\"\/><\/svg><date>13. februar 2025<\/date><\/div><\/div><div class=\"mh-event-details__time\"><svg xmlns=\"http:\/\/www.w3.org\/2000\/svg\" viewBox=\"0 0 24 24\" height=\"24\" width=\"24\" class=\"t2-icon t2-icon-mh-clock\" aria-hidden=\"true\" focusable=\"false\"><path fill-rule=\"evenodd\" clip-rule=\"evenodd\" d=\"M12.275 4.5C7.98098 4.5 4.5 7.98098 4.5 12.275C4.5 16.5691 7.98098 20.05 12.275 20.05C16.5691 20.05 20.05 16.5691 20.05 12.275C20.05 7.98098 16.5691 4.5 12.275 4.5ZM3.5 12.275C3.5 7.4287 7.4287 3.5 12.275 3.5C17.1213 3.5 21.05 7.4287 21.05 12.275C21.05 17.1213 17.1213 21.05 12.275 21.05C7.4287 21.05 3.5 17.1213 3.5 12.275ZM12.275 6.80999C12.5511 6.80999 12.775 7.03385 12.775 7.30999V11.966L15.8086 13.4828C16.0556 13.6063 16.1557 13.9066 16.0322 14.1536C15.9087 14.4006 15.6084 14.5007 15.3614 14.3772L12.0514 12.7222C11.882 12.6375 11.775 12.4644 11.775 12.275V7.30999C11.775 7.03385 11.9989 6.80999 12.275 6.80999Z\" fill=\"currentColor\"\/><\/svg><time>  08:45 &#8211; 14:30<\/time><\/div><div class=\"mh-event-details__location\"><svg xmlns=\"http:\/\/www.w3.org\/2000\/svg\" viewBox=\"0 0 24 24\" height=\"24\" width=\"24\" class=\"t2-icon t2-icon-mh-map-pin\" aria-hidden=\"true\" focusable=\"false\"><path fill-rule=\"evenodd\" clip-rule=\"evenodd\" d=\"M11.9028 3.75C10.1384 3.75 8.4462 4.45092 7.19856 5.69856C5.95092 6.94621 5.25 8.63837 5.25 10.4028C5.25 12.9835 6.92107 15.4445 8.68938 17.3111C9.5633 18.2335 10.4389 18.9877 11.0966 19.5115C11.4251 19.773 11.6982 19.9763 11.8882 20.1135C11.8931 20.1171 11.898 20.1206 11.9028 20.124C11.9076 20.1206 11.9125 20.1171 11.9174 20.1135C12.1074 19.9763 12.3805 19.773 12.709 19.5115C13.3667 18.9877 14.2423 18.2335 15.1162 17.3111C16.8845 15.4445 18.5556 12.9835 18.5556 10.4028C18.5556 8.63837 17.8547 6.9462 16.607 5.69856C15.3594 4.45092 13.6672 3.75 11.9028 3.75ZM11.9028 20.7346C11.6255 21.1506 11.6252 21.1504 11.6252 21.1504L11.6185 21.146L11.6013 21.1344C11.5866 21.1243 11.5653 21.1098 11.5378 21.0907C11.4828 21.0527 11.4033 20.9968 11.3027 20.9242C11.1015 20.7789 10.8158 20.5662 10.4737 20.2937C9.79027 19.7495 8.87769 18.9639 7.96342 17.9988C6.15533 16.0903 4.25 13.3854 4.25 10.4028C4.25 8.37315 5.05628 6.42663 6.49146 4.99146C7.92664 3.55628 9.87319 2.75 11.9028 2.75C13.9324 2.75 15.879 3.55628 17.3142 4.99146C18.7493 6.42664 19.5556 8.37315 19.5556 10.4028C19.5556 13.3854 17.6503 16.0903 15.8422 17.9988C14.9279 18.9639 14.0153 19.7495 13.3319 20.2937C12.9898 20.5662 12.7041 20.7789 12.5029 20.9242C12.4023 20.9968 12.3228 21.0527 12.2678 21.0907C12.2403 21.1098 12.219 21.1243 12.2042 21.1344L12.1871 21.146L12.1809 21.1501C12.1809 21.1501 12.1801 21.1506 11.9028 20.7346ZM11.9028 20.7346L12.1809 21.1501C12.013 21.2621 11.7931 21.2624 11.6252 21.1504L11.9028 20.7346Z\" fill=\"currentColor\"\/><path fill-rule=\"evenodd\" clip-rule=\"evenodd\" d=\"M9.01853 10.4027C9.01853 8.8098 10.3099 7.51846 11.9028 7.51846C13.4957 7.51846 14.7871 8.80979 14.7871 10.4027C14.7871 11.9956 13.4957 13.287 11.9028 13.287C10.3098 13.287 9.01853 11.9956 9.01853 10.4027ZM11.9028 8.51846C10.8621 8.51846 10.0185 9.36209 10.0185 10.4027C10.0185 11.4434 10.8622 12.287 11.9028 12.287C12.9435 12.287 13.7871 11.4434 13.7871 10.4027C13.7871 9.36209 12.9435 8.51846 11.9028 8.51846Z\" fill=\"currentColor\"\/><\/svg><address>Lundegata 6, 3724 Skien<\/address><\/div>\n\t\t\t\t\n\t\t\t<\/div>\n\t\t<\/div>\n\n\n<p><\/p>\n\n\n","protected":false},"excerpt":{"rendered":"<p>Hvordan henger smerter sammen med psykisk helse og rusmiddelbruk? Torsdag 13. februar kl. 9.00\u201314.30P\u00e5melding: Innen 6. februar her: https:\/\/pameldinger.no\/e\/iypxmzSted: Ibsenhuset, SkienArrang\u00f8r: Mental Helse Skien \/&#8230;<\/p>\n","protected":false},"featured_media":1484,"menu_order":0,"template":"","meta":{"t2_featured_media_focal_point":{"x":0.5,"y":0.5},"mh_hide_title":true,"mh_hide_event_badge_date_end":"","mh_hide_event_badge":"","mh_event_date":"2025-2-13","mh_event_date_end":"","mh_event_time_start":"08:45","mh_event_time_end":"14:30","mh_event_recurrence":"","mh_event_location":"Lundegata 6, 3724 Skien","mh_event_location_url":"","mh_event_propagation":"","mh_event_type":"","mh_event_hide_start_time":false,"mh_event_hide_end_time":false,"footnotes":""},"event_genre":[63,48,51,59],"class_list":["post-1483","event","type-event","status-publish","has-post-thumbnail","hentry","event_genre-fagdag","event_genre-mental-helse","event_genre-psykisk-helse","event_genre-skien-mental-helse-2"],"yoast_head":"<!-- This site is optimized with the Yoast SEO Premium plugin v21.2 (Yoast SEO v21.2) - https:\/\/yoast.com\/wordpress\/plugins\/seo\/ -->\n<title>Smerter, psyke og rus - Mental Helse - Skien<\/title>\n<meta name=\"robots\" content=\"index, follow, max-snippet:-1, max-image-preview:large, max-video-preview:-1\" \/>\n<link rel=\"canonical\" href=\"https:\/\/mentalhelse.no\/skien\/event\/smerter-psyke-og-rus\/\" \/>\n<meta property=\"og:locale\" content=\"nb_NO\" \/>\n<meta property=\"og:type\" content=\"article\" \/>\n<meta property=\"og:title\" content=\"Smerter, psyke og rus\" \/>\n<meta property=\"og:description\" content=\"Hvordan henger smerter sammen med psykisk helse og rusmiddelbruk? Torsdag 13. februar kl. 9.00\u201314.30P\u00e5melding: Innen 6. februar her: https:\/\/pameldinger.no\/e\/iypxmzSted: Ibsenhuset, SkienArrang\u00f8r: Mental Helse Skien \/...\" \/>\n<meta property=\"og:url\" content=\"https:\/\/mentalhelse.no\/skien\/event\/smerter-psyke-og-rus\/\" \/>\n<meta property=\"og:site_name\" content=\"Skien\" \/>\n<meta property=\"article:modified_time\" content=\"2025-01-08T08:29:11+00:00\" \/>\n<meta property=\"og:image\" content=\"https:\/\/mentalhelse.no\/content\/uploads\/sites\/284\/2025\/01\/Smerter-psykisk-helse-scaled.jpg\" \/>\n\t<meta property=\"og:image:width\" content=\"2560\" \/>\n\t<meta property=\"og:image:height\" content=\"1707\" \/>\n\t<meta property=\"og:image:type\" content=\"image\/jpeg\" \/>\n<meta name=\"twitter:card\" content=\"summary_large_image\" \/>\n<meta name=\"twitter:label1\" content=\"Ansl. lesetid\" \/>\n\t<meta name=\"twitter:data1\" content=\"2 minutter\" \/>\n<script type=\"application\/ld+json\" class=\"yoast-schema-graph\">{\"@context\":\"https:\/\/schema.org\",\"@graph\":[{\"@type\":\"WebPage\",\"@id\":\"https:\/\/mentalhelse.no\/skien\/event\/smerter-psyke-og-rus\/\",\"url\":\"https:\/\/mentalhelse.no\/skien\/event\/smerter-psyke-og-rus\/\",\"name\":\"Smerter, psyke og rus - Skien\",\"isPartOf\":{\"@id\":\"https:\/\/mentalhelse.no\/skien\/#website\"},\"datePublished\":\"2025-01-08T08:29:10+00:00\",\"dateModified\":\"2025-01-08T08:29:11+00:00\",\"breadcrumb\":{\"@id\":\"https:\/\/mentalhelse.no\/skien\/event\/smerter-psyke-og-rus\/#breadcrumb\"},\"inLanguage\":\"nb-NO\",\"potentialAction\":[{\"@type\":\"ReadAction\",\"target\":[\"https:\/\/mentalhelse.no\/skien\/event\/smerter-psyke-og-rus\/\"]}]},{\"@type\":\"BreadcrumbList\",\"@id\":\"https:\/\/mentalhelse.no\/skien\/event\/smerter-psyke-og-rus\/#breadcrumb\",\"itemListElement\":[{\"@type\":\"ListItem\",\"position\":1,\"name\":\"Hjem\",\"item\":\"https:\/\/mentalhelse.no\/skien\/\"},{\"@type\":\"ListItem\",\"position\":2,\"name\":\"Arrangementer\",\"item\":\"https:\/\/mentalhelse.no\/skien\/event\/\"},{\"@type\":\"ListItem\",\"position\":3,\"name\":\"Smerter, psyke og rus\"}]},{\"@type\":\"WebSite\",\"@id\":\"https:\/\/mentalhelse.no\/skien\/#website\",\"url\":\"https:\/\/mentalhelse.no\/skien\/\",\"name\":\"Skien\",\"description\":\"\",\"potentialAction\":[{\"@type\":\"SearchAction\",\"target\":{\"@type\":\"EntryPoint\",\"urlTemplate\":\"https:\/\/mentalhelse.no\/skien\/?s={search_term_string}\"},\"query-input\":\"required name=search_term_string\"}],\"inLanguage\":\"nb-NO\"}]}<\/script>\n<!-- \/ Yoast SEO Premium plugin. -->","yoast_head_json":{"title":"Smerter, psyke og rus - Mental Helse - Skien","robots":{"index":"index","follow":"follow","max-snippet":"max-snippet:-1","max-image-preview":"max-image-preview:large","max-video-preview":"max-video-preview:-1"},"canonical":"https:\/\/mentalhelse.no\/skien\/event\/smerter-psyke-og-rus\/","og_locale":"nb_NO","og_type":"article","og_title":"Smerter, psyke og rus","og_description":"Hvordan henger smerter sammen med psykisk helse og rusmiddelbruk? Torsdag 13. februar kl. 9.00\u201314.30P\u00e5melding: Innen 6. februar her: https:\/\/pameldinger.no\/e\/iypxmzSted: Ibsenhuset, SkienArrang\u00f8r: Mental Helse Skien \/...","og_url":"https:\/\/mentalhelse.no\/skien\/event\/smerter-psyke-og-rus\/","og_site_name":"Skien","article_modified_time":"2025-01-08T08:29:11+00:00","og_image":[{"width":2560,"height":1707,"url":"https:\/\/mentalhelse.no\/content\/uploads\/sites\/284\/2025\/01\/Smerter-psykisk-helse-scaled.jpg","type":"image\/jpeg"}],"twitter_card":"summary_large_image","twitter_misc":{"Ansl. lesetid":"2 minutter"},"schema":{"@context":"https:\/\/schema.org","@graph":[{"@type":"WebPage","@id":"https:\/\/mentalhelse.no\/skien\/event\/smerter-psyke-og-rus\/","url":"https:\/\/mentalhelse.no\/skien\/event\/smerter-psyke-og-rus\/","name":"Smerter, psyke og rus - Skien","isPartOf":{"@id":"https:\/\/mentalhelse.no\/skien\/#website"},"datePublished":"2025-01-08T08:29:10+00:00","dateModified":"2025-01-08T08:29:11+00:00","breadcrumb":{"@id":"https:\/\/mentalhelse.no\/skien\/event\/smerter-psyke-og-rus\/#breadcrumb"},"inLanguage":"nb-NO","potentialAction":[{"@type":"ReadAction","target":["https:\/\/mentalhelse.no\/skien\/event\/smerter-psyke-og-rus\/"]}]},{"@type":"BreadcrumbList","@id":"https:\/\/mentalhelse.no\/skien\/event\/smerter-psyke-og-rus\/#breadcrumb","itemListElement":[{"@type":"ListItem","position":1,"name":"Hjem","item":"https:\/\/mentalhelse.no\/skien\/"},{"@type":"ListItem","position":2,"name":"Arrangementer","item":"https:\/\/mentalhelse.no\/skien\/event\/"},{"@type":"ListItem","position":3,"name":"Smerter, psyke og rus"}]},{"@type":"WebSite","@id":"https:\/\/mentalhelse.no\/skien\/#website","url":"https:\/\/mentalhelse.no\/skien\/","name":"Skien","description":"","potentialAction":[{"@type":"SearchAction","target":{"@type":"EntryPoint","urlTemplate":"https:\/\/mentalhelse.no\/skien\/?s={search_term_string}"},"query-input":"required name=search_term_string"}],"inLanguage":"nb-NO"}]}},"_links":{"self":[{"href":"https:\/\/mentalhelse.no\/skien\/wp-json\/wp\/v2\/event\/1483","targetHints":{"allow":["GET"]}}],"collection":[{"href":"https:\/\/mentalhelse.no\/skien\/wp-json\/wp\/v2\/event"}],"about":[{"href":"https:\/\/mentalhelse.no\/skien\/wp-json\/wp\/v2\/types\/event"}],"version-history":[{"count":2,"href":"https:\/\/mentalhelse.no\/skien\/wp-json\/wp\/v2\/event\/1483\/revisions"}],"predecessor-version":[{"id":1486,"href":"https:\/\/mentalhelse.no\/skien\/wp-json\/wp\/v2\/event\/1483\/revisions\/1486"}],"wp:featuredmedia":[{"embeddable":true,"href":"https:\/\/mentalhelse.no\/skien\/wp-json\/wp\/v2\/media\/1484"}],"wp:attachment":[{"href":"https:\/\/mentalhelse.no\/skien\/wp-json\/wp\/v2\/media?parent=1483"}],"wp:term":[{"taxonomy":"event_genre","embeddable":true,"href":"https:\/\/mentalhelse.no\/skien\/wp-json\/wp\/v2\/event_genre?post=1483"}],"curies":[{"name":"wp","href":"https:\/\/api.w.org\/{rel}","templated":true}]}}