{"id":1681,"date":"2025-11-09T21:15:00","date_gmt":"2025-11-09T21:15:00","guid":{"rendered":"https:\/\/mentalhelse.no\/skien\/?post_type=event&#038;p=1681"},"modified":"2025-11-09T21:15:00","modified_gmt":"2025-11-09T21:15:00","slug":"tema-psykisk-helse","status":"publish","type":"event","link":"https:\/\/mentalhelse.no\/skien\/event\/tema-psykisk-helse\/","title":{"rendered":"Tema: Psykisk Helse"},"content":{"rendered":"<figure class=\"alignwide wp-block-post-featured-image\"><img loading=\"lazy\" decoding=\"async\" width=\"2560\" height=\"1440\" src=\"https:\/\/mentalhelse.no\/content\/uploads\/sites\/284\/2025\/11\/Pink-and-Cream-Modern-Gradient-Wedding-Facebook-Event-Cover-1-1-scaled.jpg\" class=\"attachment-post-thumbnail size-post-thumbnail wp-post-image\" alt=\"\" style=\"object-fit:cover; --focal-point: 50% 50%;\" srcset=\"https:\/\/mentalhelse.no\/content\/uploads\/sites\/284\/2025\/11\/Pink-and-Cream-Modern-Gradient-Wedding-Facebook-Event-Cover-1-1-scaled.jpg 2560w, https:\/\/mentalhelse.no\/content\/uploads\/sites\/284\/2025\/11\/Pink-and-Cream-Modern-Gradient-Wedding-Facebook-Event-Cover-1-1-300x169.jpg 300w, https:\/\/mentalhelse.no\/content\/uploads\/sites\/284\/2025\/11\/Pink-and-Cream-Modern-Gradient-Wedding-Facebook-Event-Cover-1-1-1024x576.jpg 1024w, https:\/\/mentalhelse.no\/content\/uploads\/sites\/284\/2025\/11\/Pink-and-Cream-Modern-Gradient-Wedding-Facebook-Event-Cover-1-1-768x432.jpg 768w, https:\/\/mentalhelse.no\/content\/uploads\/sites\/284\/2025\/11\/Pink-and-Cream-Modern-Gradient-Wedding-Facebook-Event-Cover-1-1-1536x864.jpg 1536w, https:\/\/mentalhelse.no\/content\/uploads\/sites\/284\/2025\/11\/Pink-and-Cream-Modern-Gradient-Wedding-Facebook-Event-Cover-1-1-2048x1152.jpg 2048w\" sizes=\"auto, (max-width: 2560px) 100vw, 2560px\" \/><\/figure>\n\n<div class=\"mh-event-date-badge wp-block-mh-event-date-badge\">\n\t\t\t\t\t<div class=\"mh-event-date-badge__inner\">\n\t\t\t\t\t\n\t\t<div class=\"mh-event-date-badge__date-block\">\n\t\t\t<div class=\"mh-event-date-badge__day\">18<\/div>\n\t\t\t<div class=\"mh-event-date-badge__month\">nov<\/div>\n\t\t\t<div class=\"mh-event-date-badge__year\"><\/div>\n\t\t<\/div>\n\t\t\t\t\t<\/div>\n\t\t\t\t<\/div>\n\n<h1 class=\"wp-block-post-title\">Tema: Psykisk Helse<\/h1>\n\n\n<p>Tema: Psykisk helse<\/p>\n\n\n\n<p>Mental Helse Skien inviterer til foredragskveld<\/p>\n\n\n\n<p><strong>Terje Forsberg<\/strong> holder foredrag med tittelen:<br><em>&laquo;Alle mennesker har en verdi \u2013 uansett fortid&raquo;<\/em><\/p>\n\n\n\n<p>Terje Forsberg har levd et liv f\u00e5 kan forestille seg. Med en frar\u00f8vet barndom preget av omsorgssvikt og mobbing, ble han stemplet som &laquo;dum&raquo; og tatt ut av skolen som 8-\u00e5ring. Han kunne ikke lese eller skrive f\u00f8r han var 21 \u00e5r.<\/p>\n\n\n\n<p>I dag er han forfatter av fem b\u00f8ker, prisvinner og en av Norges mest gripende foredragsholdere med over 3000 foredrag bak seg. Gjennom sin \u00e6rlige og varme formidling deler han hvordan han gikk fra m\u00f8rke til lys \u2013 og minner oss om at det alltid er en vei videre.<\/p>\n\n\n\n<p>&laquo;Dersom du er 15% \u00f8delagt, er det fortsatt 85% igjen.&raquo;<\/p>\n\n\n\n<p><strong>Ove Kleppa<\/strong> forteller om:<br><em>Forbedringspris og nyskapende arbeid i BUP Grenland S\u00f8r<\/em><\/p>\n\n\n\n<p>Ove Kleppa er seksjonsleder ved BUP Grenland S\u00f8r og mottok i 2025 Helse S\u00f8r-\u00d8sts forbedringspris for teamets nyskapende arbeid med ADHD-behandling. Gjennom smart oppgavedeling mellom lege og sykepleier har de frigjort legekapasitet, redusert ventetider og \u00f8kt pasienttilfredsheten betydelig.<\/p>\n\n\n\n<p>Ove vil dele erfaringer fra det prisbel\u00f8nte forbedringsarbeidet og gi innsikt i hvordan BUP jobber for \u00e5 gi barn og unge med psykiske vansker et bedre tilbud. Han vil ogs\u00e5 fortelle om hva BUP kan tilby familier som trenger hjelp.<\/p>\n\n\n\n<p>Arrangementet er \u00e5pent for alle og alle er hjertelig velkommen!<\/p>\n\n\n\n<p>Det blir enkel servering<\/p>\n\n\n\n\t\t<div class=\"mh-event-details wp-block-mh-event-details\">\n\t\t\t<div class=\"mh-event-details__inner\">\n\t\t\t\t<div class=\"mh-event-details__date-wrap\"><div class=\"mh-event-details__date\"><svg xmlns=\"http:\/\/www.w3.org\/2000\/svg\" viewBox=\"0 0 24 24\" height=\"24\" width=\"24\" class=\"t2-icon t2-icon-mh-calendar\" aria-hidden=\"true\" focusable=\"false\"><path fill-rule=\"evenodd\" clip-rule=\"evenodd\" d=\"M8 1.5C8.27614 1.5 8.5 1.72386 8.5 2V3.5H15.5V2C15.5 1.72386 15.7239 1.5 16 1.5C16.2761 1.5 16.5 1.72386 16.5 2V3.5H19C20.3807 3.5 21.5 4.61929 21.5 6V20C21.5 21.3807 20.3807 22.5 19 22.5H5C3.61929 22.5 2.5 21.3807 2.5 20V6C2.5 4.61929 3.61929 3.5 5 3.5H7.5V2C7.5 1.72386 7.72386 1.5 8 1.5ZM7.5 4.5H5C4.17157 4.5 3.5 5.17157 3.5 6V9.5H20.5V6C20.5 5.17157 19.8285 4.5 19 4.5H16.5V6C16.5 6.27614 16.2761 6.5 16 6.5C15.7239 6.5 15.5 6.27614 15.5 6V4.5H8.5V6C8.5 6.27614 8.27614 6.5 8 6.5C7.72386 6.5 7.5 6.27614 7.5 6V4.5ZM20.5 10.5H3.5V20C3.5 20.8285 4.17157 21.5 5 21.5H19C19.8285 21.5 20.5 20.8285 20.5 20V10.5Z\" fill=\"currentColor\"\/><\/svg><date>18. november 2025<\/date><\/div><\/div><div class=\"mh-event-details__time\"><svg xmlns=\"http:\/\/www.w3.org\/2000\/svg\" viewBox=\"0 0 24 24\" height=\"24\" width=\"24\" class=\"t2-icon t2-icon-mh-clock\" aria-hidden=\"true\" focusable=\"false\"><path fill-rule=\"evenodd\" clip-rule=\"evenodd\" d=\"M12.275 4.5C7.98098 4.5 4.5 7.98098 4.5 12.275C4.5 16.5691 7.98098 20.05 12.275 20.05C16.5691 20.05 20.05 16.5691 20.05 12.275C20.05 7.98098 16.5691 4.5 12.275 4.5ZM3.5 12.275C3.5 7.4287 7.4287 3.5 12.275 3.5C17.1213 3.5 21.05 7.4287 21.05 12.275C21.05 17.1213 17.1213 21.05 12.275 21.05C7.4287 21.05 3.5 17.1213 3.5 12.275ZM12.275 6.80999C12.5511 6.80999 12.775 7.03385 12.775 7.30999V11.966L15.8086 13.4828C16.0556 13.6063 16.1557 13.9066 16.0322 14.1536C15.9087 14.4006 15.6084 14.5007 15.3614 14.3772L12.0514 12.7222C11.882 12.6375 11.775 12.4644 11.775 12.275V7.30999C11.775 7.03385 11.9989 6.80999 12.275 6.80999Z\" fill=\"currentColor\"\/><\/svg><time>  17:00<\/time><\/div><div class=\"mh-event-details__location\"><svg xmlns=\"http:\/\/www.w3.org\/2000\/svg\" viewBox=\"0 0 24 24\" height=\"24\" width=\"24\" class=\"t2-icon t2-icon-mh-map-pin\" aria-hidden=\"true\" focusable=\"false\"><path fill-rule=\"evenodd\" clip-rule=\"evenodd\" d=\"M11.9028 3.75C10.1384 3.75 8.4462 4.45092 7.19856 5.69856C5.95092 6.94621 5.25 8.63837 5.25 10.4028C5.25 12.9835 6.92107 15.4445 8.68938 17.3111C9.5633 18.2335 10.4389 18.9877 11.0966 19.5115C11.4251 19.773 11.6982 19.9763 11.8882 20.1135C11.8931 20.1171 11.898 20.1206 11.9028 20.124C11.9076 20.1206 11.9125 20.1171 11.9174 20.1135C12.1074 19.9763 12.3805 19.773 12.709 19.5115C13.3667 18.9877 14.2423 18.2335 15.1162 17.3111C16.8845 15.4445 18.5556 12.9835 18.5556 10.4028C18.5556 8.63837 17.8547 6.9462 16.607 5.69856C15.3594 4.45092 13.6672 3.75 11.9028 3.75ZM11.9028 20.7346C11.6255 21.1506 11.6252 21.1504 11.6252 21.1504L11.6185 21.146L11.6013 21.1344C11.5866 21.1243 11.5653 21.1098 11.5378 21.0907C11.4828 21.0527 11.4033 20.9968 11.3027 20.9242C11.1015 20.7789 10.8158 20.5662 10.4737 20.2937C9.79027 19.7495 8.87769 18.9639 7.96342 17.9988C6.15533 16.0903 4.25 13.3854 4.25 10.4028C4.25 8.37315 5.05628 6.42663 6.49146 4.99146C7.92664 3.55628 9.87319 2.75 11.9028 2.75C13.9324 2.75 15.879 3.55628 17.3142 4.99146C18.7493 6.42664 19.5556 8.37315 19.5556 10.4028C19.5556 13.3854 17.6503 16.0903 15.8422 17.9988C14.9279 18.9639 14.0153 19.7495 13.3319 20.2937C12.9898 20.5662 12.7041 20.7789 12.5029 20.9242C12.4023 20.9968 12.3228 21.0527 12.2678 21.0907C12.2403 21.1098 12.219 21.1243 12.2042 21.1344L12.1871 21.146L12.1809 21.1501C12.1809 21.1501 12.1801 21.1506 11.9028 20.7346ZM11.9028 20.7346L12.1809 21.1501C12.013 21.2621 11.7931 21.2624 11.6252 21.1504L11.9028 20.7346Z\" fill=\"currentColor\"\/><path fill-rule=\"evenodd\" clip-rule=\"evenodd\" d=\"M9.01853 10.4027C9.01853 8.8098 10.3099 7.51846 11.9028 7.51846C13.4957 7.51846 14.7871 8.80979 14.7871 10.4027C14.7871 11.9956 13.4957 13.287 11.9028 13.287C10.3098 13.287 9.01853 11.9956 9.01853 10.4027ZM11.9028 8.51846C10.8621 8.51846 10.0185 9.36209 10.0185 10.4027C10.0185 11.4434 10.8622 12.287 11.9028 12.287C12.9435 12.287 13.7871 11.4434 13.7871 10.4027C13.7871 9.36209 12.9435 8.51846 11.9028 8.51846Z\" fill=\"currentColor\"\/><\/svg><address>Lie Bydelshus Cappelens gate 8 3717 Skien<\/address><\/div>\n\t\t\t\t\n\t\t\t<\/div>\n\t\t<\/div>\n\n\n<p><\/p>\n\n\n\n\t\t<div class=\"mh-event-latest t2-featured-content-layout alignwide wp-block-t2-featured-content-layout wp-block-mh-event-latest\">\n\t\t<h3 class=\"mh-event-latest__block-title\">Andre kommende arrangementer<\/h3>\n\t\t<div class=\"t2-featured-query-post t2-featured-content is-post-type-event wp-block-mh-event-latest\">\n<div class=\"wp-block-group alignfull is-layout-flow wp-block-group-is-layout-flow\">\n\t<a class=\"t2-post-link wp-block-t2-post-link\" href=\"https:\/\/mentalhelse.no\/event\/webinar-fra-funkis-studieplaner\/\">\n\t<figure style=\"--t2-focal-point: 50% 50%;\" class=\"t2-post-featured-image has-image-ratio-16-9 wp-block-t2-post-featured-image\"><img loading=\"lazy\" decoding=\"async\" width=\"2560\" height=\"1707\" src=\"https:\/\/mentalhelse.no\/content\/uploads\/2025\/10\/pexels-picjumbo-com-55570-461077-scaled.jpg\" class=\"attachment-post-thumbnail size-post-thumbnail wp-post-image\" alt=\"\" srcset=\"https:\/\/mentalhelse.no\/content\/uploads\/2025\/10\/pexels-picjumbo-com-55570-461077-scaled.jpg 2560w, https:\/\/mentalhelse.no\/content\/uploads\/2025\/10\/pexels-picjumbo-com-55570-461077-300x200.jpg 300w, https:\/\/mentalhelse.no\/content\/uploads\/2025\/10\/pexels-picjumbo-com-55570-461077-1024x683.jpg 1024w, https:\/\/mentalhelse.no\/content\/uploads\/2025\/10\/pexels-picjumbo-com-55570-461077-768x512.jpg 768w, https:\/\/mentalhelse.no\/content\/uploads\/2025\/10\/pexels-picjumbo-com-55570-461077-1536x1024.jpg 1536w, https:\/\/mentalhelse.no\/content\/uploads\/2025\/10\/pexels-picjumbo-com-55570-461077-2048x1366.jpg 2048w\" sizes=\"auto, (max-width: 2560px) 100vw, 2560px\" style=\"--focal-point: 46% 80%;\" \/><\/figure>\n\t<\/a>\n\t\n\t<div class=\"wp-block-group mh-event-details__content is-layout-flow wp-block-group-is-layout-flow\">\n\t\t<div class=\"mh-event-date-badge wp-block-mh-event-date-badge\">\n\t\t\t\t\t<div class=\"mh-event-date-badge__inner\">\n\t\t\t\t\t\n\t\t<div class=\"mh-event-date-badge__date-block\">\n\t\t\t<div class=\"mh-event-date-badge__day\">30<\/div>\n\t\t\t<div class=\"mh-event-date-badge__month\">apr<\/div>\n\t\t\t<div class=\"mh-event-date-badge__year\"><\/div>\n\t\t<\/div>\n\t\t\t\t\t<\/div>\n\t\t\t\t<\/div>\n\t\t<a class=\"t2-post-link wp-block-t2-post-link\" href=\"https:\/\/mentalhelse.no\/event\/webinar-fra-funkis-studieplaner\/\">\n\t\t<h2 class=\"t2-post-title wp-block-t2-post-title\">Webinar fra Funkis: Studieplaner<\/h2>\n\t\t<\/a>\n\t\t\n\t\t<div class=\"mh-event-details wp-block-mh-event-details\">\n\t\t\t<div class=\"mh-event-details__inner\">\n\t\t\t\t<div class=\"mh-event-details__date-wrap\"><div class=\"mh-event-details__date\"><svg xmlns=\"http:\/\/www.w3.org\/2000\/svg\" viewBox=\"0 0 24 24\" height=\"24\" width=\"24\" class=\"t2-icon t2-icon-mh-calendar\" aria-hidden=\"true\" focusable=\"false\"><path fill-rule=\"evenodd\" clip-rule=\"evenodd\" d=\"M8 1.5C8.27614 1.5 8.5 1.72386 8.5 2V3.5H15.5V2C15.5 1.72386 15.7239 1.5 16 1.5C16.2761 1.5 16.5 1.72386 16.5 2V3.5H19C20.3807 3.5 21.5 4.61929 21.5 6V20C21.5 21.3807 20.3807 22.5 19 22.5H5C3.61929 22.5 2.5 21.3807 2.5 20V6C2.5 4.61929 3.61929 3.5 5 3.5H7.5V2C7.5 1.72386 7.72386 1.5 8 1.5ZM7.5 4.5H5C4.17157 4.5 3.5 5.17157 3.5 6V9.5H20.5V6C20.5 5.17157 19.8285 4.5 19 4.5H16.5V6C16.5 6.27614 16.2761 6.5 16 6.5C15.7239 6.5 15.5 6.27614 15.5 6V4.5H8.5V6C8.5 6.27614 8.27614 6.5 8 6.5C7.72386 6.5 7.5 6.27614 7.5 6V4.5ZM20.5 10.5H3.5V20C3.5 20.8285 4.17157 21.5 5 21.5H19C19.8285 21.5 20.5 20.8285 20.5 20V10.5Z\" fill=\"currentColor\"\/><\/svg><date>30. april 2026<\/date><\/div><\/div><div class=\"mh-event-details__time\"><svg xmlns=\"http:\/\/www.w3.org\/2000\/svg\" viewBox=\"0 0 24 24\" height=\"24\" width=\"24\" class=\"t2-icon t2-icon-mh-clock\" aria-hidden=\"true\" focusable=\"false\"><path fill-rule=\"evenodd\" clip-rule=\"evenodd\" d=\"M12.275 4.5C7.98098 4.5 4.5 7.98098 4.5 12.275C4.5 16.5691 7.98098 20.05 12.275 20.05C16.5691 20.05 20.05 16.5691 20.05 12.275C20.05 7.98098 16.5691 4.5 12.275 4.5ZM3.5 12.275C3.5 7.4287 7.4287 3.5 12.275 3.5C17.1213 3.5 21.05 7.4287 21.05 12.275C21.05 17.1213 17.1213 21.05 12.275 21.05C7.4287 21.05 3.5 17.1213 3.5 12.275ZM12.275 6.80999C12.5511 6.80999 12.775 7.03385 12.775 7.30999V11.966L15.8086 13.4828C16.0556 13.6063 16.1557 13.9066 16.0322 14.1536C15.9087 14.4006 15.6084 14.5007 15.3614 14.3772L12.0514 12.7222C11.882 12.6375 11.775 12.4644 11.775 12.275V7.30999C11.775 7.03385 11.9989 6.80999 12.275 6.80999Z\" fill=\"currentColor\"\/><\/svg><time>  17:00<\/time><\/div>\n\t\t\t\t\n\t\t\t<\/div>\n\t\t<\/div>\n\t<\/div>\n\t\n<\/div>\n\n<\/div>\n\t\t<div class=\"mh-event-latest__archive-link\">\n\t\t\n\t\t<\/div>\n\t\t<\/div>","protected":false},"excerpt":{"rendered":"<p>Tema: Psykisk helse Mental Helse Skien inviterer til foredragskveld Terje Forsberg holder foredrag med tittelen:&laquo;Alle mennesker har en verdi \u2013 uansett fortid&raquo; Terje Forsberg har&#8230;<\/p>\n","protected":false},"featured_media":1682,"menu_order":0,"template":"","meta":{"t2_featured_media_focal_point":{"x":0.5,"y":0.5},"mh_hide_title":true,"mh_hide_event_badge_date_end":"","mh_hide_event_badge":"","mh_event_date":"2025-11-18","mh_event_date_end":"","mh_event_time_start":"17:00","mh_event_time_end":"","mh_event_recurrence":"","mh_event_location":"Lie Bydelshus Cappelens gate 8 3717 Skien","mh_event_location_url":"","mh_event_propagation":"","mh_event_type":"","mh_event_hide_start_time":false,"mh_event_hide_end_time":false,"footnotes":""},"event_genre":[51,59],"class_list":["post-1681","event","type-event","status-publish","has-post-thumbnail","hentry","event_genre-psykisk-helse","event_genre-skien-mental-helse-2"],"yoast_head":"<!-- This site is optimized with the Yoast SEO Premium plugin v21.2 (Yoast SEO v21.2) - https:\/\/yoast.com\/wordpress\/plugins\/seo\/ -->\n<title>Tema: Psykisk Helse - Mental Helse - Skien<\/title>\n<meta name=\"robots\" content=\"index, follow, max-snippet:-1, max-image-preview:large, max-video-preview:-1\" \/>\n<link rel=\"canonical\" href=\"https:\/\/mentalhelse.no\/skien\/event\/tema-psykisk-helse\/\" \/>\n<meta property=\"og:locale\" content=\"nb_NO\" \/>\n<meta property=\"og:type\" content=\"article\" \/>\n<meta property=\"og:title\" content=\"Tema: Psykisk Helse\" \/>\n<meta property=\"og:description\" content=\"Tema: Psykisk helse Mental Helse Skien inviterer til foredragskveld Terje Forsberg holder foredrag med tittelen:&laquo;Alle mennesker har en verdi \u2013 uansett fortid&raquo; Terje Forsberg har...\" \/>\n<meta property=\"og:url\" content=\"https:\/\/mentalhelse.no\/skien\/event\/tema-psykisk-helse\/\" \/>\n<meta property=\"og:site_name\" content=\"Skien\" \/>\n<meta property=\"og:image\" content=\"https:\/\/mentalhelse.no\/content\/uploads\/sites\/284\/2025\/11\/Pink-and-Cream-Modern-Gradient-Wedding-Facebook-Event-Cover-1-1-scaled.jpg\" \/>\n\t<meta property=\"og:image:width\" content=\"2560\" \/>\n\t<meta property=\"og:image:height\" content=\"1440\" \/>\n\t<meta property=\"og:image:type\" content=\"image\/jpeg\" \/>\n<meta name=\"twitter:card\" content=\"summary_large_image\" \/>\n<meta name=\"twitter:label1\" content=\"Ansl. lesetid\" \/>\n\t<meta name=\"twitter:data1\" content=\"2 minutter\" \/>\n<script type=\"application\/ld+json\" class=\"yoast-schema-graph\">{\"@context\":\"https:\/\/schema.org\",\"@graph\":[{\"@type\":\"WebPage\",\"@id\":\"https:\/\/mentalhelse.no\/skien\/event\/tema-psykisk-helse\/\",\"url\":\"https:\/\/mentalhelse.no\/skien\/event\/tema-psykisk-helse\/\",\"name\":\"Tema: Psykisk Helse - Skien\",\"isPartOf\":{\"@id\":\"https:\/\/mentalhelse.no\/skien\/#website\"},\"datePublished\":\"2025-11-09T21:15:00+00:00\",\"dateModified\":\"2025-11-09T21:15:00+00:00\",\"breadcrumb\":{\"@id\":\"https:\/\/mentalhelse.no\/skien\/event\/tema-psykisk-helse\/#breadcrumb\"},\"inLanguage\":\"nb-NO\",\"potentialAction\":[{\"@type\":\"ReadAction\",\"target\":[\"https:\/\/mentalhelse.no\/skien\/event\/tema-psykisk-helse\/\"]}]},{\"@type\":\"BreadcrumbList\",\"@id\":\"https:\/\/mentalhelse.no\/skien\/event\/tema-psykisk-helse\/#breadcrumb\",\"itemListElement\":[{\"@type\":\"ListItem\",\"position\":1,\"name\":\"Hjem\",\"item\":\"https:\/\/mentalhelse.no\/skien\/\"},{\"@type\":\"ListItem\",\"position\":2,\"name\":\"Arrangementer\",\"item\":\"https:\/\/mentalhelse.no\/skien\/event\/\"},{\"@type\":\"ListItem\",\"position\":3,\"name\":\"Tema: Psykisk Helse\"}]},{\"@type\":\"WebSite\",\"@id\":\"https:\/\/mentalhelse.no\/skien\/#website\",\"url\":\"https:\/\/mentalhelse.no\/skien\/\",\"name\":\"Skien\",\"description\":\"\",\"potentialAction\":[{\"@type\":\"SearchAction\",\"target\":{\"@type\":\"EntryPoint\",\"urlTemplate\":\"https:\/\/mentalhelse.no\/skien\/?s={search_term_string}\"},\"query-input\":\"required name=search_term_string\"}],\"inLanguage\":\"nb-NO\"}]}<\/script>\n<!-- \/ Yoast SEO Premium plugin. -->","yoast_head_json":{"title":"Tema: Psykisk Helse - Mental Helse - Skien","robots":{"index":"index","follow":"follow","max-snippet":"max-snippet:-1","max-image-preview":"max-image-preview:large","max-video-preview":"max-video-preview:-1"},"canonical":"https:\/\/mentalhelse.no\/skien\/event\/tema-psykisk-helse\/","og_locale":"nb_NO","og_type":"article","og_title":"Tema: Psykisk Helse","og_description":"Tema: Psykisk helse Mental Helse Skien inviterer til foredragskveld Terje Forsberg holder foredrag med tittelen:&laquo;Alle mennesker har en verdi \u2013 uansett fortid&raquo; Terje Forsberg har...","og_url":"https:\/\/mentalhelse.no\/skien\/event\/tema-psykisk-helse\/","og_site_name":"Skien","og_image":[{"width":2560,"height":1440,"url":"https:\/\/mentalhelse.no\/content\/uploads\/sites\/284\/2025\/11\/Pink-and-Cream-Modern-Gradient-Wedding-Facebook-Event-Cover-1-1-scaled.jpg","type":"image\/jpeg"}],"twitter_card":"summary_large_image","twitter_misc":{"Ansl. lesetid":"2 minutter"},"schema":{"@context":"https:\/\/schema.org","@graph":[{"@type":"WebPage","@id":"https:\/\/mentalhelse.no\/skien\/event\/tema-psykisk-helse\/","url":"https:\/\/mentalhelse.no\/skien\/event\/tema-psykisk-helse\/","name":"Tema: Psykisk Helse - Skien","isPartOf":{"@id":"https:\/\/mentalhelse.no\/skien\/#website"},"datePublished":"2025-11-09T21:15:00+00:00","dateModified":"2025-11-09T21:15:00+00:00","breadcrumb":{"@id":"https:\/\/mentalhelse.no\/skien\/event\/tema-psykisk-helse\/#breadcrumb"},"inLanguage":"nb-NO","potentialAction":[{"@type":"ReadAction","target":["https:\/\/mentalhelse.no\/skien\/event\/tema-psykisk-helse\/"]}]},{"@type":"BreadcrumbList","@id":"https:\/\/mentalhelse.no\/skien\/event\/tema-psykisk-helse\/#breadcrumb","itemListElement":[{"@type":"ListItem","position":1,"name":"Hjem","item":"https:\/\/mentalhelse.no\/skien\/"},{"@type":"ListItem","position":2,"name":"Arrangementer","item":"https:\/\/mentalhelse.no\/skien\/event\/"},{"@type":"ListItem","position":3,"name":"Tema: Psykisk Helse"}]},{"@type":"WebSite","@id":"https:\/\/mentalhelse.no\/skien\/#website","url":"https:\/\/mentalhelse.no\/skien\/","name":"Skien","description":"","potentialAction":[{"@type":"SearchAction","target":{"@type":"EntryPoint","urlTemplate":"https:\/\/mentalhelse.no\/skien\/?s={search_term_string}"},"query-input":"required name=search_term_string"}],"inLanguage":"nb-NO"}]}},"_links":{"self":[{"href":"https:\/\/mentalhelse.no\/skien\/wp-json\/wp\/v2\/event\/1681","targetHints":{"allow":["GET"]}}],"collection":[{"href":"https:\/\/mentalhelse.no\/skien\/wp-json\/wp\/v2\/event"}],"about":[{"href":"https:\/\/mentalhelse.no\/skien\/wp-json\/wp\/v2\/types\/event"}],"version-history":[{"count":1,"href":"https:\/\/mentalhelse.no\/skien\/wp-json\/wp\/v2\/event\/1681\/revisions"}],"predecessor-version":[{"id":1683,"href":"https:\/\/mentalhelse.no\/skien\/wp-json\/wp\/v2\/event\/1681\/revisions\/1683"}],"wp:featuredmedia":[{"embeddable":true,"href":"https:\/\/mentalhelse.no\/skien\/wp-json\/wp\/v2\/media\/1682"}],"wp:attachment":[{"href":"https:\/\/mentalhelse.no\/skien\/wp-json\/wp\/v2\/media?parent=1681"}],"wp:term":[{"taxonomy":"event_genre","embeddable":true,"href":"https:\/\/mentalhelse.no\/skien\/wp-json\/wp\/v2\/event_genre?post=1681"}],"curies":[{"name":"wp","href":"https:\/\/api.w.org\/{rel}","templated":true}]}}