{"id":1711,"date":"2026-03-09T20:10:30","date_gmt":"2026-03-09T20:10:30","guid":{"rendered":"https:\/\/mentalhelse.no\/skien\/?post_type=event&#038;p=1711"},"modified":"2026-03-09T20:10:31","modified_gmt":"2026-03-09T20:10:31","slug":"kino-med-mental-helse-skien-8","status":"publish","type":"event","link":"https:\/\/mentalhelse.no\/skien\/event\/kino-med-mental-helse-skien-8\/","title":{"rendered":"Kino med Mental Helse Skien"},"content":{"rendered":"<figure class=\"alignwide wp-block-post-featured-image\"><img loading=\"lazy\" decoding=\"async\" width=\"1857\" height=\"986\" src=\"https:\/\/mentalhelse.no\/content\/uploads\/sites\/284\/2026\/03\/i-swear.png\" class=\"attachment-post-thumbnail size-post-thumbnail wp-post-image\" alt=\"\" style=\"object-fit:cover; --focal-point: 50% 50%;\" srcset=\"https:\/\/mentalhelse.no\/content\/uploads\/sites\/284\/2026\/03\/i-swear.png 1857w, https:\/\/mentalhelse.no\/content\/uploads\/sites\/284\/2026\/03\/i-swear-300x159.png 300w, https:\/\/mentalhelse.no\/content\/uploads\/sites\/284\/2026\/03\/i-swear-1024x544.png 1024w, https:\/\/mentalhelse.no\/content\/uploads\/sites\/284\/2026\/03\/i-swear-768x408.png 768w, https:\/\/mentalhelse.no\/content\/uploads\/sites\/284\/2026\/03\/i-swear-1536x816.png 1536w\" sizes=\"auto, (max-width: 1857px) 100vw, 1857px\" \/><\/figure>\n\n<div class=\"mh-event-date-badge wp-block-mh-event-date-badge\">\n\t\t\t\t\t<div class=\"mh-event-date-badge__inner\">\n\t\t\t\t\t\n\t\t<div class=\"mh-event-date-badge__date-block\">\n\t\t\t<div class=\"mh-event-date-badge__day\">11<\/div>\n\t\t\t<div class=\"mh-event-date-badge__month\">mar<\/div>\n\t\t\t<div class=\"mh-event-date-badge__year\"><\/div>\n\t\t<\/div>\n\t\t\t\t\t<\/div>\n\t\t\t\t<\/div>\n\n<h1 class=\"wp-block-post-title\">Kino med Mental Helse Skien<\/h1>\n\n\n<p>\ud83c\udfac Bli med p\u00e5 kino!<br>Denne filmen varer i 2 timer 0 minutter<br>Film: I Swear<br>Tid:<br>Oppm\u00f8te kl. 18:10<br>Billettkj\u00f8p kl. 18:25<br>Filmen starter kl. 18:40<br>Dette arrangementet er gratis for medlemmer av Mental Helse Skien.<br>Medlemmer kan ogs\u00e5 ta med \u00e9n venn gratis!<br>Kontaktperson:<br>J\u00f8rn-Roger Steen<br>Telefon: 41 384 384<br>Har du sp\u00f8rsm\u00e5l? Ta gjerne kontakt!<\/p>\n\n\n\n<p>Bygget p\u00e5 den sanne historien om John Davidson som vokste opp med Tourette p\u00e5 1980-tallet i Skottland \u2013 lenge f\u00f8r folk flest visste hva det egentlig var. Filmen skildrer en \u00e5penhjertig, humoristisk og dypt r\u00f8rende historie om hvor kraftfullt vennskap, fellesskap og ekte st\u00f8tte kan v\u00e6re n\u00e5r livet er utfordrende.<br>Dette er en film som treffer temaer n\u00e6r hjertet til Mental Helse Skien \u2013 om \u00e5 bli sett, forst\u00e5tt og m\u00f8tt med varme fremfor fordommer. En film vi tror vil sette i gang gode samtaler.<br>Regi: Kirk Jones<br>Skuespillere: Shirley Henderson, Peter Mullan, Robert Aramayo, Maxine Peake<br>Originalspr\u00e5k: Engelsk<br>Aldersgrense: 12+<\/p>\n\n\n\n\t\t<div class=\"mh-event-details wp-block-mh-event-details\">\n\t\t\t<div class=\"mh-event-details__inner\">\n\t\t\t\t<div class=\"mh-event-details__date-wrap\"><div class=\"mh-event-details__date\"><svg xmlns=\"http:\/\/www.w3.org\/2000\/svg\" viewBox=\"0 0 24 24\" height=\"24\" width=\"24\" class=\"t2-icon t2-icon-mh-calendar\" aria-hidden=\"true\" focusable=\"false\"><path fill-rule=\"evenodd\" clip-rule=\"evenodd\" d=\"M8 1.5C8.27614 1.5 8.5 1.72386 8.5 2V3.5H15.5V2C15.5 1.72386 15.7239 1.5 16 1.5C16.2761 1.5 16.5 1.72386 16.5 2V3.5H19C20.3807 3.5 21.5 4.61929 21.5 6V20C21.5 21.3807 20.3807 22.5 19 22.5H5C3.61929 22.5 2.5 21.3807 2.5 20V6C2.5 4.61929 3.61929 3.5 5 3.5H7.5V2C7.5 1.72386 7.72386 1.5 8 1.5ZM7.5 4.5H5C4.17157 4.5 3.5 5.17157 3.5 6V9.5H20.5V6C20.5 5.17157 19.8285 4.5 19 4.5H16.5V6C16.5 6.27614 16.2761 6.5 16 6.5C15.7239 6.5 15.5 6.27614 15.5 6V4.5H8.5V6C8.5 6.27614 8.27614 6.5 8 6.5C7.72386 6.5 7.5 6.27614 7.5 6V4.5ZM20.5 10.5H3.5V20C3.5 20.8285 4.17157 21.5 5 21.5H19C19.8285 21.5 20.5 20.8285 20.5 20V10.5Z\" fill=\"currentColor\"\/><\/svg><date>11. mars 2026<\/date><\/div><\/div><div class=\"mh-event-details__time\"><svg xmlns=\"http:\/\/www.w3.org\/2000\/svg\" viewBox=\"0 0 24 24\" height=\"24\" width=\"24\" class=\"t2-icon t2-icon-mh-clock\" aria-hidden=\"true\" focusable=\"false\"><path fill-rule=\"evenodd\" clip-rule=\"evenodd\" d=\"M12.275 4.5C7.98098 4.5 4.5 7.98098 4.5 12.275C4.5 16.5691 7.98098 20.05 12.275 20.05C16.5691 20.05 20.05 16.5691 20.05 12.275C20.05 7.98098 16.5691 4.5 12.275 4.5ZM3.5 12.275C3.5 7.4287 7.4287 3.5 12.275 3.5C17.1213 3.5 21.05 7.4287 21.05 12.275C21.05 17.1213 17.1213 21.05 12.275 21.05C7.4287 21.05 3.5 17.1213 3.5 12.275ZM12.275 6.80999C12.5511 6.80999 12.775 7.03385 12.775 7.30999V11.966L15.8086 13.4828C16.0556 13.6063 16.1557 13.9066 16.0322 14.1536C15.9087 14.4006 15.6084 14.5007 15.3614 14.3772L12.0514 12.7222C11.882 12.6375 11.775 12.4644 11.775 12.275V7.30999C11.775 7.03385 11.9989 6.80999 12.275 6.80999Z\" fill=\"currentColor\"\/><\/svg><time>  18:10<\/time><\/div><div class=\"mh-event-details__location\"><svg xmlns=\"http:\/\/www.w3.org\/2000\/svg\" viewBox=\"0 0 24 24\" height=\"24\" width=\"24\" class=\"t2-icon t2-icon-mh-map-pin\" aria-hidden=\"true\" focusable=\"false\"><path fill-rule=\"evenodd\" clip-rule=\"evenodd\" d=\"M11.9028 3.75C10.1384 3.75 8.4462 4.45092 7.19856 5.69856C5.95092 6.94621 5.25 8.63837 5.25 10.4028C5.25 12.9835 6.92107 15.4445 8.68938 17.3111C9.5633 18.2335 10.4389 18.9877 11.0966 19.5115C11.4251 19.773 11.6982 19.9763 11.8882 20.1135C11.8931 20.1171 11.898 20.1206 11.9028 20.124C11.9076 20.1206 11.9125 20.1171 11.9174 20.1135C12.1074 19.9763 12.3805 19.773 12.709 19.5115C13.3667 18.9877 14.2423 18.2335 15.1162 17.3111C16.8845 15.4445 18.5556 12.9835 18.5556 10.4028C18.5556 8.63837 17.8547 6.9462 16.607 5.69856C15.3594 4.45092 13.6672 3.75 11.9028 3.75ZM11.9028 20.7346C11.6255 21.1506 11.6252 21.1504 11.6252 21.1504L11.6185 21.146L11.6013 21.1344C11.5866 21.1243 11.5653 21.1098 11.5378 21.0907C11.4828 21.0527 11.4033 20.9968 11.3027 20.9242C11.1015 20.7789 10.8158 20.5662 10.4737 20.2937C9.79027 19.7495 8.87769 18.9639 7.96342 17.9988C6.15533 16.0903 4.25 13.3854 4.25 10.4028C4.25 8.37315 5.05628 6.42663 6.49146 4.99146C7.92664 3.55628 9.87319 2.75 11.9028 2.75C13.9324 2.75 15.879 3.55628 17.3142 4.99146C18.7493 6.42664 19.5556 8.37315 19.5556 10.4028C19.5556 13.3854 17.6503 16.0903 15.8422 17.9988C14.9279 18.9639 14.0153 19.7495 13.3319 20.2937C12.9898 20.5662 12.7041 20.7789 12.5029 20.9242C12.4023 20.9968 12.3228 21.0527 12.2678 21.0907C12.2403 21.1098 12.219 21.1243 12.2042 21.1344L12.1871 21.146L12.1809 21.1501C12.1809 21.1501 12.1801 21.1506 11.9028 20.7346ZM11.9028 20.7346L12.1809 21.1501C12.013 21.2621 11.7931 21.2624 11.6252 21.1504L11.9028 20.7346Z\" fill=\"currentColor\"\/><path fill-rule=\"evenodd\" clip-rule=\"evenodd\" d=\"M9.01853 10.4027C9.01853 8.8098 10.3099 7.51846 11.9028 7.51846C13.4957 7.51846 14.7871 8.80979 14.7871 10.4027C14.7871 11.9956 13.4957 13.287 11.9028 13.287C10.3098 13.287 9.01853 11.9956 9.01853 10.4027ZM11.9028 8.51846C10.8621 8.51846 10.0185 9.36209 10.0185 10.4027C10.0185 11.4434 10.8622 12.287 11.9028 12.287C12.9435 12.287 13.7871 11.4434 13.7871 10.4027C13.7871 9.36209 12.9435 8.51846 11.9028 8.51846Z\" fill=\"currentColor\"\/><\/svg><address>Blekebakkvegen 5, Skien, Norway<\/address><\/div>\n\t\t\t\t\n\t\t\t<\/div>\n\t\t<\/div>\n\n\n<p><\/p>\n\n\n","protected":false},"excerpt":{"rendered":"<p>\ud83c\udfac Bli med p\u00e5 kino!Denne filmen varer i 2 timer 0 minutterFilm: I SwearTid:Oppm\u00f8te kl. 18:10Billettkj\u00f8p kl. 18:25Filmen starter kl. 18:40Dette arrangementet er gratis for&#8230;<\/p>\n","protected":false},"featured_media":1712,"menu_order":0,"template":"","meta":{"t2_featured_media_focal_point":{"x":0.5,"y":0.5},"mh_hide_title":true,"mh_hide_event_badge_date_end":"","mh_hide_event_badge":"","mh_event_date":"2026-3-11","mh_event_date_end":"","mh_event_time_start":"18:10","mh_event_time_end":"","mh_event_recurrence":"","mh_event_location":"Blekebakkvegen 5, Skien, Norway","mh_event_location_url":"","mh_event_propagation":"","mh_event_type":"","mh_event_hide_start_time":false,"mh_event_hide_end_time":false,"footnotes":""},"event_genre":[],"class_list":["post-1711","event","type-event","status-publish","has-post-thumbnail","hentry"],"yoast_head":"<!-- This site is optimized with the Yoast SEO Premium plugin v21.2 (Yoast SEO v21.2) - https:\/\/yoast.com\/wordpress\/plugins\/seo\/ -->\n<title>Kino med Mental Helse Mental Helse - Skien - Mental Helse - Skien<\/title>\n<meta name=\"robots\" content=\"index, follow, max-snippet:-1, max-image-preview:large, max-video-preview:-1\" \/>\n<link rel=\"canonical\" href=\"https:\/\/mentalhelse.no\/skien\/event\/kino-med-mental-helse-skien-8\/\" \/>\n<meta property=\"og:locale\" content=\"nb_NO\" \/>\n<meta property=\"og:type\" content=\"article\" \/>\n<meta property=\"og:title\" content=\"Kino med Mental Helse Skien\" \/>\n<meta property=\"og:description\" content=\"\ud83c\udfac Bli med p\u00e5 kino!Denne filmen varer i 2 timer 0 minutterFilm: I SwearTid:Oppm\u00f8te kl. 18:10Billettkj\u00f8p kl. 18:25Filmen starter kl. 18:40Dette arrangementet er gratis for...\" \/>\n<meta property=\"og:url\" content=\"https:\/\/mentalhelse.no\/skien\/event\/kino-med-mental-helse-skien-8\/\" \/>\n<meta property=\"og:site_name\" content=\"Skien\" \/>\n<meta property=\"article:modified_time\" content=\"2026-03-09T20:10:31+00:00\" \/>\n<meta property=\"og:image\" content=\"https:\/\/mentalhelse.no\/content\/uploads\/sites\/284\/2026\/03\/i-swear-1024x544.png\" \/>\n\t<meta property=\"og:image:width\" content=\"1024\" \/>\n\t<meta property=\"og:image:height\" content=\"544\" \/>\n\t<meta property=\"og:image:type\" content=\"image\/png\" \/>\n<meta name=\"twitter:card\" content=\"summary_large_image\" \/>\n<meta name=\"twitter:label1\" content=\"Ansl. lesetid\" \/>\n\t<meta name=\"twitter:data1\" content=\"1 minutt\" \/>\n<script type=\"application\/ld+json\" class=\"yoast-schema-graph\">{\"@context\":\"https:\/\/schema.org\",\"@graph\":[{\"@type\":\"WebPage\",\"@id\":\"https:\/\/mentalhelse.no\/skien\/event\/kino-med-mental-helse-skien-8\/\",\"url\":\"https:\/\/mentalhelse.no\/skien\/event\/kino-med-mental-helse-skien-8\/\",\"name\":\"Kino med Mental Helse Skien - Skien\",\"isPartOf\":{\"@id\":\"https:\/\/mentalhelse.no\/skien\/#website\"},\"datePublished\":\"2026-03-09T20:10:30+00:00\",\"dateModified\":\"2026-03-09T20:10:31+00:00\",\"breadcrumb\":{\"@id\":\"https:\/\/mentalhelse.no\/skien\/event\/kino-med-mental-helse-skien-8\/#breadcrumb\"},\"inLanguage\":\"nb-NO\",\"potentialAction\":[{\"@type\":\"ReadAction\",\"target\":[\"https:\/\/mentalhelse.no\/skien\/event\/kino-med-mental-helse-skien-8\/\"]}]},{\"@type\":\"BreadcrumbList\",\"@id\":\"https:\/\/mentalhelse.no\/skien\/event\/kino-med-mental-helse-skien-8\/#breadcrumb\",\"itemListElement\":[{\"@type\":\"ListItem\",\"position\":1,\"name\":\"Hjem\",\"item\":\"https:\/\/mentalhelse.no\/skien\/\"},{\"@type\":\"ListItem\",\"position\":2,\"name\":\"Arrangementer\",\"item\":\"https:\/\/mentalhelse.no\/skien\/event\/\"},{\"@type\":\"ListItem\",\"position\":3,\"name\":\"Kino med Mental Helse Skien\"}]},{\"@type\":\"WebSite\",\"@id\":\"https:\/\/mentalhelse.no\/skien\/#website\",\"url\":\"https:\/\/mentalhelse.no\/skien\/\",\"name\":\"Skien\",\"description\":\"\",\"potentialAction\":[{\"@type\":\"SearchAction\",\"target\":{\"@type\":\"EntryPoint\",\"urlTemplate\":\"https:\/\/mentalhelse.no\/skien\/?s={search_term_string}\"},\"query-input\":\"required name=search_term_string\"}],\"inLanguage\":\"nb-NO\"}]}<\/script>\n<!-- \/ Yoast SEO Premium plugin. -->","yoast_head_json":{"title":"Kino med Mental Helse Mental Helse - Skien - Mental Helse - Skien","robots":{"index":"index","follow":"follow","max-snippet":"max-snippet:-1","max-image-preview":"max-image-preview:large","max-video-preview":"max-video-preview:-1"},"canonical":"https:\/\/mentalhelse.no\/skien\/event\/kino-med-mental-helse-skien-8\/","og_locale":"nb_NO","og_type":"article","og_title":"Kino med Mental Helse Skien","og_description":"\ud83c\udfac Bli med p\u00e5 kino!Denne filmen varer i 2 timer 0 minutterFilm: I SwearTid:Oppm\u00f8te kl. 18:10Billettkj\u00f8p kl. 18:25Filmen starter kl. 18:40Dette arrangementet er gratis for...","og_url":"https:\/\/mentalhelse.no\/skien\/event\/kino-med-mental-helse-skien-8\/","og_site_name":"Skien","article_modified_time":"2026-03-09T20:10:31+00:00","og_image":[{"width":1024,"height":544,"url":"https:\/\/mentalhelse.no\/content\/uploads\/sites\/284\/2026\/03\/i-swear-1024x544.png","type":"image\/png"}],"twitter_card":"summary_large_image","twitter_misc":{"Ansl. lesetid":"1 minutt"},"schema":{"@context":"https:\/\/schema.org","@graph":[{"@type":"WebPage","@id":"https:\/\/mentalhelse.no\/skien\/event\/kino-med-mental-helse-skien-8\/","url":"https:\/\/mentalhelse.no\/skien\/event\/kino-med-mental-helse-skien-8\/","name":"Kino med Mental Helse Skien - Skien","isPartOf":{"@id":"https:\/\/mentalhelse.no\/skien\/#website"},"datePublished":"2026-03-09T20:10:30+00:00","dateModified":"2026-03-09T20:10:31+00:00","breadcrumb":{"@id":"https:\/\/mentalhelse.no\/skien\/event\/kino-med-mental-helse-skien-8\/#breadcrumb"},"inLanguage":"nb-NO","potentialAction":[{"@type":"ReadAction","target":["https:\/\/mentalhelse.no\/skien\/event\/kino-med-mental-helse-skien-8\/"]}]},{"@type":"BreadcrumbList","@id":"https:\/\/mentalhelse.no\/skien\/event\/kino-med-mental-helse-skien-8\/#breadcrumb","itemListElement":[{"@type":"ListItem","position":1,"name":"Hjem","item":"https:\/\/mentalhelse.no\/skien\/"},{"@type":"ListItem","position":2,"name":"Arrangementer","item":"https:\/\/mentalhelse.no\/skien\/event\/"},{"@type":"ListItem","position":3,"name":"Kino med Mental Helse Skien"}]},{"@type":"WebSite","@id":"https:\/\/mentalhelse.no\/skien\/#website","url":"https:\/\/mentalhelse.no\/skien\/","name":"Skien","description":"","potentialAction":[{"@type":"SearchAction","target":{"@type":"EntryPoint","urlTemplate":"https:\/\/mentalhelse.no\/skien\/?s={search_term_string}"},"query-input":"required name=search_term_string"}],"inLanguage":"nb-NO"}]}},"_links":{"self":[{"href":"https:\/\/mentalhelse.no\/skien\/wp-json\/wp\/v2\/event\/1711","targetHints":{"allow":["GET"]}}],"collection":[{"href":"https:\/\/mentalhelse.no\/skien\/wp-json\/wp\/v2\/event"}],"about":[{"href":"https:\/\/mentalhelse.no\/skien\/wp-json\/wp\/v2\/types\/event"}],"version-history":[{"count":1,"href":"https:\/\/mentalhelse.no\/skien\/wp-json\/wp\/v2\/event\/1711\/revisions"}],"predecessor-version":[{"id":1713,"href":"https:\/\/mentalhelse.no\/skien\/wp-json\/wp\/v2\/event\/1711\/revisions\/1713"}],"wp:featuredmedia":[{"embeddable":true,"href":"https:\/\/mentalhelse.no\/skien\/wp-json\/wp\/v2\/media\/1712"}],"wp:attachment":[{"href":"https:\/\/mentalhelse.no\/skien\/wp-json\/wp\/v2\/media?parent=1711"}],"wp:term":[{"taxonomy":"event_genre","embeddable":true,"href":"https:\/\/mentalhelse.no\/skien\/wp-json\/wp\/v2\/event_genre?post=1711"}],"curies":[{"name":"wp","href":"https:\/\/api.w.org\/{rel}","templated":true}]}}