{"id":756,"date":"2023-05-09T11:55:25","date_gmt":"2023-05-09T11:55:25","guid":{"rendered":"https:\/\/mentalhelse.no\/viken\/?page_id=756"},"modified":"2024-09-07T10:22:28","modified_gmt":"2024-09-07T10:22:28","slug":"skodje-og-orskog","status":"publish","type":"page","link":"https:\/\/mentalhelse.no\/skodje-og-orskog\/","title":{"rendered":"Skodje og \u00d8rskog"},"content":{"rendered":"\n\t<div style=\"--t2-hero-dim:0.5;\" class=\"t2-hero t2-hero-content-position-center-left t2-hero-has-dim-50 t2-hero-image-position-right t2-hero-has-image alignfull is-style-two-one wp-block-t2-hero\">\n\t\t<img decoding=\"async\" width=\"1022\" height=\"496\" src=\"https:\/\/mentalhelse.no\/content\/uploads\/sites\/348\/2023\/09\/Skodje-Orskog.jpg\" class=\"t2-hero__image\" alt=\"Skodje, Mental Helse Skodje\/\u00d8rskog\" style=\"object-position: 36% 62%; --focal-point: 50% 50%;\" loading=\"eager\" fetchpriority=\"high\" srcset=\"https:\/\/mentalhelse.no\/content\/uploads\/sites\/348\/2023\/09\/Skodje-Orskog.jpg 1022w, https:\/\/mentalhelse.no\/content\/uploads\/sites\/348\/2023\/09\/Skodje-Orskog-300x146.jpg 300w, https:\/\/mentalhelse.no\/content\/uploads\/sites\/348\/2023\/09\/Skodje-Orskog-768x373.jpg 768w\" sizes=\"(max-width: 1022px) 100vw, 1022px\" \/>\n\t\t<div class=\"t2-hero__header\"><div class=\"t2-hero__header__content\">\n<h1 class=\"has-text-align-left alignwide wp-block-post-title\">Skodje og \u00d8rskog<\/h1>\n\n\n<p>Mental Helse Skodje\/\u00d8rskog er et lokallag av Mental Helse i M\u00f8re og Romsdal. Lokallaget ble stiftet 30. oktober 2012, og dekker Skodje og \u00d8rskog i \u00c5lesund kommune. <br>Vi er ca 50 medlemmer.<\/p>\n\n\n\n<div class=\"wp-block-buttons is-layout-flex wp-block-buttons-is-layout-flex\">\n<div class=\"wp-block-button is-style-outline is-style-outline--1\"><a class=\"wp-block-button__link wp-element-button\" href=\"https:\/\/mentalhelse.no\/skodje-og-orskog\/om-oss\/\">Om oss<\/a><\/div>\n<\/div>\n\n<\/div><\/div>\n\t<\/div>\n\n\n\t\t<div class=\"mh-event-latest t2-featured-content-layout alignwide wp-block-t2-featured-content-layout wp-block-mh-event-latest\">\n\t\t<h3 class=\"mh-event-latest__block-title\">Kommende arrangementer<\/h3>\n\t\t<div class=\"t2-featured-query-post t2-featured-content is-post-type-event wp-block-mh-event-latest\">\n<div class=\"wp-block-group alignfull is-layout-flow wp-block-group-is-layout-flow\">\n\t<a class=\"t2-post-link wp-block-t2-post-link\" href=\"https:\/\/mentalhelse.no\/event\/webinar-fra-funkis-studieplaner\/\">\n\t<figure style=\"--t2-focal-point: 50% 50%;\" class=\"t2-post-featured-image has-image-ratio-16-9 wp-block-t2-post-featured-image\"><img loading=\"lazy\" decoding=\"async\" width=\"2560\" height=\"1707\" src=\"https:\/\/mentalhelse.no\/content\/uploads\/2025\/10\/pexels-picjumbo-com-55570-461077-scaled.jpg\" class=\"attachment-post-thumbnail size-post-thumbnail wp-post-image\" alt=\"\" srcset=\"https:\/\/mentalhelse.no\/content\/uploads\/2025\/10\/pexels-picjumbo-com-55570-461077-scaled.jpg 2560w, https:\/\/mentalhelse.no\/content\/uploads\/2025\/10\/pexels-picjumbo-com-55570-461077-300x200.jpg 300w, https:\/\/mentalhelse.no\/content\/uploads\/2025\/10\/pexels-picjumbo-com-55570-461077-1024x683.jpg 1024w, https:\/\/mentalhelse.no\/content\/uploads\/2025\/10\/pexels-picjumbo-com-55570-461077-768x512.jpg 768w, https:\/\/mentalhelse.no\/content\/uploads\/2025\/10\/pexels-picjumbo-com-55570-461077-1536x1024.jpg 1536w, https:\/\/mentalhelse.no\/content\/uploads\/2025\/10\/pexels-picjumbo-com-55570-461077-2048x1366.jpg 2048w\" sizes=\"auto, (max-width: 2560px) 100vw, 2560px\" style=\"--focal-point: 46% 80%;\" \/><\/figure>\n\t<\/a>\n\t\n\t<div class=\"wp-block-group mh-event-details__content is-layout-flow wp-block-group-is-layout-flow\">\n\t\t<div class=\"mh-event-date-badge wp-block-mh-event-date-badge\">\n\t\t\t\t\t<div class=\"mh-event-date-badge__inner\">\n\t\t\t\t\t\n\t\t<div class=\"mh-event-date-badge__date-block\">\n\t\t\t<div class=\"mh-event-date-badge__day\">30<\/div>\n\t\t\t<div class=\"mh-event-date-badge__month\">apr<\/div>\n\t\t\t<div class=\"mh-event-date-badge__year\"><\/div>\n\t\t<\/div>\n\t\t\t\t\t<\/div>\n\t\t\t\t<\/div>\n\t\t<a class=\"t2-post-link wp-block-t2-post-link\" href=\"https:\/\/mentalhelse.no\/event\/webinar-fra-funkis-studieplaner\/\">\n\t\t<h2 class=\"t2-post-title wp-block-t2-post-title\">Webinar fra Funkis: Studieplaner<\/h2>\n\t\t<\/a>\n\t\t\n\t\t<div class=\"mh-event-details wp-block-mh-event-details\">\n\t\t\t<div class=\"mh-event-details__inner\">\n\t\t\t\t<div class=\"mh-event-details__date-wrap\"><div class=\"mh-event-details__date\"><svg xmlns=\"http:\/\/www.w3.org\/2000\/svg\" viewBox=\"0 0 24 24\" height=\"24\" width=\"24\" class=\"t2-icon t2-icon-mh-calendar\" aria-hidden=\"true\" focusable=\"false\"><path fill-rule=\"evenodd\" clip-rule=\"evenodd\" d=\"M8 1.5C8.27614 1.5 8.5 1.72386 8.5 2V3.5H15.5V2C15.5 1.72386 15.7239 1.5 16 1.5C16.2761 1.5 16.5 1.72386 16.5 2V3.5H19C20.3807 3.5 21.5 4.61929 21.5 6V20C21.5 21.3807 20.3807 22.5 19 22.5H5C3.61929 22.5 2.5 21.3807 2.5 20V6C2.5 4.61929 3.61929 3.5 5 3.5H7.5V2C7.5 1.72386 7.72386 1.5 8 1.5ZM7.5 4.5H5C4.17157 4.5 3.5 5.17157 3.5 6V9.5H20.5V6C20.5 5.17157 19.8285 4.5 19 4.5H16.5V6C16.5 6.27614 16.2761 6.5 16 6.5C15.7239 6.5 15.5 6.27614 15.5 6V4.5H8.5V6C8.5 6.27614 8.27614 6.5 8 6.5C7.72386 6.5 7.5 6.27614 7.5 6V4.5ZM20.5 10.5H3.5V20C3.5 20.8285 4.17157 21.5 5 21.5H19C19.8285 21.5 20.5 20.8285 20.5 20V10.5Z\" fill=\"currentColor\"\/><\/svg><date>30. april 2026<\/date><\/div><\/div><div class=\"mh-event-details__time\"><svg xmlns=\"http:\/\/www.w3.org\/2000\/svg\" viewBox=\"0 0 24 24\" height=\"24\" width=\"24\" class=\"t2-icon t2-icon-mh-clock\" aria-hidden=\"true\" focusable=\"false\"><path fill-rule=\"evenodd\" clip-rule=\"evenodd\" d=\"M12.275 4.5C7.98098 4.5 4.5 7.98098 4.5 12.275C4.5 16.5691 7.98098 20.05 12.275 20.05C16.5691 20.05 20.05 16.5691 20.05 12.275C20.05 7.98098 16.5691 4.5 12.275 4.5ZM3.5 12.275C3.5 7.4287 7.4287 3.5 12.275 3.5C17.1213 3.5 21.05 7.4287 21.05 12.275C21.05 17.1213 17.1213 21.05 12.275 21.05C7.4287 21.05 3.5 17.1213 3.5 12.275ZM12.275 6.80999C12.5511 6.80999 12.775 7.03385 12.775 7.30999V11.966L15.8086 13.4828C16.0556 13.6063 16.1557 13.9066 16.0322 14.1536C15.9087 14.4006 15.6084 14.5007 15.3614 14.3772L12.0514 12.7222C11.882 12.6375 11.775 12.4644 11.775 12.275V7.30999C11.775 7.03385 11.9989 6.80999 12.275 6.80999Z\" fill=\"currentColor\"\/><\/svg><time>  17:00<\/time><\/div>\n\t\t\t\t\n\t\t\t<\/div>\n\t\t<\/div>\n\t<\/div>\n\t\n<\/div>\n\n<\/div>\n\t\t<div class=\"mh-event-latest__archive-link\">\n\t\t<a href=\"https:\/\/mentalhelse.no\/skodje-og-orskog\/event\/\" class=\"mh-event-latest__archive-link\">Se alle arrangementer<\/a>\n\t\t<\/div>\n\t\t<\/div>\n\n\n<div class=\"wp-block-group alignfull is-layout-constrained wp-block-group-is-layout-constrained\">\n<h3 class=\"wp-block-heading alignwide\" id=\"h-siste-nytt-fra-mental-helse-skodje-og-orskog\">Siste nytt fra Mental Helse Skodje og \u00d8rskog<\/h3>\n<\/div>\n\n\n<div class=\"t2-featured-content-layout alignwide alignwide wp-block-t2-featured-content-layout\">\n<div class=\"t2-featured-query-post t2-featured-content is-post-type-news wp-block-t2-featured-query-post\"><a class=\"t2-post-link wp-block-t2-post-link\" href=\"https:\/\/mentalhelse.no\/skodje-og-orskog\/aktuelt\/hyggelig-prat-om-et-fellesskap-som-betyr-noe\/\">\n\t<figure style=\"--t2-focal-point: 48% 49%;\" class=\"t2-post-featured-image has-image-ratio-16-9 wp-block-t2-post-featured-image\"><img loading=\"lazy\" decoding=\"async\" width=\"2560\" height=\"1920\" src=\"https:\/\/mentalhelse.no\/content\/uploads\/sites\/348\/2026\/03\/Radio.jpeg\" class=\"attachment-post-thumbnail size-post-thumbnail wp-post-image\" alt=\"\" srcset=\"https:\/\/mentalhelse.no\/content\/uploads\/sites\/348\/2026\/03\/Radio.jpeg 2560w, https:\/\/mentalhelse.no\/content\/uploads\/sites\/348\/2026\/03\/Radio-300x225.jpeg 300w, https:\/\/mentalhelse.no\/content\/uploads\/sites\/348\/2026\/03\/Radio-1024x768.jpeg 1024w, https:\/\/mentalhelse.no\/content\/uploads\/sites\/348\/2026\/03\/Radio-768x576.jpeg 768w, https:\/\/mentalhelse.no\/content\/uploads\/sites\/348\/2026\/03\/Radio-1536x1152.jpeg 1536w, https:\/\/mentalhelse.no\/content\/uploads\/sites\/348\/2026\/03\/Radio-2048x1536.jpeg 2048w\" sizes=\"auto, (max-width: 2560px) 100vw, 2560px\" style=\"--focal-point: 48% 49%;\" \/><\/figure>\n<\/a>\n\n<div class=\"wp-block-group postinfo alignfull is-layout-flow wp-block-group-is-layout-flow\">\n\t<div class=\"wp-block-mentalhelse-post-category\">\n\t\t\t\t\t<div class=\"post-type\">\n\t\t\t\t\t\t<a href=\"https:\/\/mentalhelse.no\/skodje-og-orskog\/aktuelt\/\">Nyheter<\/a>\n\t\t\t\t\t<\/div>\n\t\t\t\t\t\n\t\t\t\t\t<div class=\"post-category\">\n\t\t\t\t\t\t\n\t\t\t\t\t<\/div>\n\t\t\t<\/div>\n\t<a class=\"t2-post-link wp-block-t2-post-link\" href=\"https:\/\/mentalhelse.no\/skodje-og-orskog\/aktuelt\/hyggelig-prat-om-et-fellesskap-som-betyr-noe\/\">\n\t<h2 class=\"t2-post-title wp-block-t2-post-title\">Hyggelig prat om et fellesskap som betyr noe<\/h2>\n\t<\/a>\n<\/div>\n\n<\/div>\n\n<div class=\"t2-featured-query-post t2-featured-content is-post-type-news wp-block-t2-featured-query-post\"><a class=\"t2-post-link wp-block-t2-post-link\" href=\"https:\/\/mentalhelse.no\/skodje-og-orskog\/aktuelt\/arsmotet-2026\/\">\n\t<figure style=\"--t2-focal-point: 50% 50%;\" class=\"t2-post-featured-image has-image-ratio-16-9 wp-block-t2-post-featured-image\"><img loading=\"lazy\" decoding=\"async\" width=\"1920\" height=\"1414\" src=\"https:\/\/mentalhelse.no\/content\/uploads\/sites\/348\/2026\/03\/openclipart-vectors-meeting-152506_1920.png\" class=\"attachment-post-thumbnail size-post-thumbnail wp-post-image\" alt=\"\" srcset=\"https:\/\/mentalhelse.no\/content\/uploads\/sites\/348\/2026\/03\/openclipart-vectors-meeting-152506_1920.png 1920w, https:\/\/mentalhelse.no\/content\/uploads\/sites\/348\/2026\/03\/openclipart-vectors-meeting-152506_1920-300x221.png 300w, https:\/\/mentalhelse.no\/content\/uploads\/sites\/348\/2026\/03\/openclipart-vectors-meeting-152506_1920-1024x754.png 1024w, https:\/\/mentalhelse.no\/content\/uploads\/sites\/348\/2026\/03\/openclipart-vectors-meeting-152506_1920-768x566.png 768w, https:\/\/mentalhelse.no\/content\/uploads\/sites\/348\/2026\/03\/openclipart-vectors-meeting-152506_1920-1536x1131.png 1536w\" sizes=\"auto, (max-width: 1920px) 100vw, 1920px\" style=\"--focal-point: 50% 50%;\" \/><\/figure>\n<\/a>\n\n<div class=\"wp-block-group postinfo alignfull is-layout-flow wp-block-group-is-layout-flow\">\n\t<div class=\"wp-block-mentalhelse-post-category\">\n\t\t\t\t\t<div class=\"post-type\">\n\t\t\t\t\t\t<a href=\"https:\/\/mentalhelse.no\/skodje-og-orskog\/aktuelt\/\">Nyheter<\/a>\n\t\t\t\t\t<\/div>\n\t\t\t\t\t\n\t\t\t\t\t<div class=\"post-category\">\n\t\t\t\t\t\t\n\t\t\t\t\t<\/div>\n\t\t\t<\/div>\n\t<a class=\"t2-post-link wp-block-t2-post-link\" href=\"https:\/\/mentalhelse.no\/skodje-og-orskog\/aktuelt\/arsmotet-2026\/\">\n\t<h2 class=\"t2-post-title wp-block-t2-post-title\">\u00c5rsm\u00f8tet 2026<\/h2>\n\t<\/a>\n<\/div>\n\n<\/div>\n\n<div class=\"t2-featured-query-post t2-featured-content is-post-type-news wp-block-t2-featured-query-post\"><a class=\"t2-post-link wp-block-t2-post-link\" href=\"https:\/\/mentalhelse.no\/skodje-og-orskog\/aktuelt\/julebord-i-festlig-lag\/\">\n\t<figure style=\"--t2-focal-point: 58% 36%;\" class=\"t2-post-featured-image has-image-ratio-16-9 wp-block-t2-post-featured-image\"><img loading=\"lazy\" decoding=\"async\" width=\"316\" height=\"298\" src=\"https:\/\/mentalhelse.no\/content\/uploads\/sites\/348\/2026\/01\/Bilde2.png\" class=\"attachment-post-thumbnail size-post-thumbnail wp-post-image\" alt=\"\" srcset=\"https:\/\/mentalhelse.no\/content\/uploads\/sites\/348\/2026\/01\/Bilde2.png 316w, https:\/\/mentalhelse.no\/content\/uploads\/sites\/348\/2026\/01\/Bilde2-300x283.png 300w\" sizes=\"auto, (max-width: 316px) 100vw, 316px\" style=\"--focal-point: 58% 36%;\" \/><\/figure>\n<\/a>\n\n<div class=\"wp-block-group postinfo alignfull is-layout-flow wp-block-group-is-layout-flow\">\n\t<div class=\"wp-block-mentalhelse-post-category\">\n\t\t\t\t\t<div class=\"post-type\">\n\t\t\t\t\t\t<a href=\"https:\/\/mentalhelse.no\/skodje-og-orskog\/aktuelt\/\">Nyheter<\/a>\n\t\t\t\t\t<\/div>\n\t\t\t\t\t\n\t\t\t\t\t<div class=\"post-category\">\n\t\t\t\t\t\t\n\t\t\t\t\t<\/div>\n\t\t\t<\/div>\n\t<a class=\"t2-post-link wp-block-t2-post-link\" href=\"https:\/\/mentalhelse.no\/skodje-og-orskog\/aktuelt\/julebord-i-festlig-lag\/\">\n\t<h2 class=\"t2-post-title wp-block-t2-post-title\">Julebord i festlig lag<\/h2>\n\t<\/a>\n<\/div>\n\n<\/div>\n\n\n\n\n\n\n<\/div>\n\n\n\t\t<div class=\"mh-related-posts alignfull alignfull wp-block-mentalhelse-related-posts brown-light-mode\">\n\t\t\t<div class=\"mh-related-posts__inner\">\n\t\t\t\t\n\n<h3 class=\"wp-block-heading\" id=\"h-nyheter-fra-mental-helse\">Nyheter fra Mental Helse<\/h3>\n\n\n<div class=\"t2-featured-content-layout alignwide alignwide wp-block-t2-featured-content-layout\">\n<div class=\"t2-featured-query-post t2-featured-content is-post-type-news is-style-default wp-block-t2-featured-query-post t2-featured-content-layout-col-4\"><a class=\"t2-post-link wp-block-t2-post-link\" href=\"https:\/\/mentalhelse.no\/aktuelt\/nettverk-for-selvmordsforebygging-i-gang-igjen\/\">\n\t<figure style=\"--t2-focal-point: 50% 50%;\" class=\"t2-post-featured-image has-image-ratio-16-9 wp-block-t2-post-featured-image\"><img loading=\"lazy\" decoding=\"async\" width=\"1736\" height=\"1080\" src=\"https:\/\/mentalhelse.no\/content\/uploads\/2026\/04\/nettverk-for-selvmordsforebygging-30.04.2026.jpg\" class=\"attachment-post-thumbnail size-post-thumbnail wp-post-image\" alt=\"\" srcset=\"https:\/\/mentalhelse.no\/content\/uploads\/2026\/04\/nettverk-for-selvmordsforebygging-30.04.2026.jpg 1736w, https:\/\/mentalhelse.no\/content\/uploads\/2026\/04\/nettverk-for-selvmordsforebygging-30.04.2026-300x187.jpg 300w, https:\/\/mentalhelse.no\/content\/uploads\/2026\/04\/nettverk-for-selvmordsforebygging-30.04.2026-1024x637.jpg 1024w, https:\/\/mentalhelse.no\/content\/uploads\/2026\/04\/nettverk-for-selvmordsforebygging-30.04.2026-768x478.jpg 768w, https:\/\/mentalhelse.no\/content\/uploads\/2026\/04\/nettverk-for-selvmordsforebygging-30.04.2026-1536x956.jpg 1536w\" sizes=\"auto, (max-width: 1736px) 100vw, 1736px\" style=\"--focal-point: 50% 50%;\" \/><\/figure>\n<\/a>\n\n<div class=\"wp-block-group postinfo alignfull is-layout-flow wp-block-group-is-layout-flow\">\n\t<div class=\"wp-block-mentalhelse-post-category\">\n\t\t\t\t\t<div class=\"post-type\">\n\t\t\t\t\t\t<a href=\"https:\/\/mentalhelse.no\/aktuelt\/\">Nyheter<\/a>\n\t\t\t\t\t<\/div>\n\t\t\t\t\t\n\t\t\t\t\t<div class=\"post-category\">\n\t\t\t\t\t\t\n\t\t\t\t\t<\/div>\n\t\t\t<\/div>\n\t<a class=\"t2-post-link wp-block-t2-post-link\" href=\"https:\/\/mentalhelse.no\/aktuelt\/nettverk-for-selvmordsforebygging-i-gang-igjen\/\">\n\t<h2 class=\"t2-post-title wp-block-t2-post-title\">Nettverk for selvmordsforebygging i gang igjen<\/h2>\n\t<\/a>\n<\/div>\n\n<\/div>\n\n<div class=\"t2-featured-query-post t2-featured-content is-post-type-news news_category-press-release is-style-default wp-block-t2-featured-query-post t2-featured-content-layout-col-4\"><a class=\"t2-post-link wp-block-t2-post-link\" href=\"https:\/\/mentalhelse.no\/aktuelt\/selvmord-et-samfunnsproblem-som-kan-loses\/\">\n\t<figure style=\"--t2-focal-point: 50% 50%;\" class=\"t2-post-featured-image has-image-ratio-16-9 wp-block-t2-post-featured-image\"><img loading=\"lazy\" decoding=\"async\" width=\"2560\" height=\"1707\" src=\"https:\/\/mentalhelse.no\/content\/uploads\/2026\/04\/731fb7be-871a-467b-9dde-dbd5907dce45-scaled.jpg\" class=\"attachment-post-thumbnail size-post-thumbnail wp-post-image\" alt=\"\" srcset=\"https:\/\/mentalhelse.no\/content\/uploads\/2026\/04\/731fb7be-871a-467b-9dde-dbd5907dce45-scaled.jpg 2560w, https:\/\/mentalhelse.no\/content\/uploads\/2026\/04\/731fb7be-871a-467b-9dde-dbd5907dce45-300x200.jpg 300w, https:\/\/mentalhelse.no\/content\/uploads\/2026\/04\/731fb7be-871a-467b-9dde-dbd5907dce45-1024x683.jpg 1024w, https:\/\/mentalhelse.no\/content\/uploads\/2026\/04\/731fb7be-871a-467b-9dde-dbd5907dce45-768x512.jpg 768w, https:\/\/mentalhelse.no\/content\/uploads\/2026\/04\/731fb7be-871a-467b-9dde-dbd5907dce45-1536x1024.jpg 1536w, https:\/\/mentalhelse.no\/content\/uploads\/2026\/04\/731fb7be-871a-467b-9dde-dbd5907dce45-2048x1365.jpg 2048w\" sizes=\"auto, (max-width: 2560px) 100vw, 2560px\" style=\"--focal-point: 50% 50%;\" \/><\/figure>\n<\/a>\n\n<div class=\"wp-block-group postinfo alignfull is-layout-flow wp-block-group-is-layout-flow\">\n\t<div class=\"wp-block-mentalhelse-post-category\">\n\t\t\t\t\t<div class=\"post-type\">\n\t\t\t\t\t\t<a href=\"https:\/\/mentalhelse.no\/aktuelt\/\">Nyheter<\/a>\n\t\t\t\t\t<\/div>\n\t\t\t\t\t<div class=\"separator\"><\/div>\n\t\t\t\t\t<div class=\"post-category\">\n\t\t\t\t\t\t<a href=\"https:\/\/mentalhelse.no\/aktuelt-kategori\/press-release\/\">Pressemelding<\/a>\n\t\t\t\t\t<\/div>\n\t\t\t<\/div>\n\t<a class=\"t2-post-link wp-block-t2-post-link\" href=\"https:\/\/mentalhelse.no\/aktuelt\/selvmord-et-samfunnsproblem-som-kan-loses\/\">\n\t<h2 class=\"t2-post-title wp-block-t2-post-title\">Selvmord \u2013 et samfunnsproblem som kan l\u00f8ses<\/h2>\n\t<\/a>\n<\/div>\n\n<\/div>\n\n<div class=\"t2-featured-query-post t2-featured-content is-post-type-news news_category-press-release is-style-default wp-block-t2-featured-query-post t2-featured-content-layout-col-4\"><a class=\"t2-post-link wp-block-t2-post-link\" href=\"https:\/\/mentalhelse.no\/aktuelt\/tillit-er-beredskap\/\">\n\t<figure style=\"--t2-focal-point: 50% 50%;\" class=\"t2-post-featured-image has-image-ratio-16-9 wp-block-t2-post-featured-image\"><img loading=\"lazy\" decoding=\"async\" width=\"960\" height=\"540\" src=\"https:\/\/mentalhelse.no\/content\/uploads\/2026\/04\/00d597fd-8c57-482f-b465-59e354a9f058.png\" class=\"attachment-post-thumbnail size-post-thumbnail wp-post-image\" alt=\"\" srcset=\"https:\/\/mentalhelse.no\/content\/uploads\/2026\/04\/00d597fd-8c57-482f-b465-59e354a9f058.png 960w, https:\/\/mentalhelse.no\/content\/uploads\/2026\/04\/00d597fd-8c57-482f-b465-59e354a9f058-300x169.png 300w, https:\/\/mentalhelse.no\/content\/uploads\/2026\/04\/00d597fd-8c57-482f-b465-59e354a9f058-768x432.png 768w\" sizes=\"auto, (max-width: 960px) 100vw, 960px\" style=\"--focal-point: 50% 50%;\" \/><\/figure>\n<\/a>\n\n<div class=\"wp-block-group postinfo alignfull is-layout-flow wp-block-group-is-layout-flow\">\n\t<div class=\"wp-block-mentalhelse-post-category\">\n\t\t\t\t\t<div class=\"post-type\">\n\t\t\t\t\t\t<a href=\"https:\/\/mentalhelse.no\/aktuelt\/\">Nyheter<\/a>\n\t\t\t\t\t<\/div>\n\t\t\t\t\t<div class=\"separator\"><\/div>\n\t\t\t\t\t<div class=\"post-category\">\n\t\t\t\t\t\t<a href=\"https:\/\/mentalhelse.no\/aktuelt-kategori\/press-release\/\">Pressemelding<\/a>\n\t\t\t\t\t<\/div>\n\t\t\t<\/div>\n\t<a class=\"t2-post-link wp-block-t2-post-link\" href=\"https:\/\/mentalhelse.no\/aktuelt\/tillit-er-beredskap\/\">\n\t<h2 class=\"t2-post-title wp-block-t2-post-title\">Tillit er beredskap<\/h2>\n\t<\/a>\n<\/div>\n\n<\/div>\n<\/div>\n\n\t\t\t<\/div>\n\t\t<\/div>","protected":false},"excerpt":{"rendered":"<p>Siste nytt fra Mental Helse Skodje og \u00d8rskog<\/p>\n","protected":false},"author":1,"featured_media":758,"parent":0,"menu_order":0,"comment_status":"closed","ping_status":"closed","template":"","meta":{"t2_featured_media_focal_point":{"x":0.5,"y":0.5},"mh_hide_title":true,"e24d_chat_page_choice":"","footnotes":""},"class_list":["post-756","page","type-page","status-publish","has-post-thumbnail","hentry"],"yoast_head":"<!-- This site is optimized with the Yoast SEO Premium plugin v21.2 (Yoast SEO v21.2) - https:\/\/yoast.com\/wordpress\/plugins\/seo\/ -->\n<title>Mental Helse - Skodje og \u00d8rskog - Mental Helse - Skodje og \u00d8rskog<\/title>\n<meta name=\"description\" content=\"Vi er Mental Helses lokallag i Skodje og \u00d8rskog. Vi har medlemsm\u00f8ter og arrangerer flere turer \u00e5rlig. Les mer p\u00e5 v\u00e5re nettsider!\" \/>\n<meta name=\"robots\" content=\"index, follow, max-snippet:-1, max-image-preview:large, max-video-preview:-1\" \/>\n<link rel=\"canonical\" href=\"https:\/\/mentalhelse.no\/skodje-og-orskog\/\" \/>\n<meta property=\"og:locale\" content=\"nb_NO\" \/>\n<meta property=\"og:type\" content=\"article\" \/>\n<meta property=\"og:title\" content=\"Skodje og \u00d8rskog\" \/>\n<meta property=\"og:description\" content=\"Vi er Mental Helses lokallag i Skodje og \u00d8rskog. Vi har medlemsm\u00f8ter og arrangerer flere turer \u00e5rlig. Les mer p\u00e5 v\u00e5re nettsider!\" \/>\n<meta property=\"og:url\" content=\"https:\/\/mentalhelse.no\/skodje-og-orskog\/\" \/>\n<meta property=\"og:site_name\" content=\"Skodje og \u00d8rskog\" \/>\n<meta property=\"article:modified_time\" content=\"2024-09-07T10:22:28+00:00\" \/>\n<meta property=\"og:image\" content=\"https:\/\/mentalhelse.no\/content\/uploads\/sites\/348\/2023\/05\/karoline-vargdal-m9GyvqF8ccQ-unsplash-scaled.jpg\" \/>\n\t<meta property=\"og:image:width\" content=\"2560\" \/>\n\t<meta property=\"og:image:height\" content=\"1626\" \/>\n\t<meta property=\"og:image:type\" content=\"image\/jpeg\" \/>\n<meta name=\"twitter:card\" content=\"summary_large_image\" \/>\n<meta name=\"twitter:label1\" content=\"Ansl. lesetid\" \/>\n\t<meta name=\"twitter:data1\" content=\"1 minutt\" \/>\n<script type=\"application\/ld+json\" class=\"yoast-schema-graph\">{\"@context\":\"https:\/\/schema.org\",\"@graph\":[{\"@type\":\"WebPage\",\"@id\":\"https:\/\/mentalhelse.no\/skodje-og-orskog\/\",\"url\":\"https:\/\/mentalhelse.no\/skodje-og-orskog\/\",\"name\":\"Skodje og \u00d8rskog - Skodje og \u00d8rskog\",\"isPartOf\":{\"@id\":\"https:\/\/mentalhelse.no\/skodje-og-orskog\/#website\"},\"datePublished\":\"2023-05-09T11:55:25+00:00\",\"dateModified\":\"2024-09-07T10:22:28+00:00\",\"description\":\"Vi er Mental Helses lokallag i Skodje og \u00d8rskog. Vi har medlemsm\u00f8ter og arrangerer flere turer \u00e5rlig. Les mer p\u00e5 v\u00e5re nettsider!\",\"breadcrumb\":{\"@id\":\"https:\/\/mentalhelse.no\/skodje-og-orskog\/#breadcrumb\"},\"inLanguage\":\"nb-NO\",\"potentialAction\":[{\"@type\":\"ReadAction\",\"target\":[\"https:\/\/mentalhelse.no\/skodje-og-orskog\/\"]}]},{\"@type\":\"BreadcrumbList\",\"@id\":\"https:\/\/mentalhelse.no\/skodje-og-orskog\/#breadcrumb\",\"itemListElement\":[{\"@type\":\"ListItem\",\"position\":1,\"name\":\"Hjem\",\"item\":\"https:\/\/mentalhelse.no\/skodje-og-orskog\/\"},{\"@type\":\"ListItem\",\"position\":2,\"name\":\"Skodje og \u00d8rskog\"}]},{\"@type\":\"WebSite\",\"@id\":\"https:\/\/mentalhelse.no\/skodje-og-orskog\/#website\",\"url\":\"https:\/\/mentalhelse.no\/skodje-og-orskog\/\",\"name\":\"Skodje og \u00d8rskog\",\"description\":\"\",\"potentialAction\":[{\"@type\":\"SearchAction\",\"target\":{\"@type\":\"EntryPoint\",\"urlTemplate\":\"https:\/\/mentalhelse.no\/skodje-og-orskog\/?s={search_term_string}\"},\"query-input\":\"required name=search_term_string\"}],\"inLanguage\":\"nb-NO\"}]}<\/script>\n<!-- \/ Yoast SEO Premium plugin. -->","yoast_head_json":{"title":"Mental Helse - Skodje og \u00d8rskog - Mental Helse - Skodje og \u00d8rskog","description":"Vi er Mental Helses lokallag i Skodje og \u00d8rskog. Vi har medlemsm\u00f8ter og arrangerer flere turer \u00e5rlig. Les mer p\u00e5 v\u00e5re nettsider!","robots":{"index":"index","follow":"follow","max-snippet":"max-snippet:-1","max-image-preview":"max-image-preview:large","max-video-preview":"max-video-preview:-1"},"canonical":"https:\/\/mentalhelse.no\/skodje-og-orskog\/","og_locale":"nb_NO","og_type":"article","og_title":"Skodje og \u00d8rskog","og_description":"Vi er Mental Helses lokallag i Skodje og \u00d8rskog. Vi har medlemsm\u00f8ter og arrangerer flere turer \u00e5rlig. Les mer p\u00e5 v\u00e5re nettsider!","og_url":"https:\/\/mentalhelse.no\/skodje-og-orskog\/","og_site_name":"Skodje og \u00d8rskog","article_modified_time":"2024-09-07T10:22:28+00:00","og_image":[{"width":2560,"height":1626,"url":"https:\/\/mentalhelse.no\/content\/uploads\/sites\/348\/2023\/05\/karoline-vargdal-m9GyvqF8ccQ-unsplash-scaled.jpg","type":"image\/jpeg"}],"twitter_card":"summary_large_image","twitter_misc":{"Ansl. lesetid":"1 minutt"},"schema":{"@context":"https:\/\/schema.org","@graph":[{"@type":"WebPage","@id":"https:\/\/mentalhelse.no\/skodje-og-orskog\/","url":"https:\/\/mentalhelse.no\/skodje-og-orskog\/","name":"Skodje og \u00d8rskog - Skodje og \u00d8rskog","isPartOf":{"@id":"https:\/\/mentalhelse.no\/skodje-og-orskog\/#website"},"datePublished":"2023-05-09T11:55:25+00:00","dateModified":"2024-09-07T10:22:28+00:00","description":"Vi er Mental Helses lokallag i Skodje og \u00d8rskog. Vi har medlemsm\u00f8ter og arrangerer flere turer \u00e5rlig. Les mer p\u00e5 v\u00e5re nettsider!","breadcrumb":{"@id":"https:\/\/mentalhelse.no\/skodje-og-orskog\/#breadcrumb"},"inLanguage":"nb-NO","potentialAction":[{"@type":"ReadAction","target":["https:\/\/mentalhelse.no\/skodje-og-orskog\/"]}]},{"@type":"BreadcrumbList","@id":"https:\/\/mentalhelse.no\/skodje-og-orskog\/#breadcrumb","itemListElement":[{"@type":"ListItem","position":1,"name":"Hjem","item":"https:\/\/mentalhelse.no\/skodje-og-orskog\/"},{"@type":"ListItem","position":2,"name":"Skodje og \u00d8rskog"}]},{"@type":"WebSite","@id":"https:\/\/mentalhelse.no\/skodje-og-orskog\/#website","url":"https:\/\/mentalhelse.no\/skodje-og-orskog\/","name":"Skodje og \u00d8rskog","description":"","potentialAction":[{"@type":"SearchAction","target":{"@type":"EntryPoint","urlTemplate":"https:\/\/mentalhelse.no\/skodje-og-orskog\/?s={search_term_string}"},"query-input":"required name=search_term_string"}],"inLanguage":"nb-NO"}]}},"_links":{"self":[{"href":"https:\/\/mentalhelse.no\/skodje-og-orskog\/wp-json\/wp\/v2\/pages\/756","targetHints":{"allow":["GET"]}}],"collection":[{"href":"https:\/\/mentalhelse.no\/skodje-og-orskog\/wp-json\/wp\/v2\/pages"}],"about":[{"href":"https:\/\/mentalhelse.no\/skodje-og-orskog\/wp-json\/wp\/v2\/types\/page"}],"author":[{"embeddable":true,"href":"https:\/\/mentalhelse.no\/skodje-og-orskog\/wp-json\/wp\/v2\/users\/1"}],"replies":[{"embeddable":true,"href":"https:\/\/mentalhelse.no\/skodje-og-orskog\/wp-json\/wp\/v2\/comments?post=756"}],"version-history":[{"count":4,"href":"https:\/\/mentalhelse.no\/skodje-og-orskog\/wp-json\/wp\/v2\/pages\/756\/revisions"}],"predecessor-version":[{"id":1159,"href":"https:\/\/mentalhelse.no\/skodje-og-orskog\/wp-json\/wp\/v2\/pages\/756\/revisions\/1159"}],"wp:featuredmedia":[{"embeddable":true,"href":"https:\/\/mentalhelse.no\/skodje-og-orskog\/wp-json\/wp\/v2\/media\/758"}],"wp:attachment":[{"href":"https:\/\/mentalhelse.no\/skodje-og-orskog\/wp-json\/wp\/v2\/media?parent=756"}],"curies":[{"name":"wp","href":"https:\/\/api.w.org\/{rel}","templated":true}]}}