{"id":797,"date":"2023-05-10T11:14:16","date_gmt":"2023-05-10T11:14:16","guid":{"rendered":"https:\/\/mentalhelse.no\/viken\/?page_id=797"},"modified":"2026-03-26T08:11:58","modified_gmt":"2026-03-26T08:11:58","slug":"om-oss","status":"publish","type":"page","link":"https:\/\/mentalhelse.no\/stange\/om-oss\/","title":{"rendered":"Om oss"},"content":{"rendered":"\n<figure class=\"wp-block-image size-large\"><img loading=\"lazy\" decoding=\"async\" width=\"1024\" height=\"576\" src=\"https:\/\/mentalhelse.no\/content\/uploads\/sites\/207\/2023\/08\/Stange-forside-1024x576.jpg\" alt=\"\" class=\"wp-image-998\" srcset=\"https:\/\/mentalhelse.no\/content\/uploads\/sites\/207\/2023\/08\/Stange-forside-1024x576.jpg 1024w, https:\/\/mentalhelse.no\/content\/uploads\/sites\/207\/2023\/08\/Stange-forside-300x169.jpg 300w, https:\/\/mentalhelse.no\/content\/uploads\/sites\/207\/2023\/08\/Stange-forside-768x432.jpg 768w, https:\/\/mentalhelse.no\/content\/uploads\/sites\/207\/2023\/08\/Stange-forside-1536x864.jpg 1536w, https:\/\/mentalhelse.no\/content\/uploads\/sites\/207\/2023\/08\/Stange-forside-2048x1152.jpg 2048w\" sizes=\"auto, (max-width: 1024px) 100vw, 1024px\" \/><\/figure>\n\n\n\n<h1 class=\"wp-block-heading\" id=\"h-om-oss\">Om oss<\/h1>\n\n\n\n<p>Mental Helse Stange ble etablert i 1999 og har i dag ca 80 medlemmer. Vi har et godt samarbeid med flere akt\u00f8rer. Vi samarbeider med kommunen, herunder Stangehjelpa om sykkel- og g\u00e5gruppa, vi samarbeider med andre lokallag om turer og reiser, vi samarbeider med sentrumsforeningen i Stange, vi arrangerer julebord og markerer Verdensdagen for psykisk helse og vi har kontordag en dag i m\u00e5neden. <\/p>\n\n\n\n<p>Har du lyst til \u00e5 bli frivillig eller medlem hos oss? Da vil vi gjerne  h\u00f8r fra deg! <\/p>\n\n\n\n<h2 class=\"wp-block-heading\" id=\"h-styret\">Styret<\/h2>\n\n\n\n<p><strong>Leder<\/strong>&nbsp;Marianne Kristoffersen<br><strong>Nestleder<\/strong>&nbsp;Kjell Arne Frenning<br><strong>Kasserer<\/strong>&nbsp;Bente Karin Sl\u00f8tte<br><strong>Sekret\u00e6r<\/strong>&nbsp;Tom Erik Helseth<br><strong>Studieleder<\/strong>&nbsp;Toril Olsen<\/p>\n\n\n\n<p><strong>1. vara:<\/strong>\u00a0Merethe J\u00f8nsberg<br><strong>2. vara:<\/strong>\u00a0Tove Pedersen<\/p>\n\n\n<div class=\"t2-featured-content-layout align align wp-block-t2-featured-content-layout\"><\/div>\n\n\n<h2 class=\"wp-block-heading\" id=\"h-kontakt\">Kontakt<\/h2>\n\n\n\n<p><strong>Mental Helse Stange<\/strong><br><\/p>\n\n\n\n<p><strong>Leder<br><\/strong>Marianne Kristoffersen<br>470 27 589<\/p>\n\n\n\n<p><strong>Nesteder<br><\/strong>Kjell Arne Frenning<br>995 74 786<\/p>\n\n\n\n<p><a href=\"mailto:stange@mentalhelse.no\">stange@lokallag.mentalhelse.no<\/a><br><\/p>\n\n\n\n<p><strong>Kontonr.:<\/strong><br>1813 12 30407<\/p>\n\n\n\n<p><strong>Org.nr.:<\/strong><br>983 521 525<\/p>\n\n\n\n\n\n<div class=\"wp-block-group alignfull is-layout-constrained wp-block-group-is-layout-constrained\">\n<h3 class=\"wp-block-heading alignwide\" id=\"h-siste-nytt-fra-mental-helse-stange\">Siste nytt fra Mental Helse Stange<\/h3>\n<\/div>\n\n\n<div class=\"card-info wp-block-t2-people-meta\"><\/div>\n\n<div class=\"t2-featured-content-layout alignwide alignwide wp-block-t2-featured-content-layout\">\n<div class=\"t2-featured-query-post t2-featured-content is-post-type-news wp-block-t2-featured-query-post\"><a class=\"t2-post-link wp-block-t2-post-link\" href=\"https:\/\/mentalhelse.no\/stange\/aktuelt\/innkalling-til-arsmote-i-mental-helse-stange-2026\/\">\n\t<figure style=\"--t2-focal-point: 50% 50%;\" class=\"t2-post-featured-image has-image-ratio-16-9 wp-block-t2-post-featured-image\"><img loading=\"lazy\" decoding=\"async\" width=\"2560\" height=\"1396\" src=\"https:\/\/mentalhelse.no\/content\/uploads\/sites\/207\/2026\/01\/Arsmote-2026.png\" class=\"attachment-post-thumbnail size-post-thumbnail wp-post-image\" alt=\"\" srcset=\"https:\/\/mentalhelse.no\/content\/uploads\/sites\/207\/2026\/01\/Arsmote-2026.png 2560w, https:\/\/mentalhelse.no\/content\/uploads\/sites\/207\/2026\/01\/Arsmote-2026-300x164.png 300w, https:\/\/mentalhelse.no\/content\/uploads\/sites\/207\/2026\/01\/Arsmote-2026-1024x559.png 1024w, https:\/\/mentalhelse.no\/content\/uploads\/sites\/207\/2026\/01\/Arsmote-2026-768x419.png 768w, https:\/\/mentalhelse.no\/content\/uploads\/sites\/207\/2026\/01\/Arsmote-2026-1536x838.png 1536w, https:\/\/mentalhelse.no\/content\/uploads\/sites\/207\/2026\/01\/Arsmote-2026-2048x1117.png 2048w\" sizes=\"auto, (max-width: 2560px) 100vw, 2560px\" style=\"--focal-point: 50% 50%;\" \/><\/figure>\n<\/a>\n\n<div class=\"wp-block-group postinfo alignfull is-layout-flow wp-block-group-is-layout-flow\">\n\t<div class=\"wp-block-mentalhelse-post-category\">\n\t\t\t\t\t<div class=\"post-type\">\n\t\t\t\t\t\t<a href=\"https:\/\/mentalhelse.no\/stange\/aktuelt\/\">Nyheter<\/a>\n\t\t\t\t\t<\/div>\n\t\t\t\t\t\n\t\t\t\t\t<div class=\"post-category\">\n\t\t\t\t\t\t\n\t\t\t\t\t<\/div>\n\t\t\t<\/div>\n\t<a class=\"t2-post-link wp-block-t2-post-link\" href=\"https:\/\/mentalhelse.no\/stange\/aktuelt\/innkalling-til-arsmote-i-mental-helse-stange-2026\/\">\n\t<h2 class=\"t2-post-title wp-block-t2-post-title\">Innkalling til \u00e5rsm\u00f8te i Mental Helse Stange 2026<\/h2>\n\t<\/a>\n<\/div>\n\n<\/div>\n\n<div class=\"t2-featured-query-post t2-featured-content is-post-type-news wp-block-t2-featured-query-post\"><a class=\"t2-post-link wp-block-t2-post-link\" href=\"https:\/\/mentalhelse.no\/stange\/aktuelt\/aktivitetskveld-pa-meierigarden\/\">\n\t<figure style=\"--t2-focal-point: 50% 50%;\" class=\"t2-post-featured-image has-image-ratio-16-9 wp-block-t2-post-featured-image\"><img loading=\"lazy\" decoding=\"async\" width=\"2560\" height=\"1440\" src=\"https:\/\/mentalhelse.no\/content\/uploads\/sites\/207\/2025\/06\/PXL_20250625_163552818-1-scaled.jpg\" class=\"attachment-post-thumbnail size-post-thumbnail wp-post-image\" alt=\"\" srcset=\"https:\/\/mentalhelse.no\/content\/uploads\/sites\/207\/2025\/06\/PXL_20250625_163552818-1-scaled.jpg 2560w, https:\/\/mentalhelse.no\/content\/uploads\/sites\/207\/2025\/06\/PXL_20250625_163552818-1-300x169.jpg 300w, https:\/\/mentalhelse.no\/content\/uploads\/sites\/207\/2025\/06\/PXL_20250625_163552818-1-1024x576.jpg 1024w, https:\/\/mentalhelse.no\/content\/uploads\/sites\/207\/2025\/06\/PXL_20250625_163552818-1-768x432.jpg 768w, https:\/\/mentalhelse.no\/content\/uploads\/sites\/207\/2025\/06\/PXL_20250625_163552818-1-1536x864.jpg 1536w, https:\/\/mentalhelse.no\/content\/uploads\/sites\/207\/2025\/06\/PXL_20250625_163552818-1-2048x1152.jpg 2048w\" sizes=\"auto, (max-width: 2560px) 100vw, 2560px\" style=\"--focal-point: 50% 50%;\" \/><\/figure>\n<\/a>\n\n<div class=\"wp-block-group postinfo alignfull is-layout-flow wp-block-group-is-layout-flow\">\n\t<div class=\"wp-block-mentalhelse-post-category\">\n\t\t\t\t\t<div class=\"post-type\">\n\t\t\t\t\t\t<a href=\"https:\/\/mentalhelse.no\/stange\/aktuelt\/\">Nyheter<\/a>\n\t\t\t\t\t<\/div>\n\t\t\t\t\t\n\t\t\t\t\t<div class=\"post-category\">\n\t\t\t\t\t\t\n\t\t\t\t\t<\/div>\n\t\t\t<\/div>\n\t<a class=\"t2-post-link wp-block-t2-post-link\" href=\"https:\/\/mentalhelse.no\/stange\/aktuelt\/aktivitetskveld-pa-meierigarden\/\">\n\t<h2 class=\"t2-post-title wp-block-t2-post-title\">Aktivitetskveld p\u00e5 Meierig\u00e5rden<\/h2>\n\t<\/a>\n<\/div>\n\n<\/div>\n\n<div class=\"t2-featured-query-post t2-featured-content is-post-type-news wp-block-t2-featured-query-post\"><a class=\"t2-post-link wp-block-t2-post-link\" href=\"https:\/\/mentalhelse.no\/stange\/aktuelt\/mental-helse-stange-feiret-25-ar\/\">\n\t<figure style=\"--t2-focal-point: 50% 50%;\" class=\"t2-post-featured-image has-image-ratio-16-9 wp-block-t2-post-featured-image\"><img loading=\"lazy\" decoding=\"async\" width=\"1920\" height=\"2560\" src=\"https:\/\/mentalhelse.no\/content\/uploads\/sites\/207\/2024\/07\/1000000035-scaled.jpg\" class=\"attachment-post-thumbnail size-post-thumbnail wp-post-image\" alt=\"\" srcset=\"https:\/\/mentalhelse.no\/content\/uploads\/sites\/207\/2024\/07\/1000000035-scaled.jpg 1920w, https:\/\/mentalhelse.no\/content\/uploads\/sites\/207\/2024\/07\/1000000035-225x300.jpg 225w, https:\/\/mentalhelse.no\/content\/uploads\/sites\/207\/2024\/07\/1000000035-768x1024.jpg 768w, https:\/\/mentalhelse.no\/content\/uploads\/sites\/207\/2024\/07\/1000000035-1152x1536.jpg 1152w, https:\/\/mentalhelse.no\/content\/uploads\/sites\/207\/2024\/07\/1000000035-1536x2048.jpg 1536w\" sizes=\"auto, (max-width: 1920px) 100vw, 1920px\" style=\"--focal-point: 50% 50%;\" \/><\/figure>\n<\/a>\n\n<div class=\"wp-block-group postinfo alignfull is-layout-flow wp-block-group-is-layout-flow\">\n\t<div class=\"wp-block-mentalhelse-post-category\">\n\t\t\t\t\t<div class=\"post-type\">\n\t\t\t\t\t\t<a href=\"https:\/\/mentalhelse.no\/stange\/aktuelt\/\">Nyheter<\/a>\n\t\t\t\t\t<\/div>\n\t\t\t\t\t\n\t\t\t\t\t<div class=\"post-category\">\n\t\t\t\t\t\t\n\t\t\t\t\t<\/div>\n\t\t\t<\/div>\n\t<a class=\"t2-post-link wp-block-t2-post-link\" href=\"https:\/\/mentalhelse.no\/stange\/aktuelt\/mental-helse-stange-feiret-25-ar\/\">\n\t<h2 class=\"t2-post-title wp-block-t2-post-title\">Mental Helse Stange feiret 25 \u00e5r<\/h2>\n\t<\/a>\n<\/div>\n\n<\/div>\n<\/div>","protected":false},"excerpt":{"rendered":"<p>Om oss Mental Helse Stange ble etablert i 1999 og har i dag ca 80 medlemmer. Vi har et godt samarbeid med flere akt\u00f8rer. Vi&#8230;<\/p>\n","protected":false},"author":1,"featured_media":0,"parent":0,"menu_order":0,"comment_status":"closed","ping_status":"closed","template":"","meta":{"t2_featured_media_focal_point":{"x":0.5,"y":0.5},"mh_hide_title":true,"e24d_chat_page_choice":"","footnotes":""},"class_list":["post-797","page","type-page","status-publish","hentry"],"yoast_head":"<!-- This site is optimized with the Yoast SEO Premium plugin v21.2 (Yoast SEO v21.2) - https:\/\/yoast.com\/wordpress\/plugins\/seo\/ -->\n<title>Om oss - Mental Helse - Stange<\/title>\n<meta name=\"description\" content=\"Her kan du lese om oss i Mental Helse Stange, og l\u00e6re mer om hva vi jobber med. Ta gjerne kontakt hvis du har noen sp\u00f8rsm\u00e5l!\" \/>\n<meta name=\"robots\" content=\"index, follow, max-snippet:-1, max-image-preview:large, max-video-preview:-1\" \/>\n<link rel=\"canonical\" href=\"https:\/\/mentalhelse.no\/stange\/om-oss\/\" \/>\n<meta property=\"og:locale\" content=\"nb_NO\" \/>\n<meta property=\"og:type\" content=\"article\" \/>\n<meta property=\"og:title\" content=\"Om oss\" \/>\n<meta property=\"og:description\" content=\"Her kan du lese om oss i Mental Helse Stange, og l\u00e6re mer om hva vi jobber med. Ta gjerne kontakt hvis du har noen sp\u00f8rsm\u00e5l!\" \/>\n<meta property=\"og:url\" content=\"https:\/\/mentalhelse.no\/stange\/om-oss\/\" \/>\n<meta property=\"og:site_name\" content=\"Stange\" \/>\n<meta property=\"article:modified_time\" content=\"2026-03-26T08:11:58+00:00\" \/>\n<meta property=\"og:image\" content=\"https:\/\/mentalhelse.no\/content\/uploads\/sites\/207\/2023\/08\/Stange-forside-1024x576.jpg\" \/>\n<meta name=\"twitter:card\" content=\"summary_large_image\" \/>\n<meta name=\"twitter:label1\" content=\"Ansl. lesetid\" \/>\n\t<meta name=\"twitter:data1\" content=\"1 minutt\" \/>\n<script type=\"application\/ld+json\" class=\"yoast-schema-graph\">{\"@context\":\"https:\/\/schema.org\",\"@graph\":[{\"@type\":\"WebPage\",\"@id\":\"https:\/\/mentalhelse.no\/stange\/om-oss\/\",\"url\":\"https:\/\/mentalhelse.no\/stange\/om-oss\/\",\"name\":\"Om oss - Stange\",\"isPartOf\":{\"@id\":\"https:\/\/mentalhelse.no\/stange\/#website\"},\"datePublished\":\"2023-05-10T11:14:16+00:00\",\"dateModified\":\"2026-03-26T08:11:58+00:00\",\"description\":\"Her kan du lese om oss i Mental Helse Stange, og l\u00e6re mer om hva vi jobber med. Ta gjerne kontakt hvis du har noen sp\u00f8rsm\u00e5l!\",\"breadcrumb\":{\"@id\":\"https:\/\/mentalhelse.no\/stange\/om-oss\/#breadcrumb\"},\"inLanguage\":\"nb-NO\",\"potentialAction\":[{\"@type\":\"ReadAction\",\"target\":[\"https:\/\/mentalhelse.no\/stange\/om-oss\/\"]}]},{\"@type\":\"BreadcrumbList\",\"@id\":\"https:\/\/mentalhelse.no\/stange\/om-oss\/#breadcrumb\",\"itemListElement\":[{\"@type\":\"ListItem\",\"position\":1,\"name\":\"Hjem\",\"item\":\"https:\/\/mentalhelse.no\/stange\/\"},{\"@type\":\"ListItem\",\"position\":2,\"name\":\"Om oss\"}]},{\"@type\":\"WebSite\",\"@id\":\"https:\/\/mentalhelse.no\/stange\/#website\",\"url\":\"https:\/\/mentalhelse.no\/stange\/\",\"name\":\"Stange\",\"description\":\"\",\"potentialAction\":[{\"@type\":\"SearchAction\",\"target\":{\"@type\":\"EntryPoint\",\"urlTemplate\":\"https:\/\/mentalhelse.no\/stange\/?s={search_term_string}\"},\"query-input\":\"required name=search_term_string\"}],\"inLanguage\":\"nb-NO\"}]}<\/script>\n<!-- \/ Yoast SEO Premium plugin. -->","yoast_head_json":{"title":"Om oss - Mental Helse - Stange","description":"Her kan du lese om oss i Mental Helse Stange, og l\u00e6re mer om hva vi jobber med. Ta gjerne kontakt hvis du har noen sp\u00f8rsm\u00e5l!","robots":{"index":"index","follow":"follow","max-snippet":"max-snippet:-1","max-image-preview":"max-image-preview:large","max-video-preview":"max-video-preview:-1"},"canonical":"https:\/\/mentalhelse.no\/stange\/om-oss\/","og_locale":"nb_NO","og_type":"article","og_title":"Om oss","og_description":"Her kan du lese om oss i Mental Helse Stange, og l\u00e6re mer om hva vi jobber med. Ta gjerne kontakt hvis du har noen sp\u00f8rsm\u00e5l!","og_url":"https:\/\/mentalhelse.no\/stange\/om-oss\/","og_site_name":"Stange","article_modified_time":"2026-03-26T08:11:58+00:00","og_image":[{"url":"https:\/\/mentalhelse.no\/content\/uploads\/sites\/207\/2023\/08\/Stange-forside-1024x576.jpg"}],"twitter_card":"summary_large_image","twitter_misc":{"Ansl. lesetid":"1 minutt"},"schema":{"@context":"https:\/\/schema.org","@graph":[{"@type":"WebPage","@id":"https:\/\/mentalhelse.no\/stange\/om-oss\/","url":"https:\/\/mentalhelse.no\/stange\/om-oss\/","name":"Om oss - Stange","isPartOf":{"@id":"https:\/\/mentalhelse.no\/stange\/#website"},"datePublished":"2023-05-10T11:14:16+00:00","dateModified":"2026-03-26T08:11:58+00:00","description":"Her kan du lese om oss i Mental Helse Stange, og l\u00e6re mer om hva vi jobber med. Ta gjerne kontakt hvis du har noen sp\u00f8rsm\u00e5l!","breadcrumb":{"@id":"https:\/\/mentalhelse.no\/stange\/om-oss\/#breadcrumb"},"inLanguage":"nb-NO","potentialAction":[{"@type":"ReadAction","target":["https:\/\/mentalhelse.no\/stange\/om-oss\/"]}]},{"@type":"BreadcrumbList","@id":"https:\/\/mentalhelse.no\/stange\/om-oss\/#breadcrumb","itemListElement":[{"@type":"ListItem","position":1,"name":"Hjem","item":"https:\/\/mentalhelse.no\/stange\/"},{"@type":"ListItem","position":2,"name":"Om oss"}]},{"@type":"WebSite","@id":"https:\/\/mentalhelse.no\/stange\/#website","url":"https:\/\/mentalhelse.no\/stange\/","name":"Stange","description":"","potentialAction":[{"@type":"SearchAction","target":{"@type":"EntryPoint","urlTemplate":"https:\/\/mentalhelse.no\/stange\/?s={search_term_string}"},"query-input":"required name=search_term_string"}],"inLanguage":"nb-NO"}]}},"_links":{"self":[{"href":"https:\/\/mentalhelse.no\/stange\/wp-json\/wp\/v2\/pages\/797","targetHints":{"allow":["GET"]}}],"collection":[{"href":"https:\/\/mentalhelse.no\/stange\/wp-json\/wp\/v2\/pages"}],"about":[{"href":"https:\/\/mentalhelse.no\/stange\/wp-json\/wp\/v2\/types\/page"}],"author":[{"embeddable":true,"href":"https:\/\/mentalhelse.no\/stange\/wp-json\/wp\/v2\/users\/1"}],"replies":[{"embeddable":true,"href":"https:\/\/mentalhelse.no\/stange\/wp-json\/wp\/v2\/comments?post=797"}],"version-history":[{"count":5,"href":"https:\/\/mentalhelse.no\/stange\/wp-json\/wp\/v2\/pages\/797\/revisions"}],"predecessor-version":[{"id":1120,"href":"https:\/\/mentalhelse.no\/stange\/wp-json\/wp\/v2\/pages\/797\/revisions\/1120"}],"wp:attachment":[{"href":"https:\/\/mentalhelse.no\/stange\/wp-json\/wp\/v2\/media?parent=797"}],"curies":[{"name":"wp","href":"https:\/\/api.w.org\/{rel}","templated":true}]}}