{"id":797,"date":"2023-05-10T11:14:16","date_gmt":"2023-05-10T11:14:16","guid":{"rendered":"https:\/\/mentalhelse.no\/viken\/?page_id=797"},"modified":"2026-03-13T08:48:56","modified_gmt":"2026-03-13T08:48:56","slug":"om-oss","status":"publish","type":"page","link":"https:\/\/mentalhelse.no\/stovner\/om-oss\/","title":{"rendered":"Om oss"},"content":{"rendered":"\t<div class=\"t2-gallery-block has-1-images is-cropped wp-block-t2-gallery\">\n\t\t<figure itemscope itemtype=\"http:\/\/schema.org\/ImageGallery\">\n\t\t\t<div class=\"t2-gallery has-3-columns make-1-big\" data-gallery-id=\"t2gallery\">\n\t\t\t\t\t\t\t\t\t<figure itemprop=\"associatedMedia\" itemscope itemtype=\"http:\/\/schema.org\/ImageObject\" class=\"t2-gallery__image has-size-100\">\n\t\t\t\t\t\t<a class=\"t2-open-gallery\" href=\"https:\/\/mentalhelse.no\/content\/uploads\/sites\/251\/2023\/08\/photo-1529333166437-7750a6dd5a70-1024x684.webp\" itemprop=\"contentUrl\">\n\t\t\t\t\t\t\t<img loading=\"lazy\" decoding=\"async\" width=\"1024\" height=\"684\" src=\"https:\/\/mentalhelse.no\/content\/uploads\/sites\/251\/2023\/08\/photo-1529333166437-7750a6dd5a70-1024x684.webp\" class=\"attachment-large size-large\" alt=\"\" itemprop=\"thumbnail\" srcset=\"https:\/\/mentalhelse.no\/content\/uploads\/sites\/251\/2023\/08\/photo-1529333166437-7750a6dd5a70-1024x684.webp 1024w, https:\/\/mentalhelse.no\/content\/uploads\/sites\/251\/2023\/08\/photo-1529333166437-7750a6dd5a70-300x200.webp 300w, https:\/\/mentalhelse.no\/content\/uploads\/sites\/251\/2023\/08\/photo-1529333166437-7750a6dd5a70-768x513.webp 768w, https:\/\/mentalhelse.no\/content\/uploads\/sites\/251\/2023\/08\/photo-1529333166437-7750a6dd5a70.webp 1469w\" sizes=\"auto, (max-width: 1024px) 100vw, 1024px\" style=\"--focal-point: 50% 50%;\" \/>\t\t\t\t\t\t<\/a>\n\t\t\t\t\t<\/figure>\n\t\t\t\t\t\t\t\t<\/div>\n\n\t\t\t\t\t<\/figure>\n\t\t<div class=\"t2-gallery__backdrop\">\n\t\t\t<div role=\"dialog\"\n\t\t\t\tid=\"t2gallery\"\n\t\t\t\taria-modal=\"true\"\n\t\t\t\taria-roledescription=\"carousel\"\n\t\t\t\taria-label=\"Gallery images\"\n\t\t\t>\n\t\t\t\t<button\n\t\t\t\t\tclass=\"t2-gallery__close\"\n\t\t\t\t\ttype=\"button\"\n\t\t\t\t\tonclick=\"T2GalleryClose()\"\n\t\t\t\t>\n\t\t\t\t\tClose<svg xmlns=\"http:\/\/www.w3.org\/2000\/svg\" viewBox=\"0 0 24 24\" height=\"24\" width=\"24\" class=\"t2-icon t2-icon-close\" aria-hidden=\"true\" focusable=\"false\"><path d=\"m12 13.4-4.9 4.9c-.2.2-.4.3-.7.3-.3 0-.5-.1-.7-.3-.2-.2-.3-.4-.3-.7s.1-.5.3-.7l4.9-4.9-4.9-4.9c-.2-.2-.3-.4-.3-.7 0-.3.1-.5.3-.7.2-.2.4-.3.7-.3.3 0 .5.1.7.3l4.9 4.9 4.9-4.9c.2-.2.4-.3.7-.3s.5.1.7.3c.2.2.3.4.3.7 0 .3-.1.5-.3.7L13.4 12l4.9 4.9c.2.2.3.4.3.7s-.1.5-.3.7c-.2.2-.4.3-.7.3s-.5-.1-.7-.3L12 13.4z\" fill=\"currentColor\" \/><\/svg>\t\t\t\t<\/button>\n\t\t\t\t<button\n\t\t\t\t\tclass=\"t2-gallery__icon t2-gallery__icon--prev\"\n\t\t\t\t\ttype=\"button\"\n\t\t\t\t\taria-controls=\"t2gallery-slides\"\n\t\t\t\t\taria-label=\"Previous image\"\n\t\t\t\t\tonClick=\"T2GalleryPrev()\"\n\t\t\t\t>\n\t\t\t\t\t<svg xmlns=\"http:\/\/www.w3.org\/2000\/svg\" viewBox=\"0 0 24 24\" height=\"24\" width=\"24\" class=\"t2-icon t2-icon-arrowback\" aria-hidden=\"true\" focusable=\"false\"><path d=\"m10.9 19.3-6.6-6.6c-.1-.1-.2-.2-.2-.3-.1-.1-.1-.3-.1-.4 0-.1 0-.3.1-.4 0-.1.1-.2.2-.3l6.6-6.6c.2-.2.4-.3.7-.3.3 0 .5.1.7.3.2.2.3.4.3.7 0 .3-.1.5-.3.7L7.4 11h11.2c.3 0 .5.1.7.3.2.2.3.4.3.7s-.1.5-.3.7c-.2.2-.4.3-.7.3H7.4l4.9 4.9c.2.2.3.4.3.7 0 .3-.1.5-.3.7-.2.2-.4.3-.7.3s-.5-.1-.7-.3z\"\/><\/svg>\t\t\t\t<\/button>\n\t\t\t\t<button\n\t\t\t\t\tclass=\"t2-gallery__icon t2-gallery__icon--next\"\n\t\t\t\t\ttype=\"button\"\n\t\t\t\t\taria-controls=\"t2gallery-slides\"\n\t\t\t\t\taria-label=\"Next image\"\n\t\t\t\t\tonClick=\"T2GalleryNext()\"\n\t\t\t\t>\n\t\t\t\t\t<svg xmlns=\"http:\/\/www.w3.org\/2000\/svg\" viewBox=\"0 0 24 24\" height=\"24\" width=\"24\" class=\"t2-icon t2-icon-arrowforward\" aria-hidden=\"true\" focusable=\"false\"><path d=\"M11.3 19.3c-.2-.2-.3-.4-.3-.7 0-.3.1-.5.3-.7l4.9-4.9H5c-.3 0-.5-.1-.7-.3-.2-.2-.3-.4-.3-.7s.1-.5.3-.7c.2-.2.4-.3.7-.3h11.2l-4.9-4.9c-.2-.2-.3-.4-.3-.7 0-.3.1-.5.3-.7.2-.2.4-.3.7-.3s.5.1.7.3l6.6 6.6c.1.1.2.2.2.3 0 .1.1.3.1.4 0 .1 0 .3-.1.4 0 .1-.1.2-.2.3l-6.6 6.6c-.2.2-.4.3-.7.3s-.5-.1-.7-.3z\"\/><\/svg>\t\t\t\t<\/button>\n\t\t\t\t<div id=\"t2gallery-slides\" aria-live=\"off\">\n\t\t\t\t\t\t\t\t\t\t\t<figure\n\t\t\t\t\t\t\tclass=\"t2-gallery__item \"\n\t\t\t\t\t\t\trole=\"group\"\n\t\t\t\t\t\t\taria-roledescription=\"slide\"\n\t\t\t\t\t\t\taria-label=\"1 of 1\"\n\t\t\t\t\t\t>\n\t\t\t\t\t\t\t<div class=\"t2-gallery__item-image\"><img loading=\"lazy\" decoding=\"async\" width=\"1469\" height=\"981\" src=\"https:\/\/mentalhelse.no\/content\/uploads\/sites\/251\/2023\/08\/photo-1529333166437-7750a6dd5a70.webp\" class=\"attachment-full size-full\" alt=\"\" srcset=\"https:\/\/mentalhelse.no\/content\/uploads\/sites\/251\/2023\/08\/photo-1529333166437-7750a6dd5a70.webp 1469w, https:\/\/mentalhelse.no\/content\/uploads\/sites\/251\/2023\/08\/photo-1529333166437-7750a6dd5a70-300x200.webp 300w, https:\/\/mentalhelse.no\/content\/uploads\/sites\/251\/2023\/08\/photo-1529333166437-7750a6dd5a70-1024x684.webp 1024w, https:\/\/mentalhelse.no\/content\/uploads\/sites\/251\/2023\/08\/photo-1529333166437-7750a6dd5a70-768x513.webp 768w\" sizes=\"auto, (max-width: 1469px) 100vw, 1469px\" style=\"--focal-point: 50% 50%;\" \/><\/div>\t\t\t\t\t\t<\/figure>\n\t\t\t\t\t\t\t\t\t\t<\/div>\n\t\t\t<\/div>\n\t\t<\/div>\n\t<\/div>\n\t\n\n\n\n\n\n\n\n\n<h1 class=\"wp-block-heading\" id=\"h-om-oss\">Om oss<\/h1>\n\n\n\n<p>Mental Helse Stovner drives av en gjeng med ivrige og engasjerte folk som jobber for \u00e5 skape et m\u00f8tepunkt for de som \u00f8nsker et fellesskap i omr\u00e5det.<\/p>\n\n\n\n<p>\u00d8nsker du \u00e5 bli frivillig eller medlem hos oss? Da er du er hjertelig velkommen til \u00e5 ta kontakt:<\/p>\n\n\n\n<p>Janne Anita Hartviksen<br>Mob: 909 30 388<br><a href=\"mailto:stovner@lokallag.mentalhelse.no\">stovner@lokallag.mentalhelse.no<\/a><\/p>\n\n\n\n<h2 class=\"wp-block-heading\" id=\"h-styret\">Styret:<\/h2>\n\n\n\n<p><strong>Leder<\/strong>: Janne Anita Hartviksen<br><strong>Kasserer:<\/strong> Rita Marie Vaager<br><strong>Styremedlem: <\/strong>Sonja \u00d8deg\u00e5rd<br><strong>Styremedlem<\/strong>: Heidi Slopianka<br><strong>Styremedlem:<\/strong> Torunn Langen<br><strong>Varamedlem:<\/strong> Roy Greger<\/p>\n\n\n\n<div class=\"wp-block-columns is-layout-flex wp-container-core-columns-is-layout-1 wp-block-columns-is-layout-flex\">\n<div class=\"wp-block-column is-layout-flow wp-block-column-is-layout-flow\" style=\"flex-basis:100%\"><div class=\"card-info wp-block-t2-people-meta\"><\/div><\/div>\n<\/div>\n\n\n<div class=\"card-info wp-block-t2-people-meta\"><\/div>\n\n\n\t\t<div class=\"mh-related-posts alignfull alignfull wp-block-mentalhelse-related-posts gray-mode\">\n\t\t\t<div class=\"mh-related-posts__inner\">\n\t\t\t\t\n\n<h3 class=\"wp-block-heading\" id=\"h-siste-nytt-fra-mental-helse-stovner\">Siste nytt fra Mental Helse Stovner<\/h3>\n\n\n<div class=\"t2-featured-content-layout alignwide alignwide wp-block-t2-featured-content-layout\">\n<div class=\"t2-featured-query-post t2-featured-content is-post-type-news is-style-default wp-block-t2-featured-query-post t2-featured-content-layout-col-4\"><a class=\"t2-post-link wp-block-t2-post-link\" href=\"https:\/\/mentalhelse.no\/akershus\/aktuelt\/nytt-ar-nye-muligheter\/\">\n\t<figure style=\"--t2-focal-point: 50% 50%;\" class=\"t2-post-featured-image has-image-ratio-16-9 wp-block-t2-post-featured-image\"><img loading=\"lazy\" decoding=\"async\" width=\"984\" height=\"548\" src=\"https:\/\/mentalhelse.no\/content\/uploads\/sites\/12\/2025\/01\/entrance-quality-olavsgaard-hotel-skjetten.webp\" class=\"attachment-post-thumbnail size-post-thumbnail wp-post-image\" alt=\"\" srcset=\"https:\/\/mentalhelse.no\/content\/uploads\/sites\/12\/2025\/01\/entrance-quality-olavsgaard-hotel-skjetten.webp 984w, https:\/\/mentalhelse.no\/content\/uploads\/sites\/12\/2025\/01\/entrance-quality-olavsgaard-hotel-skjetten-300x167.webp 300w, https:\/\/mentalhelse.no\/content\/uploads\/sites\/12\/2025\/01\/entrance-quality-olavsgaard-hotel-skjetten-768x428.webp 768w\" sizes=\"auto, (max-width: 984px) 100vw, 984px\" style=\"--focal-point: 50% 50%;\" \/><\/figure>\n<\/a>\n\n<div class=\"wp-block-group postinfo alignfull is-layout-flow wp-block-group-is-layout-flow\">\n\t<div class=\"wp-block-mentalhelse-post-category\">\n\t\t\t\t\t<div class=\"post-type\">\n\t\t\t\t\t\t<a href=\"https:\/\/mentalhelse.no\/akershus\/aktuelt\/\">Nyheter<\/a>\n\t\t\t\t\t<\/div>\n\t\t\t\t\t\n\t\t\t\t\t<div class=\"post-category\">\n\t\t\t\t\t\t\n\t\t\t\t\t<\/div>\n\t\t\t<\/div>\n\t<a class=\"t2-post-link wp-block-t2-post-link\" href=\"https:\/\/mentalhelse.no\/akershus\/aktuelt\/nytt-ar-nye-muligheter\/\">\n\t<h2 class=\"t2-post-title wp-block-t2-post-title\">Nytt \u00e5r &#8211; nye muligheter!<\/h2>\n\t<\/a>\n<\/div>\n\n<\/div>\n\n<div class=\"t2-featured-query-post t2-featured-content is-post-type-news wp-block-t2-featured-query-post t2-featured-content-layout-col-4\"><a class=\"t2-post-link wp-block-t2-post-link\" href=\"https:\/\/mentalhelse.no\/akershus\/aktuelt\/studieledere-star-i-fronten-for-okt-kompetanse-blant-tillitsvalgte\/\">\n\t<figure style=\"--t2-focal-point: 50% 50%;\" class=\"t2-post-featured-image has-image-ratio-16-9 wp-block-t2-post-featured-image\"><img loading=\"lazy\" decoding=\"async\" width=\"2048\" height=\"1536\" src=\"https:\/\/mentalhelse.no\/content\/uploads\/sites\/12\/2024\/06\/448363317_10159616631315759_8573034091864125569_n.jpg\" class=\"attachment-post-thumbnail size-post-thumbnail wp-post-image\" alt=\"\" srcset=\"https:\/\/mentalhelse.no\/content\/uploads\/sites\/12\/2024\/06\/448363317_10159616631315759_8573034091864125569_n.jpg 2048w, https:\/\/mentalhelse.no\/content\/uploads\/sites\/12\/2024\/06\/448363317_10159616631315759_8573034091864125569_n-300x225.jpg 300w, https:\/\/mentalhelse.no\/content\/uploads\/sites\/12\/2024\/06\/448363317_10159616631315759_8573034091864125569_n-1024x768.jpg 1024w, https:\/\/mentalhelse.no\/content\/uploads\/sites\/12\/2024\/06\/448363317_10159616631315759_8573034091864125569_n-768x576.jpg 768w, https:\/\/mentalhelse.no\/content\/uploads\/sites\/12\/2024\/06\/448363317_10159616631315759_8573034091864125569_n-1536x1152.jpg 1536w\" sizes=\"auto, (max-width: 2048px) 100vw, 2048px\" style=\"--focal-point: 50% 50%;\" \/><\/figure>\n<\/a>\n\n<div class=\"wp-block-group postinfo alignfull is-layout-flow wp-block-group-is-layout-flow\">\n\t<div class=\"wp-block-mentalhelse-post-category\">\n\t\t\t\t\t<div class=\"post-type\">\n\t\t\t\t\t\t<a href=\"https:\/\/mentalhelse.no\/akershus\/aktuelt\/\">Nyheter<\/a>\n\t\t\t\t\t<\/div>\n\t\t\t\t\t\n\t\t\t\t\t<div class=\"post-category\">\n\t\t\t\t\t\t\n\t\t\t\t\t<\/div>\n\t\t\t<\/div>\n\t<a class=\"t2-post-link wp-block-t2-post-link\" href=\"https:\/\/mentalhelse.no\/akershus\/aktuelt\/studieledere-star-i-fronten-for-okt-kompetanse-blant-tillitsvalgte\/\">\n\t<h2 class=\"t2-post-title wp-block-t2-post-title\">Studieledere st\u00e5r i fronten for \u00f8kt kompetanse blant tillitsvalgte<\/h2>\n\t<\/a>\n<\/div>\n\n<\/div>\n\n<div class=\"t2-featured-query-post t2-featured-content is-post-type-news wp-block-t2-featured-query-post t2-featured-content-layout-col-4\"><a class=\"t2-post-link wp-block-t2-post-link\" href=\"https:\/\/mentalhelse.no\/akershus\/aktuelt\/vil-styrke-brukermedvirkning-i-mental-helse\/\">\n\t<figure style=\"--t2-focal-point: 50% 50%;\" class=\"t2-post-featured-image has-image-ratio-16-9 wp-block-t2-post-featured-image\"><img loading=\"lazy\" decoding=\"async\" width=\"1152\" height=\"2560\" src=\"https:\/\/mentalhelse.no\/content\/uploads\/sites\/12\/2024\/06\/IMG_20240608_104950-2-scaled.jpg\" class=\"attachment-post-thumbnail size-post-thumbnail wp-post-image\" alt=\"\" srcset=\"https:\/\/mentalhelse.no\/content\/uploads\/sites\/12\/2024\/06\/IMG_20240608_104950-2-scaled.jpg 1152w, https:\/\/mentalhelse.no\/content\/uploads\/sites\/12\/2024\/06\/IMG_20240608_104950-2-135x300.jpg 135w, https:\/\/mentalhelse.no\/content\/uploads\/sites\/12\/2024\/06\/IMG_20240608_104950-2-461x1024.jpg 461w, https:\/\/mentalhelse.no\/content\/uploads\/sites\/12\/2024\/06\/IMG_20240608_104950-2-768x1707.jpg 768w, https:\/\/mentalhelse.no\/content\/uploads\/sites\/12\/2024\/06\/IMG_20240608_104950-2-691x1536.jpg 691w, https:\/\/mentalhelse.no\/content\/uploads\/sites\/12\/2024\/06\/IMG_20240608_104950-2-922x2048.jpg 922w\" sizes=\"auto, (max-width: 1152px) 100vw, 1152px\" style=\"--focal-point: 50% 50%;\" \/><\/figure>\n<\/a>\n\n<div class=\"wp-block-group postinfo alignfull is-layout-flow wp-block-group-is-layout-flow\">\n\t<div class=\"wp-block-mentalhelse-post-category\">\n\t\t\t\t\t<div class=\"post-type\">\n\t\t\t\t\t\t<a href=\"https:\/\/mentalhelse.no\/akershus\/aktuelt\/\">Nyheter<\/a>\n\t\t\t\t\t<\/div>\n\t\t\t\t\t\n\t\t\t\t\t<div class=\"post-category\">\n\t\t\t\t\t\t\n\t\t\t\t\t<\/div>\n\t\t\t<\/div>\n\t<a class=\"t2-post-link wp-block-t2-post-link\" href=\"https:\/\/mentalhelse.no\/akershus\/aktuelt\/vil-styrke-brukermedvirkning-i-mental-helse\/\">\n\t<h2 class=\"t2-post-title wp-block-t2-post-title\">Vil styrke brukermedvirkning i Mental Helse<\/h2>\n\t<\/a>\n<\/div>\n\n<\/div>\n<\/div>\n\n\t\t\t<\/div>\n\t\t<\/div>","protected":false},"excerpt":{"rendered":"<p>Om oss Mental Helse Stovner drives av en gjeng med ivrige og engasjerte folk som jobber for \u00e5 skape et m\u00f8tepunkt for de som \u00f8nsker&#8230;<\/p>\n","protected":false},"author":1,"featured_media":0,"parent":0,"menu_order":0,"comment_status":"closed","ping_status":"closed","template":"","meta":{"t2_featured_media_focal_point":{"x":0.5,"y":0.5},"mh_hide_title":true,"e24d_chat_page_choice":"","footnotes":""},"class_list":["post-797","page","type-page","status-publish","hentry"],"yoast_head":"<!-- This site is optimized with the Yoast SEO Premium plugin v21.2 (Yoast SEO v21.2) - https:\/\/yoast.com\/wordpress\/plugins\/seo\/ -->\n<title>Om oss - Mental Helse - Stovner<\/title>\n<meta name=\"description\" content=\"Her kan du lese om oss i Mental Helse Stovner, og l\u00e6re mer om hva vi jobber med. Ta gjerne kontakt hvis du har noen sp\u00f8rsm\u00e5l!\" \/>\n<meta name=\"robots\" content=\"index, follow, max-snippet:-1, max-image-preview:large, max-video-preview:-1\" \/>\n<link rel=\"canonical\" href=\"https:\/\/mentalhelse.no\/stovner\/om-oss\/\" \/>\n<meta property=\"og:locale\" content=\"nb_NO\" \/>\n<meta property=\"og:type\" content=\"article\" \/>\n<meta property=\"og:title\" content=\"Om oss\" \/>\n<meta property=\"og:description\" content=\"Her kan du lese om oss i Mental Helse Stovner, og l\u00e6re mer om hva vi jobber med. Ta gjerne kontakt hvis du har noen sp\u00f8rsm\u00e5l!\" \/>\n<meta property=\"og:url\" content=\"https:\/\/mentalhelse.no\/stovner\/om-oss\/\" \/>\n<meta property=\"og:site_name\" content=\"Stovner\" \/>\n<meta property=\"article:modified_time\" content=\"2026-03-13T08:48:56+00:00\" \/>\n<meta name=\"twitter:card\" content=\"summary_large_image\" \/>\n<meta name=\"twitter:label1\" content=\"Ansl. lesetid\" \/>\n\t<meta name=\"twitter:data1\" content=\"1 minutt\" \/>\n<script type=\"application\/ld+json\" class=\"yoast-schema-graph\">{\"@context\":\"https:\/\/schema.org\",\"@graph\":[{\"@type\":\"WebPage\",\"@id\":\"https:\/\/mentalhelse.no\/stovner\/om-oss\/\",\"url\":\"https:\/\/mentalhelse.no\/stovner\/om-oss\/\",\"name\":\"Om oss - Stovner\",\"isPartOf\":{\"@id\":\"https:\/\/mentalhelse.no\/stovner\/#website\"},\"datePublished\":\"2023-05-10T11:14:16+00:00\",\"dateModified\":\"2026-03-13T08:48:56+00:00\",\"description\":\"Her kan du lese om oss i Mental Helse Stovner, og l\u00e6re mer om hva vi jobber med. Ta gjerne kontakt hvis du har noen sp\u00f8rsm\u00e5l!\",\"breadcrumb\":{\"@id\":\"https:\/\/mentalhelse.no\/stovner\/om-oss\/#breadcrumb\"},\"inLanguage\":\"nb-NO\",\"potentialAction\":[{\"@type\":\"ReadAction\",\"target\":[\"https:\/\/mentalhelse.no\/stovner\/om-oss\/\"]}]},{\"@type\":\"BreadcrumbList\",\"@id\":\"https:\/\/mentalhelse.no\/stovner\/om-oss\/#breadcrumb\",\"itemListElement\":[{\"@type\":\"ListItem\",\"position\":1,\"name\":\"Hjem\",\"item\":\"https:\/\/mentalhelse.no\/stovner\/\"},{\"@type\":\"ListItem\",\"position\":2,\"name\":\"Om oss\"}]},{\"@type\":\"WebSite\",\"@id\":\"https:\/\/mentalhelse.no\/stovner\/#website\",\"url\":\"https:\/\/mentalhelse.no\/stovner\/\",\"name\":\"Stovner\",\"description\":\"\",\"potentialAction\":[{\"@type\":\"SearchAction\",\"target\":{\"@type\":\"EntryPoint\",\"urlTemplate\":\"https:\/\/mentalhelse.no\/stovner\/?s={search_term_string}\"},\"query-input\":\"required name=search_term_string\"}],\"inLanguage\":\"nb-NO\"}]}<\/script>\n<!-- \/ Yoast SEO Premium plugin. -->","yoast_head_json":{"title":"Om oss - Mental Helse - Stovner","description":"Her kan du lese om oss i Mental Helse Stovner, og l\u00e6re mer om hva vi jobber med. Ta gjerne kontakt hvis du har noen sp\u00f8rsm\u00e5l!","robots":{"index":"index","follow":"follow","max-snippet":"max-snippet:-1","max-image-preview":"max-image-preview:large","max-video-preview":"max-video-preview:-1"},"canonical":"https:\/\/mentalhelse.no\/stovner\/om-oss\/","og_locale":"nb_NO","og_type":"article","og_title":"Om oss","og_description":"Her kan du lese om oss i Mental Helse Stovner, og l\u00e6re mer om hva vi jobber med. Ta gjerne kontakt hvis du har noen sp\u00f8rsm\u00e5l!","og_url":"https:\/\/mentalhelse.no\/stovner\/om-oss\/","og_site_name":"Stovner","article_modified_time":"2026-03-13T08:48:56+00:00","twitter_card":"summary_large_image","twitter_misc":{"Ansl. lesetid":"1 minutt"},"schema":{"@context":"https:\/\/schema.org","@graph":[{"@type":"WebPage","@id":"https:\/\/mentalhelse.no\/stovner\/om-oss\/","url":"https:\/\/mentalhelse.no\/stovner\/om-oss\/","name":"Om oss - Stovner","isPartOf":{"@id":"https:\/\/mentalhelse.no\/stovner\/#website"},"datePublished":"2023-05-10T11:14:16+00:00","dateModified":"2026-03-13T08:48:56+00:00","description":"Her kan du lese om oss i Mental Helse Stovner, og l\u00e6re mer om hva vi jobber med. Ta gjerne kontakt hvis du har noen sp\u00f8rsm\u00e5l!","breadcrumb":{"@id":"https:\/\/mentalhelse.no\/stovner\/om-oss\/#breadcrumb"},"inLanguage":"nb-NO","potentialAction":[{"@type":"ReadAction","target":["https:\/\/mentalhelse.no\/stovner\/om-oss\/"]}]},{"@type":"BreadcrumbList","@id":"https:\/\/mentalhelse.no\/stovner\/om-oss\/#breadcrumb","itemListElement":[{"@type":"ListItem","position":1,"name":"Hjem","item":"https:\/\/mentalhelse.no\/stovner\/"},{"@type":"ListItem","position":2,"name":"Om oss"}]},{"@type":"WebSite","@id":"https:\/\/mentalhelse.no\/stovner\/#website","url":"https:\/\/mentalhelse.no\/stovner\/","name":"Stovner","description":"","potentialAction":[{"@type":"SearchAction","target":{"@type":"EntryPoint","urlTemplate":"https:\/\/mentalhelse.no\/stovner\/?s={search_term_string}"},"query-input":"required name=search_term_string"}],"inLanguage":"nb-NO"}]}},"_links":{"self":[{"href":"https:\/\/mentalhelse.no\/stovner\/wp-json\/wp\/v2\/pages\/797","targetHints":{"allow":["GET"]}}],"collection":[{"href":"https:\/\/mentalhelse.no\/stovner\/wp-json\/wp\/v2\/pages"}],"about":[{"href":"https:\/\/mentalhelse.no\/stovner\/wp-json\/wp\/v2\/types\/page"}],"author":[{"embeddable":true,"href":"https:\/\/mentalhelse.no\/stovner\/wp-json\/wp\/v2\/users\/1"}],"replies":[{"embeddable":true,"href":"https:\/\/mentalhelse.no\/stovner\/wp-json\/wp\/v2\/comments?post=797"}],"version-history":[{"count":5,"href":"https:\/\/mentalhelse.no\/stovner\/wp-json\/wp\/v2\/pages\/797\/revisions"}],"predecessor-version":[{"id":1352,"href":"https:\/\/mentalhelse.no\/stovner\/wp-json\/wp\/v2\/pages\/797\/revisions\/1352"}],"wp:attachment":[{"href":"https:\/\/mentalhelse.no\/stovner\/wp-json\/wp\/v2\/media?parent=797"}],"curies":[{"name":"wp","href":"https:\/\/api.w.org\/{rel}","templated":true}]}}